{"id":3704,"date":"2026-05-04T13:31:40","date_gmt":"2026-05-04T11:31:40","guid":{"rendered":"https:\/\/www.lapineda.com\/tarragona\/"},"modified":"2026-07-08T15:09:13","modified_gmt":"2026-07-08T13:09:13","slug":"tourismus-tarragone","status":"publish","type":"page","link":"https:\/\/www.lapineda.com\/de\/tourismus-tarragone\/","title":{"rendered":"Tarragona"},"content":{"rendered":"\n<div class=\"wp-block-group section-1 has-custom-color-1-background-color has-background has-global-padding is-layout-constrained wp-container-core-group-is-layout-e625fa92 wp-block-group-is-layout-constrained\" style=\"padding-top:8rem;padding-right:6rem;padding-bottom:8rem;padding-left:6rem\">\n<div class=\"wp-block-columns is-layout-flex wp-container-core-columns-is-layout-d814a4fb wp-block-columns-is-layout-flex\">\n<div class=\"wp-block-column is-vertically-aligned-center left is-layout-flow wp-block-column-is-layout-flow\">\n<div data-swiper=\"{&quot;speed&quot;:1000,&quot;autoplay&quot;:{&quot;delay&quot;:5000,&quot;disableOnInteraction&quot;:false},&quot;spaceBetween&quot;:0,&quot;slidesPerView&quot;:1,&quot;pagination&quot;:{&quot;el&quot;:&quot;.swiper-pagination&quot;,&quot;dynamicBullets&quot;:true,&quot;clickable&quot;:true,&quot;type&quot;:&quot;bullets&quot;},&quot;navigation&quot;:{&quot;nextEl&quot;:&quot;.swiper-button-next&quot;,&quot;prevEl&quot;:&quot;.swiper-button-prev&quot;},&quot;breakpoints&quot;:[{&quot;slidesPerView&quot;:1}]}\" class=\"wp-block-cover is-light svg-background wp-duotone-02373d-02373d-1\"><span aria-hidden=\"true\" class=\"wp-block-cover__background has-background-dim-0 has-background-dim\"><\/span><div class=\"wp-block-cover__inner-container has-global-padding is-layout-constrained wp-container-core-cover-is-layout-6b3b7742 wp-block-cover-is-layout-constrained\">\n<h1 class=\"wp-block-heading has-text-align-center has-custom-color-2-color has-text-color has-link-color has-noar-font-family wp-elements-1\" style=\"font-size:clamp(2.2rem, 2.2rem + ((1vw - 0.2rem) * 3), 4rem);\"><strong>Entdecken Sie Tarragona<\/strong>, eine Stadt voller Kunst und Geschichte<\/h1>\n\n\n\n<figure class=\"wp-block-image aligncenter size-large\"><img decoding=\"async\" width=\"318\" height=\"16\" src=\"https:\/\/www.lapineda.com\/wp-content\/uploads\/2026\/05\/trait-vert-clair.svg\" alt=\"hellgr&#xFC;ner Strich\" class=\"wp-image-2740\"\/><\/figure>\n<\/div><\/div>\n\n\n\n<p class=\"has-text-align-center has-white-color has-text-color has-link-color wp-elements-2 wp-block-paragraph\">Nur <strong>6 km vom Campingplatz<\/strong> entfernt \u2013 das entspricht etwa 10 Minuten mit dem Auto oder 20 Minuten mit dem Fahrrad \u2013 liegt Tarragona, ein <strong>bedeutendes Kulturziel am Mittelmeer<\/strong>. Das antike r\u00f6mische Tarraco, das im 2. Jahrhundert v. Chr. gegr\u00fcndet wurde, ist <strong>eine Stadt der Kunst und Geschichte<\/strong> und bietet mit ihren seit dem Jahr 2000 zum UNESCO-Weltkulturerbe geh\u00f6renden Denkm\u00e4lern eine einzigartige Zeitreise.<\/p>\n\n\n\n<p class=\"has-text-align-center has-white-color has-text-color has-link-color wp-elements-3 wp-block-paragraph\">Vom Campingplatz La Pineda aus ist Tarragona der <strong>sch\u00f6nste Ausflug w\u00e4hrend Ihres Aufenthalts<\/strong> an der Costa Dorada. Er l\u00e4sst sich perfekt mit einem <a href=\"https:\/\/www.lapineda.com\/de\/province-tarragone-costa-dorada-tourismus\/\" data-type=\"page\" data-id=\"2471\">Besuch im Ebro-Delta<\/a>, einer <strong>Weintour<\/strong> oder einem Tagesausflug nach <a href=\"https:\/\/www.lapineda.com\/de\/campingplatz-barcelone\/\" data-type=\"page\" data-id=\"2491\">Barcelona<\/a> verbinden. Dank der zentralen Lage unseres <a href=\"https:\/\/www.lapineda.com\/de\/\" data-type=\"page\" data-id=\"5\">Campingplatzes in der N\u00e4he von Salou<\/a> sind all diese Sehensw\u00fcrdigkeiten ohne gro\u00dfen Aufwand und ohne komplizierte Planung erreichbar.  <\/p>\n<\/div>\n\n\n\n<div class=\"wp-block-column is-vertically-aligned-top right is-layout-flow wp-block-column-is-layout-flow\">\n<div data-swiper=\"{&quot;speed&quot;:1000,&quot;autoplay&quot;:{&quot;delay&quot;:5000,&quot;disableOnInteraction&quot;:false},&quot;spaceBetween&quot;:0,&quot;slidesPerView&quot;:1,&quot;pagination&quot;:{&quot;el&quot;:&quot;.swiper-pagination&quot;,&quot;dynamicBullets&quot;:true,&quot;clickable&quot;:true,&quot;type&quot;:&quot;bullets&quot;},&quot;navigation&quot;:{&quot;nextEl&quot;:&quot;.swiper-button-next&quot;,&quot;prevEl&quot;:&quot;.swiper-button-prev&quot;},&quot;breakpoints&quot;:[{&quot;slidesPerView&quot;:1}]}\" class=\"wp-block-cover is-light has-aspect-ratio\" style=\"border-top-left-radius:500px;border-top-right-radius:500px;padding-top:0px;padding-right:0px;padding-bottom:0px;padding-left:0px;aspect-ratio:1;height:unset;min-height:unset;\"><img width=\"982\" height=\"1286\" fetchpriority=\"high\" decoding=\"sync\" data-no-lazy=\"1\" class=\"wp-block-cover__image-background wp-image-3328 size-full\" alt=\"incontournble tarragone espagne\" src=\"https:\/\/www.lapineda.com\/wp-content\/uploads\/2026\/06\/incontournble-tarragone-espagne.jpg\" data-object-fit=\"cover\" srcset=\"https:\/\/www.lapineda.com\/wp-content\/uploads\/2026\/06\/incontournble-tarragone-espagne.jpg 982w, https:\/\/www.lapineda.com\/wp-content\/uploads\/2026\/06\/incontournble-tarragone-espagne-229x300.jpg 229w, https:\/\/www.lapineda.com\/wp-content\/uploads\/2026\/06\/incontournble-tarragone-espagne-782x1024.jpg 782w, https:\/\/www.lapineda.com\/wp-content\/uploads\/2026\/06\/incontournble-tarragone-espagne-768x1006.jpg 768w\" sizes=\"(max-width: 982px) 100vw, 982px\" \/><span aria-hidden=\"true\" class=\"wp-block-cover__background has-background-dim-0 has-background-dim\"><\/span><div class=\"wp-block-cover__inner-container has-global-padding is-layout-constrained wp-container-core-cover-is-layout-1b7a6f8b wp-block-cover-is-layout-constrained\">\n<p class=\"has-text-align-center has-large-font-size wp-block-paragraph\"><\/p>\n<\/div><\/div>\n<\/div>\n<\/div>\n<\/div>\n\n<div class=\"wp-block-group section-4 no-cta has-global-padding is-layout-constrained wp-container-core-group-is-layout-07a29e68 wp-block-group-is-layout-constrained\" style=\"padding-right:0px;padding-bottom:0;padding-left:0px\">\n<div class=\"wp-block-group banner has-global-padding is-layout-constrained wp-container-core-group-is-layout-6b3b7742 wp-block-group-is-layout-constrained\">\n<div class=\"wp-block-group has-global-padding is-layout-constrained wp-container-core-group-is-layout-6b3b7742 wp-block-group-is-layout-constrained\">\n<div data-swiper=\"{&quot;speed&quot;:1000,&quot;autoplay&quot;:{&quot;delay&quot;:5000,&quot;disableOnInteraction&quot;:false},&quot;spaceBetween&quot;:0,&quot;slidesPerView&quot;:1,&quot;pagination&quot;:{&quot;el&quot;:&quot;.swiper-pagination&quot;,&quot;dynamicBullets&quot;:true,&quot;clickable&quot;:true,&quot;type&quot;:&quot;bullets&quot;},&quot;navigation&quot;:{&quot;nextEl&quot;:&quot;.swiper-button-next&quot;,&quot;prevEl&quot;:&quot;.swiper-button-prev&quot;},&quot;breakpoints&quot;:[{&quot;slidesPerView&quot;:1}]}\" class=\"wp-block-cover\" style=\"min-height:100vh;aspect-ratio:unset;\"><img decoding=\"async\" width=\"1920\" height=\"1080\" class=\"wp-block-cover__image-background wp-image-3326 size-full\" alt=\"Tarragone\" src=\"https:\/\/www.lapineda.com\/wp-content\/uploads\/2026\/06\/Tarragone-1.jpg\" data-object-fit=\"cover\" srcset=\"https:\/\/www.lapineda.com\/wp-content\/uploads\/2026\/06\/Tarragone-1.jpg 1920w, https:\/\/www.lapineda.com\/wp-content\/uploads\/2026\/06\/Tarragone-1-300x169.jpg 300w, https:\/\/www.lapineda.com\/wp-content\/uploads\/2026\/06\/Tarragone-1-1024x576.jpg 1024w, https:\/\/www.lapineda.com\/wp-content\/uploads\/2026\/06\/Tarragone-1-768x432.jpg 768w, https:\/\/www.lapineda.com\/wp-content\/uploads\/2026\/06\/Tarragone-1-1536x864.jpg 1536w\" sizes=\"(max-width: 1920px) 100vw, 1920px\" \/><span aria-hidden=\"true\" class=\"wp-block-cover__background has-contrast-background-color has-background-dim-40 has-background-dim\"><\/span><div class=\"wp-block-cover__inner-container has-global-padding is-layout-constrained wp-container-core-cover-is-layout-6b3b7742 wp-block-cover-is-layout-constrained\">\n<p class=\"has-text-align-center has-custom-color-2-color has-text-color has-link-color has-noar-font-family wp-elements-4 wp-block-paragraph\" style=\"font-size:clamp(3.073rem, 3.073rem + ((1vw - 0.2rem) * 5.028), 6.09rem);font-style:normal;font-weight:700;line-height:1\">Tarragona<\/p>\n<\/div><\/div>\n<\/div>\n<\/div>\n\n\n\n<div class=\"wp-block-group content has-custom-color-1-background-color has-background has-global-padding is-layout-constrained wp-container-core-group-is-layout-26bd3f06 wp-block-group-is-layout-constrained\" style=\"margin-top:0px;margin-bottom:0;padding-top:4rem;padding-right:2rem;padding-bottom:7rem;padding-left:2rem\">\n<div class=\"wp-block-columns are-vertically-aligned-center is-layout-flex wp-container-core-columns-is-layout-e40f21a1 wp-block-columns-is-layout-flex\" style=\"padding-right:8rem;padding-left:8rem\">\n<div class=\"wp-block-column is-vertically-aligned-center left is-layout-flow wp-block-column-is-layout-flow\" style=\"flex-basis:40%\">\n<div data-swiper=\"{&quot;speed&quot;:1000,&quot;autoplay&quot;:{&quot;delay&quot;:5000,&quot;disableOnInteraction&quot;:false},&quot;spaceBetween&quot;:0,&quot;slidesPerView&quot;:1,&quot;pagination&quot;:{&quot;el&quot;:&quot;.swiper-pagination&quot;,&quot;dynamicBullets&quot;:true,&quot;clickable&quot;:true,&quot;type&quot;:&quot;bullets&quot;},&quot;navigation&quot;:{&quot;nextEl&quot;:&quot;.swiper-button-next&quot;,&quot;prevEl&quot;:&quot;.swiper-button-prev&quot;},&quot;breakpoints&quot;:[{&quot;slidesPerView&quot;:1}]}\" class=\"wp-block-cover is-light svg-background wp-duotone-02373d-02373d-2\" style=\"min-height:261px;aspect-ratio:unset;\"><span aria-hidden=\"true\" class=\"wp-block-cover__background has-background-dim-0 has-background-dim\"><\/span><div class=\"wp-block-cover__inner-container has-global-padding is-layout-constrained wp-container-core-cover-is-layout-6b3b7742 wp-block-cover-is-layout-constrained\">\n<p class=\"has-text-align-center sub-title center has-custom-color-2-color has-text-color has-link-color has-noar-font-family wp-elements-5 wp-block-paragraph\" style=\"border-bottom-color:var(--wp--preset--color--custom-color-2);border-bottom-width:1px;padding-top:3px;padding-right:30px;padding-bottom:3px;padding-left:30px;font-size:clamp(1.119rem, 1.119rem + ((1vw - 0.2rem) * 1.052), 1.75rem);font-style:normal;font-weight:400\">LA PINEDA<\/p>\n\n\n\n<p class=\"has-text-align-center has-custom-color-2-color has-text-color has-link-color has-ideas-font-family wp-elements-6 wp-block-paragraph\" style=\"font-size:clamp(2.75rem, 2.75rem + ((1vw - 0.2rem) * 4.233), 5.29rem);line-height:1\">Architektur<\/p>\n\n\n\n<p class=\"has-text-align-center has-custom-color-2-color has-text-color has-link-color has-noar-font-family wp-elements-7 wp-block-paragraph\" style=\"font-size:clamp(2.75rem, 2.75rem + ((1vw - 0.2rem) * 4.233), 5.29rem);line-height:1;text-transform:uppercase\">au\u00dfergew\u00f6hnlich<\/p>\n\n\n\n<figure class=\"wp-block-image aligncenter size-large\"><img decoding=\"async\" width=\"318\" height=\"16\" src=\"https:\/\/www.lapineda.com\/wp-content\/uploads\/2026\/05\/trait-vert-clair.svg\" alt=\"hellgr&#xFC;ner Strich\" class=\"wp-image-2740\"\/><\/figure>\n<\/div><\/div>\n<\/div>\n\n\n\n<div class=\"wp-block-column is-vertically-aligned-center right is-layout-flow wp-block-column-is-layout-flow\" style=\"flex-basis:60%\">\n<h2 class=\"wp-block-heading has-base-2-color has-text-color has-link-color wp-elements-8\">Sehensw\u00fcrdigkeiten <strong>in Tarragona<\/strong><\/h2>\n\n\n\n<p class=\"has-base-2-color has-text-color has-link-color wp-elements-9 wp-block-paragraph\"><a href=\"https:\/\/whc.unesco.org\/fr\/list\/875\/\" target=\"_blank\" rel=\"noreferrer noopener nofollow\">Die r\u00f6mischen arch\u00e4ologischen St\u00e4tten in Tarragona<\/a> sind schlichtweg au\u00dfergew\u00f6hnlich. Die Stadt verf\u00fcgt \u00fcber die <strong>gr\u00f6\u00dfte au\u00dferhalb Italiens errichtete r\u00f6mische Stadtmauer<\/strong>, den gr\u00f6\u00dften \u00f6ffentlichen Platz des R\u00f6mischen Reiches (Provinzforum), ein Amphitheater direkt am Meer, einen 290 Meter langen Zirkus sowie das Aqu\u00e4dukt von Ferreres (217 m L\u00e4nge) \u2013 eines der sch\u00f6nsten noch erhaltenen Beispiele antiker Wasserbaukunst.   <\/p>\n\n\n\n<p class=\"has-base-2-color has-text-color has-link-color wp-elements-10 wp-block-paragraph\">Das <a href=\"https:\/\/www.mnat.cat\/\" target=\"_blank\" rel=\"noreferrer noopener nofollow\">Arch\u00e4ologische Museum von Tarragona<\/a> rundet den Besuch ideal ab. Die Stadt besticht zudem durch ihr Fischerviertel Serrallo, ihre modernistischen Geb\u00e4ude und ihre mittelalterliche Kathedrale im Herzen der Altstadt. Die <strong>\u201eRoute der Genies\u201c<\/strong> verbindet Tarragona mit den Orten, die mit Pau Casals, Joan Mir\u00f3, Antoni Gaud\u00ed und Pablo Picasso in Verbindung stehen \u2013 ein unvergleichliches kulturelles Erlebnis in der Provinz.    <\/p>\n\n\n\n<p class=\"has-base-2-color has-text-color has-link-color wp-elements-11 wp-block-paragraph\">Was den Wein betrifft, kommen Liebhaber voll auf ihre Kosten: Die Provinz Tarragona verf\u00fcgt \u00fcber <strong>sechs Herkunftsbezeichnungen<\/strong>, darunter die DO Tarragona und die renommierte DO Priorat. Es werden regelm\u00e4\u00dfig Besichtigungen von Weing\u00fctern mit Verkostung organisiert: Begeben Sie sich auf die Weinstra\u00dfe und genie\u00dfen Sie einen <a href=\"https:\/\/www.lapineda.com\/de\/weintourismus-tarragona-spanien\/\" data-type=\"page\" data-id=\"2495\">Weintourismus-Urlaub in der Provinz Tarragona<\/a>! <\/p>\n<\/div>\n<\/div>\n<\/div>\n<\/div>\n\n<div class=\"wp-block-group section-simple has-global-padding is-layout-constrained wp-container-core-group-is-layout-b49682eb wp-block-group-is-layout-constrained\" style=\"margin-top:0px;margin-bottom:0px;padding-top:8rem;padding-right:10rem;padding-bottom:8rem;padding-left:10rem\">\n<div class=\"wp-block-columns are-vertically-aligned-center is-layout-flex wp-container-core-columns-is-layout-63b5c8f0 wp-block-columns-is-layout-flex\">\n<div class=\"wp-block-column is-vertically-aligned-center is-layout-flow wp-block-column-is-layout-flow\">\n<h2 class=\"wp-block-heading\"><strong>Aktivit\u00e4ten<\/strong> in Tarragona<\/h2>\n\n\n\n<p class=\"wp-block-paragraph\">F\u00fcnf Sehensw\u00fcrdigkeiten in Tarragona, die Sie nicht verpassen sollten:<\/p>\n\n\n\n<ul class=\"wp-block-list\">\n<li><strong>Die R\u00f6merstra\u00dfe:<\/strong> gef\u00fchrte oder individuelle Wanderung zu den wichtigsten arch\u00e4ologischen St\u00e4tten der Stadt.<\/li>\n\n\n\n<li><strong>Der Zentralmarkt von Tarragona:<\/strong> moderne Architektur, frische Produkte und typisch katalanisches Flair.<\/li>\n\n\n\n<li><strong>Die Weinmesse DO Tarragona (Mitte Juni):<\/strong> Verkostungen lokaler Weing\u00fcter und Genossenschaften.<\/li>\n\n\n\n<li><strong>Die Str\u00e4nde von Tarragona:<\/strong> feiner Sand und sicheres Baden nur einen Katzensprung von der Altstadt entfernt.<\/li>\n\n\n\n<li><strong>Tarraco Viva (Mai):<\/strong> das internationale Festival zur R\u00f6merzeit mit historischen Nachstellungen und Darbietungen.<\/li>\n<\/ul>\n<\/div>\n\n\n\n<div class=\"wp-block-column is-vertically-aligned-center is-layout-flow wp-block-column-is-layout-flow\">\n<figure class=\"wp-block-image size-large\"><img decoding=\"async\" width=\"1024\" height=\"576\" src=\"https:\/\/www.lapineda.com\/wp-content\/uploads\/2026\/06\/visiter-tarragone-1024x576.jpg\" alt=\"Tarragona besuchen\" class=\"wp-image-3327\" srcset=\"https:\/\/www.lapineda.com\/wp-content\/uploads\/2026\/06\/visiter-tarragone-1024x576.jpg 1024w, https:\/\/www.lapineda.com\/wp-content\/uploads\/2026\/06\/visiter-tarragone-300x169.jpg 300w, https:\/\/www.lapineda.com\/wp-content\/uploads\/2026\/06\/visiter-tarragone-768x432.jpg 768w, https:\/\/www.lapineda.com\/wp-content\/uploads\/2026\/06\/visiter-tarragone-1536x864.jpg 1536w, https:\/\/www.lapineda.com\/wp-content\/uploads\/2026\/06\/visiter-tarragone.jpg 1920w\" sizes=\"(max-width: 1024px) 100vw, 1024px\" \/><\/figure>\n<\/div>\n<\/div>\n<\/div>\n\n<div class=\"wp-block-group section-3 has-custom-color-1-background-color has-background has-global-padding is-layout-constrained wp-container-core-group-is-layout-eb4eed6e wp-block-group-is-layout-constrained\" style=\"margin-top:0rem;padding-top:6rem;padding-bottom:6rem\">\n<div class=\"wp-block-columns are-vertically-aligned-center is-layout-flex wp-container-core-columns-is-layout-3a88641f wp-block-columns-is-layout-flex\">\n<div class=\"wp-block-column is-vertically-aligned-center left is-layout-flow wp-block-column-is-layout-flow\" style=\"flex-basis:40%\">\n<div data-swiper=\"{&quot;speed&quot;:1000,&quot;autoplay&quot;:{&quot;delay&quot;:5000,&quot;disableOnInteraction&quot;:false},&quot;spaceBetween&quot;:0,&quot;slidesPerView&quot;:1,&quot;pagination&quot;:{&quot;el&quot;:&quot;.swiper-pagination&quot;,&quot;dynamicBullets&quot;:true,&quot;clickable&quot;:true,&quot;type&quot;:&quot;bullets&quot;},&quot;navigation&quot;:{&quot;nextEl&quot;:&quot;.swiper-button-next&quot;,&quot;prevEl&quot;:&quot;.swiper-button-prev&quot;},&quot;breakpoints&quot;:[{&quot;slidesPerView&quot;:1}]}\" class=\"wp-block-cover\" style=\"border-top-left-radius:500px;border-top-right-radius:500px;padding-top:0px;padding-right:0px;padding-bottom:0px;padding-left:0px\"><img decoding=\"async\" width=\"982\" height=\"1286\" class=\"wp-block-cover__image-background wp-image-3331 size-full\" alt=\"Le festival de Santa Tecla\" src=\"https:\/\/www.lapineda.com\/wp-content\/uploads\/2026\/06\/Le-festival-de-Santa-Tecla-1.jpg\" data-object-fit=\"cover\" srcset=\"https:\/\/www.lapineda.com\/wp-content\/uploads\/2026\/06\/Le-festival-de-Santa-Tecla-1.jpg 982w, https:\/\/www.lapineda.com\/wp-content\/uploads\/2026\/06\/Le-festival-de-Santa-Tecla-1-229x300.jpg 229w, https:\/\/www.lapineda.com\/wp-content\/uploads\/2026\/06\/Le-festival-de-Santa-Tecla-1-782x1024.jpg 782w, https:\/\/www.lapineda.com\/wp-content\/uploads\/2026\/06\/Le-festival-de-Santa-Tecla-1-768x1006.jpg 768w\" sizes=\"(max-width: 982px) 100vw, 982px\" \/><span aria-hidden=\"true\" class=\"wp-block-cover__background has-background-dim-0 has-background-dim\"><\/span><div class=\"wp-block-cover__inner-container has-global-padding is-layout-constrained wp-container-core-cover-is-layout-1b7a6f8b wp-block-cover-is-layout-constrained\">\n<p class=\"has-text-align-center has-large-font-size wp-block-paragraph\"><\/p>\n<\/div><\/div>\n<\/div>\n\n\n\n<div class=\"wp-block-column is-vertically-aligned-center right is-layout-flow wp-block-column-is-layout-flow\" style=\"padding-right:4rem;padding-left:4rem;flex-basis:60%\">\n<p class=\"has-text-align-center sub-title center has-custom-color-2-color has-text-color has-link-color has-noar-font-family wp-elements-12 wp-block-paragraph\" style=\"border-bottom-color:var(--wp--preset--color--custom-color-2);border-bottom-width:1px;padding-top:3px;padding-right:30px;padding-bottom:3px;padding-left:30px;font-size:clamp(1.119rem, 1.119rem + ((1vw - 0.2rem) * 1.052), 1.75rem);font-style:normal;font-weight:400\">LA PINEDA<\/p>\n\n\n\n<p class=\"has-text-align-center has-custom-color-2-color has-text-color has-link-color has-ideas-font-family wp-elements-13 wp-block-paragraph\" style=\"font-size:clamp(2.75rem, 2.75rem + ((1vw - 0.2rem) * 4.233), 5.29rem);line-height:1\">Tours<\/p>\n\n\n\n<p class=\"has-text-align-center has-custom-color-2-color has-text-color has-link-color has-noar-font-family wp-elements-14 wp-block-paragraph\" style=\"font-size:clamp(2.75rem, 2.75rem + ((1vw - 0.2rem) * 4.233), 5.29rem);line-height:1;text-transform:uppercase\">menschlich<\/p>\n\n\n\n<h2 class=\"wp-block-heading has-text-align-center has-base-2-color has-text-color has-link-color wp-elements-15\"><strong>Das Santa-Tecla-Fest<\/strong> <\/h2>\n\n\n\n<p class=\"has-text-align-center has-base-2-color has-text-color has-link-color wp-elements-16 wp-block-paragraph\">Zu den Veranstaltungen, die man auf keinen Fall verpassen sollte, geh\u00f6rt das gro\u00dfe <a href=\"https:\/\/www.tarragonaturisme.cat\/fr\/evenements\/santa-tecla-sainte-thecle\" target=\"_blank\" rel=\"noreferrer noopener nofollow\">Fest zu Ehren der Santa Tecla<\/a> (Heilige Thekla), das zweifellos das bedeutendste Volksfest des Jahres ist: Castellers, Riesenfiguren, Feuerwerke und der \u201eSeguici Popular\u201c erf\u00fcllen die Stra\u00dfen der Altstadt mit einer elektrisierenden Atmosph\u00e4re, ganz zu schweigen vom kr\u00f6nenden Abschluss mit den beeindruckenden \u201eMenschenpyramiden\u201c der Merc\u00e8.  <\/p>\n\n\n\n<p class=\"has-text-align-center has-base-2-color has-text-color has-link-color wp-elements-17 wp-block-paragraph\">Dieses Fest, das im Jahr 2002 zum Fest von nationalem touristischem Interesse erkl\u00e4rt wurde, geht auf das Jahr 1321 zur\u00fcck. Das Fest findet in diesem Jahr vom 1 <strong>5. bis zum 24. September<\/strong> statt.  <\/p>\n\n\n\n<p class=\"has-text-align-center has-base-2-color has-text-color has-link-color wp-elements-18 wp-block-paragraph\">Entdecken Sie von Tarragona aus auch <a href=\"https:\/\/www.lapineda.com\/de\/tourismus-salou\/\" data-type=\"page\" data-id=\"2475\">Salou und seine Str\u00e4nde<\/a>, <a href=\"https:\/\/www.lapineda.com\/de\/campingplatze-portaventura\/\" data-type=\"page\" data-id=\"2479\">Port Aventura<\/a> und <a href=\"https:\/\/www.lapineda.com\/de\/campingplatz-aquopolis\/\" data-type=\"page\" data-id=\"2483\">Aquopolis<\/a> \u2013 alles nur wenige Minuten von unserem Campingplatz entfernt.<\/p>\n<\/div>\n<\/div>\n<\/div>\n\n<div class=\"wp-block-group section-maillage has-global-padding is-layout-constrained wp-container-core-group-is-layout-8b65383b wp-block-group-is-layout-constrained\" style=\"margin-top:0px;margin-bottom:0px;padding-top:8rem;padding-right:10rem;padding-bottom:8rem;padding-left:10rem\">\n<p class=\"has-text-align-center has-custom-color-2-color has-text-color has-link-color has-noar-font-family wp-elements-19 wp-block-paragraph\" style=\"font-size:clamp(2.2rem, 2.2rem + ((1vw - 0.2rem) * 3), 4rem);line-height:1;text-transform:uppercase\">Entdecken Sie die Umgebung<\/p>\n\n\n\n<figure class=\"wp-block-image aligncenter size-large\"><img decoding=\"async\" width=\"318\" height=\"16\" src=\"https:\/\/www.lapineda.com\/wp-content\/uploads\/2026\/05\/trait-vert-clair.svg\" alt=\"hellgr&#xFC;ner Strich\" class=\"wp-image-2740\"\/><\/figure>\n\n\n\n<div data-swiper=\"{&quot;speed&quot;:400,&quot;spaceBetween&quot;:16,&quot;slidesPerView&quot;:3,&quot;createElements&quot;:true,&quot;loop&quot;:true,&quot;freemode&quot;:true,&quot;navigation&quot;:{&quot;nextEl&quot;:&quot;buttonNext&quot;,&quot;prevEl&quot;:&quot;buttonPrev&quot;},&quot;pagination&quot;:{&quot;el&quot;:&quot;.swiper-pagination&quot;,&quot;dynamicBullets&quot;:true},&quot;breakpoints&quot;:{&quot;0&quot;:{&quot;slidesPerView&quot;:1},&quot;768&quot;:{&quot;slidesPerView&quot;:2},&quot;1260&quot;:{&quot;slidesPerView&quot;:3}},&quot;autoplay&quot;:{&quot;delay&quot;:3000}}\" data-wp-context=\"{}\" data-wp-interactive=\"core\/query\" data-wp-key=\"0\" data-wp-router-region=\"query-0\" class=\"wp-block-query alignwide gt-fse-maillage-query gt-is-slider gt-is-slider-desktop is-layout-flow wp-block-query-is-layout-flow\"><ul class=\"columns-3 wp-block-post-template is-layout-grid wp-container-core-post-template-is-layout-7e964c02 wp-block-post-template-is-layout-grid\"><li data-wp-key=\"post-template-item-3716\" class=\"wp-block-post post-3716 page type-page status-publish has-post-thumbnail hentry\">\n<a href=\"https:\/\/www.lapineda.com\/de\/campingplatze-portaventura\/\"    style=\"padding-top:0px;padding-bottom:0px;padding-left:0px;padding-right:0px;margin-top:0px;margin-bottom:0px;margin-left:0px;margin-right:0px\" class=\"wp-block-tiptip-hyperlink-group-block\" >\n<div data-swiper=\"{&quot;speed&quot;:1000,&quot;autoplay&quot;:{&quot;delay&quot;:5000,&quot;disableOnInteraction&quot;:false},&quot;spaceBetween&quot;:0,&quot;slidesPerView&quot;:1,&quot;pagination&quot;:{&quot;el&quot;:&quot;.swiper-pagination&quot;,&quot;dynamicBullets&quot;:true,&quot;clickable&quot;:true,&quot;type&quot;:&quot;bullets&quot;},&quot;navigation&quot;:{&quot;nextEl&quot;:&quot;.swiper-button-next&quot;,&quot;prevEl&quot;:&quot;.swiper-button-prev&quot;},&quot;breakpoints&quot;:[{&quot;slidesPerView&quot;:1}]}\" class=\"wp-block-cover is-light\" style=\"border-top-left-radius:500px;border-top-right-radius:500px;margin-top:0px;margin-bottom:0px;padding-top:0px;padding-right:0px;padding-bottom:0px;padding-left:0px;min-height:50px;aspect-ratio:unset;\"><span aria-hidden=\"true\" class=\"wp-block-cover__background has-contrast-background-color has-background-dim-30 has-background-dim\"><\/span><div class=\"wp-block-cover__inner-container has-global-padding is-layout-constrained wp-container-core-cover-is-layout-878e1664 wp-block-cover-is-layout-constrained\">\n<figure class=\"wp-block-image\"><img decoding=\"async\" src=\"https:\/\/www.lapineda.com\/wp-content\/uploads\/2026\/06\/portaventura.jpeg\" alt=\"Port Aventura\"\/><\/figure>\n\n\n\n<p class=\"has-text-align-center has-base-2-color has-text-color has-link-color has-noar-font-family wp-elements-20 wp-block-paragraph\" style=\"font-size:clamp(1.25rem, 1.25rem + ((1vw - 0.2rem) * 1.25), 2rem);font-style:normal;font-weight:500\">PortAventura<\/p>\n\n\n\n<figure class=\"wp-block-image aligncenter size-large\"><img decoding=\"async\" width=\"58\" height=\"38\" src=\"https:\/\/www.lapineda.com\/wp-content\/uploads\/2026\/05\/fleche-slider-blanc-vert.svg\" alt=\"Pfeil-Schieberegler, wei&#xDF;-gr&#xFC;n\" class=\"wp-image-2565\"\/><\/figure>\n<\/div><\/div>\n<\/a>\n<\/li><li data-wp-key=\"post-template-item-3908\" class=\"wp-block-post post-3908 page type-page status-publish has-post-thumbnail hentry\">\n<a href=\"https:\/\/www.lapineda.com\/de\/tourismus-salou\/\"    style=\"padding-top:0px;padding-bottom:0px;padding-left:0px;padding-right:0px;margin-top:0px;margin-bottom:0px;margin-left:0px;margin-right:0px\" class=\"wp-block-tiptip-hyperlink-group-block\" >\n<div data-swiper=\"{&quot;speed&quot;:1000,&quot;autoplay&quot;:{&quot;delay&quot;:5000,&quot;disableOnInteraction&quot;:false},&quot;spaceBetween&quot;:0,&quot;slidesPerView&quot;:1,&quot;pagination&quot;:{&quot;el&quot;:&quot;.swiper-pagination&quot;,&quot;dynamicBullets&quot;:true,&quot;clickable&quot;:true,&quot;type&quot;:&quot;bullets&quot;},&quot;navigation&quot;:{&quot;nextEl&quot;:&quot;.swiper-button-next&quot;,&quot;prevEl&quot;:&quot;.swiper-button-prev&quot;},&quot;breakpoints&quot;:[{&quot;slidesPerView&quot;:1}]}\" class=\"wp-block-cover is-light\" style=\"border-top-left-radius:500px;border-top-right-radius:500px;margin-top:0px;margin-bottom:0px;padding-top:0px;padding-right:0px;padding-bottom:0px;padding-left:0px;min-height:50px;aspect-ratio:unset;\"><span aria-hidden=\"true\" class=\"wp-block-cover__background has-contrast-background-color has-background-dim-30 has-background-dim\"><\/span><div class=\"wp-block-cover__inner-container has-global-padding is-layout-constrained wp-container-core-cover-is-layout-878e1664 wp-block-cover-is-layout-constrained\">\n<figure class=\"wp-block-image\"><img decoding=\"async\" src=\"https:\/\/www.lapineda.com\/wp-content\/uploads\/2026\/06\/Salou-espagne-a-voir.jpg\" alt=\"Salou\"\/><\/figure>\n\n\n\n<p class=\"has-text-align-center has-base-2-color has-text-color has-link-color has-noar-font-family wp-elements-22 wp-block-paragraph\" style=\"font-size:clamp(1.25rem, 1.25rem + ((1vw - 0.2rem) * 1.25), 2rem);font-style:normal;font-weight:500\">Salou<\/p>\n\n\n\n<figure class=\"wp-block-image aligncenter size-large\"><img decoding=\"async\" width=\"58\" height=\"38\" src=\"https:\/\/www.lapineda.com\/wp-content\/uploads\/2026\/05\/fleche-slider-blanc-vert.svg\" alt=\"Pfeil-Schieberegler, wei&#xDF;-gr&#xFC;n\" class=\"wp-image-2565\"\/><\/figure>\n<\/div><\/div>\n<\/a>\n<\/li><li data-wp-key=\"post-template-item-3967\" class=\"wp-block-post post-3967 page type-page status-publish has-post-thumbnail hentry\">\n<a href=\"https:\/\/www.lapineda.com\/de\/camping-sport-freizeitaktivitaten-salou\/\"    style=\"padding-top:0px;padding-bottom:0px;padding-left:0px;padding-right:0px;margin-top:0px;margin-bottom:0px;margin-left:0px;margin-right:0px\" class=\"wp-block-tiptip-hyperlink-group-block\" >\n<div data-swiper=\"{&quot;speed&quot;:1000,&quot;autoplay&quot;:{&quot;delay&quot;:5000,&quot;disableOnInteraction&quot;:false},&quot;spaceBetween&quot;:0,&quot;slidesPerView&quot;:1,&quot;pagination&quot;:{&quot;el&quot;:&quot;.swiper-pagination&quot;,&quot;dynamicBullets&quot;:true,&quot;clickable&quot;:true,&quot;type&quot;:&quot;bullets&quot;},&quot;navigation&quot;:{&quot;nextEl&quot;:&quot;.swiper-button-next&quot;,&quot;prevEl&quot;:&quot;.swiper-button-prev&quot;},&quot;breakpoints&quot;:[{&quot;slidesPerView&quot;:1}]}\" class=\"wp-block-cover is-light\" style=\"border-top-left-radius:500px;border-top-right-radius:500px;margin-top:0px;margin-bottom:0px;padding-top:0px;padding-right:0px;padding-bottom:0px;padding-left:0px;min-height:50px;aspect-ratio:unset;\"><span aria-hidden=\"true\" class=\"wp-block-cover__background has-contrast-background-color has-background-dim-30 has-background-dim\"><\/span><div class=\"wp-block-cover__inner-container has-global-padding is-layout-constrained wp-container-core-cover-is-layout-878e1664 wp-block-cover-is-layout-constrained\">\n<figure class=\"wp-block-image\"><img decoding=\"async\" src=\"https:\/\/www.lapineda.com\/wp-content\/uploads\/2026\/06\/activite-nautique-salou.jpg\" alt=\"Sport\"\/><\/figure>\n\n\n\n<p class=\"has-text-align-center has-base-2-color has-text-color has-link-color has-noar-font-family wp-elements-24 wp-block-paragraph\" style=\"font-size:clamp(1.25rem, 1.25rem + ((1vw - 0.2rem) * 1.25), 2rem);font-style:normal;font-weight:500\">Sport<\/p>\n\n\n\n<figure class=\"wp-block-image aligncenter size-large\"><img decoding=\"async\" width=\"58\" height=\"38\" src=\"https:\/\/www.lapineda.com\/wp-content\/uploads\/2026\/05\/fleche-slider-blanc-vert.svg\" alt=\"Pfeil-Schieberegler, wei&#xDF;-gr&#xFC;n\" class=\"wp-image-2565\"\/><\/figure>\n<\/div><\/div>\n<\/a>\n<\/li><\/ul><\/div>\n<\/div>\n","protected":false},"excerpt":{"rendered":"<p>Nur 6 km vom Campingplatz entfernt \u2013 das entspricht etwa 10 Minuten mit dem Auto oder 20 Minuten mit dem Fahrrad \u2013 liegt Tarragona, ein bedeutendes Kulturziel am Mittelmeer. Das antike r\u00f6mische Tarraco, das im 2. Jahrhundert v. Chr. gegr\u00fcndet wurde, ist eine Stadt der Kunst und Geschichte und bietet mit ihren seit dem Jahr [&hellip;]<\/p>\n","protected":false},"author":1,"featured_media":3707,"parent":0,"menu_order":0,"comment_status":"closed","ping_status":"closed","template":"","meta":{"_seopress_titles_title":"Tarragona entdecken: Besichtigungen und Aktivit\u00e4ten, UNESCO-Weltkulturerbe","_seopress_titles_desc":"Entdecken Sie Tarragona: das r\u00f6mische Amphitheater, das von der UNESCO gesch\u00fctzte Aqu\u00e4dukt, die mediterrane K\u00fcche und die Feste zu Ehren der Santa Tecla. Entdecken Sie das antike Tarraco von Salou aus ","_seopress_robots_index":"","_seopress_robots_follow":"","_seopress_robots_imageindex":"","_seopress_robots_snippet":"","_seopress_robots_primary_cat":"","_seopress_robots_breadcrumbs":"Tarragona entdecken","_seopress_robots_freeze_modified_date":"","_seopress_robots_custom_modified_date":"","_seopress_robots_canonical":"","_seopress_social_fb_title":"","_seopress_social_fb_desc":"","_seopress_social_fb_img":"","_seopress_social_fb_img_attachment_id":0,"_seopress_social_fb_img_width":0,"_seopress_social_fb_img_height":0,"_seopress_social_twitter_title":"","_seopress_social_twitter_desc":"","_seopress_social_twitter_img":"","_seopress_social_twitter_img_attachment_id":0,"_seopress_social_twitter_img_width":0,"_seopress_social_twitter_img_height":0,"_seopress_redirections_value":"","_seopress_redirections_enabled":"","_seopress_redirections_enabled_regex":"","_seopress_redirections_logged_status":"both","_seopress_redirections_param":"","_seopress_redirections_type":301,"_seopress_analysis_target_kw":"","_seopress_news_disabled":"","_seopress_video_disabled":"","_seopress_video":[],"_seopress_pro_schemas_manual":[],"_seopress_pro_rich_snippets_disable_all":"","_seopress_pro_rich_snippets_disable":[],"_seopress_pro_schemas":[],"_gt_ctv_global_id":"","_gt_ctv_id_group":false,"inline_featured_image":false,"gt_fse_maillage_image":"https:\/\/www.lapineda.com\/wp-content\/uploads\/2026\/06\/Tarragone-visites.jpg","gt_fse_maillage_titre":"Tarragona","gt_fse_maillage_alt":"Tarragona","gt_fse_maillage_resume":"","footnotes":""},"categories":[],"tags":[],"class_list":["post-3704","page","type-page","status-publish","has-post-thumbnail","hentry"],"_links":{"self":[{"href":"https:\/\/www.lapineda.com\/de\/wp-json\/wp\/v2\/pages\/3704","targetHints":{"allow":["GET"]}}],"collection":[{"href":"https:\/\/www.lapineda.com\/de\/wp-json\/wp\/v2\/pages"}],"about":[{"href":"https:\/\/www.lapineda.com\/de\/wp-json\/wp\/v2\/types\/page"}],"author":[{"embeddable":true,"href":"https:\/\/www.lapineda.com\/de\/wp-json\/wp\/v2\/users\/1"}],"replies":[{"embeddable":true,"href":"https:\/\/www.lapineda.com\/de\/wp-json\/wp\/v2\/comments?post=3704"}],"version-history":[{"count":15,"href":"https:\/\/www.lapineda.com\/de\/wp-json\/wp\/v2\/pages\/3704\/revisions"}],"predecessor-version":[{"id":4785,"href":"https:\/\/www.lapineda.com\/de\/wp-json\/wp\/v2\/pages\/3704\/revisions\/4785"}],"wp:featuredmedia":[{"embeddable":true,"href":"https:\/\/www.lapineda.com\/de\/wp-json\/wp\/v2\/media\/3707"}],"wp:attachment":[{"href":"https:\/\/www.lapineda.com\/de\/wp-json\/wp\/v2\/media?parent=3704"}],"wp:term":[{"taxonomy":"category","embeddable":true,"href":"https:\/\/www.lapineda.com\/de\/wp-json\/wp\/v2\/categories?post=3704"},{"taxonomy":"post_tag","embeddable":true,"href":"https:\/\/www.lapineda.com\/de\/wp-json\/wp\/v2\/tags?post=3704"}],"curies":[{"name":"wp","href":"https:\/\/api.w.org\/{rel}","templated":true}]}}