{"id":3987,"date":"2026-05-04T13:30:15","date_gmt":"2026-05-04T11:30:15","guid":{"rendered":"https:\/\/www.lapineda.com\/strand\/"},"modified":"2026-07-23T09:01:34","modified_gmt":"2026-07-23T07:01:34","slug":"campingplatz-am-meer-salou","status":"publish","type":"page","link":"https:\/\/www.lapineda.com\/de\/campingplatz-am-meer-salou\/","title":{"rendered":"Strand"},"content":{"rendered":"\n<div class=\"wp-block-group section-1 has-custom-color-1-background-color has-background has-global-padding is-layout-constrained wp-container-core-group-is-layout-e625fa92 wp-block-group-is-layout-constrained\" style=\"padding-top:8rem;padding-right:6rem;padding-bottom:8rem;padding-left:6rem\">\n<div class=\"wp-block-columns is-layout-flex wp-container-core-columns-is-layout-d814a4fb wp-block-columns-is-layout-flex\">\n<div class=\"wp-block-column is-vertically-aligned-center left is-layout-flow wp-block-column-is-layout-flow\">\n<div data-swiper=\"{&quot;speed&quot;:1000,&quot;autoplay&quot;:{&quot;delay&quot;:5000,&quot;disableOnInteraction&quot;:false},&quot;spaceBetween&quot;:0,&quot;slidesPerView&quot;:1,&quot;pagination&quot;:{&quot;el&quot;:&quot;.swiper-pagination&quot;,&quot;dynamicBullets&quot;:true,&quot;clickable&quot;:true,&quot;type&quot;:&quot;bullets&quot;},&quot;navigation&quot;:{&quot;nextEl&quot;:&quot;.swiper-button-next&quot;,&quot;prevEl&quot;:&quot;.swiper-button-prev&quot;},&quot;breakpoints&quot;:[{&quot;slidesPerView&quot;:1}]}\" class=\"wp-block-cover is-light svg-background wp-duotone-02373d-02373d-1\"><span aria-hidden=\"true\" class=\"wp-block-cover__background has-background-dim-0 has-background-dim\"><\/span><div class=\"wp-block-cover__inner-container has-global-padding is-layout-constrained wp-container-core-cover-is-layout-6b3b7742 wp-block-cover-is-layout-constrained\">\n<h1 class=\"wp-block-heading has-text-align-center has-custom-color-2-color has-text-color has-link-color has-noar-font-family wp-elements-1\" style=\"font-size:clamp(2.2rem, 2.2rem + ((1vw - 0.2rem) * 3), 4rem);\"><strong>Campingplatz direkt am Strand<\/strong> in der N\u00e4he von Salou<\/h1>\n\n\n\n<figure class=\"wp-block-image aligncenter size-large\"><img decoding=\"async\" width=\"318\" height=\"16\" src=\"https:\/\/www.lapineda.com\/wp-content\/uploads\/2026\/05\/trait-vert-clair.svg\" alt=\"hellgr\u00fcner Strich\" class=\"wp-image-2740\" \/><\/figure>\n<\/div><\/div>\n\n\n\n<p class=\"has-text-align-center has-white-color has-text-color has-link-color wp-elements-2 wp-block-paragraph\">L&#8217;un des atouts majeurs de notre <a href=\"https:\/\/www.lapineda.com\/\" data-type=\"page\" data-id=\"5\">camping pr\u00e8s de Salou<\/a> est sans conteste sa <strong>proximit\u00e9 avec la mer<\/strong>. \u00c0 Salou, il y a <strong>huit plages <\/strong>et quelques <strong>criques<\/strong> qui constituent des richesses naturelles majeures. N&#8217;\u00e9tant pas d\u2019acc\u00e8s direct, elles sont n\u00e9anmoins <strong>plus tranquilles<\/strong>. Beaucoup d\u2019entre elles sont des criques entour\u00e9es de nature, ce qui contribue \u00e0 les consid\u00e9rer comme des sites tr\u00e8s attrayants.<\/p>\n\n\n\n<p class=\"has-text-align-center has-white-color has-text-color has-link-color wp-elements-3 wp-block-paragraph\">Der Campingplatz liegt 600 m vom Strand von La Pineda de Salou mit seinem 3,5 km langen Feinsandstrand entfernt (Luftlinie, d.\u202fh. nur 7 Minuten zu Fu\u00df!), bietet Ihnen unsere Anlage direkt am Meer in der N\u00e4he von Tarragona von Fr\u00fchling bis Ende September <strong>ideale Badebedingungen<\/strong> f\u00fcr die ganze Familie. La Pineda Platja, wo jeden Abend eine erfrischende Meeresbrise weht, ist n\u00e4mlich vor den Nordwinden gesch\u00fctzt und profitiert von einem<strong> einzigartigen Mikroklima<\/strong>. <\/p>\n<\/div>\n\n\n\n<div class=\"wp-block-column is-vertically-aligned-top right is-layout-flow wp-block-column-is-layout-flow\">\n<div data-swiper=\"{&quot;speed&quot;:1000,&quot;autoplay&quot;:{&quot;delay&quot;:5000,&quot;disableOnInteraction&quot;:false},&quot;spaceBetween&quot;:0,&quot;slidesPerView&quot;:1,&quot;pagination&quot;:{&quot;el&quot;:&quot;.swiper-pagination&quot;,&quot;dynamicBullets&quot;:true,&quot;clickable&quot;:true,&quot;type&quot;:&quot;bullets&quot;},&quot;navigation&quot;:{&quot;nextEl&quot;:&quot;.swiper-button-next&quot;,&quot;prevEl&quot;:&quot;.swiper-button-prev&quot;},&quot;breakpoints&quot;:[{&quot;slidesPerView&quot;:1}]}\" class=\"wp-block-cover has-aspect-ratio\" style=\"border-top-left-radius:500px;border-top-right-radius:500px;padding-top:0px;padding-right:0px;padding-bottom:0px;padding-left:0px;aspect-ratio:1;height:unset;min-height:unset;\"><img width=\"982\" height=\"1286\" fetchpriority=\"high\" decoding=\"sync\" data-no-lazy=\"1\" class=\"wp-block-cover__image-background wp-image-3263 size-full\" alt=\"plage d&apos;espagne activit\u00e9s\" src=\"https:\/\/www.lapineda.com\/wp-content\/uploads\/2026\/06\/plage-despagne-activites.jpg\" style=\"object-position:47% 100%\" data-object-fit=\"cover\" data-object-position=\"47% 100%\" srcset=\"https:\/\/www.lapineda.com\/wp-content\/uploads\/2026\/06\/plage-despagne-activites.jpg 982w, https:\/\/www.lapineda.com\/wp-content\/uploads\/2026\/06\/plage-despagne-activites-229x300.jpg 229w, https:\/\/www.lapineda.com\/wp-content\/uploads\/2026\/06\/plage-despagne-activites-782x1024.jpg 782w, https:\/\/www.lapineda.com\/wp-content\/uploads\/2026\/06\/plage-despagne-activites-768x1006.jpg 768w\" sizes=\"(max-width: 982px) 100vw, 982px\" \/><span aria-hidden=\"true\" class=\"wp-block-cover__background has-background-dim-0 has-background-dim\"><\/span><div class=\"wp-block-cover__inner-container has-global-padding is-layout-constrained wp-container-core-cover-is-layout-1b7a6f8b wp-block-cover-is-layout-constrained\">\n<p class=\"has-text-align-center has-large-font-size wp-block-paragraph\"><\/p>\n<\/div><\/div>\n<\/div>\n<\/div>\n<\/div>\n\n<div class=\"wp-block-group section-4 no-cta no-anim has-global-padding is-layout-constrained wp-container-core-group-is-layout-564ef5c5 wp-block-group-is-layout-constrained\" style=\"margin-top:0px;margin-bottom:0px;padding-right:0px;padding-bottom:0;padding-left:0px\">\n<div class=\"wp-block-group banner has-global-padding is-layout-constrained wp-container-core-group-is-layout-6b3b7742 wp-block-group-is-layout-constrained\">\n<figure class=\"wp-block-image size-large cursor\"><img decoding=\"async\" width=\"112\" height=\"112\" src=\"https:\/\/www.lapineda.com\/wp-content\/uploads\/2025\/10\/cursor-beige.svg\" alt=\"cursor beige\" class=\"wp-image-456\" \/><\/figure>\n\n\n\n<div class=\"wp-block-group has-global-padding is-layout-constrained wp-container-core-group-is-layout-0483bb72 wp-block-group-is-layout-constrained\" style=\"margin-top:0px;margin-bottom:0px\">\n<div data-swiper=\"{&quot;speed&quot;:1000,&quot;autoplay&quot;:{&quot;delay&quot;:5000,&quot;disableOnInteraction&quot;:false},&quot;spaceBetween&quot;:0,&quot;slidesPerView&quot;:1,&quot;pagination&quot;:{&quot;el&quot;:&quot;.swiper-pagination&quot;,&quot;dynamicBullets&quot;:true,&quot;clickable&quot;:true,&quot;type&quot;:&quot;bullets&quot;},&quot;navigation&quot;:{&quot;nextEl&quot;:&quot;.swiper-button-next&quot;,&quot;prevEl&quot;:&quot;.swiper-button-prev&quot;},&quot;breakpoints&quot;:[{&quot;slidesPerView&quot;:1}]}\" class=\"wp-block-cover is-light\" style=\"min-height:100vh;aspect-ratio:unset;\"><div class=\"wp-block-cover__video-background wp-block-cover__embed-background\"><iframe src=\"https:\/\/www.youtube.com\/embed\/FQJ7tqIVfKY?feature=oembed&#038;autoplay=1&#038;mute=1&#038;loop=1&#038;controls=0&#038;modestbranding=1&#038;playsinline=1&#038;playlist=FQJ7tqIVfKY\" title=\"Background video\" frameborder=\"0\" allow=\"autoplay; fullscreen\"><\/iframe><\/div><span aria-hidden=\"true\" class=\"wp-block-cover__background has-background-dim-0 has-background-dim\"><\/span><div class=\"wp-block-cover__inner-container has-global-padding is-layout-constrained wp-container-core-cover-is-layout-6b3b7742 wp-block-cover-is-layout-constrained\">\n<p class=\"has-text-align-center has-base-2-color has-text-color has-link-color wp-elements-4 wp-block-paragraph\" style=\"font-size:clamp(3.073rem, 3.073rem + ((1vw - 0.2rem) * 5.028), 6.09rem);font-style:normal;font-weight:700;line-height:1\">STRAND LA PINEDA<\/p>\n<\/div><\/div>\n<\/div>\n<\/div>\n\n\n\n<div class=\"wp-block-group content has-custom-color-1-background-color has-background has-global-padding is-layout-constrained wp-container-core-group-is-layout-26bd3f06 wp-block-group-is-layout-constrained\" style=\"margin-top:0px;margin-bottom:0;padding-top:4rem;padding-right:2rem;padding-bottom:7rem;padding-left:2rem\">\n<div class=\"wp-block-columns are-vertically-aligned-center is-layout-flex wp-container-core-columns-is-layout-e40f21a1 wp-block-columns-is-layout-flex\" style=\"padding-right:8rem;padding-left:8rem\">\n<div class=\"wp-block-column is-vertically-aligned-center left is-layout-flow wp-block-column-is-layout-flow\" style=\"flex-basis:40%\">\n<div data-swiper=\"{&quot;speed&quot;:1000,&quot;autoplay&quot;:{&quot;delay&quot;:5000,&quot;disableOnInteraction&quot;:false},&quot;spaceBetween&quot;:0,&quot;slidesPerView&quot;:1,&quot;pagination&quot;:{&quot;el&quot;:&quot;.swiper-pagination&quot;,&quot;dynamicBullets&quot;:true,&quot;clickable&quot;:true,&quot;type&quot;:&quot;bullets&quot;},&quot;navigation&quot;:{&quot;nextEl&quot;:&quot;.swiper-button-next&quot;,&quot;prevEl&quot;:&quot;.swiper-button-prev&quot;},&quot;breakpoints&quot;:[{&quot;slidesPerView&quot;:1}]}\" class=\"wp-block-cover is-light svg-background wp-duotone-02373d-02373d-2\" style=\"min-height:261px;aspect-ratio:unset;\"><span aria-hidden=\"true\" class=\"wp-block-cover__background has-background-dim-0 has-background-dim\"><\/span><div class=\"wp-block-cover__inner-container has-global-padding is-layout-constrained wp-container-core-cover-is-layout-6b3b7742 wp-block-cover-is-layout-constrained\">\n<p class=\"has-text-align-center sub-title center has-custom-color-2-color has-text-color has-link-color has-noar-font-family wp-elements-5 wp-block-paragraph\" style=\"border-bottom-color:var(--wp--preset--color--custom-color-2);border-bottom-width:1px;padding-top:3px;padding-right:30px;padding-bottom:3px;padding-left:30px;font-size:clamp(1.119rem, 1.119rem + ((1vw - 0.2rem) * 1.052), 1.75rem);font-style:normal;font-weight:400\">LA PINEDA<\/p>\n\n\n\n<p class=\"has-text-align-center has-custom-color-2-color has-text-color has-link-color has-ideas-font-family wp-elements-6 wp-block-paragraph\" style=\"font-size:clamp(2.75rem, 2.75rem + ((1vw - 0.2rem) * 4.233), 5.29rem);line-height:1\">Entdeckung<\/p>\n\n\n\n<p class=\"has-text-align-center has-custom-color-2-color has-text-color has-link-color has-noar-font-family wp-elements-7 wp-block-paragraph\" style=\"font-size:clamp(2.75rem, 2.75rem + ((1vw - 0.2rem) * 4.233), 5.29rem);line-height:1;text-transform:uppercase\">wild<\/p>\n\n\n\n<figure class=\"wp-block-image aligncenter size-large\"><img decoding=\"async\" width=\"318\" height=\"16\" src=\"https:\/\/www.lapineda.com\/wp-content\/uploads\/2026\/05\/trait-vert-clair.svg\" alt=\"hellgr\u00fcner Strich\" class=\"wp-image-2740\" \/><\/figure>\n<\/div><\/div>\n<\/div>\n\n\n\n<div class=\"wp-block-column is-vertically-aligned-center right is-layout-flow wp-block-column-is-layout-flow\" style=\"flex-basis:60%\">\n<h2 class=\"wp-block-heading has-base-2-color has-text-color has-link-color wp-elements-8\"><strong>Die sch\u00f6nsten Str\u00e4nde<\/strong> in der N\u00e4he des Campingplatzes<\/h2>\n\n\n\n<p class=\"has-base-2-color has-text-color has-link-color wp-elements-9 wp-block-paragraph\">In Salou und Umgebung gibt es acht gr\u00f6\u00dfere Str\u00e4nde und Buchten, von denen jeder seinen ganz eigenen Charakter hat. Diese Str\u00e4nde sind vom Campingplatz aus \u00fcber den <strong>Radweg entlang der K\u00fcste<\/strong> bequem mit dem Fahrrad zu erreichen. Hier eine Auswahl davon:  <\/p>\n\n\n    <div id=\"gt-fse-lire-plus-6a9d4f504de02\" class=\"gt-fse-lire-plus\" style=\"--min-height: 130px; background-color: #637251;\">\n        <input id=\"gt-fse-lire-plus-6a9d4f504de02-toggle\" type=\"checkbox\" class=\"gt-fse-lire-plus__toggle\" \/>\n        <label for=\"gt-fse-lire-plus-6a9d4f504de02-toggle\" class=\"gt-fse-lire-plus__toggle-label\">\n            <span>Weiterlesen<\/span>\n            <span>Weniger anzeigen<\/span>\n        <\/label>\n        <div class=\"gt-fse-lire-plus__content\">\n            \n\n<ul class=\"wp-block-list has-base-2-color has-text-color has-link-color wp-elements-10\">\n<li style=\"margin-bottom:var(--wp--preset--spacing--10)\"><strong>Playa de Levante<\/strong>: Dieser Strand zeichnet sich durch seine L\u00e4nge von etwa 1.200 m aus. Er l\u00e4sst sich entlang der Promenade \u201ePaseo Mar\u00edtimo Jaume I\u201c erkunden, die parallel zum Strand verl\u00e4uft, und vor Ort finden Sie eine gro\u00dfe Auswahl an Dienstleistungen und Freizeiteinrichtungen, sowohl f\u00fcr Jugendliche als auch f\u00fcr Erwachsene. <\/li>\n\n\n\n<li style=\"margin-bottom:var(--wp--preset--spacing--10)\"><strong>Playa de Ponent<\/strong>: Dieser Strand gilt mit einer L\u00e4nge von etwa 1.100 m als einer der l\u00e4ngsten Str\u00e4nde von Salou und wird von der Strandpromenade \u201ePaseo Mar\u00edtimo Miramar\u201c ges\u00e4umt. Er verf\u00fcgt \u00fcber einen sanft zum Meer hin abfallenden Strand und ist dank seines flachen Wassers ideal f\u00fcr Kinder. <\/li>\n\n\n\n<li style=\"margin-bottom:var(--wp--preset--spacing--10)\"><strong>Playa Capellans<\/strong>: Der Strand wird von einer sch\u00f6nen Strandpromenade ges\u00e4umt und ist von nat\u00fcrlichen Klippen begrenzt. Dank seines flachen Wassers und seines sanften Gef\u00e4lles eignet er sich ideal zum Baden f\u00fcr die ganze Familie. <\/li>\n\n\n\n<li style=\"margin-bottom:var(--wp--preset--spacing--10)\"><strong>Playa Llarga<\/strong>: Da dieser Strand abseits der touristischen Orte der Umgebung liegt und von Pinienw\u00e4ldern umgeben ist, strahlt er einen ganz besonderen Charme der Ruhe aus. Er ist \u00fcber die Stra\u00dfe Replanells zu erreichen, unweit der Stra\u00dfe, die von Salou nach Tarragona f\u00fchrt, und verf\u00fcgt zudem \u00fcber eine fu\u00dfg\u00e4ngerfreundliche Strandpromenade. <\/li>\n<\/ul>\n\n            <div class=\"gt-fse-lire-plus__gradient\" style=\"background: linear-gradient(to bottom,rgba(99,114,81,0) 0%,rgba(99,114,81,1) 100%);\"><\/div>\n        <\/div>\n    <\/div>\n    <\/div>\n<\/div>\n<\/div>\n<\/div>\n\n<div class=\"wp-block-group section-4 no-cta has-global-padding is-layout-constrained wp-container-core-group-is-layout-07a29e68 wp-block-group-is-layout-constrained\" style=\"padding-right:0px;padding-bottom:0;padding-left:0px\">\n<div class=\"wp-block-group banner has-global-padding is-layout-constrained wp-container-core-group-is-layout-6b3b7742 wp-block-group-is-layout-constrained\">\n<div class=\"wp-block-group has-global-padding is-layout-constrained wp-container-core-group-is-layout-6b3b7742 wp-block-group-is-layout-constrained\">\n<div data-swiper=\"{&quot;speed&quot;:1000,&quot;autoplay&quot;:{&quot;delay&quot;:5000,&quot;disableOnInteraction&quot;:false},&quot;spaceBetween&quot;:0,&quot;slidesPerView&quot;:1,&quot;pagination&quot;:{&quot;el&quot;:&quot;.swiper-pagination&quot;,&quot;dynamicBullets&quot;:true,&quot;clickable&quot;:true,&quot;type&quot;:&quot;bullets&quot;},&quot;navigation&quot;:{&quot;nextEl&quot;:&quot;.swiper-button-next&quot;,&quot;prevEl&quot;:&quot;.swiper-button-prev&quot;},&quot;breakpoints&quot;:[{&quot;slidesPerView&quot;:1}]}\" class=\"wp-block-cover\" style=\"min-height:90vh;aspect-ratio:unset;\"><img decoding=\"async\" width=\"1920\" height=\"1080\" class=\"wp-block-cover__image-background wp-image-3266 size-full\" alt=\"Cala font crique espagne\" src=\"https:\/\/www.lapineda.com\/wp-content\/uploads\/2026\/06\/Cala-font-crique-espagne.jpg\" data-object-fit=\"cover\" srcset=\"https:\/\/www.lapineda.com\/wp-content\/uploads\/2026\/06\/Cala-font-crique-espagne.jpg 1920w, https:\/\/www.lapineda.com\/wp-content\/uploads\/2026\/06\/Cala-font-crique-espagne-300x169.jpg 300w, https:\/\/www.lapineda.com\/wp-content\/uploads\/2026\/06\/Cala-font-crique-espagne-1024x576.jpg 1024w, https:\/\/www.lapineda.com\/wp-content\/uploads\/2026\/06\/Cala-font-crique-espagne-768x432.jpg 768w, https:\/\/www.lapineda.com\/wp-content\/uploads\/2026\/06\/Cala-font-crique-espagne-1536x864.jpg 1536w\" sizes=\"(max-width: 1920px) 100vw, 1920px\" \/><span aria-hidden=\"true\" class=\"wp-block-cover__background has-contrast-background-color has-background-dim-40 has-background-dim\"><\/span><div class=\"wp-block-cover__inner-container has-global-padding is-layout-constrained wp-container-core-cover-is-layout-6b3b7742 wp-block-cover-is-layout-constrained\">\n<p class=\"has-text-align-center has-custom-color-2-color has-text-color has-link-color has-noar-font-family wp-elements-11 wp-block-paragraph\" style=\"font-size:clamp(3.073rem, 3.073rem + ((1vw - 0.2rem) * 5.028), 6.09rem);font-style:normal;font-weight:700;line-height:1\">Cala Font<\/p>\n<\/div><\/div>\n<\/div>\n<\/div>\n\n\n\n<div class=\"wp-block-group content has-custom-color-1-background-color has-background has-global-padding is-layout-constrained wp-container-core-group-is-layout-26bd3f06 wp-block-group-is-layout-constrained\" style=\"margin-top:0px;margin-bottom:0;padding-top:4rem;padding-right:2rem;padding-bottom:7rem;padding-left:2rem\">\n<div class=\"wp-block-columns are-vertically-aligned-center is-layout-flex wp-container-core-columns-is-layout-e40f21a1 wp-block-columns-is-layout-flex\" style=\"padding-right:8rem;padding-left:8rem\">\n<div class=\"wp-block-column is-vertically-aligned-center left is-layout-flow wp-block-column-is-layout-flow\" style=\"flex-basis:40%\">\n<div data-swiper=\"{&quot;speed&quot;:1000,&quot;autoplay&quot;:{&quot;delay&quot;:5000,&quot;disableOnInteraction&quot;:false},&quot;spaceBetween&quot;:0,&quot;slidesPerView&quot;:1,&quot;pagination&quot;:{&quot;el&quot;:&quot;.swiper-pagination&quot;,&quot;dynamicBullets&quot;:true,&quot;clickable&quot;:true,&quot;type&quot;:&quot;bullets&quot;},&quot;navigation&quot;:{&quot;nextEl&quot;:&quot;.swiper-button-next&quot;,&quot;prevEl&quot;:&quot;.swiper-button-prev&quot;},&quot;breakpoints&quot;:[{&quot;slidesPerView&quot;:1}]}\" class=\"wp-block-cover is-light svg-background wp-duotone-02373d-02373d-3\" style=\"min-height:261px;aspect-ratio:unset;\"><span aria-hidden=\"true\" class=\"wp-block-cover__background has-background-dim-0 has-background-dim\"><\/span><div class=\"wp-block-cover__inner-container has-global-padding is-layout-constrained wp-container-core-cover-is-layout-6b3b7742 wp-block-cover-is-layout-constrained\">\n<p class=\"has-text-align-center sub-title center has-custom-color-2-color has-text-color has-link-color has-noar-font-family wp-elements-12 wp-block-paragraph\" style=\"border-bottom-color:var(--wp--preset--color--custom-color-2);border-bottom-width:1px;padding-top:3px;padding-right:30px;padding-bottom:3px;padding-left:30px;font-size:clamp(1.119rem, 1.119rem + ((1vw - 0.2rem) * 1.052), 1.75rem);font-style:normal;font-weight:400\">LA PINEDA<\/p>\n\n\n\n<p class=\"has-text-align-center has-custom-color-2-color has-text-color has-link-color has-ideas-font-family wp-elements-13 wp-block-paragraph\" style=\"font-size:clamp(2.75rem, 2.75rem + ((1vw - 0.2rem) * 4.233), 5.29rem);line-height:1\">Str\u00e4nde oder  <\/p>\n\n\n\n<p class=\"has-text-align-center has-custom-color-2-color has-text-color has-link-color has-noar-font-family wp-elements-14 wp-block-paragraph\" style=\"font-size:clamp(2.75rem, 2.75rem + ((1vw - 0.2rem) * 4.233), 5.29rem);line-height:1;text-transform:uppercase\">Buchten<\/p>\n\n\n\n<figure class=\"wp-block-image aligncenter size-large\"><img decoding=\"async\" width=\"318\" height=\"16\" src=\"https:\/\/www.lapineda.com\/wp-content\/uploads\/2026\/05\/trait-vert-clair.svg\" alt=\"hellgr\u00fcner Strich\" class=\"wp-image-2740\" \/><\/figure>\n<\/div><\/div>\n<\/div>\n\n\n\n<div class=\"wp-block-column is-vertically-aligned-center right is-layout-flow wp-block-column-is-layout-flow\" style=\"flex-basis:60%\">    <div id=\"gt-fse-lire-plus-6a9d4f504f15c\" class=\"gt-fse-lire-plus\" style=\"--min-height: 130px; background-color: #637251;\">\n        <input id=\"gt-fse-lire-plus-6a9d4f504f15c-toggle\" type=\"checkbox\" class=\"gt-fse-lire-plus__toggle\" \/>\n        <label for=\"gt-fse-lire-plus-6a9d4f504f15c-toggle\" class=\"gt-fse-lire-plus__toggle-label\">\n            <span>Weiterlesen<\/span>\n            <span>Weniger anzeigen<\/span>\n        <\/label>\n        <div class=\"gt-fse-lire-plus__content\">\n            \n\n<ul class=\"wp-block-list has-base-2-color has-text-color has-link-color wp-elements-15\">\n<li style=\"margin-bottom:var(--wp--preset--spacing--10)\"><strong><strong>Cala Llenguadets<\/strong><\/strong> : Es handelt sich um eine kleine, von Natur umgebene Bucht mit klarem, flachem Wasser. Der Zugang ist nur zu Fu\u00df m\u00f6glich, entweder \u00fcber den Camino de Ronda, der zum Faro de Salou f\u00fchrt, oder \u00fcber die Stra\u00dfe \u201eRue de la Torrassa\u201c. <\/li>\n\n\n\n<li style=\"margin-bottom:var(--wp--preset--spacing--10)\"><strong><strong>Cala Penya Tallada<\/strong><\/strong> : Diese wundersch\u00f6ne kleine Bucht liegt zwischen der Punta Roja und der Penya Tallada, wobei deren Felswand weit ins Meer hineinragt. Der Zugang erfolgt \u00fcber die Stra\u00dfe \u201eCalle de la Penya Tallada\u201c. <\/li>\n\n\n\n<li style=\"margin-bottom:var(--wp--preset--spacing--10)\"><strong><strong>Cala Font<\/strong><\/strong> : Die von Felsen ges\u00e4umte Bucht mit feinem Sand ist auf nat\u00fcrliche Weise begrenzt und leicht sowie sicher zu erreichen. Sie ist ein idealer Ort zum Schnorcheln, und dank des ruhigen Wassers k\u00f6nnen Sie den Meeresgrund genie\u00dfen, an dem zahlreiche Tierarten leben. <\/li>\n\n\n\n<li style=\"margin-bottom:var(--wp--preset--spacing--10)\"><strong><strong>CalaCrancs<\/strong><\/strong> : Am anderen Ende der Stadt gelegen, ist dies eine der reizvollsten Buchten. Flankiert von bewachsenen Felsen und feinem Sand, ist sie leicht abfallend und verf\u00fcgt \u00fcber einen sanften Zugang zum Meer, weshalb sich das Wasser hier ideal zum Baden eignet. <\/li>\n<\/ul>\n\n            <div class=\"gt-fse-lire-plus__gradient\" style=\"background: linear-gradient(to bottom,rgba(99,114,81,0) 0%,rgba(99,114,81,1) 100%);\"><\/div>\n        <\/div>\n    <\/div>\n    <\/div>\n<\/div>\n<\/div>\n<\/div>\n\n<div class=\"wp-block-group section-simple has-global-padding is-layout-constrained wp-container-core-group-is-layout-b49682eb wp-block-group-is-layout-constrained\" style=\"margin-top:0px;margin-bottom:0px;padding-top:8rem;padding-right:10rem;padding-bottom:8rem;padding-left:10rem\">\n<div class=\"wp-block-columns are-vertically-aligned-center is-layout-flex wp-container-core-columns-is-layout-63b5c8f0 wp-block-columns-is-layout-flex\">\n<div class=\"wp-block-column is-vertically-aligned-center is-layout-flow wp-block-column-is-layout-flow\">\n<h2 class=\"wp-block-heading\">Die Str\u00e4nde von La Pineda und die Buchten am Cap Salou<\/h2>\n\n\n\n<p class=\"wp-block-paragraph\">Die Str\u00e4nde von La Pineda und die vor den Nordwinden gesch\u00fctzten Buchten am Cap Salou zeichnen sich durch <strong>feinen Sand<\/strong> sowie <strong>klares<\/strong> und <strong>flaches<\/strong><strong>Wasser<\/strong> aus. Im Juli und August liegen die Durchschnittstemperaturen zwischen mindestens 21 \u00b0C und h\u00f6chstens 30 \u00b0C, wobei eine angenehme, sanfte Brise f\u00fcr eine k\u00fchle Atmosph\u00e4re sorgt. Eines der Hauptmerkmale von La Pineda Platja ist sein <strong>au\u00dfergew\u00f6hnliches Mikroklima<\/strong>.  <\/p>\n\n\n\n<p class=\"wp-block-paragraph\">Wir empfehlen Ihnen einen Ausflug nach Punta del Cavall in der Region Cap Salou, um einen <strong>herrlichen Blick<\/strong> auf die K\u00fcste und vor allem auf den wundersch\u00f6nen Sonnenuntergang zu genie\u00dfen.<\/p>\n\n\n\n<p class=\"wp-block-paragraph\">Der Strand von La Pineda ist der dem Campingplatz am n\u00e4chsten gelegene. Er gliedert sich von Norden nach S\u00fcden in drei Abschnitte: <strong>Playa dels Prats<\/strong>, <strong>Playa de la Pineda<\/strong> und <strong>Playa del Rac\u00f3<\/strong>. Mit einer Breite von bis zu 40 m und der angrenzenden Strandpromenade Pau Casals eignet er sich perfekt f\u00fcr Spazierg\u00e4nge mit der Familie, Sandburgen und ein Bad im Meer. Sein sanftes Gef\u00e4lle und das flache Wasser machen ihn zu einem Paradies f\u00fcr Kinder.   <\/p>\n<\/div>\n\n\n\n<div class=\"wp-block-column is-vertically-aligned-center is-layout-flow wp-block-column-is-layout-flow\">\n<figure class=\"wp-block-image size-large\"><img decoding=\"async\" width=\"1024\" height=\"576\" src=\"https:\/\/www.lapineda.com\/wp-content\/uploads\/2026\/06\/aquativite-aquatique-espagne-1024x576.jpg\" alt=\"Wassersport in Spanien\" class=\"wp-image-3267\" srcset=\"https:\/\/www.lapineda.com\/wp-content\/uploads\/2026\/06\/aquativite-aquatique-espagne-1024x576.jpg 1024w, https:\/\/www.lapineda.com\/wp-content\/uploads\/2026\/06\/aquativite-aquatique-espagne-300x169.jpg 300w, https:\/\/www.lapineda.com\/wp-content\/uploads\/2026\/06\/aquativite-aquatique-espagne-768x432.jpg 768w, https:\/\/www.lapineda.com\/wp-content\/uploads\/2026\/06\/aquativite-aquatique-espagne-1536x864.jpg 1536w, https:\/\/www.lapineda.com\/wp-content\/uploads\/2026\/06\/aquativite-aquatique-espagne.jpg 1920w\" sizes=\"(max-width: 1024px) 100vw, 1024px\" \/><\/figure>\n<\/div>\n<\/div>\n<\/div>\n\n<div class=\"wp-block-group section-3 has-custom-color-1-background-color has-background has-global-padding is-layout-constrained wp-container-core-group-is-layout-eb4eed6e wp-block-group-is-layout-constrained\" style=\"margin-top:0rem;padding-top:6rem;padding-bottom:6rem\">\n<div class=\"wp-block-columns are-vertically-aligned-center is-layout-flex wp-container-core-columns-is-layout-3a88641f wp-block-columns-is-layout-flex\">\n<div class=\"wp-block-column is-vertically-aligned-center left is-layout-flow wp-block-column-is-layout-flow\" style=\"flex-basis:40%\">\n<div data-swiper=\"{&quot;speed&quot;:1000,&quot;autoplay&quot;:{&quot;delay&quot;:5000,&quot;disableOnInteraction&quot;:false},&quot;spaceBetween&quot;:0,&quot;slidesPerView&quot;:1,&quot;pagination&quot;:{&quot;el&quot;:&quot;.swiper-pagination&quot;,&quot;dynamicBullets&quot;:true,&quot;clickable&quot;:true,&quot;type&quot;:&quot;bullets&quot;},&quot;navigation&quot;:{&quot;nextEl&quot;:&quot;.swiper-button-next&quot;,&quot;prevEl&quot;:&quot;.swiper-button-prev&quot;},&quot;breakpoints&quot;:[{&quot;slidesPerView&quot;:1}]}\" class=\"wp-block-cover has-aspect-ratio\" style=\"border-top-left-radius:500px;border-top-right-radius:500px;padding-top:0px;padding-right:0px;padding-bottom:0px;padding-left:0px;aspect-ratio:1;height:unset;min-height:unset;\"><img decoding=\"async\" width=\"982\" height=\"1286\" class=\"wp-block-cover__image-background wp-image-3272 size-full\" alt=\"camping salou plage espagne\" src=\"https:\/\/www.lapineda.com\/wp-content\/uploads\/2026\/06\/camping-salou-plage-espagne.jpg\" data-object-fit=\"cover\" srcset=\"https:\/\/www.lapineda.com\/wp-content\/uploads\/2026\/06\/camping-salou-plage-espagne.jpg 982w, https:\/\/www.lapineda.com\/wp-content\/uploads\/2026\/06\/camping-salou-plage-espagne-229x300.jpg 229w, https:\/\/www.lapineda.com\/wp-content\/uploads\/2026\/06\/camping-salou-plage-espagne-782x1024.jpg 782w, https:\/\/www.lapineda.com\/wp-content\/uploads\/2026\/06\/camping-salou-plage-espagne-768x1006.jpg 768w\" sizes=\"(max-width: 982px) 100vw, 982px\" \/><span aria-hidden=\"true\" class=\"wp-block-cover__background has-background-dim-0 has-background-dim\"><\/span><div class=\"wp-block-cover__inner-container has-global-padding is-layout-constrained wp-container-core-cover-is-layout-1b7a6f8b wp-block-cover-is-layout-constrained\">\n<p class=\"has-text-align-center has-large-font-size wp-block-paragraph\"><\/p>\n<\/div><\/div>\n<\/div>\n\n\n\n<div class=\"wp-block-column is-vertically-aligned-center right is-layout-flow wp-block-column-is-layout-flow\" style=\"padding-right:4rem;padding-left:4rem;flex-basis:60%\">\n<p class=\"has-text-align-center sub-title center has-custom-color-2-color has-text-color has-link-color has-noar-font-family wp-elements-16 wp-block-paragraph\" style=\"border-bottom-color:var(--wp--preset--color--custom-color-2);border-bottom-width:1px;padding-top:3px;padding-right:30px;padding-bottom:3px;padding-left:30px;font-size:clamp(1.119rem, 1.119rem + ((1vw - 0.2rem) * 1.052), 1.75rem);font-style:normal;font-weight:400\">LA PINEDA<\/p>\n\n\n\n<p class=\"has-text-align-center has-custom-color-2-color has-text-color has-link-color has-ideas-font-family wp-elements-17 wp-block-paragraph\" style=\"font-size:clamp(2.75rem, 2.75rem + ((1vw - 0.2rem) * 4.233), 5.29rem);line-height:1\">In der N\u00e4he von<\/p>\n\n\n\n<p class=\"has-text-align-center has-custom-color-2-color has-text-color has-link-color has-noar-font-family wp-elements-18 wp-block-paragraph\" style=\"font-size:clamp(2.75rem, 2.75rem + ((1vw - 0.2rem) * 4.233), 5.29rem);line-height:1;text-transform:uppercase\">Campingplatz<\/p>\n\n\n\n<figure class=\"wp-block-image aligncenter size-large\"><img decoding=\"async\" width=\"318\" height=\"16\" src=\"https:\/\/www.lapineda.com\/wp-content\/uploads\/2026\/05\/trait-vert-clair.svg\" alt=\"hellgr\u00fcner Strich\" class=\"wp-image-2740\" \/><\/figure>\n\n\n\n<p class=\"has-text-align-center has-base-2-color has-text-color has-link-color wp-elements-19 wp-block-paragraph\">Am Cap Salou, etwa 3 km vom Campingplatz entfernt, bieten vier Buchten und ein Strand eine unber\u00fchrtere und naturbelassene Umgebung:<\/p>\n\n\n\n<ul class=\"wp-block-list has-base-2-color has-text-color has-link-color wp-elements-20\">\n<li style=\"margin-bottom:var(--wp--preset--spacing--10)\"><strong>Playa Llarga:<\/strong> Umgeben von Kiefernw\u00e4ldern, ruhig und abseits des Massentourismus. Zufahrt \u00fcber die Stra\u00dfe Replanells. <\/li>\n\n\n\n<li style=\"margin-bottom:var(--wp--preset--spacing--10)\"><strong>Cala Llenguadets<\/strong>: kristallklares, flaches Wasser. Nur zu Fu\u00df \u00fcber den Camino de Ronda, der zum Leuchtturm von Salou f\u00fchrt, erreichbar. <\/li>\n\n\n\n<li style=\"margin-bottom:var(--wp--preset--spacing--10)\"><strong>Cala Penya Tallada: <\/strong> eine wundersch\u00f6ne Naturlandschaft zwischen der Punta Roja und der Felswand. Zugang \u00fcber die Stra\u00dfe \u201eCalle de la Penya Tallada\u201c. <\/li>\n<\/ul>\n\n\n\n<p class=\"has-text-align-left has-base-2-color has-text-color has-link-color wp-elements-21 wp-block-paragraph\">Wir empfehlen Ihnen ganz besonders den <strong>Spaziergang zum Aussichtspunkt am Leuchtturm von Salou<\/strong> entlang des Rundwegs am Cap Salou: 300 Meter Weg am Wasser entlang, ein atemberaubender Blick auf den Golf und eine bemerkenswerte einheimische Vegetation (Aspen, Wei\u00dfkiefer, Seerose, Agave). Ein Spaziergang, den Sie sich nicht entgehen lassen sollten! <\/p>\n\n\n\n<p class=\"has-text-align-left has-base-2-color has-text-color has-link-color wp-elements-22 wp-block-paragraph\">Envie d&#8217;activit\u00e9s nautiques ? D\u00e9couvrez toutes les <a href=\"https:\/\/www.lapineda.com\/camping-sport-activites-salou\/\" data-type=\"page\" data-id=\"2503\">activit\u00e9s sportives et de plein air autour du camping<\/a> !<\/p>\n<\/div>\n<\/div>\n<\/div>\n\n<div class=\"wp-block-group section-maillage has-global-padding is-layout-constrained wp-container-core-group-is-layout-8b65383b wp-block-group-is-layout-constrained\" style=\"margin-top:0px;margin-bottom:0px;padding-top:8rem;padding-right:10rem;padding-bottom:8rem;padding-left:10rem\">\n<p class=\"has-text-align-center has-custom-color-2-color has-text-color has-link-color has-noar-font-family wp-elements-23 wp-block-paragraph\" style=\"font-size:clamp(2.2rem, 2.2rem + ((1vw - 0.2rem) * 3), 4rem);line-height:1;text-transform:uppercase\">Entdecken Sie den Campingplatz<\/p>\n\n\n\n<figure class=\"wp-block-image aligncenter size-large\"><img decoding=\"async\" width=\"318\" height=\"16\" src=\"https:\/\/www.lapineda.com\/wp-content\/uploads\/2026\/05\/trait-vert-clair.svg\" alt=\"hellgr\u00fcner Strich\" class=\"wp-image-2740\" \/><\/figure>\n\n\n\n<div data-swiper=\"{&quot;speed&quot;:400,&quot;spaceBetween&quot;:16,&quot;slidesPerView&quot;:3,&quot;createElements&quot;:true,&quot;loop&quot;:true,&quot;freemode&quot;:true,&quot;navigation&quot;:{&quot;nextEl&quot;:&quot;buttonNext&quot;,&quot;prevEl&quot;:&quot;buttonPrev&quot;},&quot;pagination&quot;:{&quot;el&quot;:&quot;.swiper-pagination&quot;,&quot;dynamicBullets&quot;:true},&quot;breakpoints&quot;:{&quot;0&quot;:{&quot;slidesPerView&quot;:1},&quot;768&quot;:{&quot;slidesPerView&quot;:2},&quot;1260&quot;:{&quot;slidesPerView&quot;:3}},&quot;autoplay&quot;:{&quot;delay&quot;:3000}}\" data-wp-context=\"{}\" data-wp-interactive=\"core\/query\" data-wp-key=\"0\" data-wp-router-region=\"query-0\" class=\"wp-block-query alignwide gt-fse-maillage-query gt-is-slider gt-is-slider-desktop is-layout-flow wp-block-query-is-layout-flow\"><ul class=\"columns-3 wp-block-post-template is-layout-grid wp-container-core-post-template-is-layout-7e964c02 wp-block-post-template-is-layout-grid\"><li data-wp-key=\"post-template-item-4121\" class=\"wp-block-post post-4121 page type-page status-publish has-post-thumbnail hentry\">\n<a href=\"https:\/\/www.lapineda.com\/de\/campingplatz-animationen-salou\/\"    style=\"padding-top:0px;padding-bottom:0px;padding-left:0px;padding-right:0px;margin-top:0px;margin-bottom:0px;margin-left:0px;margin-right:0px\" class=\"wp-block-tiptip-hyperlink-group-block\" >\n<div data-swiper=\"{&quot;speed&quot;:1000,&quot;autoplay&quot;:{&quot;delay&quot;:5000,&quot;disableOnInteraction&quot;:false},&quot;spaceBetween&quot;:0,&quot;slidesPerView&quot;:1,&quot;pagination&quot;:{&quot;el&quot;:&quot;.swiper-pagination&quot;,&quot;dynamicBullets&quot;:true,&quot;clickable&quot;:true,&quot;type&quot;:&quot;bullets&quot;},&quot;navigation&quot;:{&quot;nextEl&quot;:&quot;.swiper-button-next&quot;,&quot;prevEl&quot;:&quot;.swiper-button-prev&quot;},&quot;breakpoints&quot;:[{&quot;slidesPerView&quot;:1}]}\" class=\"wp-block-cover is-light\" style=\"border-top-left-radius:500px;border-top-right-radius:500px;margin-top:0px;margin-bottom:0px;padding-top:0px;padding-right:0px;padding-bottom:0px;padding-left:0px;min-height:50px;aspect-ratio:unset;\"><span aria-hidden=\"true\" class=\"wp-block-cover__background has-contrast-background-color has-background-dim-30 has-background-dim\"><\/span><div class=\"wp-block-cover__inner-container has-global-padding is-layout-constrained wp-container-core-cover-is-layout-878e1664 wp-block-cover-is-layout-constrained\">\n<figure class=\"wp-block-image\"><img decoding=\"async\" src=\"https:\/\/www.lapineda.com\/wp-content\/uploads\/2026\/06\/camping-activites-salou-espagne.jpg\" alt=\"Veranstaltungen und Aktivit\u00e4ten\"\/><\/figure>\n\n\n\n<p class=\"has-text-align-center has-base-2-color has-text-color has-link-color has-noar-font-family wp-elements-24 wp-block-paragraph\" style=\"font-size:clamp(1.25rem, 1.25rem + ((1vw - 0.2rem) * 1.25), 2rem);font-style:normal;font-weight:500\">Veranstaltungen und Aktivit\u00e4ten<\/p>\n\n\n\n<figure class=\"wp-block-image aligncenter size-large\"><img decoding=\"async\" width=\"58\" height=\"38\" src=\"https:\/\/www.lapineda.com\/wp-content\/uploads\/2026\/05\/fleche-slider-blanc-vert.svg\" alt=\"Pfeil-Schieberegler, wei&#xDF;-gr&#xFC;n\" class=\"wp-image-2565\"\/><\/figure>\n<\/div><\/div>\n<\/a>\n<\/li><li data-wp-key=\"post-template-item-3968\" class=\"wp-block-post post-3968 page type-page status-publish has-post-thumbnail hentry\">\n<a href=\"https:\/\/www.lapineda.com\/de\/campingplatz-mit-schwimmbad-salou\/\"    style=\"padding-top:0px;padding-bottom:0px;padding-left:0px;padding-right:0px;margin-top:0px;margin-bottom:0px;margin-left:0px;margin-right:0px\" class=\"wp-block-tiptip-hyperlink-group-block\" >\n<div data-swiper=\"{&quot;speed&quot;:1000,&quot;autoplay&quot;:{&quot;delay&quot;:5000,&quot;disableOnInteraction&quot;:false},&quot;spaceBetween&quot;:0,&quot;slidesPerView&quot;:1,&quot;pagination&quot;:{&quot;el&quot;:&quot;.swiper-pagination&quot;,&quot;dynamicBullets&quot;:true,&quot;clickable&quot;:true,&quot;type&quot;:&quot;bullets&quot;},&quot;navigation&quot;:{&quot;nextEl&quot;:&quot;.swiper-button-next&quot;,&quot;prevEl&quot;:&quot;.swiper-button-prev&quot;},&quot;breakpoints&quot;:[{&quot;slidesPerView&quot;:1}]}\" class=\"wp-block-cover is-light\" style=\"border-top-left-radius:500px;border-top-right-radius:500px;margin-top:0px;margin-bottom:0px;padding-top:0px;padding-right:0px;padding-bottom:0px;padding-left:0px;min-height:50px;aspect-ratio:unset;\"><span aria-hidden=\"true\" class=\"wp-block-cover__background has-contrast-background-color has-background-dim-30 has-background-dim\"><\/span><div class=\"wp-block-cover__inner-container has-global-padding is-layout-constrained wp-container-core-cover-is-layout-878e1664 wp-block-cover-is-layout-constrained\">\n<figure class=\"wp-block-image\"><img decoding=\"async\" src=\"https:\/\/www.lapineda.com\/wp-content\/uploads\/2026\/05\/camping-avec-espace-aquatique-a-salou.jpg\" alt=\"Schwimmb\u00e4der\"\/><\/figure>\n\n\n\n<p class=\"has-text-align-center has-base-2-color has-text-color has-link-color has-noar-font-family wp-elements-26 wp-block-paragraph\" style=\"font-size:clamp(1.25rem, 1.25rem + ((1vw - 0.2rem) * 1.25), 2rem);font-style:normal;font-weight:500\">Schwimmb\u00e4der<\/p>\n\n\n\n<figure class=\"wp-block-image aligncenter size-large\"><img decoding=\"async\" width=\"58\" height=\"38\" src=\"https:\/\/www.lapineda.com\/wp-content\/uploads\/2026\/05\/fleche-slider-blanc-vert.svg\" alt=\"Pfeil-Schieberegler, wei&#xDF;-gr&#xFC;n\" class=\"wp-image-2565\"\/><\/figure>\n<\/div><\/div>\n<\/a>\n<\/li><li data-wp-key=\"post-template-item-4071\" class=\"wp-block-post post-4071 page type-page status-publish has-post-thumbnail hentry\">\n<a href=\"https:\/\/www.lapineda.com\/de\/campingplatze-restaurant-salou\/\"    style=\"padding-top:0px;padding-bottom:0px;padding-left:0px;padding-right:0px;margin-top:0px;margin-bottom:0px;margin-left:0px;margin-right:0px\" class=\"wp-block-tiptip-hyperlink-group-block\" >\n<div data-swiper=\"{&quot;speed&quot;:1000,&quot;autoplay&quot;:{&quot;delay&quot;:5000,&quot;disableOnInteraction&quot;:false},&quot;spaceBetween&quot;:0,&quot;slidesPerView&quot;:1,&quot;pagination&quot;:{&quot;el&quot;:&quot;.swiper-pagination&quot;,&quot;dynamicBullets&quot;:true,&quot;clickable&quot;:true,&quot;type&quot;:&quot;bullets&quot;},&quot;navigation&quot;:{&quot;nextEl&quot;:&quot;.swiper-button-next&quot;,&quot;prevEl&quot;:&quot;.swiper-button-prev&quot;},&quot;breakpoints&quot;:[{&quot;slidesPerView&quot;:1}]}\" class=\"wp-block-cover is-light\" style=\"border-top-left-radius:500px;border-top-right-radius:500px;margin-top:0px;margin-bottom:0px;padding-top:0px;padding-right:0px;padding-bottom:0px;padding-left:0px;min-height:50px;aspect-ratio:unset;\"><span aria-hidden=\"true\" class=\"wp-block-cover__background has-contrast-background-color has-background-dim-30 has-background-dim\"><\/span><div class=\"wp-block-cover__inner-container has-global-padding is-layout-constrained wp-container-core-cover-is-layout-878e1664 wp-block-cover-is-layout-constrained\">\n<figure class=\"wp-block-image\"><img decoding=\"async\" src=\"https:\/\/www.lapineda.com\/wp-content\/uploads\/2026\/06\/restaurant-a-salou.jpg\" alt=\"Restaurant\"\/><\/figure>\n\n\n\n<p class=\"has-text-align-center has-base-2-color has-text-color has-link-color has-noar-font-family wp-elements-28 wp-block-paragraph\" style=\"font-size:clamp(1.25rem, 1.25rem + ((1vw - 0.2rem) * 1.25), 2rem);font-style:normal;font-weight:500\">Restaurant<\/p>\n\n\n\n<figure class=\"wp-block-image aligncenter size-large\"><img decoding=\"async\" width=\"58\" height=\"38\" src=\"https:\/\/www.lapineda.com\/wp-content\/uploads\/2026\/05\/fleche-slider-blanc-vert.svg\" alt=\"Pfeil-Schieberegler, wei&#xDF;-gr&#xFC;n\" class=\"wp-image-2565\"\/><\/figure>\n<\/div><\/div>\n<\/a>\n<\/li><\/ul><\/div>\n<\/div>\n","protected":false},"excerpt":{"rendered":"<p>L&#8217;un des atouts majeurs de notre camping pr\u00e8s de Salou est sans conteste sa proximit\u00e9 avec la mer. \u00c0 Salou, il y a huit plages et quelques criques qui constituent des richesses naturelles majeures. N&#8217;\u00e9tant pas d\u2019acc\u00e8s direct, elles sont n\u00e9anmoins plus tranquilles. Beaucoup d\u2019entre elles sont des criques entour\u00e9es de nature, ce qui contribue [&hellip;]<\/p>\n","protected":false},"author":1,"featured_media":5180,"parent":0,"menu_order":0,"comment_status":"closed","ping_status":"closed","template":"","meta":{"_seopress_titles_title":"Campingplatz direkt am Meer in der N\u00e4he von Salou | Strandzugang in der N\u00e4he des Campingplatzes","_seopress_titles_desc":"Campingplatz La Pineda: Der Strand von La Pineda liegt 500 m entfernt, ebenso wie die Buchten am Cap Salou mit feinem Sand und klarem Wasser. Der Campingplatz direkt am Meer ist ein absolutes Muss an der Costa Dorada. ","_seopress_robots_index":"","_seopress_robots_follow":"","_seopress_robots_imageindex":"","_seopress_robots_snippet":"","_seopress_robots_primary_cat":"","_seopress_robots_breadcrumbs":"Str\u00e4nde und Wassersportaktivit\u00e4ten in Salou","_seopress_robots_freeze_modified_date":"","_seopress_robots_custom_modified_date":"","_seopress_robots_canonical":"","_seopress_social_fb_title":"","_seopress_social_fb_desc":"","_seopress_social_fb_img":"","_seopress_social_fb_img_attachment_id":0,"_seopress_social_fb_img_width":0,"_seopress_social_fb_img_height":0,"_seopress_social_twitter_title":"","_seopress_social_twitter_desc":"","_seopress_social_twitter_img":"","_seopress_social_twitter_img_attachment_id":0,"_seopress_social_twitter_img_width":0,"_seopress_social_twitter_img_height":0,"_seopress_redirections_value":"","_seopress_redirections_enabled":"","_seopress_redirections_enabled_regex":"","_seopress_redirections_logged_status":"both","_seopress_redirections_param":"","_seopress_redirections_type":301,"_seopress_analysis_target_kw":"","_seopress_news_disabled":"","_seopress_video_disabled":"","_seopress_video":[],"_seopress_pro_schemas_manual":[],"_seopress_pro_rich_snippets_disable_all":"","_seopress_pro_rich_snippets_disable":[],"_seopress_pro_schemas":[],"_gt_ctv_global_id":"1045","_gt_ctv_id_group":false,"inline_featured_image":false,"gt_fse_maillage_image":"https:\/\/www.lapineda.com\/wp-content\/uploads\/2026\/06\/camping-bord-de-plage-a-salou.jpg","gt_fse_maillage_titre":"Strand","gt_fse_maillage_alt":"Strand","gt_fse_maillage_resume":"","footnotes":""},"categories":[],"tags":[],"class_list":["post-3987","page","type-page","status-publish","has-post-thumbnail","hentry"],"_links":{"self":[{"href":"https:\/\/www.lapineda.com\/de\/wp-json\/wp\/v2\/pages\/3987","targetHints":{"allow":["GET"]}}],"collection":[{"href":"https:\/\/www.lapineda.com\/de\/wp-json\/wp\/v2\/pages"}],"about":[{"href":"https:\/\/www.lapineda.com\/de\/wp-json\/wp\/v2\/types\/page"}],"author":[{"embeddable":true,"href":"https:\/\/www.lapineda.com\/de\/wp-json\/wp\/v2\/users\/1"}],"replies":[{"embeddable":true,"href":"https:\/\/www.lapineda.com\/de\/wp-json\/wp\/v2\/comments?post=3987"}],"version-history":[{"count":14,"href":"https:\/\/www.lapineda.com\/de\/wp-json\/wp\/v2\/pages\/3987\/revisions"}],"predecessor-version":[{"id":5828,"href":"https:\/\/www.lapineda.com\/de\/wp-json\/wp\/v2\/pages\/3987\/revisions\/5828"}],"wp:featuredmedia":[{"embeddable":true,"href":"https:\/\/www.lapineda.com\/de\/wp-json\/wp\/v2\/media\/5180"}],"wp:attachment":[{"href":"https:\/\/www.lapineda.com\/de\/wp-json\/wp\/v2\/media?parent=3987"}],"wp:term":[{"taxonomy":"category","embeddable":true,"href":"https:\/\/www.lapineda.com\/de\/wp-json\/wp\/v2\/categories?post=3987"},{"taxonomy":"post_tag","embeddable":true,"href":"https:\/\/www.lapineda.com\/de\/wp-json\/wp\/v2\/tags?post=3987"}],"curies":[{"name":"wp","href":"https:\/\/api.w.org\/{rel}","templated":true}]}}