{"id":4159,"date":"2026-05-04T13:29:03","date_gmt":"2026-05-04T11:29:03","guid":{"rendered":"https:\/\/www.lapineda.com\/dienstleistungen\/"},"modified":"2026-07-20T17:18:15","modified_gmt":"2026-07-20T15:18:15","slug":"familiencampingplatz-salou","status":"publish","type":"page","link":"https:\/\/www.lapineda.com\/de\/familiencampingplatz-salou\/","title":{"rendered":"Dienstleistungen"},"content":{"rendered":"\n<div class=\"wp-block-group section-1 has-custom-color-1-background-color has-background has-global-padding is-layout-constrained wp-container-core-group-is-layout-e625fa92 wp-block-group-is-layout-constrained\" style=\"padding-top:8rem;padding-right:6rem;padding-bottom:8rem;padding-left:6rem\">\n<div class=\"wp-block-columns is-layout-flex wp-container-core-columns-is-layout-d814a4fb wp-block-columns-is-layout-flex\">\n<div class=\"wp-block-column is-vertically-aligned-center left is-layout-flow wp-block-column-is-layout-flow\">\n<div data-swiper=\"{&quot;speed&quot;:1000,&quot;autoplay&quot;:{&quot;delay&quot;:5000,&quot;disableOnInteraction&quot;:false},&quot;spaceBetween&quot;:0,&quot;slidesPerView&quot;:1,&quot;pagination&quot;:{&quot;el&quot;:&quot;.swiper-pagination&quot;,&quot;dynamicBullets&quot;:true,&quot;clickable&quot;:true,&quot;type&quot;:&quot;bullets&quot;},&quot;navigation&quot;:{&quot;nextEl&quot;:&quot;.swiper-button-next&quot;,&quot;prevEl&quot;:&quot;.swiper-button-prev&quot;},&quot;breakpoints&quot;:[{&quot;slidesPerView&quot;:1}]}\" class=\"wp-block-cover is-light svg-background wp-duotone-02373d-02373d-1\"><span aria-hidden=\"true\" class=\"wp-block-cover__background has-background-dim-0 has-background-dim\"><\/span><div class=\"wp-block-cover__inner-container has-global-padding is-layout-constrained wp-container-core-cover-is-layout-6b3b7742 wp-block-cover-is-layout-constrained\">\n<h1 class=\"wp-block-heading has-text-align-center has-custom-color-2-color has-text-color has-link-color has-noar-font-family wp-elements-1\" style=\"font-size:clamp(2.2rem, 2.2rem + ((1vw - 0.2rem) * 3), 4rem);\">Familiencampingplatz <strong>in der N\u00e4he von Salou<\/strong><\/h1>\n\n\n\n<figure class=\"wp-block-image aligncenter size-large\"><img decoding=\"async\" width=\"318\" height=\"16\" src=\"https:\/\/www.lapineda.com\/wp-content\/uploads\/2026\/05\/trait-vert-clair.svg\" alt=\"hellgr&#xFC;ner Strich\" class=\"wp-image-2740\"\/><\/figure>\n<\/div><\/div>\n\n\n\n<p class=\"has-text-align-center has-white-color has-text-color has-link-color wp-elements-2 wp-block-paragraph\"><strong>Der<\/strong> seit 1970 bestehende <strong>Familiencampingplatz<\/strong> \u201eLa Pineda\u201c <strong>in der N\u00e4he von Salou<\/strong> hei\u00dft jede Saison Familien, Paare und Urlauber willkommen, die einen authentischen Urlaub im Herzen der Costa Dorada verbringen m\u00f6chten.  <\/p>\n\n\n\n<p class=\"has-text-align-center has-white-color has-text-color has-link-color wp-elements-3 wp-block-paragraph\">Eingebettet in einen mediterranen Wald mit 12.000 B\u00e4umen, gegen\u00fcber dem Infinitum Golf &#8211; Lakes, nur wenige Minuten vom Strand von La Pineda und den \u201ePrats d\u2019Albinyana\u201c entfernt \u2013 einem durch das Natura-2000-Netzwerk gesch\u00fctzten Gebiet \u2013, verbindet unser <a href=\"https:\/\/www.lapineda.com\/de\/\" data-type=\"page\" data-id=\"5\">Campingplatz in der N\u00e4he von Salou<\/a> die Ruhe einer <strong>unber\u00fchrten Naturlandschaft<\/strong> mit <strong>hochwertigen Einrichtungen<\/strong> f\u00fcr kompromisslosen Komfort.<\/p>\n<\/div>\n\n\n\n<div class=\"wp-block-column is-vertically-aligned-top right is-layout-flow wp-block-column-is-layout-flow\">\n<div data-swiper=\"{&quot;speed&quot;:1000,&quot;autoplay&quot;:{&quot;delay&quot;:5000,&quot;disableOnInteraction&quot;:false},&quot;spaceBetween&quot;:0,&quot;slidesPerView&quot;:1,&quot;pagination&quot;:{&quot;el&quot;:&quot;.swiper-pagination&quot;,&quot;dynamicBullets&quot;:true,&quot;clickable&quot;:true,&quot;type&quot;:&quot;bullets&quot;},&quot;navigation&quot;:{&quot;nextEl&quot;:&quot;.swiper-button-next&quot;,&quot;prevEl&quot;:&quot;.swiper-button-prev&quot;},&quot;breakpoints&quot;:[{&quot;slidesPerView&quot;:1}]}\" class=\"wp-block-cover has-aspect-ratio\" style=\"border-top-left-radius:500px;border-top-right-radius:500px;padding-top:0px;padding-right:0px;padding-bottom:0px;padding-left:0px;aspect-ratio:1;height:unset;min-height:unset;\"><img width=\"1200\" height=\"1200\" fetchpriority=\"high\" decoding=\"sync\" data-no-lazy=\"1\" class=\"wp-block-cover__image-background wp-image-3209 size-full\" alt=\"une famille dans la nature\" src=\"https:\/\/www.lapineda.com\/wp-content\/uploads\/2026\/06\/f2n1kzki66u.jpg\" data-object-fit=\"cover\" srcset=\"https:\/\/www.lapineda.com\/wp-content\/uploads\/2026\/06\/f2n1kzki66u.jpg 1200w, https:\/\/www.lapineda.com\/wp-content\/uploads\/2026\/06\/f2n1kzki66u-300x300.jpg 300w, https:\/\/www.lapineda.com\/wp-content\/uploads\/2026\/06\/f2n1kzki66u-1024x1024.jpg 1024w, https:\/\/www.lapineda.com\/wp-content\/uploads\/2026\/06\/f2n1kzki66u-150x150.jpg 150w, https:\/\/www.lapineda.com\/wp-content\/uploads\/2026\/06\/f2n1kzki66u-768x768.jpg 768w\" sizes=\"(max-width: 1200px) 100vw, 1200px\" \/><span aria-hidden=\"true\" class=\"wp-block-cover__background has-background-dim-0 has-background-dim\"><\/span><div class=\"wp-block-cover__inner-container has-global-padding is-layout-constrained wp-container-core-cover-is-layout-1b7a6f8b wp-block-cover-is-layout-constrained\">\n<p class=\"has-text-align-center has-large-font-size wp-block-paragraph\"><\/p>\n<\/div><\/div>\n<\/div>\n<\/div>\n<\/div>\n\n<div class=\"wp-block-group section-4 no-cta has-global-padding is-layout-constrained wp-container-core-group-is-layout-07a29e68 wp-block-group-is-layout-constrained\" style=\"padding-right:0px;padding-bottom:0;padding-left:0px\">\n<div class=\"wp-block-group banner has-global-padding is-layout-constrained wp-container-core-group-is-layout-6b3b7742 wp-block-group-is-layout-constrained\">\n<div class=\"wp-block-group has-global-padding is-layout-constrained wp-container-core-group-is-layout-6b3b7742 wp-block-group-is-layout-constrained\">\n<div data-swiper=\"{&quot;speed&quot;:1000,&quot;autoplay&quot;:{&quot;delay&quot;:5000,&quot;disableOnInteraction&quot;:false},&quot;spaceBetween&quot;:0,&quot;slidesPerView&quot;:1,&quot;pagination&quot;:{&quot;el&quot;:&quot;.swiper-pagination&quot;,&quot;dynamicBullets&quot;:true,&quot;clickable&quot;:true,&quot;type&quot;:&quot;bullets&quot;},&quot;navigation&quot;:{&quot;nextEl&quot;:&quot;.swiper-button-next&quot;,&quot;prevEl&quot;:&quot;.swiper-button-prev&quot;},&quot;breakpoints&quot;:[{&quot;slidesPerView&quot;:1}]}\" class=\"wp-block-cover\" style=\"min-height:100vh;aspect-ratio:unset;\"><img decoding=\"async\" width=\"1920\" height=\"1080\" class=\"wp-block-cover__image-background wp-image-3218 size-full\" alt=\"Camping salou en famille\" src=\"https:\/\/www.lapineda.com\/wp-content\/uploads\/2026\/06\/Camping-salou-en-famille-1.jpg\" data-object-fit=\"cover\" srcset=\"https:\/\/www.lapineda.com\/wp-content\/uploads\/2026\/06\/Camping-salou-en-famille-1.jpg 1920w, https:\/\/www.lapineda.com\/wp-content\/uploads\/2026\/06\/Camping-salou-en-famille-1-300x169.jpg 300w, https:\/\/www.lapineda.com\/wp-content\/uploads\/2026\/06\/Camping-salou-en-famille-1-1024x576.jpg 1024w, https:\/\/www.lapineda.com\/wp-content\/uploads\/2026\/06\/Camping-salou-en-famille-1-768x432.jpg 768w, https:\/\/www.lapineda.com\/wp-content\/uploads\/2026\/06\/Camping-salou-en-famille-1-1536x864.jpg 1536w\" sizes=\"(max-width: 1920px) 100vw, 1920px\" \/><span aria-hidden=\"true\" class=\"wp-block-cover__background has-contrast-background-color has-background-dim-40 has-background-dim\"><\/span><div class=\"wp-block-cover__inner-container has-global-padding is-layout-constrained wp-container-core-cover-is-layout-6b3b7742 wp-block-cover-is-layout-constrained\">\n<p class=\"has-text-align-center has-large-font-size wp-block-paragraph\"><\/p>\n<\/div><\/div>\n<\/div>\n<\/div>\n\n\n\n<div class=\"wp-block-group content has-custom-color-1-background-color has-background has-global-padding is-layout-constrained wp-container-core-group-is-layout-26bd3f06 wp-block-group-is-layout-constrained\" style=\"margin-top:0px;margin-bottom:0;padding-top:4rem;padding-right:2rem;padding-bottom:7rem;padding-left:2rem\">\n<div class=\"wp-block-columns are-vertically-aligned-center is-layout-flex wp-container-core-columns-is-layout-e40f21a1 wp-block-columns-is-layout-flex\" style=\"padding-right:8rem;padding-left:8rem\">\n<div class=\"wp-block-column is-vertically-aligned-center left is-layout-flow wp-block-column-is-layout-flow\" style=\"flex-basis:40%\">\n<div data-swiper=\"{&quot;speed&quot;:1000,&quot;autoplay&quot;:{&quot;delay&quot;:5000,&quot;disableOnInteraction&quot;:false},&quot;spaceBetween&quot;:0,&quot;slidesPerView&quot;:1,&quot;pagination&quot;:{&quot;el&quot;:&quot;.swiper-pagination&quot;,&quot;dynamicBullets&quot;:true,&quot;clickable&quot;:true,&quot;type&quot;:&quot;bullets&quot;},&quot;navigation&quot;:{&quot;nextEl&quot;:&quot;.swiper-button-next&quot;,&quot;prevEl&quot;:&quot;.swiper-button-prev&quot;},&quot;breakpoints&quot;:[{&quot;slidesPerView&quot;:1}]}\" class=\"wp-block-cover is-light svg-background wp-duotone-02373d-02373d-2\" style=\"min-height:261px;aspect-ratio:unset;\"><span aria-hidden=\"true\" class=\"wp-block-cover__background has-background-dim-0 has-background-dim\"><\/span><div class=\"wp-block-cover__inner-container has-global-padding is-layout-constrained wp-container-core-cover-is-layout-6b3b7742 wp-block-cover-is-layout-constrained\">\n<p class=\"has-text-align-center sub-title center has-custom-color-2-color has-text-color has-link-color has-noar-font-family wp-elements-4 wp-block-paragraph\" style=\"border-bottom-color:var(--wp--preset--color--custom-color-2);border-bottom-width:1px;padding-top:3px;padding-right:30px;padding-bottom:3px;padding-left:30px;font-size:clamp(1.119rem, 1.119rem + ((1vw - 0.2rem) * 1.052), 1.75rem);font-style:normal;font-weight:400\">LA PINEDA<\/p>\n\n\n\n<p class=\"has-text-align-center has-custom-color-2-color has-text-color has-link-color has-ideas-font-family wp-elements-5 wp-block-paragraph\" style=\"font-size:clamp(2.75rem, 2.75rem + ((1vw - 0.2rem) * 4.233), 5.29rem);line-height:1\">Campingplatz<\/p>\n\n\n\n<p class=\"has-text-align-center has-custom-color-2-color has-text-color has-link-color has-noar-font-family wp-elements-6 wp-block-paragraph\" style=\"font-size:clamp(2.75rem, 2.75rem + ((1vw - 0.2rem) * 4.233), 5.29rem);line-height:1;text-transform:uppercase\">Natur<\/p>\n\n\n\n<figure class=\"wp-block-image aligncenter size-large\"><img decoding=\"async\" width=\"318\" height=\"16\" src=\"https:\/\/www.lapineda.com\/wp-content\/uploads\/2026\/05\/trait-vert-clair.svg\" alt=\"hellgr&#xFC;ner Strich\" class=\"wp-image-2740\"\/><\/figure>\n<\/div><\/div>\n<\/div>\n\n\n\n<div class=\"wp-block-column is-vertically-aligned-center right is-layout-flow wp-block-column-is-layout-flow\" style=\"flex-basis:60%\">\n<h2 class=\"wp-block-heading has-base-2-color has-text-color has-link-color wp-elements-7\">Willkommen auf dem Campingplatz <strong>in der N\u00e4he von Tarragona<\/strong><\/h2>\n\n\n\n<p class=\"has-base-2-color has-text-color has-link-color wp-elements-8 wp-block-paragraph\">Gleich bei Ihrer Ankunft empf\u00e4ngt Sie unser Team herzlich an der Rezeption. In der Hochsaison (20. Juni \u2013 31. August) ist diese von <strong>8:00 bis 22:00 Uhr<\/strong> ge\u00f6ffnet. Au\u00dferhalb dieses Zeitraums gelten die \u00d6ffnungszeiten von 9:00 bis 21:00 Uhr. Ein Sicherheits- und Empfangsdienst steht Ihnen w\u00e4hrend der gesamten Saison rund um die Uhr, 7 Tage die Woche, zur Verf\u00fcgung.   <\/p>\n\n\n\n<div class=\"wp-block-group is-layout-flex wp-container-core-group-is-layout-9e1d41ff wp-block-group-is-layout-flex\" style=\"margin-top:0px;margin-bottom:0px\">\n<p class=\"has-base-2-color has-text-color has-link-color wp-elements-9 wp-block-paragraph\">Die Saison dauert <strong>vom<\/strong> <\/p>\n\n\n\n<p class=\"has-base-2-color has-text-color has-link-color wp-elements-10 wp-block-paragraph\" style=\"font-style:normal;font-weight:700\">27\/03\/2026<\/p>\n\n\n\n<p class=\"has-base-2-color has-text-color has-link-color wp-elements-11 wp-block-paragraph\"><strong>an<\/strong><\/p>\n\n\n\n<p class=\"has-base-2-color has-text-color has-link-color wp-elements-12 wp-block-paragraph\" style=\"font-style:normal;font-weight:700\">27\/09\/2026<\/p>\n<\/div>\n\n\n\n<p class=\"has-base-2-color has-text-color has-link-color wp-elements-13 wp-block-paragraph\">Der Campingplatz verf\u00fcgt \u00fcber 240 Stellpl\u00e4tze sowie 90 Mobilheime und Bungalows, die alle von mediterraner Vegetation und Themeng\u00e4rten umgeben sind. Vor Ort stehen Ihnen renovierte Sanit\u00e4ranlagen zur Verf\u00fcgung, die barrierefrei sind und \u00fcber einen Babyraum sowie kostenloses Warmwasser in allen Duschen verf\u00fcgen. <\/p>\n<\/div>\n<\/div>\n<\/div>\n<\/div>\n\n<div class=\"wp-block-group section-simple has-global-padding is-layout-constrained wp-container-core-group-is-layout-b49682eb wp-block-group-is-layout-constrained\" style=\"margin-top:0px;margin-bottom:0px;padding-top:8rem;padding-right:10rem;padding-bottom:8rem;padding-left:10rem\">\n<div class=\"wp-block-columns are-vertically-aligned-center is-layout-flex wp-container-core-columns-is-layout-63b5c8f0 wp-block-columns-is-layout-flex\">\n<div class=\"wp-block-column is-vertically-aligned-center is-layout-flow wp-block-column-is-layout-flow\">\n<h2 class=\"wp-block-heading\"><strong>3-Sterne-Service<\/strong> f\u00fcr einen All-inclusive-Aufenthalt<\/h2>\n\n\n\n<p class=\"wp-block-paragraph\">Genie\u00dfen Sie unseren sch\u00f6nen, familienfreundlichen Campingplatz in der N\u00e4he von Tarragona mit seiner hochwertigen Infrastruktur f\u00fcr Komfort und Freizeitgestaltung. So k\u00f6nnen Sie sich auf dem Campingplatz erholen, ohne sich um die Probleme des Alltags k\u00fcmmern zu m\u00fcssen \u2013 ganz gleich, ob zu zweit, mit der Familie oder mit Freunden.<br\/>Folgende Dienstleistungen stehen Ihnen zur Verf\u00fcgung: <\/p>\n\n\n    <div id=\"gt-fse-lire-plus-6a9d4f5316f69\" class=\"gt-fse-lire-plus\" style=\"--min-height: 130px; background-color: #ffffff;\">\n        <input id=\"gt-fse-lire-plus-6a9d4f5316f69-toggle\" type=\"checkbox\" class=\"gt-fse-lire-plus__toggle\" \/>\n        <label for=\"gt-fse-lire-plus-6a9d4f5316f69-toggle\" class=\"gt-fse-lire-plus__toggle-label\">\n            <span>Weiterlesen<\/span>\n            <span>Weniger anzeigen<\/span>\n        <\/label>\n        <div class=\"gt-fse-lire-plus__content\">\n            \n\n<ul class=\"wp-block-list\">\n<li><strong>Safe an der Rezeption:<\/strong> 2,80 \u20ac pro Tag<\/li>\n\n\n\n<li><strong>WLAN:<\/strong> kostenlos in allen Unterk\u00fcnften und auf allen Premium-Stellpl\u00e4tzen (Zugangscode wird bei der Ankunft ausgeh\u00e4ndigt). F\u00fcr Standard-Stellpl\u00e4tze ist eine WLAN-Option f\u00fcr 2,90 \u20ac pro Tag verf\u00fcgbar. <\/li>\n\n\n\n<li><strong>Miele-Waschsalon zur Selbstbedienung:<\/strong> M\u00fcnzen sind an der Rezeption erh\u00e4ltlich, ideal f\u00fcr l\u00e4ngere Aufenthalte.<\/li>\n\n\n\n<li><strong>Lebensmittelgesch\u00e4ft:<\/strong> Hier finden Sie alles, was Sie f\u00fcr Ihren Aufenthalt im Mobilheim oder auf dem Campingplatz ben\u00f6tigen. Das Sortiment umfasst sowohl Artikel des t\u00e4glichen Bedarfs als auch Lebensmittel f\u00fcr Ihre Verpflegung. Jeden Morgen gibt es frisches, warmes Brot sowie Croissants und Schokoladenbr\u00f6tchen (Chocolatiers). Sie haben zudem die M\u00f6glichkeit, Fertiggerichte zu kaufen oder sich im <a href=\"https:\/\/www.lapineda.com\/de\/campingplatze-restaurant-salou\/\" data-type=\"page\" data-id=\"2447\">Restaurant Terrassa Els Cactus<\/a> verw\u00f6hnen zu lassen, falls Sie nicht selbst kochen m\u00f6chten.   <\/li>\n\n\n\n<li><strong>Grillverleih: Sie <\/strong>k\u00f6nnen Ihr Fleisch oder Ihren Fisch selbst grillen, indem Sie an der Rezeption einen Grill ausleihen.<\/li>\n\n\n\n<li><strong>Stellplatz und Wohnmobilstellplatz:<\/strong> Entleerung des Schwarzwassertanks, Trinkwasserversorgung.<\/li>\n\n\n\n<li><strong>Sammelstelle f\u00fcr das Recycling: 10 <\/strong>Container f\u00fcr Verpackungen, 10 f\u00fcr Glas, 10 f\u00fcr organische Abf\u00e4lle, 10 f\u00fcr Karton und Papier.<\/li>\n<\/ul>\n\n            <div class=\"gt-fse-lire-plus__gradient\" style=\"background: linear-gradient(to bottom,rgba(255,255,255,0) 0%,rgba(255,255,255,1) 100%);\"><\/div>\n        <\/div>\n    <\/div>\n    <\/div>\n\n\n\n<div class=\"wp-block-column is-vertically-aligned-center is-layout-flow wp-block-column-is-layout-flow\">\n<figure class=\"wp-block-image size-large\"><img decoding=\"async\" width=\"1024\" height=\"576\" src=\"https:\/\/www.lapineda.com\/wp-content\/uploads\/2026\/06\/camping-services-espagne-1024x576.jpg\" alt=\"Camping-Dienstleistungen in Spanien\" class=\"wp-image-3211\" srcset=\"https:\/\/www.lapineda.com\/wp-content\/uploads\/2026\/06\/camping-services-espagne-1024x576.jpg 1024w, https:\/\/www.lapineda.com\/wp-content\/uploads\/2026\/06\/camping-services-espagne-300x169.jpg 300w, https:\/\/www.lapineda.com\/wp-content\/uploads\/2026\/06\/camping-services-espagne-768x432.jpg 768w, https:\/\/www.lapineda.com\/wp-content\/uploads\/2026\/06\/camping-services-espagne-1536x864.jpg 1536w, https:\/\/www.lapineda.com\/wp-content\/uploads\/2026\/06\/camping-services-espagne.jpg 1920w\" sizes=\"(max-width: 1024px) 100vw, 1024px\" \/><\/figure>\n<\/div>\n<\/div>\n<\/div>\n\n<div id=\"locationvelo\" class=\"wp-block-group section-3 has-custom-color-1-background-color has-background has-global-padding is-layout-constrained wp-container-core-group-is-layout-eb4eed6e wp-block-group-is-layout-constrained\" style=\"margin-top:0rem;padding-top:6rem;padding-bottom:6rem\">\n<div class=\"wp-block-columns are-vertically-aligned-center is-layout-flex wp-container-core-columns-is-layout-3a88641f wp-block-columns-is-layout-flex\">\n<div class=\"wp-block-column is-vertically-aligned-center left is-layout-flow wp-block-column-is-layout-flow\" style=\"flex-basis:40%\">\n<div data-swiper=\"{&quot;speed&quot;:1000,&quot;autoplay&quot;:{&quot;delay&quot;:5000,&quot;disableOnInteraction&quot;:false},&quot;spaceBetween&quot;:0,&quot;slidesPerView&quot;:1,&quot;pagination&quot;:{&quot;el&quot;:&quot;.swiper-pagination&quot;,&quot;dynamicBullets&quot;:true,&quot;clickable&quot;:true,&quot;type&quot;:&quot;bullets&quot;},&quot;navigation&quot;:{&quot;nextEl&quot;:&quot;.swiper-button-next&quot;,&quot;prevEl&quot;:&quot;.swiper-button-prev&quot;},&quot;breakpoints&quot;:[{&quot;slidesPerView&quot;:1}]}\" class=\"wp-block-cover\" style=\"border-top-left-radius:500px;border-top-right-radius:500px;padding-top:0px;padding-right:0px;padding-bottom:0px;padding-left:0px\"><img decoding=\"async\" width=\"982\" height=\"1286\" class=\"wp-block-cover__image-background wp-image-3214 size-full\" alt=\"Camping avec location kart\" src=\"https:\/\/www.lapineda.com\/wp-content\/uploads\/2026\/06\/Camping-avec-location-kart-.jpg\" data-object-fit=\"cover\" srcset=\"https:\/\/www.lapineda.com\/wp-content\/uploads\/2026\/06\/Camping-avec-location-kart-.jpg 982w, https:\/\/www.lapineda.com\/wp-content\/uploads\/2026\/06\/Camping-avec-location-kart--229x300.jpg 229w, https:\/\/www.lapineda.com\/wp-content\/uploads\/2026\/06\/Camping-avec-location-kart--782x1024.jpg 782w, https:\/\/www.lapineda.com\/wp-content\/uploads\/2026\/06\/Camping-avec-location-kart--768x1006.jpg 768w\" sizes=\"(max-width: 982px) 100vw, 982px\" \/><span aria-hidden=\"true\" class=\"wp-block-cover__background has-background-dim-0 has-background-dim\"><\/span><div class=\"wp-block-cover__inner-container has-global-padding is-layout-constrained wp-container-core-cover-is-layout-1b7a6f8b wp-block-cover-is-layout-constrained\">\n<p class=\"has-text-align-center has-large-font-size wp-block-paragraph\"><\/p>\n<\/div><\/div>\n\n\n\n<figure class=\"wp-block-image size-large backgound-img\"><img decoding=\"async\" width=\"683\" height=\"1024\" src=\"https:\/\/www.lapineda.com\/wp-content\/uploads\/2026\/05\/fond-hibiscus-683x1024.jpg\" alt=\"Hibiskus-Hintergrund\" class=\"wp-image-2586\" srcset=\"https:\/\/www.lapineda.com\/wp-content\/uploads\/2026\/05\/fond-hibiscus-683x1024.jpg 683w, https:\/\/www.lapineda.com\/wp-content\/uploads\/2026\/05\/fond-hibiscus-200x300.jpg 200w, https:\/\/www.lapineda.com\/wp-content\/uploads\/2026\/05\/fond-hibiscus-768x1152.jpg 768w, https:\/\/www.lapineda.com\/wp-content\/uploads\/2026\/05\/fond-hibiscus-1024x1536.jpg 1024w, https:\/\/www.lapineda.com\/wp-content\/uploads\/2026\/05\/fond-hibiscus-1365x2048.jpg 1365w, https:\/\/www.lapineda.com\/wp-content\/uploads\/2026\/05\/fond-hibiscus-scaled.jpg 1707w\" sizes=\"(max-width: 683px) 100vw, 683px\" \/><\/figure>\n<\/div>\n\n\n\n<div class=\"wp-block-column is-vertically-aligned-center right is-layout-flow wp-block-column-is-layout-flow\" style=\"padding-right:4rem;padding-left:4rem;flex-basis:60%\">\n<p class=\"has-text-align-center sub-title center has-custom-color-2-color has-text-color has-link-color has-noar-font-family wp-elements-14 wp-block-paragraph\" style=\"border-bottom-color:var(--wp--preset--color--custom-color-2);border-bottom-width:1px;padding-top:3px;padding-right:30px;padding-bottom:3px;padding-left:30px;font-size:clamp(1.119rem, 1.119rem + ((1vw - 0.2rem) * 1.052), 1.75rem);font-style:normal;font-weight:400\">LA PINEDA<\/p>\n\n\n\n<p class=\"has-text-align-center has-custom-color-2-color has-text-color has-link-color has-ideas-font-family wp-elements-15 wp-block-paragraph\" style=\"font-size:clamp(2.75rem, 2.75rem + ((1vw - 0.2rem) * 4.233), 5.29rem);line-height:1\">Die<\/p>\n\n\n\n<p class=\"has-text-align-center has-custom-color-2-color has-text-color has-link-color has-noar-font-family wp-elements-16 wp-block-paragraph\" style=\"font-size:clamp(2.75rem, 2.75rem + ((1vw - 0.2rem) * 4.233), 5.29rem);line-height:1;text-transform:uppercase\">Zuschl\u00e4ge<\/p>\n\n\n\n<h2 class=\"wp-block-heading has-base-2-color has-text-color has-link-color wp-elements-17\"><strong>Zusatzleistungen<\/strong> f\u00fcr mehr Komfort<\/h2>\n\n\n\n<p class=\"has-base-2-color has-text-color has-link-color wp-elements-18 wp-block-paragraph\">Um Ihren Aufenthalt noch angenehmer zu gestalten, stehen Ihnen verschiedene Ausr\u00fcstungsgegenst\u00e4nde und Aktivit\u00e4ten zum Verleih zur Verf\u00fcgung:  <\/p>\n\n\n\n<p class=\"has-base-2-color has-text-color has-link-color wp-elements-19 wp-block-paragraph\"><strong>Verleih von Tretkarts<\/strong> (Marke Berg): 6 \u20ac pro Stunde \u2013 ein absolutes Highlight f\u00fcr Kinder! Und damit der Spa\u00df noch l\u00e4nger anh\u00e4lt, erwarten sie auf unserem <a href=\"https:\/\/www.lapineda.com\/de\/campingplatz-animationen-salou\/\" data-type=\"page\" data-id=\"2455\">Campingplatz mit Unterhaltungsprogramm in der N\u00e4he von Tarragona<\/a> ein Spielplatz und ein Miniclub.   <\/p>\n\n\n\n<p class=\"has-base-2-color has-text-color has-link-color wp-elements-20 wp-block-paragraph\"><strong>Fahrradverleih<\/strong> (Modell Winora Holiday Nexus 7v): 10 \u20ac pro halber Tag, ideal f\u00fcr den Radweg entlang der K\u00fcste \u2013 f\u00fcr einen <a href=\"https:\/\/www.lapineda.com\/de\/oekologischer-campingplatz-salou\/\" data-type=\"page\" data-id=\"2451\">umweltbewussten Campingurlaub in der N\u00e4he von Salou<\/a>.<\/p>\n\n\n\n<p class=\"has-base-2-color has-text-color has-link-color wp-elements-21 wp-block-paragraph\"><strong>Grill + Holzkohle ( <\/strong>4 Std.): 11 \u20ac, genie\u00dfen Sie mediterrane Abende auf der Terrasse. <\/p>\n\n\n\n<p class=\"has-base-2-color has-text-color has-link-color wp-elements-22 wp-block-paragraph\">Wasser- und Grauwasseranschluss: 2 ,50 \u20ac pro Tag (in der Hochsaison ist eine Reservierung erforderlich).<\/p>\n\n\n\n<p class=\"has-base-2-color has-text-color has-link-color wp-elements-23 wp-block-paragraph\">Suchen Sie eine komfortable Unterkunft? Hier finden Sie alle unsere <a href=\"https:\/\/www.lapineda.com\/de\/mobilheimvermietung-salou\/\" data-type=\"page\" data-id=\"2467\">Mobilheime und Bungalows zur Vermietung in der N\u00e4he von Salou<\/a>. <\/p>\n<\/div>\n<\/div>\n<\/div>\n\n<div class=\"wp-block-group section-maillage has-global-padding is-layout-constrained wp-container-core-group-is-layout-8b65383b wp-block-group-is-layout-constrained\" style=\"margin-top:0px;margin-bottom:0px;padding-top:8rem;padding-right:10rem;padding-bottom:8rem;padding-left:10rem\">\n<p class=\"has-text-align-center has-custom-color-2-color has-text-color has-link-color has-noar-font-family wp-elements-24 wp-block-paragraph\" style=\"font-size:clamp(2.2rem, 2.2rem + ((1vw - 0.2rem) * 3), 4rem);line-height:1;text-transform:uppercase\">Entdecken Sie den Campingplatz<\/p>\n\n\n\n<figure class=\"wp-block-image aligncenter size-large\"><img decoding=\"async\" width=\"318\" height=\"16\" src=\"https:\/\/www.lapineda.com\/wp-content\/uploads\/2026\/05\/trait-vert-clair.svg\" alt=\"hellgr&#xFC;ner Strich\" class=\"wp-image-2740\"\/><\/figure>\n\n\n\n<div data-swiper=\"{&quot;speed&quot;:400,&quot;spaceBetween&quot;:16,&quot;slidesPerView&quot;:3,&quot;createElements&quot;:true,&quot;loop&quot;:true,&quot;freemode&quot;:true,&quot;navigation&quot;:{&quot;nextEl&quot;:&quot;buttonNext&quot;,&quot;prevEl&quot;:&quot;buttonPrev&quot;},&quot;pagination&quot;:{&quot;el&quot;:&quot;.swiper-pagination&quot;,&quot;dynamicBullets&quot;:true},&quot;breakpoints&quot;:{&quot;0&quot;:{&quot;slidesPerView&quot;:1},&quot;768&quot;:{&quot;slidesPerView&quot;:2},&quot;1260&quot;:{&quot;slidesPerView&quot;:3}},&quot;autoplay&quot;:{&quot;delay&quot;:3000}}\" data-wp-context=\"{}\" data-wp-interactive=\"core\/query\" data-wp-key=\"0\" data-wp-router-region=\"query-0\" class=\"wp-block-query alignwide gt-fse-maillage-query gt-is-slider gt-is-slider-desktop is-layout-flow wp-block-query-is-layout-flow\"><ul class=\"columns-3 wp-block-post-template is-layout-grid wp-container-core-post-template-is-layout-7e964c02 wp-block-post-template-is-layout-grid\"><li data-wp-key=\"post-template-item-4121\" class=\"wp-block-post post-4121 page type-page status-publish has-post-thumbnail hentry\">\n<a href=\"https:\/\/www.lapineda.com\/de\/campingplatz-animationen-salou\/\"    style=\"padding-top:0px;padding-bottom:0px;padding-left:0px;padding-right:0px;margin-top:0px;margin-bottom:0px;margin-left:0px;margin-right:0px\" class=\"wp-block-tiptip-hyperlink-group-block\" >\n<div data-swiper=\"{&quot;speed&quot;:1000,&quot;autoplay&quot;:{&quot;delay&quot;:5000,&quot;disableOnInteraction&quot;:false},&quot;spaceBetween&quot;:0,&quot;slidesPerView&quot;:1,&quot;pagination&quot;:{&quot;el&quot;:&quot;.swiper-pagination&quot;,&quot;dynamicBullets&quot;:true,&quot;clickable&quot;:true,&quot;type&quot;:&quot;bullets&quot;},&quot;navigation&quot;:{&quot;nextEl&quot;:&quot;.swiper-button-next&quot;,&quot;prevEl&quot;:&quot;.swiper-button-prev&quot;},&quot;breakpoints&quot;:[{&quot;slidesPerView&quot;:1}]}\" class=\"wp-block-cover is-light\" style=\"border-top-left-radius:500px;border-top-right-radius:500px;margin-top:0px;margin-bottom:0px;padding-top:0px;padding-right:0px;padding-bottom:0px;padding-left:0px;min-height:50px;aspect-ratio:unset;\"><span aria-hidden=\"true\" class=\"wp-block-cover__background has-contrast-background-color has-background-dim-30 has-background-dim\"><\/span><div class=\"wp-block-cover__inner-container has-global-padding is-layout-constrained wp-container-core-cover-is-layout-878e1664 wp-block-cover-is-layout-constrained\">\n<figure class=\"wp-block-image\"><img decoding=\"async\" src=\"https:\/\/www.lapineda.com\/wp-content\/uploads\/2026\/06\/camping-activites-salou-espagne.jpg\" alt=\"Veranstaltungen und Aktivit\u00e4ten\"\/><\/figure>\n\n\n\n<p class=\"has-text-align-center has-base-2-color has-text-color has-link-color has-noar-font-family wp-elements-25 wp-block-paragraph\" style=\"font-size:clamp(1.25rem, 1.25rem + ((1vw - 0.2rem) * 1.25), 2rem);font-style:normal;font-weight:500\">Veranstaltungen und Aktivit\u00e4ten<\/p>\n\n\n\n<figure class=\"wp-block-image aligncenter size-large\"><img decoding=\"async\" width=\"58\" height=\"38\" src=\"https:\/\/www.lapineda.com\/wp-content\/uploads\/2026\/05\/fleche-slider-blanc-vert.svg\" alt=\"Pfeil-Schieberegler, wei&#xDF;-gr&#xFC;n\" class=\"wp-image-2565\"\/><\/figure>\n<\/div><\/div>\n<\/a>\n<\/li><li data-wp-key=\"post-template-item-4071\" class=\"wp-block-post post-4071 page type-page status-publish has-post-thumbnail hentry\">\n<a href=\"https:\/\/www.lapineda.com\/de\/campingplatze-restaurant-salou\/\"    style=\"padding-top:0px;padding-bottom:0px;padding-left:0px;padding-right:0px;margin-top:0px;margin-bottom:0px;margin-left:0px;margin-right:0px\" class=\"wp-block-tiptip-hyperlink-group-block\" >\n<div data-swiper=\"{&quot;speed&quot;:1000,&quot;autoplay&quot;:{&quot;delay&quot;:5000,&quot;disableOnInteraction&quot;:false},&quot;spaceBetween&quot;:0,&quot;slidesPerView&quot;:1,&quot;pagination&quot;:{&quot;el&quot;:&quot;.swiper-pagination&quot;,&quot;dynamicBullets&quot;:true,&quot;clickable&quot;:true,&quot;type&quot;:&quot;bullets&quot;},&quot;navigation&quot;:{&quot;nextEl&quot;:&quot;.swiper-button-next&quot;,&quot;prevEl&quot;:&quot;.swiper-button-prev&quot;},&quot;breakpoints&quot;:[{&quot;slidesPerView&quot;:1}]}\" class=\"wp-block-cover is-light\" style=\"border-top-left-radius:500px;border-top-right-radius:500px;margin-top:0px;margin-bottom:0px;padding-top:0px;padding-right:0px;padding-bottom:0px;padding-left:0px;min-height:50px;aspect-ratio:unset;\"><span aria-hidden=\"true\" class=\"wp-block-cover__background has-contrast-background-color has-background-dim-30 has-background-dim\"><\/span><div class=\"wp-block-cover__inner-container has-global-padding is-layout-constrained wp-container-core-cover-is-layout-878e1664 wp-block-cover-is-layout-constrained\">\n<figure class=\"wp-block-image\"><img decoding=\"async\" src=\"https:\/\/www.lapineda.com\/wp-content\/uploads\/2026\/06\/restaurant-a-salou.jpg\" alt=\"Restaurant\"\/><\/figure>\n\n\n\n<p class=\"has-text-align-center has-base-2-color has-text-color has-link-color has-noar-font-family wp-elements-27 wp-block-paragraph\" style=\"font-size:clamp(1.25rem, 1.25rem + ((1vw - 0.2rem) * 1.25), 2rem);font-style:normal;font-weight:500\">Restaurant<\/p>\n\n\n\n<figure class=\"wp-block-image aligncenter size-large\"><img decoding=\"async\" width=\"58\" height=\"38\" src=\"https:\/\/www.lapineda.com\/wp-content\/uploads\/2026\/05\/fleche-slider-blanc-vert.svg\" alt=\"Pfeil-Schieberegler, wei&#xDF;-gr&#xFC;n\" class=\"wp-image-2565\"\/><\/figure>\n<\/div><\/div>\n<\/a>\n<\/li><li data-wp-key=\"post-template-item-3889\" class=\"wp-block-post post-3889 page type-page status-publish has-post-thumbnail hentry\">\n<a href=\"https:\/\/www.lapineda.com\/de\/abende-nachtleben-spanien\/\"    style=\"padding-top:0px;padding-bottom:0px;padding-left:0px;padding-right:0px;margin-top:0px;margin-bottom:0px;margin-left:0px;margin-right:0px\" class=\"wp-block-tiptip-hyperlink-group-block\" >\n<div data-swiper=\"{&quot;speed&quot;:1000,&quot;autoplay&quot;:{&quot;delay&quot;:5000,&quot;disableOnInteraction&quot;:false},&quot;spaceBetween&quot;:0,&quot;slidesPerView&quot;:1,&quot;pagination&quot;:{&quot;el&quot;:&quot;.swiper-pagination&quot;,&quot;dynamicBullets&quot;:true,&quot;clickable&quot;:true,&quot;type&quot;:&quot;bullets&quot;},&quot;navigation&quot;:{&quot;nextEl&quot;:&quot;.swiper-button-next&quot;,&quot;prevEl&quot;:&quot;.swiper-button-prev&quot;},&quot;breakpoints&quot;:[{&quot;slidesPerView&quot;:1}]}\" class=\"wp-block-cover is-light\" style=\"border-top-left-radius:500px;border-top-right-radius:500px;margin-top:0px;margin-bottom:0px;padding-top:0px;padding-right:0px;padding-bottom:0px;padding-left:0px;min-height:50px;aspect-ratio:unset;\"><span aria-hidden=\"true\" class=\"wp-block-cover__background has-contrast-background-color has-background-dim-30 has-background-dim\"><\/span><div class=\"wp-block-cover__inner-container has-global-padding is-layout-constrained wp-container-core-cover-is-layout-878e1664 wp-block-cover-is-layout-constrained\">\n<figure class=\"wp-block-image\"><img decoding=\"async\" src=\"https:\/\/www.lapineda.com\/wp-content\/uploads\/2026\/06\/Soiree-espagne.jpg\" alt=\"Veranstaltungen am Abend\"\/><\/figure>\n\n\n\n<p class=\"has-text-align-center has-base-2-color has-text-color has-link-color has-noar-font-family wp-elements-29 wp-block-paragraph\" style=\"font-size:clamp(1.25rem, 1.25rem + ((1vw - 0.2rem) * 1.25), 2rem);font-style:normal;font-weight:500\">Veranstaltungen am Abend<\/p>\n\n\n\n<figure class=\"wp-block-image aligncenter size-large\"><img decoding=\"async\" width=\"58\" height=\"38\" src=\"https:\/\/www.lapineda.com\/wp-content\/uploads\/2026\/05\/fleche-slider-blanc-vert.svg\" alt=\"Pfeil-Schieberegler, wei&#xDF;-gr&#xFC;n\" class=\"wp-image-2565\"\/><\/figure>\n<\/div><\/div>\n<\/a>\n<\/li><\/ul><\/div>\n<\/div>\n\n<p class=\"wp-block-paragraph\"><\/p>\n","protected":false},"excerpt":{"rendered":"<p>Der seit 1970 bestehende Familiencampingplatz \u201eLa Pineda\u201c in der N\u00e4he von Salou hei\u00dft jede Saison Familien, Paare und Urlauber willkommen, die einen authentischen Urlaub im Herzen der Costa Dorada verbringen m\u00f6chten. Eingebettet in einen mediterranen Wald mit 12.000 B\u00e4umen, gegen\u00fcber dem Infinitum Golf &#8211; Lakes, nur wenige Minuten vom Strand von La Pineda und den [&hellip;]<\/p>\n","protected":false},"author":1,"featured_media":4160,"parent":0,"menu_order":0,"comment_status":"closed","ping_status":"closed","template":"","meta":{"_seopress_titles_title":"Familiencampingplatz zwischen Salou und Tarragona | 3-Sterne-Ausstattung","_seopress_titles_desc":"Familiencampingplatz in der N\u00e4he von Salou: WLAN, Waschsalon, Kart- und Fahrradverleih, Grillpl\u00e4tze, Souvenirshop. Alle Annehmlichkeiten f\u00fcr einen komfortablen Aufenthalt an der Costa Dorada. ","_seopress_robots_index":"","_seopress_robots_follow":"","_seopress_robots_imageindex":"","_seopress_robots_snippet":"","_seopress_robots_primary_cat":"","_seopress_robots_breadcrumbs":"Dienstleistungen des Campingplatzes in der N\u00e4he von Tarragona","_seopress_robots_freeze_modified_date":"","_seopress_robots_custom_modified_date":"","_seopress_robots_canonical":"","_seopress_social_fb_title":"","_seopress_social_fb_desc":"","_seopress_social_fb_img":"","_seopress_social_fb_img_attachment_id":0,"_seopress_social_fb_img_width":0,"_seopress_social_fb_img_height":0,"_seopress_social_twitter_title":"","_seopress_social_twitter_desc":"","_seopress_social_twitter_img":"","_seopress_social_twitter_img_attachment_id":0,"_seopress_social_twitter_img_width":0,"_seopress_social_twitter_img_height":0,"_seopress_redirections_value":"","_seopress_redirections_enabled":"","_seopress_redirections_enabled_regex":"","_seopress_redirections_logged_status":"both","_seopress_redirections_param":"","_seopress_redirections_type":301,"_seopress_analysis_target_kw":"","_seopress_news_disabled":"","_seopress_video_disabled":"","_seopress_video":[],"_seopress_pro_schemas_manual":[],"_seopress_pro_rich_snippets_disable_all":"","_seopress_pro_rich_snippets_disable":[],"_seopress_pro_schemas":[],"_gt_ctv_global_id":"","_gt_ctv_id_group":false,"inline_featured_image":false,"gt_fse_maillage_image":"https:\/\/www.lapineda.com\/wp-content\/uploads\/2026\/06\/camping-familial-a-salou.jpg","gt_fse_maillage_titre":"Dienstleistungen","gt_fse_maillage_alt":"Dienstleistungen","gt_fse_maillage_resume":"","footnotes":""},"categories":[],"tags":[],"class_list":["post-4159","page","type-page","status-publish","has-post-thumbnail","hentry"],"_links":{"self":[{"href":"https:\/\/www.lapineda.com\/de\/wp-json\/wp\/v2\/pages\/4159","targetHints":{"allow":["GET"]}}],"collection":[{"href":"https:\/\/www.lapineda.com\/de\/wp-json\/wp\/v2\/pages"}],"about":[{"href":"https:\/\/www.lapineda.com\/de\/wp-json\/wp\/v2\/types\/page"}],"author":[{"embeddable":true,"href":"https:\/\/www.lapineda.com\/de\/wp-json\/wp\/v2\/users\/1"}],"replies":[{"embeddable":true,"href":"https:\/\/www.lapineda.com\/de\/wp-json\/wp\/v2\/comments?post=4159"}],"version-history":[{"count":11,"href":"https:\/\/www.lapineda.com\/de\/wp-json\/wp\/v2\/pages\/4159\/revisions"}],"predecessor-version":[{"id":5616,"href":"https:\/\/www.lapineda.com\/de\/wp-json\/wp\/v2\/pages\/4159\/revisions\/5616"}],"wp:featuredmedia":[{"embeddable":true,"href":"https:\/\/www.lapineda.com\/de\/wp-json\/wp\/v2\/media\/4160"}],"wp:attachment":[{"href":"https:\/\/www.lapineda.com\/de\/wp-json\/wp\/v2\/media?parent=4159"}],"wp:term":[{"taxonomy":"category","embeddable":true,"href":"https:\/\/www.lapineda.com\/de\/wp-json\/wp\/v2\/categories?post=4159"},{"taxonomy":"post_tag","embeddable":true,"href":"https:\/\/www.lapineda.com\/de\/wp-json\/wp\/v2\/tags?post=4159"}],"curies":[{"name":"wp","href":"https:\/\/api.w.org\/{rel}","templated":true}]}}