{"id":3733,"date":"2026-05-04T13:32:05","date_gmt":"2026-05-04T11:32:05","guid":{"rendered":"https:\/\/www.lapineda.com\/la-ruta-del-vino\/"},"modified":"2026-07-23T09:00:52","modified_gmt":"2026-07-23T07:00:52","slug":"enoturismo-tarragona-espana","status":"publish","type":"page","link":"https:\/\/www.lapineda.com\/es\/enoturismo-tarragona-espana\/","title":{"rendered":"La ruta del vino"},"content":{"rendered":"\n<div class=\"wp-block-group section-1 has-custom-color-1-background-color has-background has-global-padding is-layout-constrained wp-container-core-group-is-layout-e625fa92 wp-block-group-is-layout-constrained\" style=\"padding-top:8rem;padding-right:6rem;padding-bottom:8rem;padding-left:6rem\">\n<div class=\"wp-block-columns is-layout-flex wp-container-core-columns-is-layout-d814a4fb wp-block-columns-is-layout-flex\">\n<div class=\"wp-block-column is-vertically-aligned-center left is-layout-flow wp-block-column-is-layout-flow\">\n<div data-swiper=\"{&quot;speed&quot;:1000,&quot;autoplay&quot;:{&quot;delay&quot;:5000,&quot;disableOnInteraction&quot;:false},&quot;spaceBetween&quot;:0,&quot;slidesPerView&quot;:1,&quot;pagination&quot;:{&quot;el&quot;:&quot;.swiper-pagination&quot;,&quot;dynamicBullets&quot;:true,&quot;clickable&quot;:true,&quot;type&quot;:&quot;bullets&quot;},&quot;navigation&quot;:{&quot;nextEl&quot;:&quot;.swiper-button-next&quot;,&quot;prevEl&quot;:&quot;.swiper-button-prev&quot;},&quot;breakpoints&quot;:[{&quot;slidesPerView&quot;:1}]}\" class=\"wp-block-cover is-light svg-background wp-duotone-02373d-02373d-1\"><span aria-hidden=\"true\" class=\"wp-block-cover__background has-background-dim-0 has-background-dim\"><\/span><div class=\"wp-block-cover__inner-container has-global-padding is-layout-constrained wp-container-core-cover-is-layout-6b3b7742 wp-block-cover-is-layout-constrained\">\n<h1 class=\"wp-block-heading has-text-align-center has-custom-color-2-color has-text-color has-link-color has-noar-font-family wp-elements-1\" style=\"font-size:clamp(2.2rem, 2.2rem + ((1vw - 0.2rem) * 3), 4rem);\"><strong>Estancia enotur\u00edstica en Espa\u00f1a<\/strong>, en la provincia de Tarragona<\/h1>\n\n\n\n<figure class=\"wp-block-image aligncenter size-large\"><img decoding=\"async\" width=\"318\" height=\"16\" src=\"https:\/\/www.lapineda.com\/wp-content\/uploads\/2026\/05\/trait-vert-clair.svg\" alt=\"l\u00ednea verde claro\" class=\"wp-image-2740\" \/><\/figure>\n<\/div><\/div>\n\n\n\n<blockquote class=\"wp-block-quote has-custom-color-1-background-color has-background is-layout-flow wp-block-quote-is-layout-flow\">\n<p class=\"has-text-align-center has-white-color has-text-color has-link-color has-medium-font-size wp-elements-2 wp-block-paragraph\"><strong>\u00abLiberar las emociones\u2026 eso es lo que pasa al abrir una botella de vino de las seis D.O. de la provincia de Tarragona, un legado que nos dejaron los romanos de la antigua Tarraco y que perfeccionaron los monjes en la Edad Media\u00bb.<\/strong> <br \/>Cond\u00e9NastTraveller.<\/p>\n<\/blockquote>\n\n\n\n<p class=\"has-text-align-center has-white-color has-text-color has-link-color wp-elements-3 wp-block-paragraph\"><strong>El enoturismo<\/strong> es una actividad que, como su nombre indica, consiste en descubrir un lugar, una ciudad, una regi\u00f3n o un pa\u00eds a trav\u00e9s de las zonas vin\u00edcolas y los productos que all\u00ed se pueden encontrar. Es un tipo de turismo que se puede calificar de<strong> rural<\/strong> y que engloba varias actividades, sobre todo dependiendo del lugar donde se practique. <\/p>\n\n\n\n<p class=\"has-text-align-center has-white-color has-text-color has-link-color wp-elements-4 wp-block-paragraph\">On peut bien \u00e9videmment pratiquer <strong>l\u2019\u0153notourisme en Espagne<\/strong> \u00e0 proximit\u00e9 du camping La Pineda. La province de Tarragone est une <strong>terre de vignes depuis l&#8217;Antiquit\u00e9<\/strong>. Les Romains de l&#8217;ancienne Tarraco furent les premiers \u00e0 d\u00e9velopper la viticulture sur ces sols g\u00e9n\u00e9reux, un h\u00e9ritage ensuite perfectionn\u00e9 par les <a href=\"https:\/\/www.lapineda.com\/camping-ruta-del-cister\/\" data-type=\"page\" data-id=\"2507\">moines cisterciens au Moyen \u00c2ge<\/a>. Aujourd&#8217;hui, <strong>six appellations d&#8217;origine <\/strong>(DO) font de la r\u00e9gion l&#8217;<strong>une des destinations d&#8217;\u0153notourisme les plus riches d&#8217;Espagne<\/strong>, accessible en quelques minutes depuis le <a href=\"https:\/\/www.lapineda.com\/\" data-type=\"page\" data-id=\"5\">camping La Pineda pr\u00e8s de Salou<\/a>.<\/p>\n<\/div>\n\n\n\n<div class=\"wp-block-column is-vertically-aligned-top right is-layout-flow wp-block-column-is-layout-flow\">\n<div data-swiper=\"{&quot;speed&quot;:1000,&quot;autoplay&quot;:{&quot;delay&quot;:5000,&quot;disableOnInteraction&quot;:false},&quot;spaceBetween&quot;:0,&quot;slidesPerView&quot;:1,&quot;pagination&quot;:{&quot;el&quot;:&quot;.swiper-pagination&quot;,&quot;dynamicBullets&quot;:true,&quot;clickable&quot;:true,&quot;type&quot;:&quot;bullets&quot;},&quot;navigation&quot;:{&quot;nextEl&quot;:&quot;.swiper-button-next&quot;,&quot;prevEl&quot;:&quot;.swiper-button-prev&quot;},&quot;breakpoints&quot;:[{&quot;slidesPerView&quot;:1}]}\" class=\"wp-block-cover is-light has-aspect-ratio\" style=\"border-top-left-radius:500px;border-top-right-radius:500px;padding-top:0px;padding-right:0px;padding-bottom:0px;padding-left:0px;aspect-ratio:1;height:unset;min-height:unset;\"><img width=\"777\" height=\"1200\" fetchpriority=\"high\" decoding=\"sync\" data-no-lazy=\"1\" class=\"wp-block-cover__image-background wp-image-3351 size-full\" alt=\"une femme qui tient une grappe de raisin au dessus d&apos;un verre et le raison coule comme s&apos;il se tranformait en vin directement. en fond des vignes\" src=\"https:\/\/www.lapineda.com\/wp-content\/uploads\/2026\/06\/vignoble-en-espagne.jpg\" data-object-fit=\"cover\" srcset=\"https:\/\/www.lapineda.com\/wp-content\/uploads\/2026\/06\/vignoble-en-espagne.jpg 777w, https:\/\/www.lapineda.com\/wp-content\/uploads\/2026\/06\/vignoble-en-espagne-194x300.jpg 194w, https:\/\/www.lapineda.com\/wp-content\/uploads\/2026\/06\/vignoble-en-espagne-663x1024.jpg 663w, https:\/\/www.lapineda.com\/wp-content\/uploads\/2026\/06\/vignoble-en-espagne-768x1186.jpg 768w\" sizes=\"(max-width: 777px) 100vw, 777px\" \/><span aria-hidden=\"true\" class=\"wp-block-cover__background has-background-dim-0 has-background-dim\"><\/span><div class=\"wp-block-cover__inner-container has-global-padding is-layout-constrained wp-container-core-cover-is-layout-1b7a6f8b wp-block-cover-is-layout-constrained\">\n<p class=\"has-text-align-center has-large-font-size wp-block-paragraph\"><\/p>\n<\/div><\/div>\n<\/div>\n<\/div>\n<\/div>\n\n<div class=\"wp-block-group section-4 no-cta has-global-padding is-layout-constrained wp-container-core-group-is-layout-07a29e68 wp-block-group-is-layout-constrained\" style=\"padding-right:0px;padding-bottom:0;padding-left:0px\">\n<div class=\"wp-block-group banner has-global-padding is-layout-constrained wp-container-core-group-is-layout-6b3b7742 wp-block-group-is-layout-constrained\">\n<div class=\"wp-block-group has-global-padding is-layout-constrained wp-container-core-group-is-layout-6b3b7742 wp-block-group-is-layout-constrained\">\n<div data-swiper=\"{&quot;speed&quot;:1000,&quot;autoplay&quot;:{&quot;delay&quot;:5000,&quot;disableOnInteraction&quot;:false},&quot;spaceBetween&quot;:0,&quot;slidesPerView&quot;:1,&quot;pagination&quot;:{&quot;el&quot;:&quot;.swiper-pagination&quot;,&quot;dynamicBullets&quot;:true,&quot;clickable&quot;:true,&quot;type&quot;:&quot;bullets&quot;},&quot;navigation&quot;:{&quot;nextEl&quot;:&quot;.swiper-button-next&quot;,&quot;prevEl&quot;:&quot;.swiper-button-prev&quot;},&quot;breakpoints&quot;:[{&quot;slidesPerView&quot;:1}]}\" class=\"wp-block-cover\" style=\"min-height:100vh;aspect-ratio:unset;\"><img decoding=\"async\" width=\"1920\" height=\"1080\" class=\"wp-block-cover__image-background wp-image-3355 size-full\" alt=\"la route des vins espagne\" src=\"https:\/\/www.lapineda.com\/wp-content\/uploads\/2026\/06\/la-route-des-vins-espagne.jpg\" data-object-fit=\"cover\" srcset=\"https:\/\/www.lapineda.com\/wp-content\/uploads\/2026\/06\/la-route-des-vins-espagne.jpg 1920w, https:\/\/www.lapineda.com\/wp-content\/uploads\/2026\/06\/la-route-des-vins-espagne-300x169.jpg 300w, https:\/\/www.lapineda.com\/wp-content\/uploads\/2026\/06\/la-route-des-vins-espagne-1024x576.jpg 1024w, https:\/\/www.lapineda.com\/wp-content\/uploads\/2026\/06\/la-route-des-vins-espagne-768x432.jpg 768w, https:\/\/www.lapineda.com\/wp-content\/uploads\/2026\/06\/la-route-des-vins-espagne-1536x864.jpg 1536w\" sizes=\"(max-width: 1920px) 100vw, 1920px\" \/><span aria-hidden=\"true\" class=\"wp-block-cover__background has-contrast-background-color has-background-dim-40 has-background-dim\"><\/span><div class=\"wp-block-cover__inner-container has-global-padding is-layout-constrained wp-container-core-cover-is-layout-6b3b7742 wp-block-cover-is-layout-constrained\">\n<p class=\"has-text-align-center has-large-font-size wp-block-paragraph\"><\/p>\n<\/div><\/div>\n<\/div>\n<\/div>\n\n\n\n<div class=\"wp-block-group content has-custom-color-1-background-color has-background has-global-padding is-layout-constrained wp-container-core-group-is-layout-26bd3f06 wp-block-group-is-layout-constrained\" style=\"margin-top:0px;margin-bottom:0;padding-top:4rem;padding-right:2rem;padding-bottom:7rem;padding-left:2rem\">\n<div class=\"wp-block-columns are-vertically-aligned-center is-layout-flex wp-container-core-columns-is-layout-e40f21a1 wp-block-columns-is-layout-flex\" style=\"padding-right:8rem;padding-left:8rem\">\n<div class=\"wp-block-column is-vertically-aligned-center left is-layout-flow wp-block-column-is-layout-flow\" style=\"flex-basis:40%\">\n<div data-swiper=\"{&quot;speed&quot;:1000,&quot;autoplay&quot;:{&quot;delay&quot;:5000,&quot;disableOnInteraction&quot;:false},&quot;spaceBetween&quot;:0,&quot;slidesPerView&quot;:1,&quot;pagination&quot;:{&quot;el&quot;:&quot;.swiper-pagination&quot;,&quot;dynamicBullets&quot;:true,&quot;clickable&quot;:true,&quot;type&quot;:&quot;bullets&quot;},&quot;navigation&quot;:{&quot;nextEl&quot;:&quot;.swiper-button-next&quot;,&quot;prevEl&quot;:&quot;.swiper-button-prev&quot;},&quot;breakpoints&quot;:[{&quot;slidesPerView&quot;:1}]}\" class=\"wp-block-cover is-light svg-background wp-duotone-02373d-02373d-2\" style=\"min-height:261px;aspect-ratio:unset;\"><span aria-hidden=\"true\" class=\"wp-block-cover__background has-background-dim-0 has-background-dim\"><\/span><div class=\"wp-block-cover__inner-container has-global-padding is-layout-constrained wp-container-core-cover-is-layout-6b3b7742 wp-block-cover-is-layout-constrained\">\n<p class=\"has-text-align-center sub-title center has-custom-color-2-color has-text-color has-link-color has-noar-font-family wp-elements-5 wp-block-paragraph\" style=\"border-bottom-color:var(--wp--preset--color--custom-color-2);border-bottom-width:1px;padding-top:3px;padding-right:30px;padding-bottom:3px;padding-left:30px;font-size:clamp(1.119rem, 1.119rem + ((1vw - 0.2rem) * 1.052), 1.75rem);font-style:normal;font-weight:400\">LA PINEDA<\/p>\n\n\n\n<p class=\"has-text-align-center has-custom-color-2-color has-text-color has-link-color has-ideas-font-family wp-elements-6 wp-block-paragraph\" style=\"font-size:clamp(2.75rem, 2.75rem + ((1vw - 0.2rem) * 4.233), 5.29rem);line-height:1\">Provincia  <\/p>\n\n\n\n<p class=\"has-text-align-center has-custom-color-2-color has-text-color has-link-color has-noar-font-family wp-elements-7 wp-block-paragraph\" style=\"font-size:clamp(2.75rem, 2.75rem + ((1vw - 0.2rem) * 4.233), 5.29rem);line-height:1;text-transform:uppercase\">de Tarragona<\/p>\n\n\n\n<figure class=\"wp-block-image aligncenter size-large\"><img decoding=\"async\" width=\"318\" height=\"16\" src=\"https:\/\/www.lapineda.com\/wp-content\/uploads\/2026\/05\/trait-vert-clair.svg\" alt=\"l\u00ednea verde claro\" class=\"wp-image-2740\" \/><\/figure>\n<\/div><\/div>\n<\/div>\n\n\n\n<div class=\"wp-block-column is-vertically-aligned-center right is-layout-flow wp-block-column-is-layout-flow\" style=\"flex-basis:60%\">\n<h2 class=\"wp-block-heading has-base-2-color has-text-color has-link-color wp-elements-8\"><strong>Visita a los vi\u00f1edos<\/strong> de la DO Tarragona<\/h2>\n\n\n\n<p class=\"has-base-2-color has-text-color has-link-color wp-elements-9 wp-block-paragraph\">Tarragona es, al igual que la vid, uno de los s\u00edmbolos de la <strong>cultura mediterr\u00e1nea<\/strong>, y es precisamente esa misma vid uno de los valores de la Costa Dorada. El paisaje que crean estos vi\u00f1edos, las grandes extensiones cultivadas y los productos que se cosechan definen, sencillamente, la personalidad y la historia de la regi\u00f3n. <\/p>\n\n\n\n<p class=\"has-base-2-color has-text-color has-link-color wp-elements-10 wp-block-paragraph\">La provincia de Tarragona cuenta con seis denominaciones de origen: <strong>Tarragona, Priorat, Montsant, Conca de Barber\u00e0, Pened\u00e8s y Terra Alta<\/strong>. Cada una de ellas refleja un terru\u00f1o \u00fanico, moldeado por el clima mediterr\u00e1neo, los suelos de pizarra o calizos y la altitud variable entre la llanura costera y el interior monta\u00f1oso. <\/p>\n\n\n\n<p class=\"has-base-2-color has-text-color has-link-color wp-elements-11 wp-block-paragraph\">La <strong>DO Priorat es <\/strong>la m\u00e1s prestigiosa: reconocida como una de las dos \u00fanicas DO de Espa\u00f1a, junto con La Rioja, produce <strong>vinos tintos de guarda de una intensidad extraordinaria<\/strong>, elaborados con uvas de vi\u00f1as viejas de garnacha y cari\u00f1ena que crecen sobre pizarra negra (llicorella). La DO Montsant, que la rodea, ofrece vinos m\u00e1s accesibles con una excelente relaci\u00f3n calidad-precio. Tarragona, la Conca de Barber\u00e0 y la Terra Alta completan el panorama con blancos frescos, rosados expresivos y tintos afrutados. <a href=\"https:\/\/enoturismospain.com\/chercher\/ciudad-visitar-bodegas-en-tarragona\" target=\"_blank\" rel=\"noreferrer noopener nofollow\">La mayor\u00eda de las bodegas de la provincia de Tarragona ofrecen visitas<\/a> con cata con cita previa.  <\/p>\n<\/div>\n<\/div>\n<\/div>\n<\/div>\n\n<div class=\"wp-block-group section-simple has-global-padding is-layout-constrained wp-container-core-group-is-layout-b49682eb wp-block-group-is-layout-constrained\" style=\"margin-top:0px;margin-bottom:0px;padding-top:8rem;padding-right:10rem;padding-bottom:8rem;padding-left:10rem\">\n<div class=\"wp-block-columns are-vertically-aligned-center is-layout-flex wp-container-core-columns-is-layout-63b5c8f0 wp-block-columns-is-layout-flex\">\n<div class=\"wp-block-column is-vertically-aligned-center is-layout-flow wp-block-column-is-layout-flow\">\n<h2 class=\"wp-block-heading\">Tu aventura de enoturismo <strong>en Espa\u00f1a<\/strong><\/h2>\n\n\n\n<p class=\"wp-block-paragraph\">Para que te orientes bien durante tu <strong>aventura de enoturismo<\/strong>, te recomendamos encarecidamente que planifiques un itinerario de antemano para poder recorrer todas las denominaciones de origen existentes. En cuanto a la proximidad al camping La Pineda, lo mejor es centrarse en la <a href=\"https:\/\/rutadelvidotarragona.cat\/fr\/\" target=\"_blank\" rel=\"noreferrer noopener nofollow\">Denominaci\u00f3n de Origen Tarragona y su ruta del vino<\/a>, <strong>la Denominaci\u00f3n de Origen Priorat<\/strong> y la <strong>Denominaci\u00f3n de Origen Monstant<\/strong>. De hecho, son las m\u00e1s cercanas geogr\u00e1ficamente, a las que puedes llegar en entre 30 y 60 minutos en coche.  <\/p>\n\n\n    <div id=\"gt-fse-lire-plus-6a9d4f5980225\" class=\"gt-fse-lire-plus\" style=\"--min-height: 130px; background-color: #fff;\">\n        <input id=\"gt-fse-lire-plus-6a9d4f5980225-toggle\" type=\"checkbox\" class=\"gt-fse-lire-plus__toggle\" \/>\n        <label for=\"gt-fse-lire-plus-6a9d4f5980225-toggle\" class=\"gt-fse-lire-plus__toggle-label\">\n            <span>Leer m\u00e1s<\/span>\n            <span>Leer menos<\/span>\n        <\/label>\n        <div class=\"gt-fse-lire-plus__content\">\n            \n\n<p class=\"wp-block-paragraph\">Antes de salir, planifica una ruta en la que incluyas <strong>dos o tres bodegas<\/strong>. La mayor\u00eda tiene horarios de visita para el p\u00fablico y acepta reservas individuales. <\/p>\n\n\n\n<p class=\"wp-block-paragraph\">Cette excursion se combine parfaitement avec une <a href=\"https:\/\/www.lapineda.com\/tourisme-tarragone\/\" data-type=\"page\" data-id=\"2487\">visite de Tarragone<\/a>, des monast\u00e8res alentour ou des villages m\u00e9di\u00e9vaux de l&#8217;arri\u00e8re-pays. Renseignez-vous \u00e0 la r\u00e9ception du camping pour obtenir des recommandations de caves et les derniers horaires de visite. Une journ\u00e9e entre vignes et patrimoine cistercien, sous le soleil catalan, est un souvenir qui reste longtemps en m\u00e9moire.<\/p>\n\n\n\n<p class=\"wp-block-paragraph\">Apr\u00e8s les vignobles, prolongez votre exploration avec les <a href=\"https:\/\/www.lapineda.com\/camping-sport-activites-salou\/\" data-type=\"page\" data-id=\"2503\">activit\u00e9s sportives \u00e0 retrouver pr\u00e8s du camping<\/a> et cl\u00f4turez votre programme dans une ambiance festive avec les <a href=\"https:\/\/www.lapineda.com\/soirees-vie-nocturne-espagne\/\" data-type=\"page\" data-id=\"2499\">soir\u00e9es anim\u00e9es de Salou et La Pineda<\/a> !<\/p>\n\n            <div class=\"gt-fse-lire-plus__gradient\" style=\"background: linear-gradient(to bottom,rgba(255,255,255,0) 0%,rgba(255,255,255,1) 100%);\"><\/div>\n        <\/div>\n    <\/div>\n    <\/div>\n\n\n\n<div class=\"wp-block-column is-vertically-aligned-center is-layout-flow wp-block-column-is-layout-flow\">\n<figure class=\"wp-block-image size-large\"><img decoding=\"async\" width=\"1024\" height=\"576\" src=\"https:\/\/www.lapineda.com\/wp-content\/uploads\/2026\/06\/visiter-les-vignoble-en-espagne-1024x576.jpg\" alt=\"visitar los vi\u00f1edos de Espa\u00f1a\" class=\"wp-image-3352\" srcset=\"https:\/\/www.lapineda.com\/wp-content\/uploads\/2026\/06\/visiter-les-vignoble-en-espagne-1024x576.jpg 1024w, https:\/\/www.lapineda.com\/wp-content\/uploads\/2026\/06\/visiter-les-vignoble-en-espagne-300x169.jpg 300w, https:\/\/www.lapineda.com\/wp-content\/uploads\/2026\/06\/visiter-les-vignoble-en-espagne-768x432.jpg 768w, https:\/\/www.lapineda.com\/wp-content\/uploads\/2026\/06\/visiter-les-vignoble-en-espagne-1536x864.jpg 1536w, https:\/\/www.lapineda.com\/wp-content\/uploads\/2026\/06\/visiter-les-vignoble-en-espagne.jpg 1920w\" sizes=\"(max-width: 1024px) 100vw, 1024px\" \/><\/figure>\n<\/div>\n<\/div>\n<\/div>\n\n<div class=\"wp-block-group section-maillage has-global-padding is-layout-constrained wp-container-core-group-is-layout-8b65383b wp-block-group-is-layout-constrained\" style=\"margin-top:0px;margin-bottom:0px;padding-top:8rem;padding-right:10rem;padding-bottom:8rem;padding-left:10rem\">\n<p class=\"has-text-align-center has-custom-color-2-color has-text-color has-link-color has-noar-font-family wp-elements-12 wp-block-paragraph\" style=\"font-size:clamp(2.2rem, 2.2rem + ((1vw - 0.2rem) * 3), 4rem);line-height:1;text-transform:uppercase\">Descubre los alrededores<\/p>\n\n\n\n<figure class=\"wp-block-image aligncenter size-large\"><img decoding=\"async\" width=\"318\" height=\"16\" src=\"https:\/\/www.lapineda.com\/wp-content\/uploads\/2026\/05\/trait-vert-clair.svg\" alt=\"l\u00ednea verde claro\" class=\"wp-image-2740\" \/><\/figure>\n\n\n\n<div data-swiper=\"{&quot;speed&quot;:400,&quot;spaceBetween&quot;:16,&quot;slidesPerView&quot;:3,&quot;createElements&quot;:true,&quot;loop&quot;:true,&quot;freemode&quot;:true,&quot;navigation&quot;:{&quot;nextEl&quot;:&quot;buttonNext&quot;,&quot;prevEl&quot;:&quot;buttonPrev&quot;},&quot;pagination&quot;:{&quot;el&quot;:&quot;.swiper-pagination&quot;,&quot;dynamicBullets&quot;:true},&quot;breakpoints&quot;:{&quot;0&quot;:{&quot;slidesPerView&quot;:1},&quot;768&quot;:{&quot;slidesPerView&quot;:2},&quot;1260&quot;:{&quot;slidesPerView&quot;:3}},&quot;autoplay&quot;:{&quot;delay&quot;:3000}}\" data-wp-context=\"{}\" data-wp-interactive=\"core\/query\" data-wp-key=\"0\" data-wp-router-region=\"query-0\" class=\"wp-block-query alignwide gt-fse-maillage-query gt-is-slider gt-is-slider-desktop is-layout-flow wp-block-query-is-layout-flow\"><ul class=\"columns-3 wp-block-post-template is-layout-grid wp-container-core-post-template-is-layout-7e964c02 wp-block-post-template-is-layout-grid\"><li data-wp-key=\"post-template-item-3782\" class=\"wp-block-post post-3782 page type-page status-publish has-post-thumbnail hentry\">\n<a href=\"https:\/\/www.lapineda.com\/es\/camping-cerca-ruta-del-cister\/\"    style=\"padding-top:0px;padding-bottom:0px;padding-left:0px;padding-right:0px;margin-top:0px;margin-bottom:0px;margin-left:0px;margin-right:0px\" class=\"wp-block-tiptip-hyperlink-group-block\" >\n<div data-swiper=\"{&quot;speed&quot;:1000,&quot;autoplay&quot;:{&quot;delay&quot;:5000,&quot;disableOnInteraction&quot;:false},&quot;spaceBetween&quot;:0,&quot;slidesPerView&quot;:1,&quot;pagination&quot;:{&quot;el&quot;:&quot;.swiper-pagination&quot;,&quot;dynamicBullets&quot;:true,&quot;clickable&quot;:true,&quot;type&quot;:&quot;bullets&quot;},&quot;navigation&quot;:{&quot;nextEl&quot;:&quot;.swiper-button-next&quot;,&quot;prevEl&quot;:&quot;.swiper-button-prev&quot;},&quot;breakpoints&quot;:[{&quot;slidesPerView&quot;:1}]}\" class=\"wp-block-cover is-light\" style=\"border-top-left-radius:500px;border-top-right-radius:500px;margin-top:0px;margin-bottom:0px;padding-top:0px;padding-right:0px;padding-bottom:0px;padding-left:0px;min-height:50px;aspect-ratio:unset;\"><span aria-hidden=\"true\" class=\"wp-block-cover__background has-contrast-background-color has-background-dim-30 has-background-dim\"><\/span><div class=\"wp-block-cover__inner-container has-global-padding is-layout-constrained wp-container-core-cover-is-layout-878e1664 wp-block-cover-is-layout-constrained\">\n<figure class=\"wp-block-image\"><img decoding=\"async\" src=\"https:\/\/www.lapineda.com\/wp-content\/uploads\/2026\/06\/ruta-de-cister.jpg\" alt=\"Los monasterios cistercienses\"\/><\/figure>\n\n\n\n<p class=\"has-text-align-center has-base-2-color has-text-color has-link-color has-noar-font-family wp-elements-13 wp-block-paragraph\" style=\"font-size:clamp(1.25rem, 1.25rem + ((1vw - 0.2rem) * 1.25), 2rem);font-style:normal;font-weight:500\">Los monasterios cistercienses<\/p>\n\n\n\n<figure class=\"wp-block-image aligncenter size-large\"><img decoding=\"async\" width=\"58\" height=\"38\" src=\"https:\/\/www.lapineda.com\/wp-content\/uploads\/2026\/05\/fleche-slider-blanc-vert.svg\" alt=\"flecha deslizante blanca y verde\" class=\"wp-image-2565\"\/><\/figure>\n<\/div><\/div>\n<\/a>\n<\/li><li data-wp-key=\"post-template-item-3769\" class=\"wp-block-post post-3769 page type-page status-publish has-post-thumbnail hentry\">\n<a href=\"https:\/\/www.lapineda.com\/es\/salidas-vida-nocturna-espana\/\"    style=\"padding-top:0px;padding-bottom:0px;padding-left:0px;padding-right:0px;margin-top:0px;margin-bottom:0px;margin-left:0px;margin-right:0px\" class=\"wp-block-tiptip-hyperlink-group-block\" >\n<div data-swiper=\"{&quot;speed&quot;:1000,&quot;autoplay&quot;:{&quot;delay&quot;:5000,&quot;disableOnInteraction&quot;:false},&quot;spaceBetween&quot;:0,&quot;slidesPerView&quot;:1,&quot;pagination&quot;:{&quot;el&quot;:&quot;.swiper-pagination&quot;,&quot;dynamicBullets&quot;:true,&quot;clickable&quot;:true,&quot;type&quot;:&quot;bullets&quot;},&quot;navigation&quot;:{&quot;nextEl&quot;:&quot;.swiper-button-next&quot;,&quot;prevEl&quot;:&quot;.swiper-button-prev&quot;},&quot;breakpoints&quot;:[{&quot;slidesPerView&quot;:1}]}\" class=\"wp-block-cover is-light\" style=\"border-top-left-radius:500px;border-top-right-radius:500px;margin-top:0px;margin-bottom:0px;padding-top:0px;padding-right:0px;padding-bottom:0px;padding-left:0px;min-height:50px;aspect-ratio:unset;\"><span aria-hidden=\"true\" class=\"wp-block-cover__background has-contrast-background-color has-background-dim-30 has-background-dim\"><\/span><div class=\"wp-block-cover__inner-container has-global-padding is-layout-constrained wp-container-core-cover-is-layout-878e1664 wp-block-cover-is-layout-constrained\">\n<figure class=\"wp-block-image\"><img decoding=\"async\" src=\"https:\/\/www.lapineda.com\/wp-content\/uploads\/2026\/06\/Soiree-espagne.jpg\" alt=\"Fiestas\"\/><\/figure>\n\n\n\n<p class=\"has-text-align-center has-base-2-color has-text-color has-link-color has-noar-font-family wp-elements-15 wp-block-paragraph\" style=\"font-size:clamp(1.25rem, 1.25rem + ((1vw - 0.2rem) * 1.25), 2rem);font-style:normal;font-weight:500\">Fiestas<\/p>\n\n\n\n<figure class=\"wp-block-image aligncenter size-large\"><img decoding=\"async\" width=\"58\" height=\"38\" src=\"https:\/\/www.lapineda.com\/wp-content\/uploads\/2026\/05\/fleche-slider-blanc-vert.svg\" alt=\"flecha deslizante blanca y verde\" class=\"wp-image-2565\"\/><\/figure>\n<\/div><\/div>\n<\/a>\n<\/li><li data-wp-key=\"post-template-item-3825\" class=\"wp-block-post post-3825 page type-page status-publish has-post-thumbnail hentry\">\n<a href=\"https:\/\/www.lapineda.com\/es\/camping-deportes-actividades-salou-informacion\/\"    style=\"padding-top:0px;padding-bottom:0px;padding-left:0px;padding-right:0px;margin-top:0px;margin-bottom:0px;margin-left:0px;margin-right:0px\" class=\"wp-block-tiptip-hyperlink-group-block\" >\n<div data-swiper=\"{&quot;speed&quot;:1000,&quot;autoplay&quot;:{&quot;delay&quot;:5000,&quot;disableOnInteraction&quot;:false},&quot;spaceBetween&quot;:0,&quot;slidesPerView&quot;:1,&quot;pagination&quot;:{&quot;el&quot;:&quot;.swiper-pagination&quot;,&quot;dynamicBullets&quot;:true,&quot;clickable&quot;:true,&quot;type&quot;:&quot;bullets&quot;},&quot;navigation&quot;:{&quot;nextEl&quot;:&quot;.swiper-button-next&quot;,&quot;prevEl&quot;:&quot;.swiper-button-prev&quot;},&quot;breakpoints&quot;:[{&quot;slidesPerView&quot;:1}]}\" class=\"wp-block-cover is-light\" style=\"border-top-left-radius:500px;border-top-right-radius:500px;margin-top:0px;margin-bottom:0px;padding-top:0px;padding-right:0px;padding-bottom:0px;padding-left:0px;min-height:50px;aspect-ratio:unset;\"><span aria-hidden=\"true\" class=\"wp-block-cover__background has-contrast-background-color has-background-dim-30 has-background-dim\"><\/span><div class=\"wp-block-cover__inner-container has-global-padding is-layout-constrained wp-container-core-cover-is-layout-878e1664 wp-block-cover-is-layout-constrained\">\n<figure class=\"wp-block-image\"><img decoding=\"async\" src=\"https:\/\/www.lapineda.com\/wp-content\/uploads\/2026\/06\/activite-nautique-salou.jpg\" alt=\"Deporte\"\/><\/figure>\n\n\n\n<p class=\"has-text-align-center has-base-2-color has-text-color has-link-color has-noar-font-family wp-elements-17 wp-block-paragraph\" style=\"font-size:clamp(1.25rem, 1.25rem + ((1vw - 0.2rem) * 1.25), 2rem);font-style:normal;font-weight:500\">Deporte<\/p>\n\n\n\n<figure class=\"wp-block-image aligncenter size-large\"><img decoding=\"async\" width=\"58\" height=\"38\" src=\"https:\/\/www.lapineda.com\/wp-content\/uploads\/2026\/05\/fleche-slider-blanc-vert.svg\" alt=\"flecha deslizante blanca y verde\" class=\"wp-image-2565\"\/><\/figure>\n<\/div><\/div>\n<\/a>\n<\/li><\/ul><\/div>\n<\/div>\n","protected":false},"excerpt":{"rendered":"<p>\u00abLiberar las emociones\u2026 eso es lo que pasa al abrir una botella de vino de las seis D.O. de la provincia de Tarragona, un legado que nos dejaron los romanos de la antigua Tarraco y que perfeccionaron los monjes en la Edad Media\u00bb. Cond\u00e9NastTraveller. El enoturismo es una actividad que, como su nombre indica, consiste [&hellip;]<\/p>\n","protected":false},"author":1,"featured_media":3736,"parent":0,"menu_order":0,"comment_status":"closed","ping_status":"closed","template":"","meta":{"_seopress_titles_title":"Estancia enotur\u00edstica en Espa\u00f1a | Provincia de Tarragona","_seopress_titles_desc":"6 denominaciones de origen, bodegas que visitar y vi\u00f1edos milenarios: l\u00e1nzate a una ruta enotur\u00edstica desde el camping La Pineda de Salou, en la provincia de Tarragona.","_seopress_robots_index":"","_seopress_robots_follow":"","_seopress_robots_imageindex":"","_seopress_robots_snippet":"","_seopress_robots_primary_cat":"","_seopress_robots_breadcrumbs":"Enoturismo en Espa\u00f1a","_seopress_robots_freeze_modified_date":"","_seopress_robots_custom_modified_date":"","_seopress_robots_canonical":"","_seopress_social_fb_title":"","_seopress_social_fb_desc":"","_seopress_social_fb_img":"","_seopress_social_fb_img_attachment_id":0,"_seopress_social_fb_img_width":0,"_seopress_social_fb_img_height":0,"_seopress_social_twitter_title":"","_seopress_social_twitter_desc":"","_seopress_social_twitter_img":"","_seopress_social_twitter_img_attachment_id":0,"_seopress_social_twitter_img_width":0,"_seopress_social_twitter_img_height":0,"_seopress_redirections_value":"","_seopress_redirections_enabled":"","_seopress_redirections_enabled_regex":"","_seopress_redirections_logged_status":"both","_seopress_redirections_param":"","_seopress_redirections_type":301,"_seopress_analysis_target_kw":"","_seopress_news_disabled":"","_seopress_video_disabled":"","_seopress_video":[],"_seopress_pro_schemas_manual":[],"_seopress_pro_rich_snippets_disable_all":"","_seopress_pro_rich_snippets_disable":[],"_seopress_pro_schemas":[],"_gt_ctv_global_id":"1045","_gt_ctv_id_group":false,"inline_featured_image":false,"gt_fse_maillage_image":"https:\/\/www.lapineda.com\/wp-content\/uploads\/2026\/06\/sejours-oenologie-espagne.jpg","gt_fse_maillage_titre":"La ruta del vino","gt_fse_maillage_alt":"La ruta del vino","gt_fse_maillage_resume":"","footnotes":""},"categories":[],"tags":[],"class_list":["post-3733","page","type-page","status-publish","has-post-thumbnail","hentry"],"_links":{"self":[{"href":"https:\/\/www.lapineda.com\/es\/wp-json\/wp\/v2\/pages\/3733","targetHints":{"allow":["GET"]}}],"collection":[{"href":"https:\/\/www.lapineda.com\/es\/wp-json\/wp\/v2\/pages"}],"about":[{"href":"https:\/\/www.lapineda.com\/es\/wp-json\/wp\/v2\/types\/page"}],"author":[{"embeddable":true,"href":"https:\/\/www.lapineda.com\/es\/wp-json\/wp\/v2\/users\/1"}],"replies":[{"embeddable":true,"href":"https:\/\/www.lapineda.com\/es\/wp-json\/wp\/v2\/comments?post=3733"}],"version-history":[{"count":21,"href":"https:\/\/www.lapineda.com\/es\/wp-json\/wp\/v2\/pages\/3733\/revisions"}],"predecessor-version":[{"id":5820,"href":"https:\/\/www.lapineda.com\/es\/wp-json\/wp\/v2\/pages\/3733\/revisions\/5820"}],"wp:featuredmedia":[{"embeddable":true,"href":"https:\/\/www.lapineda.com\/es\/wp-json\/wp\/v2\/media\/3736"}],"wp:attachment":[{"href":"https:\/\/www.lapineda.com\/es\/wp-json\/wp\/v2\/media?parent=3733"}],"wp:term":[{"taxonomy":"category","embeddable":true,"href":"https:\/\/www.lapineda.com\/es\/wp-json\/wp\/v2\/categories?post=3733"},{"taxonomy":"post_tag","embeddable":true,"href":"https:\/\/www.lapineda.com\/es\/wp-json\/wp\/v2\/tags?post=3733"}],"curies":[{"name":"wp","href":"https:\/\/api.w.org\/{rel}","templated":true}]}}