{"id":3895,"date":"2026-05-04T13:30:40","date_gmt":"2026-05-04T11:30:40","guid":{"rendered":"https:\/\/www.lapineda.com\/turismo-que-ver\/"},"modified":"2026-07-23T09:00:52","modified_gmt":"2026-07-23T07:00:52","slug":"province-tarragone-costa-dorada-tourismus","status":"publish","type":"page","link":"https:\/\/www.lapineda.com\/es\/province-tarragone-costa-dorada-tourismus\/","title":{"rendered":"Turismo: qu\u00e9 ver"},"content":{"rendered":"\n<div class=\"wp-block-group section-1 has-custom-color-1-background-color has-background has-global-padding is-layout-constrained wp-container-core-group-is-layout-e625fa92 wp-block-group-is-layout-constrained\" style=\"padding-top:8rem;padding-right:6rem;padding-bottom:8rem;padding-left:6rem\">\n<div class=\"wp-block-columns is-layout-flex wp-container-core-columns-is-layout-d814a4fb wp-block-columns-is-layout-flex\">\n<div class=\"wp-block-column is-vertically-aligned-center left is-layout-flow wp-block-column-is-layout-flow\">\n<div data-swiper=\"{&quot;speed&quot;:1000,&quot;autoplay&quot;:{&quot;delay&quot;:5000,&quot;disableOnInteraction&quot;:false},&quot;spaceBetween&quot;:0,&quot;slidesPerView&quot;:1,&quot;pagination&quot;:{&quot;el&quot;:&quot;.swiper-pagination&quot;,&quot;dynamicBullets&quot;:true,&quot;clickable&quot;:true,&quot;type&quot;:&quot;bullets&quot;},&quot;navigation&quot;:{&quot;nextEl&quot;:&quot;.swiper-button-next&quot;,&quot;prevEl&quot;:&quot;.swiper-button-prev&quot;},&quot;breakpoints&quot;:[{&quot;slidesPerView&quot;:1}]}\" class=\"wp-block-cover is-light svg-background wp-duotone-02373d-02373d-1\"><span aria-hidden=\"true\" class=\"wp-block-cover__background has-background-dim-0 has-background-dim\"><\/span><div class=\"wp-block-cover__inner-container has-global-padding is-layout-constrained wp-container-core-cover-is-layout-6b3b7742 wp-block-cover-is-layout-constrained\">\n<h1 class=\"wp-block-heading has-text-align-center has-custom-color-2-color has-text-color has-link-color has-noar-font-family wp-elements-1\" style=\"font-size:clamp(2.2rem, 2.2rem + ((1vw - 0.2rem) * 3), 4rem);\">Descubre la provincia de <strong>Tarragona, <br \/>en la Costa Dorada<\/strong><\/h1>\n\n\n\n<figure class=\"wp-block-image aligncenter size-large\"><img decoding=\"async\" width=\"318\" height=\"16\" src=\"https:\/\/www.lapineda.com\/wp-content\/uploads\/2026\/05\/trait-vert-clair.svg\" alt=\"l\u00ednea verde claro\" class=\"wp-image-2740\" \/><\/figure>\n<\/div><\/div>\n\n\n\n<p class=\"has-text-align-center has-white-color has-text-color has-link-color wp-elements-2 wp-block-paragraph\">La <strong>Costa Dorada<\/strong>, endroit id\u00e9al pour profiter du plein air toute l\u2019ann\u00e9e avec une<strong> lumi\u00e8re<\/strong> et un <strong>climat exceptionnels<\/strong>, est bien plus qu&#8217;une destination baln\u00e9aire. Depuis notre <a href=\"https:\/\/www.lapineda.com\/\" data-type=\"page\" data-id=\"5\">camping pr\u00e8s de Salou<\/a>, vous \u00eates au c\u0153ur d&#8217;un territoire o\u00f9 l&#8217;<strong>histoire mill\u00e9naire<\/strong> c\u00f4toie l&#8217;<strong>innovation culturelle<\/strong>, o\u00f9 les <strong>vignes<\/strong> descendent vers la mer et o\u00f9 la <strong>gastronomie catalane<\/strong> surprend \u00e0 chaque repas. Un terrain de jeu exceptionnel pour les curieux de tous \u00e2ges.<\/p>\n<\/div>\n\n\n\n<div class=\"wp-block-column is-vertically-aligned-top right is-layout-flow wp-block-column-is-layout-flow\">\n<div data-swiper=\"{&quot;speed&quot;:1000,&quot;autoplay&quot;:{&quot;delay&quot;:5000,&quot;disableOnInteraction&quot;:false},&quot;spaceBetween&quot;:0,&quot;slidesPerView&quot;:1,&quot;pagination&quot;:{&quot;el&quot;:&quot;.swiper-pagination&quot;,&quot;dynamicBullets&quot;:true,&quot;clickable&quot;:true,&quot;type&quot;:&quot;bullets&quot;},&quot;navigation&quot;:{&quot;nextEl&quot;:&quot;.swiper-button-next&quot;,&quot;prevEl&quot;:&quot;.swiper-button-prev&quot;},&quot;breakpoints&quot;:[{&quot;slidesPerView&quot;:1}]}\" class=\"wp-block-cover has-aspect-ratio\" style=\"border-top-left-radius:500px;border-top-right-radius:500px;padding-top:0px;padding-right:0px;padding-bottom:0px;padding-left:0px;aspect-ratio:1;height:unset;min-height:unset;\"><img width=\"900\" height=\"1200\" fetchpriority=\"high\" decoding=\"sync\" data-no-lazy=\"1\" class=\"wp-block-cover__image-background wp-image-3295 size-full\" alt=\"Une vue d\u2019une plage depuis une colline\" src=\"https:\/\/www.lapineda.com\/wp-content\/uploads\/2026\/06\/tarragone.jpg\" data-object-fit=\"cover\" srcset=\"https:\/\/www.lapineda.com\/wp-content\/uploads\/2026\/06\/tarragone.jpg 900w, https:\/\/www.lapineda.com\/wp-content\/uploads\/2026\/06\/tarragone-225x300.jpg 225w, https:\/\/www.lapineda.com\/wp-content\/uploads\/2026\/06\/tarragone-768x1024.jpg 768w\" sizes=\"(max-width: 900px) 100vw, 900px\" \/><span aria-hidden=\"true\" class=\"wp-block-cover__background has-background-dim-0 has-background-dim\"><\/span><div class=\"wp-block-cover__inner-container has-global-padding is-layout-constrained wp-container-core-cover-is-layout-1b7a6f8b wp-block-cover-is-layout-constrained\">\n<p class=\"has-text-align-center has-large-font-size wp-block-paragraph\"><\/p>\n<\/div><\/div>\n<\/div>\n<\/div>\n<\/div>\n\n<div class=\"wp-block-group section-4 no-cta has-global-padding is-layout-constrained wp-container-core-group-is-layout-07a29e68 wp-block-group-is-layout-constrained\" style=\"padding-right:0px;padding-bottom:0;padding-left:0px\">\n<div class=\"wp-block-group banner has-global-padding is-layout-constrained wp-container-core-group-is-layout-6b3b7742 wp-block-group-is-layout-constrained\">\n<div class=\"wp-block-group has-global-padding is-layout-constrained wp-container-core-group-is-layout-6b3b7742 wp-block-group-is-layout-constrained\">\n<div data-swiper=\"{&quot;speed&quot;:1000,&quot;autoplay&quot;:{&quot;delay&quot;:5000,&quot;disableOnInteraction&quot;:false},&quot;spaceBetween&quot;:0,&quot;slidesPerView&quot;:1,&quot;pagination&quot;:{&quot;el&quot;:&quot;.swiper-pagination&quot;,&quot;dynamicBullets&quot;:true,&quot;clickable&quot;:true,&quot;type&quot;:&quot;bullets&quot;},&quot;navigation&quot;:{&quot;nextEl&quot;:&quot;.swiper-button-next&quot;,&quot;prevEl&quot;:&quot;.swiper-button-prev&quot;},&quot;breakpoints&quot;:[{&quot;slidesPerView&quot;:1}]}\" class=\"wp-block-cover\" style=\"min-height:100vh;aspect-ratio:unset;\"><img decoding=\"async\" width=\"1600\" height=\"1200\" class=\"wp-block-cover__image-background wp-image-3297 size-full\" alt=\"Vue de la mer et de la cote\" src=\"https:\/\/www.lapineda.com\/wp-content\/uploads\/2026\/06\/tourisme-espagne.jpg\" data-object-fit=\"cover\" srcset=\"https:\/\/www.lapineda.com\/wp-content\/uploads\/2026\/06\/tourisme-espagne.jpg 1600w, https:\/\/www.lapineda.com\/wp-content\/uploads\/2026\/06\/tourisme-espagne-300x225.jpg 300w, https:\/\/www.lapineda.com\/wp-content\/uploads\/2026\/06\/tourisme-espagne-1024x768.jpg 1024w, https:\/\/www.lapineda.com\/wp-content\/uploads\/2026\/06\/tourisme-espagne-768x576.jpg 768w, https:\/\/www.lapineda.com\/wp-content\/uploads\/2026\/06\/tourisme-espagne-1536x1152.jpg 1536w\" sizes=\"(max-width: 1600px) 100vw, 1600px\" \/><span aria-hidden=\"true\" class=\"wp-block-cover__background has-contrast-background-color has-background-dim-40 has-background-dim\"><\/span><div class=\"wp-block-cover__inner-container has-global-padding is-layout-constrained wp-container-core-cover-is-layout-6b3b7742 wp-block-cover-is-layout-constrained\">\n<p class=\"has-text-align-center has-large-font-size wp-block-paragraph\"><\/p>\n<\/div><\/div>\n<\/div>\n<\/div>\n\n\n\n<div class=\"wp-block-group content has-custom-color-1-background-color has-background has-global-padding is-layout-constrained wp-container-core-group-is-layout-26bd3f06 wp-block-group-is-layout-constrained\" style=\"margin-top:0px;margin-bottom:0;padding-top:4rem;padding-right:2rem;padding-bottom:7rem;padding-left:2rem\">\n<div class=\"wp-block-columns are-vertically-aligned-center is-layout-flex wp-container-core-columns-is-layout-e40f21a1 wp-block-columns-is-layout-flex\" style=\"padding-right:8rem;padding-left:8rem\">\n<div class=\"wp-block-column is-vertically-aligned-center left is-layout-flow wp-block-column-is-layout-flow\" style=\"flex-basis:40%\">\n<div data-swiper=\"{&quot;speed&quot;:1000,&quot;autoplay&quot;:{&quot;delay&quot;:5000,&quot;disableOnInteraction&quot;:false},&quot;spaceBetween&quot;:0,&quot;slidesPerView&quot;:1,&quot;pagination&quot;:{&quot;el&quot;:&quot;.swiper-pagination&quot;,&quot;dynamicBullets&quot;:true,&quot;clickable&quot;:true,&quot;type&quot;:&quot;bullets&quot;},&quot;navigation&quot;:{&quot;nextEl&quot;:&quot;.swiper-button-next&quot;,&quot;prevEl&quot;:&quot;.swiper-button-prev&quot;},&quot;breakpoints&quot;:[{&quot;slidesPerView&quot;:1}]}\" class=\"wp-block-cover is-light svg-background wp-duotone-02373d-02373d-2\" style=\"min-height:261px;aspect-ratio:unset;\"><span aria-hidden=\"true\" class=\"wp-block-cover__background has-background-dim-0 has-background-dim\"><\/span><div class=\"wp-block-cover__inner-container has-global-padding is-layout-constrained wp-container-core-cover-is-layout-6b3b7742 wp-block-cover-is-layout-constrained\">\n<p class=\"has-text-align-center sub-title center has-custom-color-2-color has-text-color has-link-color has-noar-font-family wp-elements-3 wp-block-paragraph\" style=\"border-bottom-color:var(--wp--preset--color--custom-color-2);border-bottom-width:1px;padding-top:3px;padding-right:30px;padding-bottom:3px;padding-left:30px;font-size:clamp(1.119rem, 1.119rem + ((1vw - 0.2rem) * 1.052), 1.75rem);font-style:normal;font-weight:400\">LA PINEDA<\/p>\n\n\n\n<p class=\"has-text-align-center has-custom-color-2-color has-text-color has-link-color has-ideas-font-family wp-elements-4 wp-block-paragraph\" style=\"font-size:clamp(2.75rem, 2.75rem + ((1vw - 0.2rem) * 4.233), 5.29rem);line-height:1\">Cultura y<\/p>\n\n\n\n<p class=\"has-text-align-center has-custom-color-2-color has-text-color has-link-color has-noar-font-family wp-elements-5 wp-block-paragraph\" style=\"font-size:clamp(2.75rem, 2.75rem + ((1vw - 0.2rem) * 4.233), 5.29rem);line-height:1;text-transform:uppercase\">descubrimiento<\/p>\n\n\n\n<figure class=\"wp-block-image aligncenter size-large\"><img decoding=\"async\" width=\"318\" height=\"16\" src=\"https:\/\/www.lapineda.com\/wp-content\/uploads\/2026\/05\/trait-vert-clair.svg\" alt=\"l\u00ednea verde claro\" class=\"wp-image-2740\" \/><\/figure>\n<\/div><\/div>\n<\/div>\n\n\n\n<div class=\"wp-block-column is-vertically-aligned-center right is-layout-flow wp-block-column-is-layout-flow\" style=\"flex-basis:60%\">\n<h2 class=\"wp-block-heading has-base-2-color has-text-color has-link-color wp-elements-6\"><strong>Descubre los tesoros de la Costa Dorada<\/strong>, entre el patrimonio y el modernismo catal\u00e1n<\/h2>\n\n\n\n<p class=\"has-base-2-color has-text-color has-link-color wp-elements-7 wp-block-paragraph\">\u00c0 6 km du camping, <a href=\"https:\/\/www.lapineda.com\/tourisme-tarragone\/\" data-type=\"page\" data-id=\"2487\">Tarragone<\/a> est l&#8217;ancienne Tarraco romaine, l&#8217;une des cit\u00e9s les plus importantes de la M\u00e9diterran\u00e9e antique. La ville de Tarragone et le monast\u00e8re cistercien de Poblet, tous deux inscrits au patrimoine mondial de l\u2019Unesco, offrent une offre culturelle et de loisirs des plus compl\u00e8tes. Son ensemble arch\u00e9ologique, amphith\u00e9\u00e2tre sur la mer, cirque romain, pr\u00e9toire, remparts, aqueduc des Ferreres est class\u00e9 au <strong>patrimoine mondial de l&#8217;Unesco depuis 2000<\/strong>. <\/p>\n\n\n    <div id=\"gt-fse-lire-plus-6a9d4f7164790\" class=\"gt-fse-lire-plus\" style=\"--min-height: 130px; background-color: #fff;\">\n        <input id=\"gt-fse-lire-plus-6a9d4f7164790-toggle\" type=\"checkbox\" class=\"gt-fse-lire-plus__toggle\" \/>\n        <label for=\"gt-fse-lire-plus-6a9d4f7164790-toggle\" class=\"gt-fse-lire-plus__toggle-label\">\n            <span>Leer m\u00e1s<\/span>\n            <span>Leer menos<\/span>\n        <\/label>\n        <div class=\"gt-fse-lire-plus__content\">\n            \n\n<p class=\"has-base-2-color has-text-color has-link-color wp-elements-8 wp-block-paragraph\">No te lo pierdas: la fiesta de Santa Tecla (23 de septiembre), con sus castellers (torres humanas) y sus gigantes que inundan las calles desde 1321. En el centro de<strong> Reus<\/strong>, la segunda ciudad de Catalu\u00f1a, est\u00e1 <strong>el Centro Gaud\u00ed<\/strong>, el mejor centro de interpretaci\u00f3n de la obra de Gaud\u00ed, con una maqueta del Parque G\u00fcell que seguro que no te dejar\u00e1 indiferente y que te har\u00e1 descubrir los secretos y la vida del famoso arquitecto catal\u00e1n Antoni Gaud\u00ed.   <\/p>\n\n\n\n<p class=\"has-base-2-color has-text-color has-link-color wp-elements-9 wp-block-paragraph\">Una buena idea: la <strong>Ruta de los Genios<\/strong> une cuatro lugares que no te puedes perder: la casa-museo de Pau Casals en El Vendrell, el Mas Mir\u00f3 en Mont-Roig, el Gaud\u00ed Center en Reus y el Centro Picasso en Horta de Sant Joan. Un recorrido cultural \u00fanico entre el mar, la monta\u00f1a y la campi\u00f1a catalana.   <\/p>\n\n\n\n<p class=\"has-base-2-color has-text-color has-link-color wp-elements-10 wp-block-paragraph\">Les \u0153uvres des architectes <strong>Domenech i Montaner<\/strong> et <strong>Jujol<\/strong> pars\u00e8ment les rues de Reus et Tarragone de <strong>c\u00e9ramiques color\u00e9es<\/strong>, de fer forg\u00e9 aux formes impossibles et de motifs d\u00e9coratifs inspir\u00e9s par la nature. Chaque b\u00e2timent, chaque fa\u00e7ade, est le reflet fid\u00e8le du mouvement moderniste catalan. Dans d\u2019autres disciplines comme la musique ou la peinture, la Costa Dorada a \u00e9t\u00e9 le berceau d\u2019<strong>artistes <\/strong>et de g\u00e9nies comme <strong>Pau Casals<\/strong> ou <strong>Joan Mir\u00f3<\/strong>, entre autres. Plongez dans cette aventure impr\u00e9gn\u00e9e d\u2019art et de culture et \u00e9crivez votre propre histoire. Profitez aussi des <a href=\"https:\/\/www.lapineda.com\/camping-sport-activites-salou\/\" data-type=\"page\" data-id=\"2503\">activit\u00e9s sportives autour du camping<\/a> et des paysages naturels de la r\u00e9gion.<\/p>\n\n            <div class=\"gt-fse-lire-plus__gradient\" style=\"background: linear-gradient(to bottom,rgba(255,255,255,0) 0%,rgba(255,255,255,1) 100%);\"><\/div>\n        <\/div>\n    <\/div>\n    <\/div>\n<\/div>\n<\/div>\n<\/div>\n\n<div class=\"wp-block-group section-simple has-global-padding is-layout-constrained wp-container-core-group-is-layout-b49682eb wp-block-group-is-layout-constrained\" style=\"margin-top:0px;margin-bottom:0px;padding-top:8rem;padding-right:10rem;padding-bottom:8rem;padding-left:10rem\">\n<div class=\"wp-block-columns are-vertically-aligned-center is-layout-flex wp-container-core-columns-is-layout-63b5c8f0 wp-block-columns-is-layout-flex\">\n<div class=\"wp-block-column is-vertically-aligned-center is-layout-flow wp-block-column-is-layout-flow\">\n<h2 class=\"wp-block-heading\"><strong>Descubre las maravillas del Delta del Ebro<\/strong> y de la Costa Dorada<\/h2>\n\n\n\n<p class=\"wp-block-paragraph\">Desde la costa hasta la sierra del Montsant, la Costa Dorada cuenta con <strong>espacios naturales protegidos<\/strong> que ofrecen paisajes \u00fanicos, como el <strong>delta del Ebro<\/strong>, a solo una hora en coche del camping, que es el <strong>segundo humedal m\u00e1s importante del Mediterr\u00e1neo occidental<\/strong> despu\u00e9s de la Camarga, en <strong>la<\/strong> Provenza francesa.<\/p>\n\n\n    <div id=\"gt-fse-lire-plus-6a9d4f7164ec2\" class=\"gt-fse-lire-plus\" style=\"--min-height: 130px; background-color: #fff;\">\n        <input id=\"gt-fse-lire-plus-6a9d4f7164ec2-toggle\" type=\"checkbox\" class=\"gt-fse-lire-plus__toggle\" \/>\n        <label for=\"gt-fse-lire-plus-6a9d4f7164ec2-toggle\" class=\"gt-fse-lire-plus__toggle-label\">\n            <span>Leer m\u00e1s<\/span>\n            <span>Leer menos<\/span>\n        <\/label>\n        <div class=\"gt-fse-lire-plus__content\">\n            \n\n<p class=\"wp-block-paragraph\">All\u00ed hay lagunas de agua dulce y salobre, grandes dunas, amplias bah\u00edas y extensos bosques ribere\u00f1os. Las lagunas de La Tancada y L\u2019Encanyisada, las salinas de San Carles de la R\u00e0pita, las islas fluviales como Buda, la bah\u00eda de Alfacs y las puntas de Fangar y Banya conforman un paisaje muy variado, <strong>rico en aves<\/strong> y vegetaci\u00f3n ribere\u00f1a. <\/p>\n\n\n\n<p class=\"wp-block-paragraph\">Es una zona de gran belleza, con plantaciones de arroz y cultivos de ostras y mejillones en el entorno natural del curso inferior del Ebro.<\/p>\n\n\n\n<p class=\"wp-block-paragraph\">Para entender la magia del delta, puedes visitar <strong>el Delta M\u00f3nNatura del Ebro<\/strong>, situado en la laguna de la Tancada, donde la sal, la pesca tradicional y la observaci\u00f3n de aves son los tres temas principales de este centro especializado en dar a conocer la biodiversidad del delta.<\/p>\n\n            <div class=\"gt-fse-lire-plus__gradient\" style=\"background: linear-gradient(to bottom,rgba(255,255,255,0) 0%,rgba(255,255,255,1) 100%);\"><\/div>\n        <\/div>\n    <\/div>\n    <\/div>\n\n\n\n<div class=\"wp-block-column is-vertically-aligned-center is-layout-flow wp-block-column-is-layout-flow\">\n<figure class=\"wp-block-image size-large\"><img decoding=\"async\" width=\"1024\" height=\"576\" src=\"https:\/\/www.lapineda.com\/wp-content\/uploads\/2026\/06\/delta-de-lebre-1024x576.jpg\" alt=\"delta del Lebre\" class=\"wp-image-3298\" srcset=\"https:\/\/www.lapineda.com\/wp-content\/uploads\/2026\/06\/delta-de-lebre-1024x576.jpg 1024w, https:\/\/www.lapineda.com\/wp-content\/uploads\/2026\/06\/delta-de-lebre-300x169.jpg 300w, https:\/\/www.lapineda.com\/wp-content\/uploads\/2026\/06\/delta-de-lebre-768x432.jpg 768w, https:\/\/www.lapineda.com\/wp-content\/uploads\/2026\/06\/delta-de-lebre-1536x864.jpg 1536w, https:\/\/www.lapineda.com\/wp-content\/uploads\/2026\/06\/delta-de-lebre.jpg 1920w\" sizes=\"(max-width: 1024px) 100vw, 1024px\" \/><\/figure>\n<\/div>\n<\/div>\n<\/div>\n\n<div class=\"wp-block-group section-3 has-custom-color-1-background-color has-background has-global-padding is-layout-constrained wp-container-core-group-is-layout-eb4eed6e wp-block-group-is-layout-constrained\" style=\"margin-top:0rem;padding-top:6rem;padding-bottom:6rem\">\n<div class=\"wp-block-columns are-vertically-aligned-center is-layout-flex wp-container-core-columns-is-layout-3a88641f wp-block-columns-is-layout-flex\">\n<div class=\"wp-block-column is-vertically-aligned-center left is-layout-flow wp-block-column-is-layout-flow\" style=\"flex-basis:40%\">\n<div data-swiper=\"{&quot;speed&quot;:1000,&quot;autoplay&quot;:{&quot;delay&quot;:5000,&quot;disableOnInteraction&quot;:false},&quot;spaceBetween&quot;:0,&quot;slidesPerView&quot;:1,&quot;pagination&quot;:{&quot;el&quot;:&quot;.swiper-pagination&quot;,&quot;dynamicBullets&quot;:true,&quot;clickable&quot;:true,&quot;type&quot;:&quot;bullets&quot;},&quot;navigation&quot;:{&quot;nextEl&quot;:&quot;.swiper-button-next&quot;,&quot;prevEl&quot;:&quot;.swiper-button-prev&quot;},&quot;breakpoints&quot;:[{&quot;slidesPerView&quot;:1}]}\" class=\"wp-block-cover is-light\" style=\"border-top-left-radius:500px;border-top-right-radius:500px;padding-top:0px;padding-right:0px;padding-bottom:0px;padding-left:0px\"><img decoding=\"async\" width=\"2560\" height=\"1620\" class=\"wp-block-cover__image-background wp-image-3299 size-full\" alt=\"vin d&apos;espagne\" src=\"https:\/\/www.lapineda.com\/wp-content\/uploads\/2026\/06\/vin-despagne-scaled.jpeg\" data-object-fit=\"cover\" srcset=\"https:\/\/www.lapineda.com\/wp-content\/uploads\/2026\/06\/vin-despagne-scaled.jpeg 2560w, https:\/\/www.lapineda.com\/wp-content\/uploads\/2026\/06\/vin-despagne-300x190.jpeg 300w, https:\/\/www.lapineda.com\/wp-content\/uploads\/2026\/06\/vin-despagne-1024x648.jpeg 1024w, https:\/\/www.lapineda.com\/wp-content\/uploads\/2026\/06\/vin-despagne-768x486.jpeg 768w, https:\/\/www.lapineda.com\/wp-content\/uploads\/2026\/06\/vin-despagne-1536x972.jpeg 1536w, https:\/\/www.lapineda.com\/wp-content\/uploads\/2026\/06\/vin-despagne-2048x1296.jpeg 2048w\" sizes=\"(max-width: 2560px) 100vw, 2560px\" \/><span aria-hidden=\"true\" class=\"wp-block-cover__background has-background-dim-0 has-background-dim\"><\/span><div class=\"wp-block-cover__inner-container has-global-padding is-layout-constrained wp-container-core-cover-is-layout-1b7a6f8b wp-block-cover-is-layout-constrained\">\n<p class=\"has-text-align-center has-large-font-size wp-block-paragraph\"><\/p>\n<\/div><\/div>\n\n\n\n<figure class=\"wp-block-image size-large backgound-img\"><img decoding=\"async\" width=\"683\" height=\"1024\" src=\"https:\/\/www.lapineda.com\/wp-content\/uploads\/2026\/05\/fond-hibiscus-683x1024.jpg\" alt=\"fondo de hibisco\" class=\"wp-image-2586\" srcset=\"https:\/\/www.lapineda.com\/wp-content\/uploads\/2026\/05\/fond-hibiscus-683x1024.jpg 683w, https:\/\/www.lapineda.com\/wp-content\/uploads\/2026\/05\/fond-hibiscus-200x300.jpg 200w, https:\/\/www.lapineda.com\/wp-content\/uploads\/2026\/05\/fond-hibiscus-768x1152.jpg 768w, https:\/\/www.lapineda.com\/wp-content\/uploads\/2026\/05\/fond-hibiscus-1024x1536.jpg 1024w, https:\/\/www.lapineda.com\/wp-content\/uploads\/2026\/05\/fond-hibiscus-1365x2048.jpg 1365w, https:\/\/www.lapineda.com\/wp-content\/uploads\/2026\/05\/fond-hibiscus-scaled.jpg 1707w\" sizes=\"(max-width: 683px) 100vw, 683px\" \/><\/figure>\n<\/div>\n\n\n\n<div class=\"wp-block-column is-vertically-aligned-center right is-layout-flow wp-block-column-is-layout-flow\" style=\"padding-right:4rem;padding-left:4rem;flex-basis:60%\">\n<p class=\"has-text-align-center sub-title center has-custom-color-2-color has-text-color has-link-color has-noar-font-family wp-elements-11 wp-block-paragraph\" style=\"border-bottom-color:var(--wp--preset--color--custom-color-2);border-bottom-width:1px;padding-top:3px;padding-right:30px;padding-bottom:3px;padding-left:30px;font-size:clamp(1.119rem, 1.119rem + ((1vw - 0.2rem) * 1.052), 1.75rem);font-style:normal;font-weight:400\">LA PINEDA<\/p>\n\n\n\n<p class=\"has-text-align-center has-custom-color-2-color has-text-color has-link-color has-ideas-font-family wp-elements-12 wp-block-paragraph\" style=\"font-size:clamp(2.75rem, 2.75rem + ((1vw - 0.2rem) * 4.233), 5.29rem);line-height:1\">Degusta<\/p>\n\n\n\n<p class=\"has-text-align-center has-custom-color-2-color has-text-color has-link-color has-noar-font-family wp-elements-13 wp-block-paragraph\" style=\"font-size:clamp(2.75rem, 2.75rem + ((1vw - 0.2rem) * 4.233), 5.29rem);line-height:1;text-transform:uppercase\">y disfruta<\/p>\n\n\n\n<p class=\"has-text-align-center has-base-2-color has-text-color has-link-color wp-elements-14 wp-block-paragraph\">Enfin, plus proche du camping, les <strong>vignobles<\/strong> de la province constituent un autre tr\u00e9sor \u00e0 explorer, l\u2019occasion id\u00e9ale pour un <a href=\"https:\/\/www.lapineda.com\/oeunotourisme-tarragone-espagne\/\" data-type=\"page\" data-id=\"2495\">s\u00e9jour \u0153notouristique en Espagne<\/a>. <strong>Six appellations d&#8217;origine<\/strong> ; Tarragona, Priorat, Montsant, Conca de Barber\u00e0, Pened\u00e8s et Terra Alta t\u00e9moignent d&#8217;un savoir-faire viticole h\u00e9ritier des Romains et perfectionn\u00e9 par les <strong>moines cisterciens<\/strong> du Moyen \u00c2ge, un savoir-faire \u00e0 d\u00e9couvrir sur la Ruta del Cister (Ruta del Cister ). Des<strong> caves<\/strong> ouvertes aux visites avec <strong>d\u00e9gustation<\/strong> jalonnent les routes de l&#8217;arri\u00e8re-pays catalan.<\/p>\n\n\n\n<p class=\"has-text-align-center has-base-2-color has-text-color has-link-color wp-elements-15 wp-block-paragraph\">Explorez page par page toutes les destinations proches : <a href=\"https:\/\/www.lapineda.com\/tourisme-salou\/\" data-type=\"page\" data-id=\"2475\">Salou<\/a>, <a href=\"https:\/\/www.lapineda.com\/tourisme-tarragone\/\" data-type=\"page\" data-id=\"2487\">Tarragone<\/a> et <a href=\"https:\/\/www.lapineda.com\/camping-barcelone\/\" data-type=\"page\" data-id=\"2491\">Barcelone<\/a>, ainsi que les visites \u00e0 faire en famille ou entre amis comme l\u2019incontournable <a href=\"https:\/\/www.lapineda.com\/camping-portaventura\/\" data-type=\"page\" data-id=\"2479\">Port Aventura<\/a> et le parc aquatique <a href=\"https:\/\/www.lapineda.com\/camping-aquopolis\/\" data-type=\"page\" data-id=\"2483\">Aquopolis<\/a>.<\/p>\n<\/div>\n<\/div>\n<\/div>\n\n<div class=\"wp-block-group section-maillage has-global-padding is-layout-constrained wp-container-core-group-is-layout-8b65383b wp-block-group-is-layout-constrained\" style=\"margin-top:0px;margin-bottom:0px;padding-top:8rem;padding-right:10rem;padding-bottom:8rem;padding-left:10rem\">\n<p class=\"has-text-align-center has-custom-color-2-color has-text-color has-link-color has-noar-font-family wp-elements-16 wp-block-paragraph\" style=\"font-size:clamp(2.2rem, 2.2rem + ((1vw - 0.2rem) * 3), 4rem);line-height:1;text-transform:uppercase\">Descubre los alrededores<\/p>\n\n\n\n<figure class=\"wp-block-image aligncenter size-large\"><img decoding=\"async\" width=\"318\" height=\"16\" src=\"https:\/\/www.lapineda.com\/wp-content\/uploads\/2026\/05\/trait-vert-clair.svg\" alt=\"l\u00ednea verde claro\" class=\"wp-image-2740\" \/><\/figure>\n\n\n\n<div data-swiper=\"{&quot;speed&quot;:400,&quot;spaceBetween&quot;:16,&quot;slidesPerView&quot;:3,&quot;createElements&quot;:true,&quot;loop&quot;:true,&quot;freemode&quot;:true,&quot;navigation&quot;:{&quot;nextEl&quot;:&quot;buttonNext&quot;,&quot;prevEl&quot;:&quot;buttonPrev&quot;},&quot;pagination&quot;:{&quot;el&quot;:&quot;.swiper-pagination&quot;,&quot;dynamicBullets&quot;:true},&quot;breakpoints&quot;:{&quot;0&quot;:{&quot;slidesPerView&quot;:1},&quot;768&quot;:{&quot;slidesPerView&quot;:2},&quot;1260&quot;:{&quot;slidesPerView&quot;:3}},&quot;autoplay&quot;:{&quot;delay&quot;:3000}}\" data-wp-context=\"{}\" data-wp-interactive=\"core\/query\" data-wp-key=\"0\" data-wp-router-region=\"query-0\" class=\"wp-block-query alignwide gt-fse-maillage-query gt-is-slider gt-is-slider-desktop is-layout-flow wp-block-query-is-layout-flow\"><ul class=\"columns-3 wp-block-post-template is-layout-grid wp-container-core-post-template-is-layout-7e964c02 wp-block-post-template-is-layout-grid\"><li data-wp-key=\"post-template-item-3802\" class=\"wp-block-post post-3802 page type-page status-publish has-post-thumbnail hentry\">\n<a href=\"https:\/\/www.lapineda.com\/es\/camping-cercano-portaventura\/\"    style=\"padding-top:0px;padding-bottom:0px;padding-left:0px;padding-right:0px;margin-top:0px;margin-bottom:0px;margin-left:0px;margin-right:0px\" class=\"wp-block-tiptip-hyperlink-group-block\" >\n<div data-swiper=\"{&quot;speed&quot;:1000,&quot;autoplay&quot;:{&quot;delay&quot;:5000,&quot;disableOnInteraction&quot;:false},&quot;spaceBetween&quot;:0,&quot;slidesPerView&quot;:1,&quot;pagination&quot;:{&quot;el&quot;:&quot;.swiper-pagination&quot;,&quot;dynamicBullets&quot;:true,&quot;clickable&quot;:true,&quot;type&quot;:&quot;bullets&quot;},&quot;navigation&quot;:{&quot;nextEl&quot;:&quot;.swiper-button-next&quot;,&quot;prevEl&quot;:&quot;.swiper-button-prev&quot;},&quot;breakpoints&quot;:[{&quot;slidesPerView&quot;:1}]}\" class=\"wp-block-cover is-light\" style=\"border-top-left-radius:500px;border-top-right-radius:500px;margin-top:0px;margin-bottom:0px;padding-top:0px;padding-right:0px;padding-bottom:0px;padding-left:0px;min-height:50px;aspect-ratio:unset;\"><span aria-hidden=\"true\" class=\"wp-block-cover__background has-contrast-background-color has-background-dim-30 has-background-dim\"><\/span><div class=\"wp-block-cover__inner-container has-global-padding is-layout-constrained wp-container-core-cover-is-layout-878e1664 wp-block-cover-is-layout-constrained\">\n<figure class=\"wp-block-image\"><img decoding=\"async\" src=\"https:\/\/www.lapineda.com\/wp-content\/uploads\/2026\/06\/portaventura.jpeg\" alt=\"Port Aventura\"\/><\/figure>\n\n\n\n<p class=\"has-text-align-center has-base-2-color has-text-color has-link-color has-noar-font-family wp-elements-17 wp-block-paragraph\" style=\"font-size:clamp(1.25rem, 1.25rem + ((1vw - 0.2rem) * 1.25), 2rem);font-style:normal;font-weight:500\">Port Aventura<\/p>\n\n\n\n<figure class=\"wp-block-image aligncenter size-large\"><img decoding=\"async\" width=\"58\" height=\"38\" src=\"https:\/\/www.lapineda.com\/wp-content\/uploads\/2026\/05\/fleche-slider-blanc-vert.svg\" alt=\"flecha deslizante blanca y verde\" class=\"wp-image-2565\"\/><\/figure>\n<\/div><\/div>\n<\/a>\n<\/li><li data-wp-key=\"post-template-item-3912\" class=\"wp-block-post post-3912 page type-page status-publish has-post-thumbnail hentry\">\n<a href=\"https:\/\/www.lapineda.com\/es\/tourismo-salou\/\"    style=\"padding-top:0px;padding-bottom:0px;padding-left:0px;padding-right:0px;margin-top:0px;margin-bottom:0px;margin-left:0px;margin-right:0px\" class=\"wp-block-tiptip-hyperlink-group-block\" >\n<div data-swiper=\"{&quot;speed&quot;:1000,&quot;autoplay&quot;:{&quot;delay&quot;:5000,&quot;disableOnInteraction&quot;:false},&quot;spaceBetween&quot;:0,&quot;slidesPerView&quot;:1,&quot;pagination&quot;:{&quot;el&quot;:&quot;.swiper-pagination&quot;,&quot;dynamicBullets&quot;:true,&quot;clickable&quot;:true,&quot;type&quot;:&quot;bullets&quot;},&quot;navigation&quot;:{&quot;nextEl&quot;:&quot;.swiper-button-next&quot;,&quot;prevEl&quot;:&quot;.swiper-button-prev&quot;},&quot;breakpoints&quot;:[{&quot;slidesPerView&quot;:1}]}\" class=\"wp-block-cover is-light\" style=\"border-top-left-radius:500px;border-top-right-radius:500px;margin-top:0px;margin-bottom:0px;padding-top:0px;padding-right:0px;padding-bottom:0px;padding-left:0px;min-height:50px;aspect-ratio:unset;\"><span aria-hidden=\"true\" class=\"wp-block-cover__background has-contrast-background-color has-background-dim-30 has-background-dim\"><\/span><div class=\"wp-block-cover__inner-container has-global-padding is-layout-constrained wp-container-core-cover-is-layout-878e1664 wp-block-cover-is-layout-constrained\">\n<figure class=\"wp-block-image\"><img decoding=\"async\" src=\"https:\/\/www.lapineda.com\/wp-content\/uploads\/2026\/06\/Salou-espagne-a-voir.jpg\" alt=\"Salou\"\/><\/figure>\n\n\n\n<p class=\"has-text-align-center has-base-2-color has-text-color has-link-color has-noar-font-family wp-elements-19 wp-block-paragraph\" style=\"font-size:clamp(1.25rem, 1.25rem + ((1vw - 0.2rem) * 1.25), 2rem);font-style:normal;font-weight:500\">Salou<\/p>\n\n\n\n<figure class=\"wp-block-image aligncenter size-large\"><img decoding=\"async\" width=\"58\" height=\"38\" src=\"https:\/\/www.lapineda.com\/wp-content\/uploads\/2026\/05\/fleche-slider-blanc-vert.svg\" alt=\"flecha deslizante blanca y verde\" class=\"wp-image-2565\"\/><\/figure>\n<\/div><\/div>\n<\/a>\n<\/li><li data-wp-key=\"post-template-item-3694\" class=\"wp-block-post post-3694 page type-page status-publish has-post-thumbnail hentry\">\n<a href=\"https:\/\/www.lapineda.com\/es\/tourismo-tarragone\/\"    style=\"padding-top:0px;padding-bottom:0px;padding-left:0px;padding-right:0px;margin-top:0px;margin-bottom:0px;margin-left:0px;margin-right:0px\" class=\"wp-block-tiptip-hyperlink-group-block\" >\n<div data-swiper=\"{&quot;speed&quot;:1000,&quot;autoplay&quot;:{&quot;delay&quot;:5000,&quot;disableOnInteraction&quot;:false},&quot;spaceBetween&quot;:0,&quot;slidesPerView&quot;:1,&quot;pagination&quot;:{&quot;el&quot;:&quot;.swiper-pagination&quot;,&quot;dynamicBullets&quot;:true,&quot;clickable&quot;:true,&quot;type&quot;:&quot;bullets&quot;},&quot;navigation&quot;:{&quot;nextEl&quot;:&quot;.swiper-button-next&quot;,&quot;prevEl&quot;:&quot;.swiper-button-prev&quot;},&quot;breakpoints&quot;:[{&quot;slidesPerView&quot;:1}]}\" class=\"wp-block-cover is-light\" style=\"border-top-left-radius:500px;border-top-right-radius:500px;margin-top:0px;margin-bottom:0px;padding-top:0px;padding-right:0px;padding-bottom:0px;padding-left:0px;min-height:50px;aspect-ratio:unset;\"><span aria-hidden=\"true\" class=\"wp-block-cover__background has-contrast-background-color has-background-dim-30 has-background-dim\"><\/span><div class=\"wp-block-cover__inner-container has-global-padding is-layout-constrained wp-container-core-cover-is-layout-878e1664 wp-block-cover-is-layout-constrained\">\n<figure class=\"wp-block-image\"><img decoding=\"async\" src=\"https:\/\/www.lapineda.com\/wp-content\/uploads\/2026\/06\/Tarragone-visites.jpg\" alt=\"Tarragona\"\/><\/figure>\n\n\n\n<p class=\"has-text-align-center has-base-2-color has-text-color has-link-color has-noar-font-family wp-elements-21 wp-block-paragraph\" style=\"font-size:clamp(1.25rem, 1.25rem + ((1vw - 0.2rem) * 1.25), 2rem);font-style:normal;font-weight:500\">Tarragona<\/p>\n\n\n\n<figure class=\"wp-block-image aligncenter size-large\"><img decoding=\"async\" width=\"58\" height=\"38\" src=\"https:\/\/www.lapineda.com\/wp-content\/uploads\/2026\/05\/fleche-slider-blanc-vert.svg\" alt=\"flecha deslizante blanca y verde\" class=\"wp-image-2565\"\/><\/figure>\n<\/div><\/div>\n<\/a>\n<\/li><\/ul><\/div>\n<\/div>\n","protected":false},"excerpt":{"rendered":"<p>La Costa Dorada, endroit id\u00e9al pour profiter du plein air toute l\u2019ann\u00e9e avec une lumi\u00e8re et un climat exceptionnels, est bien plus qu&#8217;une destination baln\u00e9aire. Depuis notre camping pr\u00e8s de Salou, vous \u00eates au c\u0153ur d&#8217;un territoire o\u00f9 l&#8217;histoire mill\u00e9naire c\u00f4toie l&#8217;innovation culturelle, o\u00f9 les vignes descendent vers la mer et o\u00f9 la gastronomie catalane [&hellip;]<\/p>\n","protected":false},"author":1,"featured_media":3897,"parent":0,"menu_order":0,"comment_status":"closed","ping_status":"closed","template":"","meta":{"_seopress_titles_title":"Descubre la provincia de Tarragona","_seopress_titles_desc":"Sal a explorar la Costa Dorada desde Salou. Tarragona (Unesco), Reus (Gaud\u00ed), el Delta del Ebro, los castellers\u2026 \u00a1Un patrimonio excepcional al alcance de la bicicleta! ","_seopress_robots_index":"","_seopress_robots_follow":"","_seopress_robots_imageindex":"","_seopress_robots_snippet":"","_seopress_robots_primary_cat":"","_seopress_robots_breadcrumbs":"Descubre la provincia de Tarragona","_seopress_robots_freeze_modified_date":"","_seopress_robots_custom_modified_date":"","_seopress_robots_canonical":"","_seopress_social_fb_title":"","_seopress_social_fb_desc":"","_seopress_social_fb_img":"","_seopress_social_fb_img_attachment_id":0,"_seopress_social_fb_img_width":0,"_seopress_social_fb_img_height":0,"_seopress_social_twitter_title":"","_seopress_social_twitter_desc":"","_seopress_social_twitter_img":"","_seopress_social_twitter_img_attachment_id":0,"_seopress_social_twitter_img_width":0,"_seopress_social_twitter_img_height":0,"_seopress_redirections_value":"","_seopress_redirections_enabled":"","_seopress_redirections_enabled_regex":"","_seopress_redirections_logged_status":"both","_seopress_redirections_param":"","_seopress_redirections_type":301,"_seopress_analysis_target_kw":"","_seopress_news_disabled":"","_seopress_video_disabled":"","_seopress_video":[],"_seopress_pro_schemas_manual":[],"_seopress_pro_rich_snippets_disable_all":"","_seopress_pro_rich_snippets_disable":[],"_seopress_pro_schemas":[],"_gt_ctv_global_id":"","_gt_ctv_id_group":false,"inline_featured_image":false,"gt_fse_maillage_image":"https:\/\/www.lapineda.com\/wp-content\/uploads\/2026\/06\/espagne-salou.jpg","gt_fse_maillage_titre":"Turismo","gt_fse_maillage_alt":"Turismo: qu\u00e9 ver","gt_fse_maillage_resume":"","footnotes":""},"categories":[],"tags":[],"class_list":["post-3895","page","type-page","status-publish","has-post-thumbnail","hentry"],"_links":{"self":[{"href":"https:\/\/www.lapineda.com\/es\/wp-json\/wp\/v2\/pages\/3895","targetHints":{"allow":["GET"]}}],"collection":[{"href":"https:\/\/www.lapineda.com\/es\/wp-json\/wp\/v2\/pages"}],"about":[{"href":"https:\/\/www.lapineda.com\/es\/wp-json\/wp\/v2\/types\/page"}],"author":[{"embeddable":true,"href":"https:\/\/www.lapineda.com\/es\/wp-json\/wp\/v2\/users\/1"}],"replies":[{"embeddable":true,"href":"https:\/\/www.lapineda.com\/es\/wp-json\/wp\/v2\/comments?post=3895"}],"version-history":[{"count":28,"href":"https:\/\/www.lapineda.com\/es\/wp-json\/wp\/v2\/pages\/3895\/revisions"}],"predecessor-version":[{"id":5819,"href":"https:\/\/www.lapineda.com\/es\/wp-json\/wp\/v2\/pages\/3895\/revisions\/5819"}],"wp:featuredmedia":[{"embeddable":true,"href":"https:\/\/www.lapineda.com\/es\/wp-json\/wp\/v2\/media\/3897"}],"wp:attachment":[{"href":"https:\/\/www.lapineda.com\/es\/wp-json\/wp\/v2\/media?parent=3895"}],"wp:term":[{"taxonomy":"category","embeddable":true,"href":"https:\/\/www.lapineda.com\/es\/wp-json\/wp\/v2\/categories?post=3895"},{"taxonomy":"post_tag","embeddable":true,"href":"https:\/\/www.lapineda.com\/es\/wp-json\/wp\/v2\/tags?post=3895"}],"curies":[{"name":"wp","href":"https:\/\/api.w.org\/{rel}","templated":true}]}}