{"id":3989,"date":"2025-10-03T17:38:16","date_gmt":"2025-10-03T15:38:16","guid":{"rendered":"https:\/\/www.lapineda.com\/inicio\/"},"modified":"2026-07-23T09:00:52","modified_gmt":"2026-07-23T07:00:52","slug":"inicio","status":"publish","type":"page","link":"https:\/\/www.lapineda.com\/es\/","title":{"rendered":"Inicio"},"content":{"rendered":"\n<div class=\"wp-block-group section-1 has-custom-color-1-background-color has-background has-global-padding is-layout-constrained wp-container-core-group-is-layout-e625fa92 wp-block-group-is-layout-constrained\" style=\"padding-top:8rem;padding-right:6rem;padding-bottom:8rem;padding-left:6rem\">\n<div class=\"wp-block-columns are-vertically-aligned-top is-layout-flex wp-container-core-columns-is-layout-d814a4fb wp-block-columns-is-layout-flex\">\n<div class=\"wp-block-column is-vertically-aligned-top left is-layout-flow wp-block-column-is-layout-flow\">\n<div data-swiper=\"{&quot;speed&quot;:1000,&quot;autoplay&quot;:{&quot;delay&quot;:5000,&quot;disableOnInteraction&quot;:false},&quot;spaceBetween&quot;:0,&quot;slidesPerView&quot;:1,&quot;pagination&quot;:{&quot;el&quot;:&quot;.swiper-pagination&quot;,&quot;dynamicBullets&quot;:true,&quot;clickable&quot;:true,&quot;type&quot;:&quot;bullets&quot;},&quot;navigation&quot;:{&quot;nextEl&quot;:&quot;.swiper-button-next&quot;,&quot;prevEl&quot;:&quot;.swiper-button-prev&quot;},&quot;breakpoints&quot;:[{&quot;slidesPerView&quot;:1}]}\" class=\"wp-block-cover is-light svg-background wp-duotone-02373d-02373d-1\"><span aria-hidden=\"true\" class=\"wp-block-cover__background has-background-dim-0 has-background-dim\"><\/span><div class=\"wp-block-cover__inner-container has-global-padding is-layout-constrained wp-container-core-cover-is-layout-6b3b7742 wp-block-cover-is-layout-constrained\">\n<p class=\"has-text-align-center sub-title center has-custom-color-2-color has-text-color has-link-color has-noar-font-family wp-elements-1 wp-block-paragraph\" style=\"border-bottom-color:var(--wp--preset--color--custom-color-2);border-bottom-width:1px;padding-top:3px;padding-right:30px;padding-bottom:3px;padding-left:30px;font-size:clamp(1.119rem, 1.119rem + ((1vw - 0.2rem) * 1.052), 1.75rem);font-style:normal;font-weight:400\">LA PINEDA<\/p>\n\n\n\n<p class=\"has-text-align-center has-custom-color-2-color has-text-color has-link-color has-noar-font-family wp-elements-2 wp-block-paragraph\" style=\"font-size:clamp(2.75rem, 2.75rem + ((1vw - 0.2rem) * 4.233), 5.29rem);line-height:1;text-transform:uppercase\">aqu\u00ed, descanso<\/p>\n\n\n\n<p class=\"has-text-align-center has-custom-color-2-color has-text-color has-link-color has-ideas-font-family wp-elements-3 wp-block-paragraph\" style=\"font-size:clamp(2.75rem, 2.75rem + ((1vw - 0.2rem) * 4.233), 5.29rem);line-height:1\">&amp; naturaleza<\/p>\n\n\n\n<figure class=\"wp-block-image aligncenter size-large\" style=\"margin-top:0px;margin-bottom:0px\"><img decoding=\"async\" width=\"318\" height=\"16\" src=\"https:\/\/www.lapineda.com\/wp-content\/uploads\/2026\/05\/trait-vert-clair.svg\" alt=\"l\u00ednea verde claro\" class=\"wp-image-2740\" \/><\/figure>\n<\/div><\/div>\n\n\n\n<figure class=\"wp-block-image aligncenter size-full img-forme leaf animated jackInTheBox\" style=\"margin-right:var(--wp--preset--spacing--50);margin-left:var(--wp--preset--spacing--50)\"><img decoding=\"async\" width=\"1920\" height=\"1081\" src=\"https:\/\/www.lapineda.com\/wp-content\/uploads\/2026\/05\/fond-feuilles.jpg\" alt=\"fondo de hojas\" class=\"wp-image-2523\" style=\"aspect-ratio:1;object-fit:cover\" srcset=\"https:\/\/www.lapineda.com\/wp-content\/uploads\/2026\/05\/fond-feuilles.jpg 1920w, https:\/\/www.lapineda.com\/wp-content\/uploads\/2026\/05\/fond-feuilles-300x169.jpg 300w, https:\/\/www.lapineda.com\/wp-content\/uploads\/2026\/05\/fond-feuilles-1024x577.jpg 1024w, https:\/\/www.lapineda.com\/wp-content\/uploads\/2026\/05\/fond-feuilles-768x432.jpg 768w, https:\/\/www.lapineda.com\/wp-content\/uploads\/2026\/05\/fond-feuilles-1536x865.jpg 1536w\" sizes=\"(max-width: 1920px) 100vw, 1920px\" \/><\/figure>\n\n\n\n<h1 class=\"wp-block-heading has-text-align-center has-white-color has-text-color has-link-color wp-elements-4\"><strong>Camping cerca de Salou<\/strong>, a un paso de las playas<\/h1>\n\n\n    <div id=\"gt-fse-lire-plus-6a9d45b76911b\" class=\"gt-fse-lire-plus\" style=\"--min-height: 130px; background-color: #fff;\">\n        <input id=\"gt-fse-lire-plus-6a9d45b76911b-toggle\" type=\"checkbox\" class=\"gt-fse-lire-plus__toggle\" \/>\n        <label for=\"gt-fse-lire-plus-6a9d45b76911b-toggle\" class=\"gt-fse-lire-plus__toggle-label\">\n            <span>Leer m\u00e1s<\/span>\n            <span>Leer menos<\/span>\n        <\/label>\n        <div class=\"gt-fse-lire-plus__content\">\n            \n\n<p class=\"has-text-align-center has-white-color has-text-color has-link-color wp-elements-5 wp-block-paragraph\">Bienvenue au camping La Pineda de Salou, un \u00e9crin de <strong>nature m\u00e9diterran\u00e9enne <\/strong>nich\u00e9 au c\u0153ur d&#8217;un <strong>bois urbain de 12 000 arbres<\/strong> sur la Costa Dorada. Implant\u00e9 \u00e0 seulement <a href=\"https:\/\/www.lapineda.com\/camping-bord-mer-salou\/\" data-type=\"page\" data-id=\"2463\">5 minutes \u00e0 pied de la plage de La Pineda<\/a>, notre camping pr\u00e8s de Salou vous offre un <strong>cadre naturel exceptionnel<\/strong>, berc\u00e9 par la brise marine du soir. Ici, la biodiversit\u00e9 est reine : plus de 60 esp\u00e8ces d&#8217;arbres et d&#8217;arbustes cr\u00e9ent une atmosph\u00e8re de s\u00e9r\u00e9nit\u00e9 rare en bord de mer.<\/p>\n\n\n\n<p class=\"has-text-align-center has-white-color has-text-color has-link-color wp-elements-6 wp-block-paragraph\">Tanto si vienes en familia, con amigos o en pareja, aqu\u00ed encontrar\u00e1s todo lo necesario para unas vacaciones perfectas: un parque acu\u00e1tico de 1 500 m\u00b2, actividades para los peques, alojamientos con todas las comodidades y una ubicaci\u00f3n ideal a 2,5 km de Port Aventura y a 6 km de los tesoros romanos de Tarragona. Entre<strong> un clima privilegiado<\/strong> (templado y suave, con una temperatura media de 23 \u00b0C), amplias playas de arena fina, <strong>una gastronom\u00eda t\u00edpica<\/strong> y variada y <strong>un rico patrimonio monumental<\/strong> declarado Patrimonio de la Humanidad por la Unesco, \u00a1la <strong>Costa Dorada<\/strong> te espera con los brazos abiertos! <\/p>\n\n            <div class=\"gt-fse-lire-plus__gradient\" style=\"background: linear-gradient(to bottom,rgba(255,255,255,0) 0%,rgba(255,255,255,1) 100%);\"><\/div>\n        <\/div>\n    <\/div>\n    \n\n\n<div class=\"wp-block-buttons is-content-justification-center is-layout-flex wp-container-core-buttons-is-layout-0aa01211 wp-block-buttons-is-layout-flex\">\n<div class=\"wp-block-button is-style-outline btn-1 is-style-outline--2\"><a class=\"wp-block-button__link has-white-color has-text-color has-link-color has-border-color has-noar-font-family has-text-align-center has-custom-font-size wp-element-button\" href=\"https:\/\/www.lapineda.com\/camping-bord-mer-salou\/\" style=\"border-color:#b1d782;border-top-left-radius:100px;border-top-right-radius:100px;border-bottom-left-radius:100px;border-bottom-right-radius:100px;padding-top:8px;padding-right:30px;padding-bottom:8px;padding-left:30px;font-size:clamp(0.918rem, 0.918rem + ((1vw - 0.2rem) * 0.77), 1.38rem);\">bord de plage<img decoding=\"async\" width=\"35\" height=\"11\" class=\"wp-image-2536\" style=\"width: 35px\" src=\"https:\/\/www.lapineda.com\/wp-content\/uploads\/2026\/05\/longue-fleche-blanc.svg\" alt=\"longue fleche blanc\" \/><\/a><\/div>\n<\/div>\n<\/div>\n\n\n\n<div class=\"wp-block-column is-vertically-aligned-top right is-layout-flow wp-block-column-is-layout-flow\">\n<div data-swiper=\"{&quot;speed&quot;:1000,&quot;autoplay&quot;:{&quot;delay&quot;:5000,&quot;disableOnInteraction&quot;:false},&quot;spaceBetween&quot;:0,&quot;slidesPerView&quot;:1,&quot;pagination&quot;:{&quot;el&quot;:&quot;.swiper-pagination&quot;,&quot;dynamicBullets&quot;:true,&quot;clickable&quot;:true,&quot;type&quot;:&quot;bullets&quot;},&quot;navigation&quot;:{&quot;nextEl&quot;:&quot;.swiper-button-next&quot;,&quot;prevEl&quot;:&quot;.swiper-button-prev&quot;},&quot;breakpoints&quot;:[{&quot;slidesPerView&quot;:1}]}\" class=\"wp-block-cover\" style=\"border-top-left-radius:500px;border-top-right-radius:500px;padding-top:0px;padding-right:0px;padding-bottom:0px;padding-left:0px\"><img width=\"982\" height=\"1286\" fetchpriority=\"high\" decoding=\"sync\" data-no-lazy=\"1\" class=\"wp-block-cover__image-background wp-image-3521 size-full\" alt=\"camping a salou location de kart\" src=\"https:\/\/www.lapineda.com\/wp-content\/uploads\/2026\/06\/camping-a-salou-location-de-kart.jpg\" data-object-fit=\"cover\" srcset=\"https:\/\/www.lapineda.com\/wp-content\/uploads\/2026\/06\/camping-a-salou-location-de-kart.jpg 982w, https:\/\/www.lapineda.com\/wp-content\/uploads\/2026\/06\/camping-a-salou-location-de-kart-229x300.jpg 229w, https:\/\/www.lapineda.com\/wp-content\/uploads\/2026\/06\/camping-a-salou-location-de-kart-782x1024.jpg 782w, https:\/\/www.lapineda.com\/wp-content\/uploads\/2026\/06\/camping-a-salou-location-de-kart-768x1006.jpg 768w\" sizes=\"(max-width: 982px) 100vw, 982px\" \/><span aria-hidden=\"true\" class=\"wp-block-cover__background has-background-dim-0 has-background-dim\"><\/span><div class=\"wp-block-cover__inner-container has-global-padding is-layout-constrained wp-container-core-cover-is-layout-1b7a6f8b wp-block-cover-is-layout-constrained\">\n<p class=\"has-text-align-center has-large-font-size wp-block-paragraph\"><\/p>\n<\/div><\/div>\n\n\n\n<figure class=\"wp-block-image size-full has-custom-border backgound-img\"><img decoding=\"async\" width=\"1920\" height=\"2400\" src=\"https:\/\/www.lapineda.com\/wp-content\/uploads\/2026\/05\/fond-palmiers.jpg\" alt=\"fondo de palmeras\" class=\"wp-image-2532\" style=\"border-top-left-radius:500px\" srcset=\"https:\/\/www.lapineda.com\/wp-content\/uploads\/2026\/05\/fond-palmiers.jpg 1920w, https:\/\/www.lapineda.com\/wp-content\/uploads\/2026\/05\/fond-palmiers-240x300.jpg 240w, https:\/\/www.lapineda.com\/wp-content\/uploads\/2026\/05\/fond-palmiers-819x1024.jpg 819w, https:\/\/www.lapineda.com\/wp-content\/uploads\/2026\/05\/fond-palmiers-768x960.jpg 768w, https:\/\/www.lapineda.com\/wp-content\/uploads\/2026\/05\/fond-palmiers-1229x1536.jpg 1229w, https:\/\/www.lapineda.com\/wp-content\/uploads\/2026\/05\/fond-palmiers-1638x2048.jpg 1638w\" sizes=\"(max-width: 1920px) 100vw, 1920px\" \/><\/figure>\n<\/div>\n<\/div>\n<\/div>\n\n<div class=\"wp-block-group section-6 has-global-padding is-layout-constrained wp-container-core-group-is-layout-cee83286 wp-block-group-is-layout-constrained\" style=\"margin-top:0px;margin-bottom:0px;padding-right:0px;padding-left:0px\">\n<div class=\"wp-block-group group-banner has-global-padding is-layout-constrained wp-container-core-group-is-layout-0483bb72 wp-block-group-is-layout-constrained\" style=\"margin-top:0px;margin-bottom:0px\">\n<div data-swiper=\"{&quot;speed&quot;:400,&quot;spaceBetween&quot;:16,&quot;slidesPerView&quot;:1,&quot;createElements&quot;:true,&quot;loop&quot;:true,&quot;freemode&quot;:true,&quot;navigation&quot;:{&quot;nextEl&quot;:&quot;buttonNext&quot;,&quot;prevEl&quot;:&quot;buttonPrev&quot;},&quot;pagination&quot;:{&quot;el&quot;:&quot;.swiper-pagination&quot;,&quot;dynamicBullets&quot;:true},&quot;breakpoints&quot;:[{&quot;slidesPerView&quot;:1}],&quot;effect&quot;:&quot;fade&quot;,&quot;autoplay&quot;:{&quot;delay&quot;:3000,&quot;disableOnInteraction&quot;:false}}\" class=\"wp-block-group gt-is-slider gt-is-slider-desktop has-global-padding is-layout-constrained wp-container-core-group-is-layout-0483bb72 wp-block-group-is-layout-constrained\" style=\"margin-top:0px;margin-bottom:0px\">\n<div data-swiper=\"{&quot;slidesPerView&quot;:1,&quot;pagination&quot;:{&quot;el&quot;:&quot;.swiper-pagination&quot;,&quot;dynamicBullets&quot;:true,&quot;clickable&quot;:true,&quot;type&quot;:&quot;bullets&quot;},&quot;navigation&quot;:{&quot;nextEl&quot;:&quot;.swiper-button-next&quot;,&quot;prevEl&quot;:&quot;.swiper-button-prev&quot;},&quot;breakpoints&quot;:[{&quot;slidesPerView&quot;:1}],&quot;effect&quot;:&quot;fade&quot;,&quot;autoplay&quot;:&quot;{\\n\\&quot;delay\\&quot;: 4000, \\n    \\&quot;disableOnInteraction\\&quot;: false\\n}&quot;}\" class=\"wp-block-cover is-light banner\" style=\"padding-right:4rem;padding-bottom:8rem;padding-left:4rem;min-height:100vh;aspect-ratio:unset;\"><img decoding=\"async\" width=\"1920\" height=\"1362\" class=\"wp-block-cover__image-background wp-image-2541 size-full\" alt=\"camping avec espace aquatique a salou\" src=\"https:\/\/www.lapineda.com\/wp-content\/uploads\/2026\/05\/camping-avec-espace-aquatique-a-salou.jpg\" data-object-fit=\"cover\" srcset=\"https:\/\/www.lapineda.com\/wp-content\/uploads\/2026\/05\/camping-avec-espace-aquatique-a-salou.jpg 1920w, https:\/\/www.lapineda.com\/wp-content\/uploads\/2026\/05\/camping-avec-espace-aquatique-a-salou-300x213.jpg 300w, https:\/\/www.lapineda.com\/wp-content\/uploads\/2026\/05\/camping-avec-espace-aquatique-a-salou-1024x726.jpg 1024w, https:\/\/www.lapineda.com\/wp-content\/uploads\/2026\/05\/camping-avec-espace-aquatique-a-salou-768x545.jpg 768w, https:\/\/www.lapineda.com\/wp-content\/uploads\/2026\/05\/camping-avec-espace-aquatique-a-salou-1536x1090.jpg 1536w\" sizes=\"(max-width: 1920px) 100vw, 1920px\" \/><span aria-hidden=\"true\" class=\"wp-block-cover__background has-contrast-background-color has-background-dim-20 has-background-dim\"><\/span><div class=\"wp-block-cover__inner-container has-global-padding is-layout-constrained wp-container-core-cover-is-layout-7c5e7680 wp-block-cover-is-layout-constrained\">\n<div class=\"wp-block-columns are-vertically-aligned-bottom is-layout-flex wp-container-core-columns-is-layout-2de461d8 wp-block-columns-is-layout-flex\">\n<div class=\"wp-block-column is-vertically-aligned-bottom left is-layout-flow wp-block-column-is-layout-flow\" style=\"flex-basis:60%\"><a href=\"https:\/\/www.lapineda.com\/camping-piscine-salou\/\"    class=\"wp-block-tiptip-hyperlink-group-block\" >\n<div data-swiper=\"{&quot;speed&quot;:1000,&quot;autoplay&quot;:{&quot;delay&quot;:5000,&quot;disableOnInteraction&quot;:false},&quot;spaceBetween&quot;:0,&quot;slidesPerView&quot;:1,&quot;pagination&quot;:{&quot;el&quot;:&quot;.swiper-pagination&quot;,&quot;dynamicBullets&quot;:true,&quot;clickable&quot;:true,&quot;type&quot;:&quot;bullets&quot;},&quot;navigation&quot;:{&quot;nextEl&quot;:&quot;.swiper-button-next&quot;,&quot;prevEl&quot;:&quot;.swiper-button-prev&quot;},&quot;breakpoints&quot;:[{&quot;slidesPerView&quot;:1}]}\" class=\"wp-block-cover is-light svg-background\" style=\"margin-bottom:0\"><span aria-hidden=\"true\" class=\"wp-block-cover__background has-background-dim-0 has-background-dim\"><\/span><div class=\"wp-block-cover__inner-container has-global-padding is-layout-constrained wp-container-core-cover-is-layout-73ef16d7 wp-block-cover-is-layout-constrained\">\n<figure class=\"wp-block-image size-large\"><img decoding=\"async\" width=\"318\" height=\"16\" src=\"https:\/\/www.lapineda.com\/wp-content\/uploads\/2026\/05\/trait-vert-clair.svg\" alt=\"l\u00ednea verde claro\" class=\"wp-image-2740\" \/><\/figure>\n\n\n\n<div class=\"wp-block-group is-content-justification-space-between is-nowrap is-layout-flex wp-container-core-group-is-layout-102bd792 wp-block-group-is-layout-flex\">\n<p class=\"has-text-align-left has-base-2-color has-text-color has-link-color has-noar-font-family wp-elements-7 wp-block-paragraph\" style=\"font-size:clamp(3.116rem, 3.116rem + ((1vw - 0.2rem) * 5.14), 6.2rem);font-style:normal;font-weight:500;line-height:1\"><strong>1500 m\u00b2<br \/><\/strong>de espacio <br \/>acu\u00e1tico<\/p>\n\n\n\n<div class=\"wp-block-group group-arrow has-border-color has-custom-color-2-border-color has-global-padding is-layout-constrained wp-container-core-group-is-layout-189e31cd wp-block-group-is-layout-constrained\" style=\"border-width:2px;border-radius:1000px;min-height:108px\">\n<figure class=\"wp-block-image size-large is-resized left\"><img decoding=\"async\" width=\"20\" height=\"65\" src=\"https:\/\/www.lapineda.com\/wp-content\/uploads\/2026\/05\/longue-fleche-blanc-haut.svg\" alt=\"flecha larga blanca arriba\" class=\"wp-image-2569\" style=\"object-fit:contain;width:50px;height:50px\" \/><\/figure>\n<\/div>\n<\/div>\n<\/div><\/div>\n<\/a><\/div>\n\n\n\n<div class=\"wp-block-column is-vertically-aligned-bottom right is-layout-flow wp-block-column-is-layout-flow\" style=\"flex-basis:40%\"><\/div>\n<\/div>\n<\/div><\/div>\n\n\n\n<div data-swiper=\"{&quot;slidesPerView&quot;:1,&quot;pagination&quot;:{&quot;el&quot;:&quot;.swiper-pagination&quot;,&quot;dynamicBullets&quot;:true,&quot;clickable&quot;:true,&quot;type&quot;:&quot;bullets&quot;},&quot;navigation&quot;:{&quot;nextEl&quot;:&quot;.swiper-button-next&quot;,&quot;prevEl&quot;:&quot;.swiper-button-prev&quot;},&quot;breakpoints&quot;:[{&quot;slidesPerView&quot;:1}],&quot;effect&quot;:&quot;fade&quot;,&quot;autoplay&quot;:&quot;{\\n\\&quot;delay\\&quot;: 4000, \\n    \\&quot;disableOnInteraction\\&quot;: false\\n}&quot;}\" class=\"wp-block-cover is-light banner\" style=\"padding-right:4rem;padding-bottom:8rem;padding-left:4rem;min-height:100vh;aspect-ratio:unset;\"><img decoding=\"async\" width=\"1920\" height=\"1080\" class=\"wp-block-cover__image-background wp-image-3247 size-full\" alt=\"camping avec piscine salou\" src=\"https:\/\/www.lapineda.com\/wp-content\/uploads\/2026\/06\/camping-avec-piscine-salou.jpg\" data-object-fit=\"cover\" srcset=\"https:\/\/www.lapineda.com\/wp-content\/uploads\/2026\/06\/camping-avec-piscine-salou.jpg 1920w, https:\/\/www.lapineda.com\/wp-content\/uploads\/2026\/06\/camping-avec-piscine-salou-300x169.jpg 300w, https:\/\/www.lapineda.com\/wp-content\/uploads\/2026\/06\/camping-avec-piscine-salou-1024x576.jpg 1024w, https:\/\/www.lapineda.com\/wp-content\/uploads\/2026\/06\/camping-avec-piscine-salou-768x432.jpg 768w, https:\/\/www.lapineda.com\/wp-content\/uploads\/2026\/06\/camping-avec-piscine-salou-1536x864.jpg 1536w\" sizes=\"(max-width: 1920px) 100vw, 1920px\" \/><span aria-hidden=\"true\" class=\"wp-block-cover__background has-contrast-background-color has-background-dim-20 has-background-dim\"><\/span><div class=\"wp-block-cover__inner-container has-global-padding is-layout-constrained wp-container-core-cover-is-layout-7c5e7680 wp-block-cover-is-layout-constrained\">\n<div class=\"wp-block-columns are-vertically-aligned-bottom is-layout-flex wp-container-core-columns-is-layout-2de461d8 wp-block-columns-is-layout-flex\">\n<div class=\"wp-block-column is-vertically-aligned-bottom left is-layout-flow wp-block-column-is-layout-flow\" style=\"flex-basis:60%\"><a href=\"https:\/\/www.lapineda.com\/camping-piscine-salou\/\"    class=\"wp-block-tiptip-hyperlink-group-block\" >\n<div data-swiper=\"{&quot;speed&quot;:1000,&quot;autoplay&quot;:{&quot;delay&quot;:5000,&quot;disableOnInteraction&quot;:false},&quot;spaceBetween&quot;:0,&quot;slidesPerView&quot;:1,&quot;pagination&quot;:{&quot;el&quot;:&quot;.swiper-pagination&quot;,&quot;dynamicBullets&quot;:true,&quot;clickable&quot;:true,&quot;type&quot;:&quot;bullets&quot;},&quot;navigation&quot;:{&quot;nextEl&quot;:&quot;.swiper-button-next&quot;,&quot;prevEl&quot;:&quot;.swiper-button-prev&quot;},&quot;breakpoints&quot;:[{&quot;slidesPerView&quot;:1}]}\" class=\"wp-block-cover is-light svg-background\" style=\"margin-bottom:0\"><span aria-hidden=\"true\" class=\"wp-block-cover__background has-background-dim-0 has-background-dim\"><\/span><div class=\"wp-block-cover__inner-container has-global-padding is-layout-constrained wp-container-core-cover-is-layout-73ef16d7 wp-block-cover-is-layout-constrained\">\n<figure class=\"wp-block-image size-large\"><img decoding=\"async\" width=\"318\" height=\"16\" src=\"https:\/\/www.lapineda.com\/wp-content\/uploads\/2026\/05\/trait-vert-clair.svg\" alt=\"l\u00ednea verde claro\" class=\"wp-image-2740\" \/><\/figure>\n\n\n\n<div class=\"wp-block-group is-content-justification-space-between is-nowrap is-layout-flex wp-container-core-group-is-layout-102bd792 wp-block-group-is-layout-flex\">\n<p class=\"has-text-align-left has-base-2-color has-text-color has-link-color has-noar-font-family wp-elements-9 wp-block-paragraph\" style=\"font-size:clamp(3.116rem, 3.116rem + ((1vw - 0.2rem) * 5.14), 6.2rem);font-style:normal;font-weight:500;line-height:1\"><strong>piscina,<br \/>sol\u00e1rium<\/strong><br \/>y 50 hamacas<\/p>\n\n\n\n<div class=\"wp-block-group group-arrow has-border-color has-custom-color-2-border-color has-global-padding is-layout-constrained wp-container-core-group-is-layout-189e31cd wp-block-group-is-layout-constrained\" style=\"border-width:2px;border-radius:1000px;min-height:108px\">\n<figure class=\"wp-block-image size-large is-resized left\"><img decoding=\"async\" width=\"20\" height=\"65\" src=\"https:\/\/www.lapineda.com\/wp-content\/uploads\/2026\/05\/longue-fleche-blanc-haut.svg\" alt=\"flecha larga blanca arriba\" class=\"wp-image-2569\" style=\"object-fit:contain;width:50px;height:50px\" \/><\/figure>\n<\/div>\n<\/div>\n<\/div><\/div>\n<\/a><\/div>\n\n\n\n<div class=\"wp-block-column is-vertically-aligned-bottom right is-layout-flow wp-block-column-is-layout-flow\" style=\"flex-basis:40%\"><\/div>\n<\/div>\n<\/div><\/div>\n\n\n\n<div data-swiper=\"{&quot;slidesPerView&quot;:1,&quot;pagination&quot;:{&quot;el&quot;:&quot;.swiper-pagination&quot;,&quot;dynamicBullets&quot;:true,&quot;clickable&quot;:true,&quot;type&quot;:&quot;bullets&quot;},&quot;navigation&quot;:{&quot;nextEl&quot;:&quot;.swiper-button-next&quot;,&quot;prevEl&quot;:&quot;.swiper-button-prev&quot;},&quot;breakpoints&quot;:[{&quot;slidesPerView&quot;:1}],&quot;effect&quot;:&quot;fade&quot;,&quot;autoplay&quot;:&quot;{\\n\\&quot;delay\\&quot;: 4000, \\n    \\&quot;disableOnInteraction\\&quot;: false\\n}&quot;}\" class=\"wp-block-cover banner\" style=\"padding-right:4rem;padding-bottom:8rem;padding-left:4rem;min-height:100vh;aspect-ratio:unset;\"><img decoding=\"async\" width=\"2560\" height=\"1709\" class=\"wp-block-cover__image-background wp-image-2547 size-full\" alt=\"camping avec pataugeoire et jeux pour enfents pres de salou\" src=\"https:\/\/www.lapineda.com\/wp-content\/uploads\/2026\/05\/camping-avec-pataugeoire-et-jeux-pour-enfents-pres-de-salou.jpg\" data-object-fit=\"cover\" srcset=\"https:\/\/www.lapineda.com\/wp-content\/uploads\/2026\/05\/camping-avec-pataugeoire-et-jeux-pour-enfents-pres-de-salou.jpg 2560w, https:\/\/www.lapineda.com\/wp-content\/uploads\/2026\/05\/camping-avec-pataugeoire-et-jeux-pour-enfents-pres-de-salou-300x200.jpg 300w, https:\/\/www.lapineda.com\/wp-content\/uploads\/2026\/05\/camping-avec-pataugeoire-et-jeux-pour-enfents-pres-de-salou-1024x684.jpg 1024w, https:\/\/www.lapineda.com\/wp-content\/uploads\/2026\/05\/camping-avec-pataugeoire-et-jeux-pour-enfents-pres-de-salou-768x513.jpg 768w, https:\/\/www.lapineda.com\/wp-content\/uploads\/2026\/05\/camping-avec-pataugeoire-et-jeux-pour-enfents-pres-de-salou-1536x1025.jpg 1536w, https:\/\/www.lapineda.com\/wp-content\/uploads\/2026\/05\/camping-avec-pataugeoire-et-jeux-pour-enfents-pres-de-salou-2048x1367.jpg 2048w\" sizes=\"(max-width: 2560px) 100vw, 2560px\" \/><span aria-hidden=\"true\" class=\"wp-block-cover__background has-contrast-background-color has-background-dim-20 has-background-dim\"><\/span><div class=\"wp-block-cover__inner-container has-global-padding is-layout-constrained wp-container-core-cover-is-layout-7c5e7680 wp-block-cover-is-layout-constrained\">\n<div class=\"wp-block-columns are-vertically-aligned-bottom is-layout-flex wp-container-core-columns-is-layout-2de461d8 wp-block-columns-is-layout-flex\">\n<div class=\"wp-block-column is-vertically-aligned-bottom left is-layout-flow wp-block-column-is-layout-flow\" style=\"flex-basis:60%\"><a href=\"https:\/\/www.lapineda.com\/camping-piscine-salou\/\"    class=\"wp-block-tiptip-hyperlink-group-block\" >\n<div data-swiper=\"{&quot;speed&quot;:1000,&quot;autoplay&quot;:{&quot;delay&quot;:5000,&quot;disableOnInteraction&quot;:false},&quot;spaceBetween&quot;:0,&quot;slidesPerView&quot;:1,&quot;pagination&quot;:{&quot;el&quot;:&quot;.swiper-pagination&quot;,&quot;dynamicBullets&quot;:true,&quot;clickable&quot;:true,&quot;type&quot;:&quot;bullets&quot;},&quot;navigation&quot;:{&quot;nextEl&quot;:&quot;.swiper-button-next&quot;,&quot;prevEl&quot;:&quot;.swiper-button-prev&quot;},&quot;breakpoints&quot;:[{&quot;slidesPerView&quot;:1}]}\" class=\"wp-block-cover is-light svg-background\" style=\"margin-bottom:0\"><span aria-hidden=\"true\" class=\"wp-block-cover__background has-background-dim-0 has-background-dim\"><\/span><div class=\"wp-block-cover__inner-container has-global-padding is-layout-constrained wp-container-core-cover-is-layout-73ef16d7 wp-block-cover-is-layout-constrained\">\n<figure class=\"wp-block-image size-large\"><img decoding=\"async\" width=\"318\" height=\"16\" src=\"https:\/\/www.lapineda.com\/wp-content\/uploads\/2026\/05\/trait-vert-clair.svg\" alt=\"l\u00ednea verde claro\" class=\"wp-image-2740\" \/><\/figure>\n\n\n\n<div class=\"wp-block-group is-content-justification-space-between is-nowrap is-layout-flex wp-container-core-group-is-layout-102bd792 wp-block-group-is-layout-flex\">\n<p class=\"has-text-align-left has-base-2-color has-text-color has-link-color has-noar-font-family wp-elements-11 wp-block-paragraph\" style=\"font-size:clamp(3.116rem, 3.116rem + ((1vw - 0.2rem) * 5.14), 6.2rem);font-style:normal;font-weight:500;line-height:1\"><strong>piscina infantil <br \/>y juegos<\/strong> <br \/>para ni\u00f1os<\/p>\n\n\n\n<div class=\"wp-block-group group-arrow has-border-color has-custom-color-2-border-color has-global-padding is-layout-constrained wp-container-core-group-is-layout-189e31cd wp-block-group-is-layout-constrained\" style=\"border-width:2px;border-radius:1000px;min-height:108px\">\n<figure class=\"wp-block-image size-large is-resized left\"><img decoding=\"async\" width=\"20\" height=\"65\" src=\"https:\/\/www.lapineda.com\/wp-content\/uploads\/2026\/05\/longue-fleche-blanc-haut.svg\" alt=\"flecha larga blanca arriba\" class=\"wp-image-2569\" style=\"object-fit:contain;width:50px;height:50px\" \/><\/figure>\n<\/div>\n<\/div>\n<\/div><\/div>\n<\/a><\/div>\n\n\n\n<div class=\"wp-block-column is-vertically-aligned-bottom right is-layout-flow wp-block-column-is-layout-flow\" style=\"flex-basis:40%\"><\/div>\n<\/div>\n<\/div><\/div>\n\n\n\n<div data-swiper=\"{&quot;slidesPerView&quot;:1,&quot;pagination&quot;:{&quot;el&quot;:&quot;.swiper-pagination&quot;,&quot;dynamicBullets&quot;:true,&quot;clickable&quot;:true,&quot;type&quot;:&quot;bullets&quot;},&quot;navigation&quot;:{&quot;nextEl&quot;:&quot;.swiper-button-next&quot;,&quot;prevEl&quot;:&quot;.swiper-button-prev&quot;},&quot;breakpoints&quot;:[{&quot;slidesPerView&quot;:1}],&quot;effect&quot;:&quot;fade&quot;,&quot;autoplay&quot;:&quot;{\\n\\&quot;delay\\&quot;: 4000, \\n    \\&quot;disableOnInteraction\\&quot;: false\\n}&quot;}\" class=\"wp-block-cover banner\" style=\"padding-right:4rem;padding-bottom:8rem;padding-left:4rem;min-height:100vh;aspect-ratio:unset;\"><img decoding=\"async\" width=\"1920\" height=\"1080\" class=\"wp-block-cover__image-background wp-image-3523 size-full\" alt=\"camping toboggan pres de salou\" src=\"https:\/\/www.lapineda.com\/wp-content\/uploads\/2026\/06\/camping-toboggan-pres-de-salou.jpg\" data-object-fit=\"cover\" srcset=\"https:\/\/www.lapineda.com\/wp-content\/uploads\/2026\/06\/camping-toboggan-pres-de-salou.jpg 1920w, https:\/\/www.lapineda.com\/wp-content\/uploads\/2026\/06\/camping-toboggan-pres-de-salou-300x169.jpg 300w, https:\/\/www.lapineda.com\/wp-content\/uploads\/2026\/06\/camping-toboggan-pres-de-salou-1024x576.jpg 1024w, https:\/\/www.lapineda.com\/wp-content\/uploads\/2026\/06\/camping-toboggan-pres-de-salou-768x432.jpg 768w, https:\/\/www.lapineda.com\/wp-content\/uploads\/2026\/06\/camping-toboggan-pres-de-salou-1536x864.jpg 1536w\" sizes=\"(max-width: 1920px) 100vw, 1920px\" \/><span aria-hidden=\"true\" class=\"wp-block-cover__background has-contrast-background-color has-background-dim-20 has-background-dim\"><\/span><div class=\"wp-block-cover__inner-container has-global-padding is-layout-constrained wp-container-core-cover-is-layout-7c5e7680 wp-block-cover-is-layout-constrained\">\n<div class=\"wp-block-columns are-vertically-aligned-bottom is-layout-flex wp-container-core-columns-is-layout-2de461d8 wp-block-columns-is-layout-flex\">\n<div class=\"wp-block-column is-vertically-aligned-bottom left is-layout-flow wp-block-column-is-layout-flow\" style=\"flex-basis:60%\"><a href=\"https:\/\/www.lapineda.com\/camping-piscine-salou\/\"    class=\"wp-block-tiptip-hyperlink-group-block\" >\n<div data-swiper=\"{&quot;speed&quot;:1000,&quot;autoplay&quot;:{&quot;delay&quot;:5000,&quot;disableOnInteraction&quot;:false},&quot;spaceBetween&quot;:0,&quot;slidesPerView&quot;:1,&quot;pagination&quot;:{&quot;el&quot;:&quot;.swiper-pagination&quot;,&quot;dynamicBullets&quot;:true,&quot;clickable&quot;:true,&quot;type&quot;:&quot;bullets&quot;},&quot;navigation&quot;:{&quot;nextEl&quot;:&quot;.swiper-button-next&quot;,&quot;prevEl&quot;:&quot;.swiper-button-prev&quot;},&quot;breakpoints&quot;:[{&quot;slidesPerView&quot;:1}]}\" class=\"wp-block-cover is-light svg-background\" style=\"margin-bottom:0\"><span aria-hidden=\"true\" class=\"wp-block-cover__background has-background-dim-0 has-background-dim\"><\/span><div class=\"wp-block-cover__inner-container has-global-padding is-layout-constrained wp-container-core-cover-is-layout-73ef16d7 wp-block-cover-is-layout-constrained\">\n<figure class=\"wp-block-image size-large\"><img decoding=\"async\" width=\"318\" height=\"16\" src=\"https:\/\/www.lapineda.com\/wp-content\/uploads\/2026\/05\/trait-vert-clair.svg\" alt=\"l\u00ednea verde claro\" class=\"wp-image-2740\" \/><\/figure>\n\n\n\n<div class=\"wp-block-group is-content-justification-space-between is-nowrap is-layout-flex wp-container-core-group-is-layout-102bd792 wp-block-group-is-layout-flex\">\n<p class=\"has-text-align-left has-base-2-color has-text-color has-link-color has-noar-font-family wp-elements-13 wp-block-paragraph\" style=\"font-size:clamp(3.116rem, 3.116rem + ((1vw - 0.2rem) * 5.14), 6.2rem);font-style:normal;font-weight:500;line-height:1\">varios<br \/><strong>toboganes<\/strong><\/p>\n\n\n\n<div class=\"wp-block-group group-arrow has-border-color has-custom-color-2-border-color has-global-padding is-layout-constrained wp-container-core-group-is-layout-189e31cd wp-block-group-is-layout-constrained\" style=\"border-width:2px;border-radius:1000px;min-height:108px\">\n<figure class=\"wp-block-image size-large is-resized left\"><img decoding=\"async\" width=\"20\" height=\"65\" src=\"https:\/\/www.lapineda.com\/wp-content\/uploads\/2026\/05\/longue-fleche-blanc-haut.svg\" alt=\"flecha larga blanca arriba\" class=\"wp-image-2569\" style=\"object-fit:contain;width:50px;height:50px\" \/><\/figure>\n<\/div>\n<\/div>\n<\/div><\/div>\n<\/a><\/div>\n\n\n\n<div class=\"wp-block-column is-vertically-aligned-bottom right is-layout-flow wp-block-column-is-layout-flow\" style=\"flex-basis:40%\"><\/div>\n<\/div>\n<\/div><\/div>\n<\/div>\n\n\n\n<div class=\"wp-block-columns fake-pagination is-layout-flex wp-container-core-columns-is-layout-3a88641f wp-block-columns-is-layout-flex\">\n<div class=\"wp-block-column active has-border-color has-base-2-border-color is-layout-flow wp-block-column-is-layout-flow\" style=\"border-width:2px;border-top-left-radius:100px;border-top-right-radius:100px;border-bottom-left-radius:100px;border-bottom-right-radius:100px\">\n<div data-swiper=\"{&quot;speed&quot;:1000,&quot;autoplay&quot;:{&quot;delay&quot;:5000,&quot;disableOnInteraction&quot;:false},&quot;spaceBetween&quot;:0,&quot;slidesPerView&quot;:1,&quot;pagination&quot;:{&quot;el&quot;:&quot;.swiper-pagination&quot;,&quot;dynamicBullets&quot;:true,&quot;clickable&quot;:true,&quot;type&quot;:&quot;bullets&quot;},&quot;navigation&quot;:{&quot;nextEl&quot;:&quot;.swiper-button-next&quot;,&quot;prevEl&quot;:&quot;.swiper-button-prev&quot;},&quot;breakpoints&quot;:[{&quot;slidesPerView&quot;:1}]}\" class=\"wp-block-cover is-light\" style=\"border-top-left-radius:100px;border-top-right-radius:100px;border-bottom-left-radius:100px;border-bottom-right-radius:100px\"><img decoding=\"async\" width=\"1920\" height=\"1362\" class=\"wp-block-cover__image-background wp-image-2541 size-full\" alt=\"camping avec espace aquatique a salou\" src=\"https:\/\/www.lapineda.com\/wp-content\/uploads\/2026\/05\/camping-avec-espace-aquatique-a-salou.jpg\" data-object-fit=\"cover\" srcset=\"https:\/\/www.lapineda.com\/wp-content\/uploads\/2026\/05\/camping-avec-espace-aquatique-a-salou.jpg 1920w, https:\/\/www.lapineda.com\/wp-content\/uploads\/2026\/05\/camping-avec-espace-aquatique-a-salou-300x213.jpg 300w, https:\/\/www.lapineda.com\/wp-content\/uploads\/2026\/05\/camping-avec-espace-aquatique-a-salou-1024x726.jpg 1024w, https:\/\/www.lapineda.com\/wp-content\/uploads\/2026\/05\/camping-avec-espace-aquatique-a-salou-768x545.jpg 768w, https:\/\/www.lapineda.com\/wp-content\/uploads\/2026\/05\/camping-avec-espace-aquatique-a-salou-1536x1090.jpg 1536w\" sizes=\"(max-width: 1920px) 100vw, 1920px\" \/><span aria-hidden=\"true\" class=\"wp-block-cover__background has-base-2-background-color has-background-dim-60 has-background-dim\"><\/span><div class=\"wp-block-cover__inner-container has-global-padding is-layout-constrained wp-container-core-cover-is-layout-6b3b7742 wp-block-cover-is-layout-constrained\">\n<p class=\"has-text-align-center has-large-font-size wp-block-paragraph\"><\/p>\n<\/div><\/div>\n<\/div>\n\n\n\n<div class=\"wp-block-column has-border-color is-layout-flow wp-block-column-is-layout-flow\" style=\"border-color:#ffffff;border-width:2px;border-top-left-radius:100px;border-top-right-radius:100px;border-bottom-left-radius:100px;border-bottom-right-radius:100px\">\n<div data-swiper=\"{&quot;speed&quot;:1000,&quot;autoplay&quot;:{&quot;delay&quot;:5000,&quot;disableOnInteraction&quot;:false},&quot;spaceBetween&quot;:0,&quot;slidesPerView&quot;:1,&quot;pagination&quot;:{&quot;el&quot;:&quot;.swiper-pagination&quot;,&quot;dynamicBullets&quot;:true,&quot;clickable&quot;:true,&quot;type&quot;:&quot;bullets&quot;},&quot;navigation&quot;:{&quot;nextEl&quot;:&quot;.swiper-button-next&quot;,&quot;prevEl&quot;:&quot;.swiper-button-prev&quot;},&quot;breakpoints&quot;:[{&quot;slidesPerView&quot;:1}]}\" class=\"wp-block-cover is-light\" style=\"border-top-left-radius:100px;border-top-right-radius:100px;border-bottom-left-radius:100px;border-bottom-right-radius:100px\"><img decoding=\"async\" width=\"1920\" height=\"1281\" class=\"wp-block-cover__image-background wp-image-2545 size-full\" alt=\"camping avec piscine solarium pres de salou\" src=\"https:\/\/www.lapineda.com\/wp-content\/uploads\/2026\/05\/camping-avec-piscine-solarium-pres-de-salou.jpg\" data-object-fit=\"cover\" srcset=\"https:\/\/www.lapineda.com\/wp-content\/uploads\/2026\/05\/camping-avec-piscine-solarium-pres-de-salou.jpg 1920w, https:\/\/www.lapineda.com\/wp-content\/uploads\/2026\/05\/camping-avec-piscine-solarium-pres-de-salou-300x200.jpg 300w, https:\/\/www.lapineda.com\/wp-content\/uploads\/2026\/05\/camping-avec-piscine-solarium-pres-de-salou-1024x683.jpg 1024w, https:\/\/www.lapineda.com\/wp-content\/uploads\/2026\/05\/camping-avec-piscine-solarium-pres-de-salou-768x512.jpg 768w, https:\/\/www.lapineda.com\/wp-content\/uploads\/2026\/05\/camping-avec-piscine-solarium-pres-de-salou-1536x1025.jpg 1536w\" sizes=\"(max-width: 1920px) 100vw, 1920px\" \/><span aria-hidden=\"true\" class=\"wp-block-cover__background has-base-2-background-color has-background-dim-60 has-background-dim\"><\/span><div class=\"wp-block-cover__inner-container has-global-padding is-layout-constrained wp-container-core-cover-is-layout-6b3b7742 wp-block-cover-is-layout-constrained\">\n<p class=\"has-text-align-center has-large-font-size wp-block-paragraph\"><\/p>\n<\/div><\/div>\n<\/div>\n\n\n\n<div class=\"wp-block-column has-border-color has-base-2-border-color is-layout-flow wp-block-column-is-layout-flow\" style=\"border-width:2px;border-top-left-radius:100px;border-top-right-radius:100px;border-bottom-left-radius:100px;border-bottom-right-radius:100px\">\n<div data-swiper=\"{&quot;speed&quot;:1000,&quot;autoplay&quot;:{&quot;delay&quot;:5000,&quot;disableOnInteraction&quot;:false},&quot;spaceBetween&quot;:0,&quot;slidesPerView&quot;:1,&quot;pagination&quot;:{&quot;el&quot;:&quot;.swiper-pagination&quot;,&quot;dynamicBullets&quot;:true,&quot;clickable&quot;:true,&quot;type&quot;:&quot;bullets&quot;},&quot;navigation&quot;:{&quot;nextEl&quot;:&quot;.swiper-button-next&quot;,&quot;prevEl&quot;:&quot;.swiper-button-prev&quot;},&quot;breakpoints&quot;:[{&quot;slidesPerView&quot;:1}]}\" class=\"wp-block-cover is-light\" style=\"border-top-left-radius:100px;border-top-right-radius:100px;border-bottom-left-radius:100px;border-bottom-right-radius:100px\"><img decoding=\"async\" width=\"2560\" height=\"1709\" class=\"wp-block-cover__image-background wp-image-2547 size-full\" alt=\"camping avec pataugeoire et jeux pour enfents pres de salou\" src=\"https:\/\/www.lapineda.com\/wp-content\/uploads\/2026\/05\/camping-avec-pataugeoire-et-jeux-pour-enfents-pres-de-salou.jpg\" data-object-fit=\"cover\" srcset=\"https:\/\/www.lapineda.com\/wp-content\/uploads\/2026\/05\/camping-avec-pataugeoire-et-jeux-pour-enfents-pres-de-salou.jpg 2560w, https:\/\/www.lapineda.com\/wp-content\/uploads\/2026\/05\/camping-avec-pataugeoire-et-jeux-pour-enfents-pres-de-salou-300x200.jpg 300w, https:\/\/www.lapineda.com\/wp-content\/uploads\/2026\/05\/camping-avec-pataugeoire-et-jeux-pour-enfents-pres-de-salou-1024x684.jpg 1024w, https:\/\/www.lapineda.com\/wp-content\/uploads\/2026\/05\/camping-avec-pataugeoire-et-jeux-pour-enfents-pres-de-salou-768x513.jpg 768w, https:\/\/www.lapineda.com\/wp-content\/uploads\/2026\/05\/camping-avec-pataugeoire-et-jeux-pour-enfents-pres-de-salou-1536x1025.jpg 1536w, https:\/\/www.lapineda.com\/wp-content\/uploads\/2026\/05\/camping-avec-pataugeoire-et-jeux-pour-enfents-pres-de-salou-2048x1367.jpg 2048w\" sizes=\"(max-width: 2560px) 100vw, 2560px\" \/><span aria-hidden=\"true\" class=\"wp-block-cover__background has-base-2-background-color has-background-dim-60 has-background-dim\"><\/span><div class=\"wp-block-cover__inner-container has-global-padding is-layout-constrained wp-container-core-cover-is-layout-6b3b7742 wp-block-cover-is-layout-constrained\">\n<p class=\"has-text-align-center has-large-font-size wp-block-paragraph\"><\/p>\n<\/div><\/div>\n<\/div>\n\n\n\n<div class=\"wp-block-column has-border-color has-base-2-border-color is-layout-flow wp-block-column-is-layout-flow\" style=\"border-width:2px;border-top-left-radius:100px;border-top-right-radius:100px;border-bottom-left-radius:100px;border-bottom-right-radius:100px\">\n<div data-swiper=\"{&quot;speed&quot;:1000,&quot;autoplay&quot;:{&quot;delay&quot;:5000,&quot;disableOnInteraction&quot;:false},&quot;spaceBetween&quot;:0,&quot;slidesPerView&quot;:1,&quot;pagination&quot;:{&quot;el&quot;:&quot;.swiper-pagination&quot;,&quot;dynamicBullets&quot;:true,&quot;clickable&quot;:true,&quot;type&quot;:&quot;bullets&quot;},&quot;navigation&quot;:{&quot;nextEl&quot;:&quot;.swiper-button-next&quot;,&quot;prevEl&quot;:&quot;.swiper-button-prev&quot;},&quot;breakpoints&quot;:[{&quot;slidesPerView&quot;:1}]}\" class=\"wp-block-cover is-light\" style=\"border-top-left-radius:100px;border-top-right-radius:100px;border-bottom-left-radius:100px;border-bottom-right-radius:100px\"><img decoding=\"async\" width=\"1920\" height=\"1080\" class=\"wp-block-cover__image-background wp-image-3523 size-full\" alt=\"camping toboggan pres de salou\" src=\"https:\/\/www.lapineda.com\/wp-content\/uploads\/2026\/06\/camping-toboggan-pres-de-salou.jpg\" data-object-fit=\"cover\" srcset=\"https:\/\/www.lapineda.com\/wp-content\/uploads\/2026\/06\/camping-toboggan-pres-de-salou.jpg 1920w, https:\/\/www.lapineda.com\/wp-content\/uploads\/2026\/06\/camping-toboggan-pres-de-salou-300x169.jpg 300w, https:\/\/www.lapineda.com\/wp-content\/uploads\/2026\/06\/camping-toboggan-pres-de-salou-1024x576.jpg 1024w, https:\/\/www.lapineda.com\/wp-content\/uploads\/2026\/06\/camping-toboggan-pres-de-salou-768x432.jpg 768w, https:\/\/www.lapineda.com\/wp-content\/uploads\/2026\/06\/camping-toboggan-pres-de-salou-1536x864.jpg 1536w\" sizes=\"(max-width: 1920px) 100vw, 1920px\" \/><span aria-hidden=\"true\" class=\"wp-block-cover__background has-base-2-background-color has-background-dim-60 has-background-dim\"><\/span><div class=\"wp-block-cover__inner-container has-global-padding is-layout-constrained wp-container-core-cover-is-layout-6b3b7742 wp-block-cover-is-layout-constrained\">\n<p class=\"has-text-align-center has-large-font-size wp-block-paragraph\"><\/p>\n<\/div><\/div>\n<\/div>\n<\/div>\n<\/div>\n\n\n\n<figure class=\"wp-block-image size-large separator-img mtop\"><img decoding=\"async\" width=\"1977\" height=\"48\" src=\"https:\/\/www.lapineda.com\/wp-content\/uploads\/2026\/05\/trait-separateur.svg\" alt=\"l\u00ednea separadora\" class=\"wp-image-2560\" \/><\/figure>\n\n\n\n<div class=\"wp-block-group content has-global-padding is-layout-constrained wp-container-core-group-is-layout-48eb69b3 wp-block-group-is-layout-constrained\" style=\"padding-top:5rem;padding-bottom:5rem\">\n<h2 class=\"wp-block-heading has-text-align-center has-custom-color-1-color has-text-color has-link-color wp-elements-15\"><strong>Parque acu\u00e1tico<\/strong>: 100 % diversi\u00f3n en el camping cerca de Tarragona<\/h2>\n\n\n\n<p class=\"has-text-align-center wp-block-paragraph\">Nuestro <strong>parque acu\u00e1tico<\/strong> te ofrece 1 500 m\u00b2 de pura diversi\u00f3n veraniega. Te esperan <strong>tres piscinas<\/strong>: una climatizada a 28 \u00b0C con chorros<strong>de hidromasaje<\/strong> para el cuello y la espalda, una <strong>piscina semiol\u00edmpica<\/strong> de 25 \u00d7 12,5 m con carriles de nataci\u00f3n y una piscina infantil multicolor para los m\u00e1s peque\u00f1os. El <strong>tobog\u00e1n<\/strong> acu\u00e1tico de 36 metros te garantiza emociones fuertes, mientras que el <strong>sol\u00e1rium<\/strong>, con tumbonas gratuitas, te invita a disfrutar de largos ratos tomando el sol. Un espacio pensado para relajarse y divertirse, al que puede acceder toda la familia.  <\/p>\n\n\n\n<p class=\"has-text-align-center wp-block-paragraph\">Venez profiter de notre <a href=\"https:\/\/www.lapineda.com\/camping-piscine-salou\/\" data-type=\"page\" data-id=\"2459\">parc aquatique proche des plages de Salou<\/a> ouvert toute la saison !<\/p>\n<\/div>\n<\/div>\n\n<div class=\"wp-block-group section-3 has-global-padding is-layout-constrained wp-container-core-group-is-layout-eb4eed6e wp-block-group-is-layout-constrained\" style=\"margin-top:0rem;padding-top:6rem;padding-bottom:6rem\">\n<div class=\"wp-block-columns are-vertically-aligned-center is-layout-flex wp-container-core-columns-is-layout-3a88641f wp-block-columns-is-layout-flex\">\n<div class=\"wp-block-column is-vertically-aligned-center left is-layout-flow wp-block-column-is-layout-flow\" style=\"flex-basis:40%\">\n<div data-swiper=\"{&quot;speed&quot;:1000,&quot;autoplay&quot;:{&quot;delay&quot;:5000,&quot;disableOnInteraction&quot;:false},&quot;spaceBetween&quot;:0,&quot;slidesPerView&quot;:1,&quot;pagination&quot;:{&quot;el&quot;:&quot;.swiper-pagination&quot;,&quot;dynamicBullets&quot;:true,&quot;clickable&quot;:true,&quot;type&quot;:&quot;bullets&quot;},&quot;navigation&quot;:{&quot;nextEl&quot;:&quot;.swiper-button-next&quot;,&quot;prevEl&quot;:&quot;.swiper-button-prev&quot;},&quot;breakpoints&quot;:[{&quot;slidesPerView&quot;:1}]}\" class=\"wp-block-cover is-light\" style=\"border-top-left-radius:500px;border-top-right-radius:500px;padding-top:0px;padding-right:0px;padding-bottom:0px;padding-left:0px\"><img decoding=\"async\" width=\"982\" height=\"1286\" class=\"wp-block-cover__image-background wp-image-3526 size-full\" alt=\"camping nature proche salou\" src=\"https:\/\/www.lapineda.com\/wp-content\/uploads\/2026\/06\/camping-nature-proche-salou.jpg\" data-object-fit=\"cover\" srcset=\"https:\/\/www.lapineda.com\/wp-content\/uploads\/2026\/06\/camping-nature-proche-salou.jpg 982w, https:\/\/www.lapineda.com\/wp-content\/uploads\/2026\/06\/camping-nature-proche-salou-229x300.jpg 229w, https:\/\/www.lapineda.com\/wp-content\/uploads\/2026\/06\/camping-nature-proche-salou-782x1024.jpg 782w, https:\/\/www.lapineda.com\/wp-content\/uploads\/2026\/06\/camping-nature-proche-salou-768x1006.jpg 768w\" sizes=\"(max-width: 982px) 100vw, 982px\" \/><span aria-hidden=\"true\" class=\"wp-block-cover__background has-background-dim-0 has-background-dim\"><\/span><div class=\"wp-block-cover__inner-container has-global-padding is-layout-constrained wp-container-core-cover-is-layout-1b7a6f8b wp-block-cover-is-layout-constrained\">\n<p class=\"has-text-align-center has-large-font-size wp-block-paragraph\"><\/p>\n<\/div><\/div>\n\n\n\n<figure class=\"wp-block-image size-large backgound-img\"><img decoding=\"async\" width=\"683\" height=\"1024\" src=\"https:\/\/www.lapineda.com\/wp-content\/uploads\/2026\/05\/fond-hibiscus-683x1024.jpg\" alt=\"fondo de hibisco\" class=\"wp-image-2586\" srcset=\"https:\/\/www.lapineda.com\/wp-content\/uploads\/2026\/05\/fond-hibiscus-683x1024.jpg 683w, https:\/\/www.lapineda.com\/wp-content\/uploads\/2026\/05\/fond-hibiscus-200x300.jpg 200w, https:\/\/www.lapineda.com\/wp-content\/uploads\/2026\/05\/fond-hibiscus-768x1152.jpg 768w, https:\/\/www.lapineda.com\/wp-content\/uploads\/2026\/05\/fond-hibiscus-1024x1536.jpg 1024w, https:\/\/www.lapineda.com\/wp-content\/uploads\/2026\/05\/fond-hibiscus-1365x2048.jpg 1365w, https:\/\/www.lapineda.com\/wp-content\/uploads\/2026\/05\/fond-hibiscus-scaled.jpg 1707w\" sizes=\"(max-width: 683px) 100vw, 683px\" \/><\/figure>\n<\/div>\n\n\n\n<div class=\"wp-block-column is-vertically-aligned-center right is-layout-flow wp-block-column-is-layout-flow\" style=\"padding-right:4rem;padding-left:4rem;flex-basis:60%\">\n<p class=\"has-text-align-center sub-title center has-custom-color-2-color has-text-color has-link-color has-noar-font-family wp-elements-16 wp-block-paragraph\" style=\"border-bottom-color:var(--wp--preset--color--custom-color-2);border-bottom-width:1px;padding-top:3px;padding-right:30px;padding-bottom:3px;padding-left:30px;font-size:clamp(1.119rem, 1.119rem + ((1vw - 0.2rem) * 1.052), 1.75rem);font-style:normal;font-weight:400\">LA PINEDA<\/p>\n\n\n\n<p class=\"has-text-align-center has-custom-color-2-color has-text-color has-link-color has-ideas-font-family wp-elements-17 wp-block-paragraph\" style=\"font-size:clamp(2.75rem, 2.75rem + ((1vw - 0.2rem) * 4.233), 5.29rem);line-height:1\">Aut\u00e9ntico<\/p>\n\n\n\n<p class=\"has-text-align-center has-custom-color-2-color has-text-color has-link-color has-noar-font-family wp-elements-18 wp-block-paragraph\" style=\"margin-top:0px;margin-bottom:20px;font-size:clamp(2.75rem, 2.75rem + ((1vw - 0.2rem) * 4.233), 5.29rem);line-height:0.7;text-transform:uppercase\">BOSQUE URBANO<\/p>\n\n\n\n<h2 class=\"wp-block-heading has-text-align-center has-custom-color-1-color has-text-color has-link-color wp-elements-19\"><strong>En plena naturaleza<\/strong>: desconecta <br \/>entre Salou y Tarragona<\/h2>\n\n\n\n<p class=\"has-text-align-center wp-block-paragraph\">Nuestro camping cerca de Salou es mucho m\u00e1s que un lugar donde alojarte: es un aut\u00e9ntico <strong>pulm\u00f3n verde<\/strong>. M\u00e1s de 12 000 \u00e1rboles y arbustos mediterr\u00e1neos \u2014moreras, olivos, pinos, palmeras, acacias, cipreses y muchos m\u00e1s\u2014 crean<strong> espacios sombreados naturales<\/strong> donde da gusto relajarse. El microclima \u00fanico de La Pineda Platja te trae una brisita cada tarde, lo que hace que las noches sean frescas y agradables incluso en pleno agosto. Nuestra mascota, \u00abLa Palmira\u00bb, que est\u00e1 a la entrada del camping, representa ese profundo amor por la naturaleza que gu\u00eda cada decisi\u00f3n del establecimiento.   <\/p>\n\n\n\n<p class=\"has-text-align-center wp-block-paragraph\">D\u00e9couvrez nos <a href=\"https:\/\/www.lapineda.com\/camping-ecologique-salou\/\" data-type=\"page\" data-id=\"2451\">engagements environnementaux<\/a> pour pr\u00e9server ce cadre exceptionnel.<\/p>\n<\/div>\n<\/div>\n<\/div>\n\n<div class=\"wp-block-group section-4 has-global-padding is-layout-constrained wp-container-core-group-is-layout-07a29e68 wp-block-group-is-layout-constrained\" style=\"padding-right:0px;padding-bottom:0;padding-left:0px\">\n<div class=\"wp-block-group banner has-global-padding is-layout-constrained wp-container-core-group-is-layout-6b3b7742 wp-block-group-is-layout-constrained\">\n<figure class=\"wp-block-image size-large cursor\"><img decoding=\"async\" width=\"112\" height=\"112\" src=\"https:\/\/www.lapineda.com\/wp-content\/uploads\/2025\/10\/cursor-beige.svg\" alt=\"cursor beige\" class=\"wp-image-456\" \/><\/figure>\n\n\n\n<div data-swiper=\"{&quot;speed&quot;:400,&quot;spaceBetween&quot;:16,&quot;slidesPerView&quot;:1,&quot;createElements&quot;:true,&quot;loop&quot;:true,&quot;freemode&quot;:true,&quot;navigation&quot;:{&quot;nextEl&quot;:&quot;buttonNext&quot;,&quot;prevEl&quot;:&quot;buttonPrev&quot;},&quot;breakpoints&quot;:[],&quot;effect&quot;:&quot;fade&quot;,&quot;autoplay&quot;:{&quot;delay&quot;:&quot;4000&quot;,&quot;disableOnInteraction&quot;:true}}\" class=\"wp-block-group gt-is-slider gt-is-slider-desktop has-global-padding is-layout-constrained wp-container-core-group-is-layout-6b3b7742 wp-block-group-is-layout-constrained\"><a href=\"https:\/\/www.lapineda.com\/location-mobil-home-salou\/\"    class=\"wp-block-tiptip-hyperlink-group-block\" >\n<div data-swiper=\"{&quot;speed&quot;:1000,&quot;autoplay&quot;:{&quot;delay&quot;:5000,&quot;disableOnInteraction&quot;:false},&quot;spaceBetween&quot;:0,&quot;slidesPerView&quot;:1,&quot;pagination&quot;:{&quot;el&quot;:&quot;.swiper-pagination&quot;,&quot;dynamicBullets&quot;:true,&quot;clickable&quot;:true,&quot;type&quot;:&quot;bullets&quot;},&quot;navigation&quot;:{&quot;nextEl&quot;:&quot;.swiper-button-next&quot;,&quot;prevEl&quot;:&quot;.swiper-button-prev&quot;},&quot;breakpoints&quot;:[{&quot;slidesPerView&quot;:1}]}\" class=\"wp-block-cover\" style=\"min-height:100vh;aspect-ratio:unset;\"><img decoding=\"async\" width=\"2560\" height=\"1708\" class=\"wp-block-cover__image-background wp-image-2594 size-full\" alt=\"location mobil homes a salou\" src=\"https:\/\/www.lapineda.com\/wp-content\/uploads\/2026\/05\/location-mobil-homes-a-salou.jpg\" data-object-fit=\"cover\" srcset=\"https:\/\/www.lapineda.com\/wp-content\/uploads\/2026\/05\/location-mobil-homes-a-salou.jpg 2560w, https:\/\/www.lapineda.com\/wp-content\/uploads\/2026\/05\/location-mobil-homes-a-salou-300x200.jpg 300w, https:\/\/www.lapineda.com\/wp-content\/uploads\/2026\/05\/location-mobil-homes-a-salou-1024x683.jpg 1024w, https:\/\/www.lapineda.com\/wp-content\/uploads\/2026\/05\/location-mobil-homes-a-salou-768x512.jpg 768w, https:\/\/www.lapineda.com\/wp-content\/uploads\/2026\/05\/location-mobil-homes-a-salou-1536x1025.jpg 1536w, https:\/\/www.lapineda.com\/wp-content\/uploads\/2026\/05\/location-mobil-homes-a-salou-2048x1366.jpg 2048w\" sizes=\"(max-width: 2560px) 100vw, 2560px\" \/><span aria-hidden=\"true\" class=\"wp-block-cover__background has-contrast-background-color has-background-dim-40 has-background-dim\"><\/span><div class=\"wp-block-cover__inner-container has-global-padding is-layout-constrained wp-container-core-cover-is-layout-6b3b7742 wp-block-cover-is-layout-constrained\">\n<p class=\"has-text-align-center sub-title center has-border-color has-custom-color-2-border-color has-base-2-color has-text-color has-link-color has-noar-font-family wp-elements-20 wp-block-paragraph\" style=\"border-width:1px;border-radius:100px;padding-top:3px;padding-right:30px;padding-bottom:3px;padding-left:30px;font-size:clamp(0.918rem, 0.918rem + ((1vw - 0.2rem) * 0.77), 1.38rem);font-style:normal;font-weight:400\">Nos locatifs<img decoding=\"async\" width=\"35\" height=\"11\" class=\"wp-image-2536\" style=\"width: 35px\" src=\"https:\/\/www.lapineda.com\/wp-content\/uploads\/2026\/05\/longue-fleche-blanc.svg\" alt=\"longue fleche blanc\" \/><\/p>\n\n\n\n<p class=\"has-text-align-center has-custom-color-2-color has-text-color has-link-color has-noar-font-family wp-elements-21 wp-block-paragraph\" style=\"font-size:clamp(3.073rem, 3.073rem + ((1vw - 0.2rem) * 5.028), 6.09rem);font-style:normal;font-weight:700;line-height:1\">Dormir <br \/>entre los \u00e1rboles<\/p>\n<\/div><\/div>\n<\/a>\n\n<a href=\"https:\/\/www.lapineda.com\/location-mobil-home-salou\/#bungalows\"    class=\"wp-block-tiptip-hyperlink-group-block\" >\n<div data-swiper=\"{&quot;speed&quot;:1000,&quot;autoplay&quot;:{&quot;delay&quot;:5000,&quot;disableOnInteraction&quot;:false},&quot;spaceBetween&quot;:0,&quot;slidesPerView&quot;:1,&quot;pagination&quot;:{&quot;el&quot;:&quot;.swiper-pagination&quot;,&quot;dynamicBullets&quot;:true,&quot;clickable&quot;:true,&quot;type&quot;:&quot;bullets&quot;},&quot;navigation&quot;:{&quot;nextEl&quot;:&quot;.swiper-button-next&quot;,&quot;prevEl&quot;:&quot;.swiper-button-prev&quot;},&quot;breakpoints&quot;:[{&quot;slidesPerView&quot;:1}]}\" class=\"wp-block-cover\" style=\"min-height:100vh;aspect-ratio:unset;\"><img decoding=\"async\" width=\"1920\" height=\"1080\" class=\"wp-block-cover__image-background wp-image-3528 size-full\" alt=\"location bunglow a salou\" src=\"https:\/\/www.lapineda.com\/wp-content\/uploads\/2026\/06\/location-bunglow-a-salou.jpg\" data-object-fit=\"cover\" srcset=\"https:\/\/www.lapineda.com\/wp-content\/uploads\/2026\/06\/location-bunglow-a-salou.jpg 1920w, https:\/\/www.lapineda.com\/wp-content\/uploads\/2026\/06\/location-bunglow-a-salou-300x169.jpg 300w, https:\/\/www.lapineda.com\/wp-content\/uploads\/2026\/06\/location-bunglow-a-salou-1024x576.jpg 1024w, https:\/\/www.lapineda.com\/wp-content\/uploads\/2026\/06\/location-bunglow-a-salou-768x432.jpg 768w, https:\/\/www.lapineda.com\/wp-content\/uploads\/2026\/06\/location-bunglow-a-salou-1536x864.jpg 1536w\" sizes=\"(max-width: 1920px) 100vw, 1920px\" \/><span aria-hidden=\"true\" class=\"wp-block-cover__background has-contrast-background-color has-background-dim-40 has-background-dim\"><\/span><div class=\"wp-block-cover__inner-container has-global-padding is-layout-constrained wp-container-core-cover-is-layout-6b3b7742 wp-block-cover-is-layout-constrained\">\n<p class=\"has-text-align-center sub-title center has-border-color has-custom-color-2-border-color has-base-2-color has-text-color has-link-color has-noar-font-family wp-elements-24 wp-block-paragraph\" style=\"border-width:1px;border-radius:100px;padding-top:3px;padding-right:30px;padding-bottom:3px;padding-left:30px;font-size:clamp(0.918rem, 0.918rem + ((1vw - 0.2rem) * 0.77), 1.38rem);font-style:normal;font-weight:400\">Nos BUNGALOWS<img decoding=\"async\" width=\"35\" height=\"11\" class=\"wp-image-2536\" style=\"width: 35px\" src=\"https:\/\/www.lapineda.com\/wp-content\/uploads\/2026\/05\/longue-fleche-blanc.svg\" alt=\"longue fleche blanc\" \/><\/p>\n\n\n\n<p class=\"has-text-align-center has-custom-color-2-color has-text-color has-link-color has-noar-font-family wp-elements-25 wp-block-paragraph\" style=\"font-size:clamp(3.073rem, 3.073rem + ((1vw - 0.2rem) * 5.028), 6.09rem);font-style:normal;font-weight:700;line-height:1\">Bungalows <br \/>en un oasis natural<\/p>\n<\/div><\/div>\n<\/a>\n\n<a href=\"https:\/\/www.lapineda.com\/location-mobil-home-salou\/#emplacements\"    class=\"wp-block-tiptip-hyperlink-group-block\" >\n<div data-swiper=\"{&quot;speed&quot;:1000,&quot;autoplay&quot;:{&quot;delay&quot;:5000,&quot;disableOnInteraction&quot;:false},&quot;spaceBetween&quot;:0,&quot;slidesPerView&quot;:1,&quot;pagination&quot;:{&quot;el&quot;:&quot;.swiper-pagination&quot;,&quot;dynamicBullets&quot;:true,&quot;clickable&quot;:true,&quot;type&quot;:&quot;bullets&quot;},&quot;navigation&quot;:{&quot;nextEl&quot;:&quot;.swiper-button-next&quot;,&quot;prevEl&quot;:&quot;.swiper-button-prev&quot;},&quot;breakpoints&quot;:[{&quot;slidesPerView&quot;:1}]}\" class=\"wp-block-cover\" style=\"min-height:100vh;aspect-ratio:unset;\"><img decoding=\"async\" width=\"1920\" height=\"1362\" class=\"wp-block-cover__image-background wp-image-2600 size-full\" alt=\"location emplacements a salou\" src=\"https:\/\/www.lapineda.com\/wp-content\/uploads\/2026\/05\/location-emplacements-a-salou.jpg\" data-object-fit=\"cover\" srcset=\"https:\/\/www.lapineda.com\/wp-content\/uploads\/2026\/05\/location-emplacements-a-salou.jpg 1920w, https:\/\/www.lapineda.com\/wp-content\/uploads\/2026\/05\/location-emplacements-a-salou-300x213.jpg 300w, https:\/\/www.lapineda.com\/wp-content\/uploads\/2026\/05\/location-emplacements-a-salou-1024x726.jpg 1024w, https:\/\/www.lapineda.com\/wp-content\/uploads\/2026\/05\/location-emplacements-a-salou-768x545.jpg 768w, https:\/\/www.lapineda.com\/wp-content\/uploads\/2026\/05\/location-emplacements-a-salou-1536x1090.jpg 1536w\" sizes=\"(max-width: 1920px) 100vw, 1920px\" \/><span aria-hidden=\"true\" class=\"wp-block-cover__background has-contrast-background-color has-background-dim-40 has-background-dim\"><\/span><div class=\"wp-block-cover__inner-container has-global-padding is-layout-constrained wp-container-core-cover-is-layout-6b3b7742 wp-block-cover-is-layout-constrained\">\n<p class=\"has-text-align-center sub-title center has-border-color has-custom-color-2-border-color has-base-2-color has-text-color has-link-color has-noar-font-family wp-elements-28 wp-block-paragraph\" style=\"border-width:1px;border-radius:100px;padding-top:3px;padding-right:30px;padding-bottom:3px;padding-left:30px;font-size:clamp(0.918rem, 0.918rem + ((1vw - 0.2rem) * 0.77), 1.38rem);font-style:normal;font-weight:400\">Nos emplacements<img decoding=\"async\" width=\"35\" height=\"11\" class=\"wp-image-2536\" style=\"width: 35px\" src=\"https:\/\/www.lapineda.com\/wp-content\/uploads\/2026\/05\/longue-fleche-blanc.svg\" alt=\"longue fleche blanc\" \/><\/p>\n\n\n\n<p class=\"has-text-align-center has-custom-color-2-color has-text-color has-link-color has-noar-font-family wp-elements-29 wp-block-paragraph\" style=\"font-size:clamp(3.073rem, 3.073rem + ((1vw - 0.2rem) * 5.028), 6.09rem);font-style:normal;font-weight:700;line-height:1\">Acampar en <br \/>la naturaleza<\/p>\n<\/div><\/div>\n<\/a><\/div>\n<\/div>\n\n\n\n<div class=\"wp-block-group content has-custom-color-1-background-color has-background has-global-padding is-layout-constrained wp-container-core-group-is-layout-26bd3f06 wp-block-group-is-layout-constrained\" style=\"margin-top:0px;margin-bottom:0;padding-top:4rem;padding-right:2rem;padding-bottom:7rem;padding-left:2rem\">\n<div class=\"wp-block-columns are-vertically-aligned-center is-layout-flex wp-container-core-columns-is-layout-e40f21a1 wp-block-columns-is-layout-flex\" style=\"padding-right:8rem;padding-left:8rem\">\n<div class=\"wp-block-column is-vertically-aligned-center left is-layout-flow wp-block-column-is-layout-flow\" style=\"flex-basis:40%\">\n<div data-swiper=\"{&quot;speed&quot;:1000,&quot;autoplay&quot;:{&quot;delay&quot;:5000,&quot;disableOnInteraction&quot;:false},&quot;spaceBetween&quot;:0,&quot;slidesPerView&quot;:1,&quot;pagination&quot;:{&quot;el&quot;:&quot;.swiper-pagination&quot;,&quot;dynamicBullets&quot;:true,&quot;clickable&quot;:true,&quot;type&quot;:&quot;bullets&quot;},&quot;navigation&quot;:{&quot;nextEl&quot;:&quot;.swiper-button-next&quot;,&quot;prevEl&quot;:&quot;.swiper-button-prev&quot;},&quot;breakpoints&quot;:[{&quot;slidesPerView&quot;:1}]}\" class=\"wp-block-cover is-light svg-background wp-duotone-02373d-02373d-3\" style=\"min-height:261px;aspect-ratio:unset;\"><span aria-hidden=\"true\" class=\"wp-block-cover__background has-background-dim-0 has-background-dim\"><\/span><div class=\"wp-block-cover__inner-container has-global-padding is-layout-constrained wp-container-core-cover-is-layout-6b3b7742 wp-block-cover-is-layout-constrained\">\n<p class=\"has-text-align-center sub-title center has-custom-color-2-color has-text-color has-link-color has-noar-font-family wp-elements-32 wp-block-paragraph\" style=\"border-bottom-color:var(--wp--preset--color--custom-color-2);border-bottom-width:1px;padding-top:3px;padding-right:30px;padding-bottom:3px;padding-left:30px;font-size:clamp(1.119rem, 1.119rem + ((1vw - 0.2rem) * 1.052), 1.75rem);font-style:normal;font-weight:400\">LA PINEDA<\/p>\n\n\n\n<p class=\"has-text-align-center has-custom-color-2-color has-text-color has-link-color has-ideas-font-family wp-elements-33 wp-block-paragraph\" style=\"font-size:clamp(2.75rem, 2.75rem + ((1vw - 0.2rem) * 4.233), 5.29rem);line-height:1\">Tu refugio<\/p>\n\n\n\n<p class=\"has-text-align-center has-custom-color-2-color has-text-color has-link-color has-noar-font-family wp-elements-34 wp-block-paragraph\" style=\"font-size:clamp(2.75rem, 2.75rem + ((1vw - 0.2rem) * 4.233), 5.29rem);line-height:1;text-transform:uppercase\">en la naturaleza<\/p>\n\n\n\n<figure class=\"wp-block-image aligncenter size-large\"><img decoding=\"async\" width=\"318\" height=\"16\" src=\"https:\/\/www.lapineda.com\/wp-content\/uploads\/2026\/05\/trait-vert-clair.svg\" alt=\"l\u00ednea verde claro\" class=\"wp-image-2740\" \/><\/figure>\n<\/div><\/div>\n<\/div>\n\n\n\n<div class=\"wp-block-column is-vertically-aligned-center right is-layout-flow wp-block-column-is-layout-flow\" style=\"flex-basis:60%\">\n<h2 class=\"wp-block-heading has-base-2-color has-text-color has-link-color wp-elements-35\"><strong>Alojamientos<\/strong> de alquiler en Salou<\/h2>\n\n\n\n<p class=\"has-base-2-color has-text-color has-link-color wp-elements-36 wp-block-paragraph\">Mobil-homes <strong>climatis\u00e9s<\/strong>, bungalows en bois tout \u00e9quip\u00e9s, emplacements ombrag\u00e9s pour camping-cars et caravanes : le camping La Pineda propose des <a href=\"https:\/\/www.lapineda.com\/location-mobil-home-salou\/\" data-type=\"page\" data-id=\"2467\">h\u00e9bergements en location pr\u00e8s de Salou<\/a> pour tous les go\u00fbts et toutes les compositions familiales, de <strong>2 \u00e0 5 personnes<\/strong>. Chaque formule inclut wifi, acc\u00e8s aux piscines et des sanitaires r\u00e9nov\u00e9s accessibles aux personnes \u00e0 mobilit\u00e9 r\u00e9duite. La nature vous entoure depuis votre terrasse.<\/p>\n<\/div>\n<\/div>\n<\/div>\n<\/div>\n\n<div class=\"wp-block-group section-maillage has-global-padding is-layout-constrained wp-container-core-group-is-layout-8a9effca wp-block-group-is-layout-constrained\" style=\"margin-top:0px;margin-bottom:0px;padding-top:8rem;padding-right:10rem;padding-bottom:4rem;padding-left:10rem\">\n<p class=\"has-text-align-center has-custom-color-2-color has-text-color has-link-color has-noar-font-family wp-elements-37 wp-block-paragraph\" style=\"font-size:clamp(2.2rem, 2.2rem + ((1vw - 0.2rem) * 3), 4rem);line-height:1;text-transform:uppercase\">Nuestras ofertas especiales<\/p>\n\n\n\n<figure class=\"wp-block-image aligncenter size-large\"><img decoding=\"async\" width=\"318\" height=\"16\" src=\"https:\/\/www.lapineda.com\/wp-content\/uploads\/2026\/05\/trait-vert-clair.svg\" alt=\"l\u00ednea verde claro\" class=\"wp-image-2740\" \/><\/figure>\n\n\n\n<p class=\"has-text-align-center wp-block-paragraph\">Descubre nuestras ofertas especiales del momento en el Camping La Pineda de Salou\u00ae y disfruta de tarifas ventajosas para tus vacaciones a orillas del Mediterr\u00e1neo, ya sea en una casa m\u00f3vil, en un bungal\u00f3 o en una parcela, en un entorno natural a un paso de la playa de La Pineda. Para ver todas las promociones disponibles, haz clic aqu\u00ed: <a href=\"https:\/\/reservation.secureholiday.net\/es\/1045\/offers\" target=\"_blank\" rel=\"noreferrer noopener\">Ver todas las ofertas especiales<\/a>. <\/p>\n\n\n<div class=\"wp-block-gt-gt-fse-widgets-ctv\" data-wp-interactive=\"gt\/ctv\/widgets\">\n\n            <ctv-offers data-display-mode=\"carousel\" ><\/ctv-offers>\n\n    <\/div>\n<\/div>\n\n<div class=\"wp-block-group section-5 has-global-padding is-layout-constrained wp-container-core-group-is-layout-6dd7d8e9 wp-block-group-is-layout-constrained\" style=\"margin-top:0px;margin-bottom:0px;padding-top:4rem;padding-right:8rem;padding-bottom:4rem;padding-left:8rem\">\n<div class=\"wp-block-columns are-vertically-aligned-center is-layout-flex wp-container-core-columns-is-layout-4626e056 wp-block-columns-is-layout-flex\">\n<div class=\"wp-block-column is-vertically-aligned-center right is-layout-flow wp-container-core-column-is-layout-f5cab532 wp-block-column-is-layout-flow\" style=\"padding-bottom:10rem;flex-basis:60%\">\n<figure class=\"wp-block-image size-full is-resized cursor\"><img decoding=\"async\" width=\"112\" height=\"112\" src=\"https:\/\/www.lapineda.com\/wp-content\/uploads\/2025\/10\/cursor-beige.svg\" alt=\"cursor beige\" class=\"wp-image-456\" style=\"object-fit:contain;width:70px;height:70px\" \/><\/figure>\n\n\n<a href=\"https:\/\/www.lapineda.com\/restaurant-salou\/\"    class=\"wp-block-tiptip-hyperlink-group-block\" >\n<div data-swiper=\"{&quot;speed&quot;:1000,&quot;autoplay&quot;:{&quot;delay&quot;:5000,&quot;disableOnInteraction&quot;:false},&quot;spaceBetween&quot;:0,&quot;slidesPerView&quot;:1,&quot;pagination&quot;:{&quot;el&quot;:&quot;.swiper-pagination&quot;,&quot;dynamicBullets&quot;:true,&quot;clickable&quot;:true,&quot;type&quot;:&quot;bullets&quot;},&quot;navigation&quot;:{&quot;nextEl&quot;:&quot;.swiper-button-next&quot;,&quot;prevEl&quot;:&quot;.swiper-button-prev&quot;},&quot;breakpoints&quot;:[{&quot;slidesPerView&quot;:1}]}\" class=\"wp-block-cover\" style=\"border-top-left-radius:0px;border-top-right-radius:500px;border-bottom-left-radius:0px;border-bottom-right-radius:500px;padding-top:0px;padding-right:0px;padding-bottom:0px;padding-left:0px\"><img decoding=\"async\" width=\"1920\" height=\"1080\" class=\"wp-block-cover__image-background wp-image-3530 size-full\" alt=\"camping avec snack restaurant salou\" src=\"https:\/\/www.lapineda.com\/wp-content\/uploads\/2026\/06\/camping-avec-snack-restaurant-salou.jpg\" data-object-fit=\"cover\" srcset=\"https:\/\/www.lapineda.com\/wp-content\/uploads\/2026\/06\/camping-avec-snack-restaurant-salou.jpg 1920w, https:\/\/www.lapineda.com\/wp-content\/uploads\/2026\/06\/camping-avec-snack-restaurant-salou-300x169.jpg 300w, https:\/\/www.lapineda.com\/wp-content\/uploads\/2026\/06\/camping-avec-snack-restaurant-salou-1024x576.jpg 1024w, https:\/\/www.lapineda.com\/wp-content\/uploads\/2026\/06\/camping-avec-snack-restaurant-salou-768x432.jpg 768w, https:\/\/www.lapineda.com\/wp-content\/uploads\/2026\/06\/camping-avec-snack-restaurant-salou-1536x864.jpg 1536w\" sizes=\"(max-width: 1920px) 100vw, 1920px\" \/><span aria-hidden=\"true\" class=\"wp-block-cover__background has-background-dim-0 has-background-dim\" style=\"background-color:#817878\"><\/span><div class=\"wp-block-cover__inner-container has-global-padding is-layout-constrained wp-container-core-cover-is-layout-1b7a6f8b wp-block-cover-is-layout-constrained\">\n<div class=\"wp-block-group is-horizontal is-content-justification-center is-nowrap is-layout-flex wp-container-core-group-is-layout-350f8840 wp-block-group-is-layout-flex\">\n<p class=\"has-text-align-center has-base-2-color has-text-color has-link-color has-noar-font-family wp-elements-38 wp-block-paragraph\" style=\"padding-top:var(--wp--preset--spacing--10);padding-right:1rem;padding-bottom:var(--wp--preset--spacing--10);padding-left:1rem;font-size:clamp(1.428rem, 1.428rem + ((1vw - 0.2rem) * 1.537), 2.35rem);font-style:normal;font-weight:500\">RESTAURANTE Y CAFETER\u00cdA<\/p>\n\n\n\n<figure class=\"wp-block-image size-large is-resized cursor-mobile\"><img decoding=\"async\" width=\"112\" height=\"112\" src=\"https:\/\/www.lapineda.com\/wp-content\/uploads\/2025\/10\/cursor-beige.svg\" alt=\"cursor beige\" class=\"wp-image-456\" style=\"object-fit:cover;width:24px;height:24px\" \/><\/figure>\n<\/div>\n<\/div><\/div>\n<\/a>\n\n<a href=\"https:\/\/www.lapineda.com\/camping-familial-salou\/\"    class=\"wp-block-tiptip-hyperlink-group-block\" >\n<div data-swiper=\"{&quot;speed&quot;:1000,&quot;autoplay&quot;:{&quot;delay&quot;:5000,&quot;disableOnInteraction&quot;:false},&quot;spaceBetween&quot;:0,&quot;slidesPerView&quot;:1,&quot;pagination&quot;:{&quot;el&quot;:&quot;.swiper-pagination&quot;,&quot;dynamicBullets&quot;:true,&quot;clickable&quot;:true,&quot;type&quot;:&quot;bullets&quot;},&quot;navigation&quot;:{&quot;nextEl&quot;:&quot;.swiper-button-next&quot;,&quot;prevEl&quot;:&quot;.swiper-button-prev&quot;},&quot;breakpoints&quot;:[{&quot;slidesPerView&quot;:1}]}\" class=\"wp-block-cover is-light\" style=\"border-top-left-radius:0px;border-top-right-radius:500px;border-bottom-left-radius:0px;border-bottom-right-radius:500px;padding-top:0px;padding-right:0px;padding-bottom:0px;padding-left:0px\"><img decoding=\"async\" width=\"1936\" height=\"1288\" class=\"wp-block-cover__image-background wp-image-2623 size-full\" alt=\"camping avec services proche de salou\" src=\"https:\/\/www.lapineda.com\/wp-content\/uploads\/2026\/05\/camping-avec-services-proche-de-salou.jpg\" data-object-fit=\"cover\" srcset=\"https:\/\/www.lapineda.com\/wp-content\/uploads\/2026\/05\/camping-avec-services-proche-de-salou.jpg 1936w, https:\/\/www.lapineda.com\/wp-content\/uploads\/2026\/05\/camping-avec-services-proche-de-salou-300x200.jpg 300w, https:\/\/www.lapineda.com\/wp-content\/uploads\/2026\/05\/camping-avec-services-proche-de-salou-1024x681.jpg 1024w, https:\/\/www.lapineda.com\/wp-content\/uploads\/2026\/05\/camping-avec-services-proche-de-salou-768x511.jpg 768w, https:\/\/www.lapineda.com\/wp-content\/uploads\/2026\/05\/camping-avec-services-proche-de-salou-1536x1022.jpg 1536w\" sizes=\"(max-width: 1936px) 100vw, 1936px\" \/><span aria-hidden=\"true\" class=\"wp-block-cover__background has-background-dim-0 has-background-dim\" style=\"background-color:#839496\"><\/span><div class=\"wp-block-cover__inner-container has-global-padding is-layout-constrained wp-container-core-cover-is-layout-1b7a6f8b wp-block-cover-is-layout-constrained\">\n<div class=\"wp-block-group is-horizontal is-content-justification-center is-nowrap is-layout-flex wp-container-core-group-is-layout-350f8840 wp-block-group-is-layout-flex\">\n<p class=\"has-text-align-center has-base-2-color has-text-color has-link-color has-noar-font-family wp-elements-40 wp-block-paragraph\" style=\"padding-top:var(--wp--preset--spacing--10);padding-right:1rem;padding-bottom:var(--wp--preset--spacing--10);padding-left:1rem;font-size:clamp(1.428rem, 1.428rem + ((1vw - 0.2rem) * 1.537), 2.35rem);font-style:normal;font-weight:500\">Los servicios<\/p>\n\n\n\n<figure class=\"wp-block-image size-large is-resized cursor-mobile\"><img decoding=\"async\" width=\"112\" height=\"112\" src=\"https:\/\/www.lapineda.com\/wp-content\/uploads\/2025\/10\/cursor-beige.svg\" alt=\"cursor beige\" class=\"wp-image-456\" style=\"object-fit:cover;width:24px;height:24px\" \/><\/figure>\n<\/div>\n<\/div><\/div>\n<\/a>\n\n<a href=\"https:\/\/www.lapineda.com\/camping-animations-salou\/\"    class=\"wp-block-tiptip-hyperlink-group-block\" >\n<div data-swiper=\"{&quot;speed&quot;:1000,&quot;autoplay&quot;:{&quot;delay&quot;:5000,&quot;disableOnInteraction&quot;:false},&quot;spaceBetween&quot;:0,&quot;slidesPerView&quot;:1,&quot;pagination&quot;:{&quot;el&quot;:&quot;.swiper-pagination&quot;,&quot;dynamicBullets&quot;:true,&quot;clickable&quot;:true,&quot;type&quot;:&quot;bullets&quot;},&quot;navigation&quot;:{&quot;nextEl&quot;:&quot;.swiper-button-next&quot;,&quot;prevEl&quot;:&quot;.swiper-button-prev&quot;},&quot;breakpoints&quot;:[{&quot;slidesPerView&quot;:1}]}\" class=\"wp-block-cover is-light\" style=\"border-top-left-radius:0px;border-top-right-radius:500px;border-bottom-left-radius:0px;border-bottom-right-radius:500px;padding-top:0px;padding-right:0px;padding-bottom:0px;padding-left:0px\"><img decoding=\"async\" width=\"2560\" height=\"1707\" class=\"wp-block-cover__image-background wp-image-2624 size-full\" alt=\"camping avec animations proche de salou\" src=\"https:\/\/www.lapineda.com\/wp-content\/uploads\/2026\/05\/camping-avec-animations-proche-de-salou.jpg\" data-object-fit=\"cover\" srcset=\"https:\/\/www.lapineda.com\/wp-content\/uploads\/2026\/05\/camping-avec-animations-proche-de-salou.jpg 2560w, https:\/\/www.lapineda.com\/wp-content\/uploads\/2026\/05\/camping-avec-animations-proche-de-salou-300x200.jpg 300w, https:\/\/www.lapineda.com\/wp-content\/uploads\/2026\/05\/camping-avec-animations-proche-de-salou-1024x683.jpg 1024w, https:\/\/www.lapineda.com\/wp-content\/uploads\/2026\/05\/camping-avec-animations-proche-de-salou-768x512.jpg 768w, https:\/\/www.lapineda.com\/wp-content\/uploads\/2026\/05\/camping-avec-animations-proche-de-salou-1536x1024.jpg 1536w, https:\/\/www.lapineda.com\/wp-content\/uploads\/2026\/05\/camping-avec-animations-proche-de-salou-2048x1366.jpg 2048w\" sizes=\"(max-width: 2560px) 100vw, 2560px\" \/><span aria-hidden=\"true\" class=\"wp-block-cover__background has-background-dim-0 has-background-dim\" style=\"background-color:#baa598\"><\/span><div class=\"wp-block-cover__inner-container has-global-padding is-layout-constrained wp-container-core-cover-is-layout-1b7a6f8b wp-block-cover-is-layout-constrained\">\n<div class=\"wp-block-group is-horizontal is-content-justification-center is-nowrap is-layout-flex wp-container-core-group-is-layout-350f8840 wp-block-group-is-layout-flex\">\n<p class=\"has-text-align-center has-base-2-color has-text-color has-link-color has-noar-font-family wp-elements-42 wp-block-paragraph\" style=\"padding-top:var(--wp--preset--spacing--10);padding-right:1rem;padding-bottom:var(--wp--preset--spacing--10);padding-left:1rem;font-size:clamp(1.428rem, 1.428rem + ((1vw - 0.2rem) * 1.537), 2.35rem);font-style:normal;font-weight:500\">Las actividades<\/p>\n\n\n\n<figure class=\"wp-block-image size-large is-resized cursor-mobile\"><img decoding=\"async\" width=\"112\" height=\"112\" src=\"https:\/\/www.lapineda.com\/wp-content\/uploads\/2025\/10\/cursor-beige.svg\" alt=\"cursor beige\" class=\"wp-image-456\" style=\"object-fit:cover;width:24px;height:24px\" \/><\/figure>\n<\/div>\n<\/div><\/div>\n<\/a><\/div>\n\n\n\n<div class=\"wp-block-column is-vertically-aligned-center left is-layout-flow wp-block-column-is-layout-flow\" style=\"padding-bottom:0px;flex-basis:40%\">\n<div class=\"wp-block-group has-global-padding is-content-justification-center is-layout-constrained wp-container-core-group-is-layout-b290cf20 wp-block-group-is-layout-constrained\" style=\"padding-top:var(--wp--preset--spacing--40)\">\n<p class=\"has-text-align-center sub-title center has-custom-color-2-color has-text-color has-link-color has-noar-font-family wp-elements-44 wp-block-paragraph\" style=\"border-bottom-color:var(--wp--preset--color--custom-color-2);border-bottom-width:1px;margin-top:0px;margin-right:0px;margin-bottom:0px;margin-left:0px;padding-top:3px;padding-right:30px;padding-bottom:3px;padding-left:30px;font-size:clamp(1.119rem, 1.119rem + ((1vw - 0.2rem) * 1.052), 1.75rem);font-style:normal;font-weight:400\">LA PINEDA<\/p>\n\n\n\n<p class=\"has-text-align-center has-custom-color-2-color has-text-color has-link-color has-noar-font-family wp-elements-45 wp-block-paragraph\" style=\"font-size:clamp(2.75rem, 2.75rem + ((1vw - 0.2rem) * 4.233), 5.29rem);line-height:1;text-transform:uppercase\">Inst\u00e1late<\/p>\n\n\n\n<p class=\"has-text-align-center has-custom-color-2-color has-text-color has-link-color has-ideas-font-family wp-elements-46 wp-block-paragraph\" style=\"margin-top:0px;font-size:clamp(2.75rem, 2.75rem + ((1vw - 0.2rem) * 4.233), 5.29rem);line-height:0.9\">y disfruta<\/p>\n\n\n\n<h2 class=\"wp-block-heading\"><strong>Actividades y servicios de 3 estrellas<\/strong>: todo lo que necesitas para pasarlo en grande<\/h2>\n\n\n\n<p class=\"wp-block-paragraph\">En el camping cerca de Tarragona, las vacaciones empiezan nada m\u00e1s llegar. El <strong>miniclub<\/strong> acoge a los ni\u00f1os de 4 a 12 a\u00f1os de lunes a s\u00e1bado en temporada alta, con monitores cualificados que organizan <strong>actividades creativas y deportivas<\/strong>. Por la noche, payasos, trapecistas y <strong>espect\u00e1culos musicales<\/strong> animan las veladas en julio y agosto.  <\/p>\n\n\n\n<p class=\"wp-block-paragraph\">C\u00f4t\u00e9 pratique, <a href=\"https:\/\/www.lapineda.com\/camping-familial-salou\/\" data-type=\"page\" data-id=\"2443\">notre camping familial pr\u00e8s de Tarragone<\/a> vous g\u00e2te : wifi gratuit dans tous les h\u00e9bergements, laverie libre-service, location de karts \u00e0 p\u00e9dales et de v\u00e9los (tr\u00e8s appr\u00e9ci\u00e9e !), barbecues \u00e0 louer, boutique et <a href=\"https:\/\/www.lapineda.com\/restaurant-salou\/\" data-type=\"page\" data-id=\"2447\">caf\u00e9t\u00e9ria-snack Terrassa Els Cactus<\/a> pour les petits creux.<\/p>\n\n\n\n<p class=\"wp-block-paragraph\">Consultez le programme complet de nos <a href=\"https:\/\/www.lapineda.com\/camping-animations-salou\/\" data-type=\"page\" data-id=\"2455\">animations \u00e0 deux pas de la vibrante Salou<\/a>.<\/p>\n\n\n\n<div class=\"wp-block-columns icons gt-no-margin-mobile is-layout-flex wp-container-core-columns-is-layout-33e8ee50 wp-block-columns-is-layout-flex\" style=\"margin-top:0;margin-bottom:0px;padding-top:4rem\">\n<div class=\"wp-block-column is-layout-flow wp-block-column-is-layout-flow\">\n<div data-swiper=\"{&quot;speed&quot;:1000,&quot;autoplay&quot;:{&quot;delay&quot;:5000,&quot;disableOnInteraction&quot;:false},&quot;spaceBetween&quot;:0,&quot;slidesPerView&quot;:1,&quot;pagination&quot;:{&quot;el&quot;:&quot;.swiper-pagination&quot;,&quot;dynamicBullets&quot;:true,&quot;clickable&quot;:true,&quot;type&quot;:&quot;bullets&quot;},&quot;navigation&quot;:{&quot;nextEl&quot;:&quot;.swiper-button-next&quot;,&quot;prevEl&quot;:&quot;.swiper-button-prev&quot;},&quot;breakpoints&quot;:[{&quot;slidesPerView&quot;:1}]}\" class=\"wp-block-cover is-light svg-background\" style=\"min-height:129px;aspect-ratio:unset;\"><span aria-hidden=\"true\" class=\"wp-block-cover__background has-background-dim-0 has-background-dim\"><\/span><div class=\"wp-block-cover__inner-container has-global-padding is-layout-constrained wp-container-core-cover-is-layout-6b3b7742 wp-block-cover-is-layout-constrained\">\n<figure class=\"wp-block-image aligncenter size-large\"><img decoding=\"async\" width=\"82\" height=\"36\" src=\"https:\/\/www.lapineda.com\/wp-content\/uploads\/2026\/05\/icon-kart-degrade-vert.svg\" alt=\"icono de kart en degradado verde\" class=\"wp-image-2614\" \/><\/figure>\n\n\n\n<p class=\"has-text-align-center has-custom-color-1-color has-text-color has-link-color has-noar-font-family wp-elements-47 wp-block-paragraph\" style=\"font-size:clamp(0.875rem, 0.875rem + ((1vw - 0.2rem) * 0.125), 0.95rem);\">Alquiler de <br \/><strong><\/strong>karts y <strong>bicicletas<\/strong><br \/> <br \/> <br \/><\/p>\n<\/div><\/div>\n<\/div>\n\n\n\n<div class=\"wp-block-column is-layout-flow wp-block-column-is-layout-flow\">\n<div data-swiper=\"{&quot;speed&quot;:1000,&quot;autoplay&quot;:{&quot;delay&quot;:5000,&quot;disableOnInteraction&quot;:false},&quot;spaceBetween&quot;:0,&quot;slidesPerView&quot;:1,&quot;pagination&quot;:{&quot;el&quot;:&quot;.swiper-pagination&quot;,&quot;dynamicBullets&quot;:true,&quot;clickable&quot;:true,&quot;type&quot;:&quot;bullets&quot;},&quot;navigation&quot;:{&quot;nextEl&quot;:&quot;.swiper-button-next&quot;,&quot;prevEl&quot;:&quot;.swiper-button-prev&quot;},&quot;breakpoints&quot;:[{&quot;slidesPerView&quot;:1}]}\" class=\"wp-block-cover is-light svg-background\" style=\"min-height:129px;aspect-ratio:unset;\"><span aria-hidden=\"true\" class=\"wp-block-cover__background has-background-dim-0 has-background-dim\"><\/span><div class=\"wp-block-cover__inner-container has-global-padding is-layout-constrained wp-container-core-cover-is-layout-6b3b7742 wp-block-cover-is-layout-constrained\">\n<figure class=\"wp-block-image aligncenter size-large\"><img decoding=\"async\" width=\"54\" height=\"54\" src=\"https:\/\/www.lapineda.com\/wp-content\/uploads\/2026\/05\/icon-barbecue-degrade-vert.svg\" alt=\"icono de barbacoa en degradado verde\" class=\"wp-image-2615\" \/><\/figure>\n\n\n\n<p class=\"has-text-align-center has-custom-color-1-color has-text-color has-link-color has-noar-font-family wp-elements-48 wp-block-paragraph\" style=\"font-size:clamp(0.875rem, 0.875rem + ((1vw - 0.2rem) * 0.125), 0.95rem);\">ALQUILER <br \/>de <strong>BARBACOAS<\/strong><\/p>\n<\/div><\/div>\n<\/div>\n\n\n\n<div class=\"wp-block-column is-layout-flow wp-block-column-is-layout-flow\">\n<div data-swiper=\"{&quot;speed&quot;:1000,&quot;autoplay&quot;:{&quot;delay&quot;:5000,&quot;disableOnInteraction&quot;:false},&quot;spaceBetween&quot;:0,&quot;slidesPerView&quot;:1,&quot;pagination&quot;:{&quot;el&quot;:&quot;.swiper-pagination&quot;,&quot;dynamicBullets&quot;:true,&quot;clickable&quot;:true,&quot;type&quot;:&quot;bullets&quot;},&quot;navigation&quot;:{&quot;nextEl&quot;:&quot;.swiper-button-next&quot;,&quot;prevEl&quot;:&quot;.swiper-button-prev&quot;},&quot;breakpoints&quot;:[{&quot;slidesPerView&quot;:1}]}\" class=\"wp-block-cover is-light svg-background\" style=\"min-height:129px;aspect-ratio:unset;\"><span aria-hidden=\"true\" class=\"wp-block-cover__background has-background-dim-0 has-background-dim\"><\/span><div class=\"wp-block-cover__inner-container has-global-padding is-layout-constrained wp-container-core-cover-is-layout-6b3b7742 wp-block-cover-is-layout-constrained\">\n<figure class=\"wp-block-image aligncenter size-large\"><img decoding=\"async\" width=\"39\" height=\"46\" src=\"https:\/\/www.lapineda.com\/wp-content\/uploads\/2026\/05\/icon-evenements-degrade-vert.svg\" alt=\"icono de eventos en verde difuminado\" class=\"wp-image-2616\" \/><\/figure>\n\n\n\n<p class=\"has-text-align-center has-custom-color-1-color has-text-color has-link-color has-noar-font-family wp-elements-49 wp-block-paragraph\" style=\"font-size:clamp(0.875rem, 0.875rem + ((1vw - 0.2rem) * 0.125), 0.95rem);\">SALA <br \/><strong>DE EVENTOS<\/strong><\/p>\n<\/div><\/div>\n<\/div>\n\n\n\n<div class=\"wp-block-column is-layout-flow wp-block-column-is-layout-flow\">\n<div data-swiper=\"{&quot;speed&quot;:1000,&quot;autoplay&quot;:{&quot;delay&quot;:5000,&quot;disableOnInteraction&quot;:false},&quot;spaceBetween&quot;:0,&quot;slidesPerView&quot;:1,&quot;pagination&quot;:{&quot;el&quot;:&quot;.swiper-pagination&quot;,&quot;dynamicBullets&quot;:true,&quot;clickable&quot;:true,&quot;type&quot;:&quot;bullets&quot;},&quot;navigation&quot;:{&quot;nextEl&quot;:&quot;.swiper-button-next&quot;,&quot;prevEl&quot;:&quot;.swiper-button-prev&quot;},&quot;breakpoints&quot;:[{&quot;slidesPerView&quot;:1}]}\" class=\"wp-block-cover is-light svg-background\" style=\"min-height:129px;aspect-ratio:unset;\"><span aria-hidden=\"true\" class=\"wp-block-cover__background has-background-dim-0 has-background-dim\"><\/span><div class=\"wp-block-cover__inner-container has-global-padding is-layout-constrained wp-container-core-cover-is-layout-6b3b7742 wp-block-cover-is-layout-constrained\">\n<figure class=\"wp-block-image aligncenter size-large\"><img decoding=\"async\" width=\"58\" height=\"57\" src=\"https:\/\/www.lapineda.com\/wp-content\/uploads\/2026\/05\/icon-wifi-degrade-vert.svg\" alt=\"icono de wifi con el color verde atenuado\" class=\"wp-image-2617\" \/><\/figure>\n\n\n\n<p class=\"has-text-align-center has-custom-color-1-color has-text-color has-link-color has-noar-font-family wp-elements-50 wp-block-paragraph\" style=\"font-size:clamp(0.875rem, 0.875rem + ((1vw - 0.2rem) * 0.125), 0.95rem);\">WIFI<br \/> <strong>GRATIS<\/strong><\/p>\n<\/div><\/div>\n<\/div>\n<\/div>\n<\/div>\n<\/div>\n<\/div>\n<\/div>\n\n<div class=\"wp-block-group section-6 has-global-padding is-layout-constrained wp-container-core-group-is-layout-cee83286 wp-block-group-is-layout-constrained\" style=\"margin-top:0px;margin-bottom:0px;padding-right:0px;padding-left:0px\">\n<figure class=\"wp-block-image size-full separator-top\"><img decoding=\"async\" width=\"1977\" height=\"48\" src=\"https:\/\/www.lapineda.com\/wp-content\/uploads\/2026\/05\/trait-separateur.svg\" alt=\"l\u00ednea separadora\" class=\"wp-image-2560\" \/><\/figure>\n\n\n\n<div class=\"wp-block-group group-banner has-global-padding is-layout-constrained wp-container-core-group-is-layout-0483bb72 wp-block-group-is-layout-constrained\" style=\"margin-top:0px;margin-bottom:0px\">\n<div data-swiper=\"{&quot;speed&quot;:400,&quot;spaceBetween&quot;:16,&quot;slidesPerView&quot;:1,&quot;createElements&quot;:true,&quot;loop&quot;:true,&quot;freemode&quot;:true,&quot;navigation&quot;:{&quot;nextEl&quot;:&quot;buttonNext&quot;,&quot;prevEl&quot;:&quot;buttonPrev&quot;},&quot;pagination&quot;:{&quot;el&quot;:&quot;.swiper-pagination&quot;,&quot;dynamicBullets&quot;:true},&quot;breakpoints&quot;:[{&quot;slidesPerView&quot;:1}],&quot;effect&quot;:&quot;fade&quot;,&quot;autoplay&quot;:{&quot;delay&quot;:3000,&quot;disableOnInteraction&quot;:false}}\" class=\"wp-block-group gt-is-slider gt-is-slider-desktop has-global-padding is-layout-constrained wp-container-core-group-is-layout-0483bb72 wp-block-group-is-layout-constrained\" style=\"margin-top:0px;margin-bottom:0px\">\n<div data-swiper=\"{&quot;slidesPerView&quot;:1,&quot;pagination&quot;:{&quot;el&quot;:&quot;.swiper-pagination&quot;,&quot;dynamicBullets&quot;:true,&quot;clickable&quot;:true,&quot;type&quot;:&quot;bullets&quot;},&quot;navigation&quot;:{&quot;nextEl&quot;:&quot;.swiper-button-next&quot;,&quot;prevEl&quot;:&quot;.swiper-button-prev&quot;},&quot;breakpoints&quot;:[{&quot;slidesPerView&quot;:1}],&quot;effect&quot;:&quot;fade&quot;,&quot;autoplay&quot;:&quot;{\\n\\&quot;delay\\&quot;: 4000, \\n    \\&quot;disableOnInteraction\\&quot;: false\\n}&quot;}\" class=\"wp-block-cover banner\" style=\"padding-right:4rem;padding-bottom:8rem;padding-left:4rem;min-height:100vh;aspect-ratio:unset;\"><img decoding=\"async\" width=\"1920\" height=\"1362\" class=\"wp-block-cover__image-background wp-image-2631 size-full\" alt=\"camping dans la province de tarragone\" src=\"https:\/\/www.lapineda.com\/wp-content\/uploads\/2026\/05\/camping-dans-la-province-de-tarragone.jpg\" data-object-fit=\"cover\" srcset=\"https:\/\/www.lapineda.com\/wp-content\/uploads\/2026\/05\/camping-dans-la-province-de-tarragone.jpg 1920w, https:\/\/www.lapineda.com\/wp-content\/uploads\/2026\/05\/camping-dans-la-province-de-tarragone-300x213.jpg 300w, https:\/\/www.lapineda.com\/wp-content\/uploads\/2026\/05\/camping-dans-la-province-de-tarragone-1024x726.jpg 1024w, https:\/\/www.lapineda.com\/wp-content\/uploads\/2026\/05\/camping-dans-la-province-de-tarragone-768x545.jpg 768w, https:\/\/www.lapineda.com\/wp-content\/uploads\/2026\/05\/camping-dans-la-province-de-tarragone-1536x1090.jpg 1536w\" sizes=\"(max-width: 1920px) 100vw, 1920px\" \/><span aria-hidden=\"true\" class=\"wp-block-cover__background has-contrast-background-color has-background-dim-20 has-background-dim\"><\/span><div class=\"wp-block-cover__inner-container has-global-padding is-layout-constrained wp-container-core-cover-is-layout-7c5e7680 wp-block-cover-is-layout-constrained\">\n<div class=\"wp-block-columns are-vertically-aligned-bottom is-layout-flex wp-container-core-columns-is-layout-2de461d8 wp-block-columns-is-layout-flex\">\n<div class=\"wp-block-column is-vertically-aligned-bottom left is-layout-flow wp-block-column-is-layout-flow\" style=\"flex-basis:60%\"><a href=\"https:\/\/www.lapineda.com\/tourisme-province-tarragone-costa-dorada\/\"    class=\"wp-block-tiptip-hyperlink-group-block\" >\n<div data-swiper=\"{&quot;speed&quot;:1000,&quot;autoplay&quot;:{&quot;delay&quot;:5000,&quot;disableOnInteraction&quot;:false},&quot;spaceBetween&quot;:0,&quot;slidesPerView&quot;:1,&quot;pagination&quot;:{&quot;el&quot;:&quot;.swiper-pagination&quot;,&quot;dynamicBullets&quot;:true,&quot;clickable&quot;:true,&quot;type&quot;:&quot;bullets&quot;},&quot;navigation&quot;:{&quot;nextEl&quot;:&quot;.swiper-button-next&quot;,&quot;prevEl&quot;:&quot;.swiper-button-prev&quot;},&quot;breakpoints&quot;:[{&quot;slidesPerView&quot;:1}]}\" class=\"wp-block-cover is-light svg-background\" style=\"margin-bottom:0\"><span aria-hidden=\"true\" class=\"wp-block-cover__background has-background-dim-0 has-background-dim\"><\/span><div class=\"wp-block-cover__inner-container has-global-padding is-layout-constrained wp-container-core-cover-is-layout-73ef16d7 wp-block-cover-is-layout-constrained\">\n<figure class=\"wp-block-image size-large\"><img decoding=\"async\" width=\"318\" height=\"16\" src=\"https:\/\/www.lapineda.com\/wp-content\/uploads\/2026\/05\/trait-vert-clair.svg\" alt=\"l\u00ednea verde claro\" class=\"wp-image-2740\" \/><\/figure>\n\n\n\n<div class=\"wp-block-group is-content-justification-space-between is-nowrap is-layout-flex wp-container-core-group-is-layout-102bd792 wp-block-group-is-layout-flex\">\n<p class=\"has-text-align-left has-base-2-color has-text-color has-link-color has-noar-font-family wp-elements-51 wp-block-paragraph\" style=\"font-size:clamp(3.116rem, 3.116rem + ((1vw - 0.2rem) * 5.14), 6.2rem);font-style:normal;font-weight:500;line-height:1\">LUGARES QUE VISITAR<\/p>\n\n\n\n<div class=\"wp-block-group group-arrow has-border-color has-custom-color-2-border-color has-global-padding is-layout-constrained wp-container-core-group-is-layout-189e31cd wp-block-group-is-layout-constrained\" style=\"border-width:2px;border-radius:1000px;min-height:108px\">\n<figure class=\"wp-block-image size-large is-resized left\"><img decoding=\"async\" width=\"20\" height=\"65\" src=\"https:\/\/www.lapineda.com\/wp-content\/uploads\/2026\/05\/longue-fleche-blanc-haut.svg\" alt=\"flecha larga blanca arriba\" class=\"wp-image-2569\" style=\"object-fit:contain;width:50px;height:50px\" \/><\/figure>\n<\/div>\n<\/div>\n<\/div><\/div>\n<\/a><\/div>\n\n\n\n<div class=\"wp-block-column is-vertically-aligned-bottom right is-layout-flow wp-block-column-is-layout-flow\" style=\"flex-basis:40%\"><\/div>\n<\/div>\n<\/div><\/div>\n\n\n\n<div data-swiper=\"{&quot;slidesPerView&quot;:1,&quot;pagination&quot;:{&quot;el&quot;:&quot;.swiper-pagination&quot;,&quot;dynamicBullets&quot;:true,&quot;clickable&quot;:true,&quot;type&quot;:&quot;bullets&quot;},&quot;navigation&quot;:{&quot;nextEl&quot;:&quot;.swiper-button-next&quot;,&quot;prevEl&quot;:&quot;.swiper-button-prev&quot;},&quot;breakpoints&quot;:[{&quot;slidesPerView&quot;:1}],&quot;effect&quot;:&quot;fade&quot;,&quot;autoplay&quot;:&quot;{\\n\\&quot;delay\\&quot;: 4000, \\n    \\&quot;disableOnInteraction\\&quot;: false\\n}&quot;}\" class=\"wp-block-cover is-light banner\" style=\"padding-right:4rem;padding-bottom:8rem;padding-left:4rem;min-height:100vh;aspect-ratio:unset;\"><img decoding=\"async\" width=\"1920\" height=\"1362\" class=\"wp-block-cover__image-background wp-image-2632 size-full\" alt=\"camping avec activite sportives a salou\" src=\"https:\/\/www.lapineda.com\/wp-content\/uploads\/2026\/05\/camping-avec-activite-sportives-a-salou.jpg\" data-object-fit=\"cover\" srcset=\"https:\/\/www.lapineda.com\/wp-content\/uploads\/2026\/05\/camping-avec-activite-sportives-a-salou.jpg 1920w, https:\/\/www.lapineda.com\/wp-content\/uploads\/2026\/05\/camping-avec-activite-sportives-a-salou-300x213.jpg 300w, https:\/\/www.lapineda.com\/wp-content\/uploads\/2026\/05\/camping-avec-activite-sportives-a-salou-1024x726.jpg 1024w, https:\/\/www.lapineda.com\/wp-content\/uploads\/2026\/05\/camping-avec-activite-sportives-a-salou-768x545.jpg 768w, https:\/\/www.lapineda.com\/wp-content\/uploads\/2026\/05\/camping-avec-activite-sportives-a-salou-1536x1090.jpg 1536w\" sizes=\"(max-width: 1920px) 100vw, 1920px\" \/><span aria-hidden=\"true\" class=\"wp-block-cover__background has-contrast-background-color has-background-dim-20 has-background-dim\"><\/span><div class=\"wp-block-cover__inner-container has-global-padding is-layout-constrained wp-container-core-cover-is-layout-7c5e7680 wp-block-cover-is-layout-constrained\">\n<div class=\"wp-block-columns are-vertically-aligned-bottom is-layout-flex wp-container-core-columns-is-layout-2de461d8 wp-block-columns-is-layout-flex\">\n<div class=\"wp-block-column is-vertically-aligned-bottom left is-layout-flow wp-block-column-is-layout-flow\" style=\"flex-basis:60%\"><a href=\"https:\/\/www.lapineda.com\/camping-sport-activites-salou\/\"    class=\"wp-block-tiptip-hyperlink-group-block\" >\n<div data-swiper=\"{&quot;speed&quot;:1000,&quot;autoplay&quot;:{&quot;delay&quot;:5000,&quot;disableOnInteraction&quot;:false},&quot;spaceBetween&quot;:0,&quot;slidesPerView&quot;:1,&quot;pagination&quot;:{&quot;el&quot;:&quot;.swiper-pagination&quot;,&quot;dynamicBullets&quot;:true,&quot;clickable&quot;:true,&quot;type&quot;:&quot;bullets&quot;},&quot;navigation&quot;:{&quot;nextEl&quot;:&quot;.swiper-button-next&quot;,&quot;prevEl&quot;:&quot;.swiper-button-prev&quot;},&quot;breakpoints&quot;:[{&quot;slidesPerView&quot;:1}]}\" class=\"wp-block-cover is-light svg-background\" style=\"margin-bottom:0\"><span aria-hidden=\"true\" class=\"wp-block-cover__background has-background-dim-0 has-background-dim\"><\/span><div class=\"wp-block-cover__inner-container has-global-padding is-layout-constrained wp-container-core-cover-is-layout-73ef16d7 wp-block-cover-is-layout-constrained\">\n<figure class=\"wp-block-image size-large\"><img decoding=\"async\" width=\"318\" height=\"16\" src=\"https:\/\/www.lapineda.com\/wp-content\/uploads\/2026\/05\/trait-vert-clair.svg\" alt=\"l\u00ednea verde claro\" class=\"wp-image-2740\" \/><\/figure>\n\n\n\n<div class=\"wp-block-group is-content-justification-space-between is-nowrap is-layout-flex wp-container-core-group-is-layout-102bd792 wp-block-group-is-layout-flex\">\n<p class=\"has-text-align-left has-base-2-color has-text-color has-link-color has-noar-font-family wp-elements-53 wp-block-paragraph\" style=\"font-size:clamp(3.116rem, 3.116rem + ((1vw - 0.2rem) * 5.14), 6.2rem);font-style:normal;font-weight:500;line-height:1\">DEPORTE<\/p>\n\n\n\n<div class=\"wp-block-group group-arrow has-border-color has-custom-color-2-border-color has-global-padding is-layout-constrained wp-container-core-group-is-layout-189e31cd wp-block-group-is-layout-constrained\" style=\"border-width:2px;border-radius:1000px;min-height:108px\">\n<figure class=\"wp-block-image size-large is-resized left\"><img decoding=\"async\" width=\"20\" height=\"65\" src=\"https:\/\/www.lapineda.com\/wp-content\/uploads\/2026\/05\/longue-fleche-blanc-haut.svg\" alt=\"flecha larga blanca arriba\" class=\"wp-image-2569\" style=\"object-fit:contain;width:50px;height:50px\" \/><\/figure>\n<\/div>\n<\/div>\n<\/div><\/div>\n<\/a><\/div>\n\n\n\n<div class=\"wp-block-column is-vertically-aligned-bottom right is-layout-flow wp-block-column-is-layout-flow\" style=\"flex-basis:40%\"><\/div>\n<\/div>\n<\/div><\/div>\n\n\n\n<div data-swiper=\"{&quot;slidesPerView&quot;:1,&quot;pagination&quot;:{&quot;el&quot;:&quot;.swiper-pagination&quot;,&quot;dynamicBullets&quot;:true,&quot;clickable&quot;:true,&quot;type&quot;:&quot;bullets&quot;},&quot;navigation&quot;:{&quot;nextEl&quot;:&quot;.swiper-button-next&quot;,&quot;prevEl&quot;:&quot;.swiper-button-prev&quot;},&quot;breakpoints&quot;:[{&quot;slidesPerView&quot;:1}],&quot;effect&quot;:&quot;fade&quot;,&quot;autoplay&quot;:&quot;{\\n\\&quot;delay\\&quot;: 4000, \\n    \\&quot;disableOnInteraction\\&quot;: false\\n}&quot;}\" class=\"wp-block-cover is-light banner\" style=\"padding-right:4rem;padding-bottom:8rem;padding-left:4rem;min-height:100vh;aspect-ratio:unset;\"><img decoding=\"async\" width=\"1000\" height=\"641\" class=\"wp-block-cover__image-background wp-image-2633 size-full\" alt=\"camping proche de port aventura\" src=\"https:\/\/www.lapineda.com\/wp-content\/uploads\/2026\/05\/camping-proche-de-port-aventura.jpg\" data-object-fit=\"cover\" srcset=\"https:\/\/www.lapineda.com\/wp-content\/uploads\/2026\/05\/camping-proche-de-port-aventura.jpg 1000w, https:\/\/www.lapineda.com\/wp-content\/uploads\/2026\/05\/camping-proche-de-port-aventura-300x192.jpg 300w, https:\/\/www.lapineda.com\/wp-content\/uploads\/2026\/05\/camping-proche-de-port-aventura-768x492.jpg 768w\" sizes=\"(max-width: 1000px) 100vw, 1000px\" \/><span aria-hidden=\"true\" class=\"wp-block-cover__background has-contrast-background-color has-background-dim-20 has-background-dim\"><\/span><div class=\"wp-block-cover__inner-container has-global-padding is-layout-constrained wp-container-core-cover-is-layout-7c5e7680 wp-block-cover-is-layout-constrained\">\n<div class=\"wp-block-columns are-vertically-aligned-bottom is-layout-flex wp-container-core-columns-is-layout-2de461d8 wp-block-columns-is-layout-flex\">\n<div class=\"wp-block-column is-vertically-aligned-bottom left is-layout-flow wp-block-column-is-layout-flow\" style=\"flex-basis:60%\"><a href=\"https:\/\/www.lapineda.com\/camping-portaventura\/\"    class=\"wp-block-tiptip-hyperlink-group-block\" >\n<div data-swiper=\"{&quot;speed&quot;:1000,&quot;autoplay&quot;:{&quot;delay&quot;:5000,&quot;disableOnInteraction&quot;:false},&quot;spaceBetween&quot;:0,&quot;slidesPerView&quot;:1,&quot;pagination&quot;:{&quot;el&quot;:&quot;.swiper-pagination&quot;,&quot;dynamicBullets&quot;:true,&quot;clickable&quot;:true,&quot;type&quot;:&quot;bullets&quot;},&quot;navigation&quot;:{&quot;nextEl&quot;:&quot;.swiper-button-next&quot;,&quot;prevEl&quot;:&quot;.swiper-button-prev&quot;},&quot;breakpoints&quot;:[{&quot;slidesPerView&quot;:1}]}\" class=\"wp-block-cover is-light svg-background\" style=\"margin-bottom:0\"><span aria-hidden=\"true\" class=\"wp-block-cover__background has-background-dim-0 has-background-dim\"><\/span><div class=\"wp-block-cover__inner-container has-global-padding is-layout-constrained wp-container-core-cover-is-layout-73ef16d7 wp-block-cover-is-layout-constrained\">\n<figure class=\"wp-block-image size-large\"><img decoding=\"async\" width=\"318\" height=\"16\" src=\"https:\/\/www.lapineda.com\/wp-content\/uploads\/2026\/05\/trait-vert-clair.svg\" alt=\"l\u00ednea verde claro\" class=\"wp-image-2740\" \/><\/figure>\n\n\n\n<div class=\"wp-block-group is-content-justification-space-between is-nowrap is-layout-flex wp-container-core-group-is-layout-102bd792 wp-block-group-is-layout-flex\">\n<p class=\"has-text-align-left has-base-2-color has-text-color has-link-color has-noar-font-family wp-elements-55 wp-block-paragraph\" style=\"font-size:clamp(3.116rem, 3.116rem + ((1vw - 0.2rem) * 5.14), 6.2rem);font-style:normal;font-weight:500;line-height:1\">Port <br \/>Aventura<\/p>\n\n\n\n<div class=\"wp-block-group group-arrow has-border-color has-custom-color-2-border-color has-global-padding is-layout-constrained wp-container-core-group-is-layout-189e31cd wp-block-group-is-layout-constrained\" style=\"border-width:2px;border-radius:1000px;min-height:108px\">\n<figure class=\"wp-block-image size-large is-resized left\"><img decoding=\"async\" width=\"20\" height=\"65\" src=\"https:\/\/www.lapineda.com\/wp-content\/uploads\/2026\/05\/longue-fleche-blanc-haut.svg\" alt=\"flecha larga blanca arriba\" class=\"wp-image-2569\" style=\"object-fit:contain;width:50px;height:50px\" \/><\/figure>\n<\/div>\n<\/div>\n<\/div><\/div>\n<\/a><\/div>\n\n\n\n<div class=\"wp-block-column is-vertically-aligned-bottom right is-layout-flow wp-block-column-is-layout-flow\" style=\"flex-basis:40%\"><\/div>\n<\/div>\n<\/div><\/div>\n<\/div>\n\n\n\n<div class=\"wp-block-columns fake-pagination is-layout-flex wp-container-core-columns-is-layout-3a88641f wp-block-columns-is-layout-flex\">\n<div class=\"wp-block-column active has-border-color has-base-2-border-color is-layout-flow wp-block-column-is-layout-flow\" style=\"border-width:2px;border-top-left-radius:100px;border-top-right-radius:100px;border-bottom-left-radius:100px;border-bottom-right-radius:100px\">\n<div data-swiper=\"{&quot;speed&quot;:1000,&quot;autoplay&quot;:{&quot;delay&quot;:5000,&quot;disableOnInteraction&quot;:false},&quot;spaceBetween&quot;:0,&quot;slidesPerView&quot;:1,&quot;pagination&quot;:{&quot;el&quot;:&quot;.swiper-pagination&quot;,&quot;dynamicBullets&quot;:true,&quot;clickable&quot;:true,&quot;type&quot;:&quot;bullets&quot;},&quot;navigation&quot;:{&quot;nextEl&quot;:&quot;.swiper-button-next&quot;,&quot;prevEl&quot;:&quot;.swiper-button-prev&quot;},&quot;breakpoints&quot;:[{&quot;slidesPerView&quot;:1}]}\" class=\"wp-block-cover is-light\" style=\"border-top-left-radius:100px;border-top-right-radius:100px;border-bottom-left-radius:100px;border-bottom-right-radius:100px\"><img decoding=\"async\" width=\"1920\" height=\"1362\" class=\"wp-block-cover__image-background wp-image-2631 size-full\" alt=\"camping dans la province de tarragone\" src=\"https:\/\/www.lapineda.com\/wp-content\/uploads\/2026\/05\/camping-dans-la-province-de-tarragone.jpg\" data-object-fit=\"cover\" srcset=\"https:\/\/www.lapineda.com\/wp-content\/uploads\/2026\/05\/camping-dans-la-province-de-tarragone.jpg 1920w, https:\/\/www.lapineda.com\/wp-content\/uploads\/2026\/05\/camping-dans-la-province-de-tarragone-300x213.jpg 300w, https:\/\/www.lapineda.com\/wp-content\/uploads\/2026\/05\/camping-dans-la-province-de-tarragone-1024x726.jpg 1024w, https:\/\/www.lapineda.com\/wp-content\/uploads\/2026\/05\/camping-dans-la-province-de-tarragone-768x545.jpg 768w, https:\/\/www.lapineda.com\/wp-content\/uploads\/2026\/05\/camping-dans-la-province-de-tarragone-1536x1090.jpg 1536w\" sizes=\"(max-width: 1920px) 100vw, 1920px\" \/><span aria-hidden=\"true\" class=\"wp-block-cover__background has-base-2-background-color has-background-dim-60 has-background-dim\"><\/span><div class=\"wp-block-cover__inner-container has-global-padding is-layout-constrained wp-container-core-cover-is-layout-6b3b7742 wp-block-cover-is-layout-constrained\">\n<p class=\"has-text-align-center has-large-font-size wp-block-paragraph\"><\/p>\n<\/div><\/div>\n<\/div>\n\n\n\n<div class=\"wp-block-column has-border-color is-layout-flow wp-block-column-is-layout-flow\" style=\"border-color:#ffffff;border-width:2px;border-top-left-radius:100px;border-top-right-radius:100px;border-bottom-left-radius:100px;border-bottom-right-radius:100px\">\n<div data-swiper=\"{&quot;speed&quot;:1000,&quot;autoplay&quot;:{&quot;delay&quot;:5000,&quot;disableOnInteraction&quot;:false},&quot;spaceBetween&quot;:0,&quot;slidesPerView&quot;:1,&quot;pagination&quot;:{&quot;el&quot;:&quot;.swiper-pagination&quot;,&quot;dynamicBullets&quot;:true,&quot;clickable&quot;:true,&quot;type&quot;:&quot;bullets&quot;},&quot;navigation&quot;:{&quot;nextEl&quot;:&quot;.swiper-button-next&quot;,&quot;prevEl&quot;:&quot;.swiper-button-prev&quot;},&quot;breakpoints&quot;:[{&quot;slidesPerView&quot;:1}]}\" class=\"wp-block-cover is-light\" style=\"border-top-left-radius:100px;border-top-right-radius:100px;border-bottom-left-radius:100px;border-bottom-right-radius:100px\"><img decoding=\"async\" width=\"1920\" height=\"1362\" class=\"wp-block-cover__image-background wp-image-2632 size-full\" alt=\"camping avec activite sportives a salou\" src=\"https:\/\/www.lapineda.com\/wp-content\/uploads\/2026\/05\/camping-avec-activite-sportives-a-salou.jpg\" data-object-fit=\"cover\" srcset=\"https:\/\/www.lapineda.com\/wp-content\/uploads\/2026\/05\/camping-avec-activite-sportives-a-salou.jpg 1920w, https:\/\/www.lapineda.com\/wp-content\/uploads\/2026\/05\/camping-avec-activite-sportives-a-salou-300x213.jpg 300w, https:\/\/www.lapineda.com\/wp-content\/uploads\/2026\/05\/camping-avec-activite-sportives-a-salou-1024x726.jpg 1024w, https:\/\/www.lapineda.com\/wp-content\/uploads\/2026\/05\/camping-avec-activite-sportives-a-salou-768x545.jpg 768w, https:\/\/www.lapineda.com\/wp-content\/uploads\/2026\/05\/camping-avec-activite-sportives-a-salou-1536x1090.jpg 1536w\" sizes=\"(max-width: 1920px) 100vw, 1920px\" \/><span aria-hidden=\"true\" class=\"wp-block-cover__background has-base-2-background-color has-background-dim-60 has-background-dim\"><\/span><div class=\"wp-block-cover__inner-container has-global-padding is-layout-constrained wp-container-core-cover-is-layout-6b3b7742 wp-block-cover-is-layout-constrained\">\n<p class=\"has-text-align-center has-large-font-size wp-block-paragraph\"><\/p>\n<\/div><\/div>\n<\/div>\n\n\n\n<div class=\"wp-block-column has-border-color is-layout-flow wp-block-column-is-layout-flow\" style=\"border-color:#ffffff;border-width:2px;border-top-left-radius:100px;border-top-right-radius:100px;border-bottom-left-radius:100px;border-bottom-right-radius:100px\">\n<div data-swiper=\"{&quot;speed&quot;:1000,&quot;autoplay&quot;:{&quot;delay&quot;:5000,&quot;disableOnInteraction&quot;:false},&quot;spaceBetween&quot;:0,&quot;slidesPerView&quot;:1,&quot;pagination&quot;:{&quot;el&quot;:&quot;.swiper-pagination&quot;,&quot;dynamicBullets&quot;:true,&quot;clickable&quot;:true,&quot;type&quot;:&quot;bullets&quot;},&quot;navigation&quot;:{&quot;nextEl&quot;:&quot;.swiper-button-next&quot;,&quot;prevEl&quot;:&quot;.swiper-button-prev&quot;},&quot;breakpoints&quot;:[{&quot;slidesPerView&quot;:1}]}\" class=\"wp-block-cover is-light\" style=\"border-top-left-radius:100px;border-top-right-radius:100px;border-bottom-left-radius:100px;border-bottom-right-radius:100px\"><img decoding=\"async\" width=\"1000\" height=\"641\" class=\"wp-block-cover__image-background wp-image-2633 size-full\" alt=\"camping proche de port aventura\" src=\"https:\/\/www.lapineda.com\/wp-content\/uploads\/2026\/05\/camping-proche-de-port-aventura.jpg\" data-object-fit=\"cover\" srcset=\"https:\/\/www.lapineda.com\/wp-content\/uploads\/2026\/05\/camping-proche-de-port-aventura.jpg 1000w, https:\/\/www.lapineda.com\/wp-content\/uploads\/2026\/05\/camping-proche-de-port-aventura-300x192.jpg 300w, https:\/\/www.lapineda.com\/wp-content\/uploads\/2026\/05\/camping-proche-de-port-aventura-768x492.jpg 768w\" sizes=\"(max-width: 1000px) 100vw, 1000px\" \/><span aria-hidden=\"true\" class=\"wp-block-cover__background has-base-2-background-color has-background-dim-60 has-background-dim\"><\/span><div class=\"wp-block-cover__inner-container has-global-padding is-layout-constrained wp-container-core-cover-is-layout-6b3b7742 wp-block-cover-is-layout-constrained\">\n<p class=\"has-text-align-center has-large-font-size wp-block-paragraph\"><\/p>\n<\/div><\/div>\n<\/div>\n<\/div>\n<\/div>\n\n\n\n<div class=\"wp-block-group content has-custom-color-1-background-color has-background has-global-padding is-layout-constrained wp-container-core-group-is-layout-d918683b wp-block-group-is-layout-constrained\" style=\"margin-top:0px;margin-bottom:0;padding-top:4rem;padding-right:10rem;padding-bottom:7rem;padding-left:10rem\">\n<div class=\"wp-block-columns are-vertically-aligned-center is-layout-flex wp-container-core-columns-is-layout-0c75132d wp-block-columns-is-layout-flex\" style=\"padding-right:0rem;padding-left:0rem\">\n<div class=\"wp-block-column is-vertically-aligned-center left is-layout-flow wp-block-column-is-layout-flow\" style=\"flex-basis:40%\">\n<div data-swiper=\"{&quot;speed&quot;:1000,&quot;autoplay&quot;:{&quot;delay&quot;:5000,&quot;disableOnInteraction&quot;:false},&quot;spaceBetween&quot;:0,&quot;slidesPerView&quot;:1,&quot;pagination&quot;:{&quot;el&quot;:&quot;.swiper-pagination&quot;,&quot;dynamicBullets&quot;:true,&quot;clickable&quot;:true,&quot;type&quot;:&quot;bullets&quot;},&quot;navigation&quot;:{&quot;nextEl&quot;:&quot;.swiper-button-next&quot;,&quot;prevEl&quot;:&quot;.swiper-button-prev&quot;},&quot;breakpoints&quot;:[{&quot;slidesPerView&quot;:1}]}\" class=\"wp-block-cover is-light svg-background wp-duotone-02373d-02373d-4\" style=\"min-height:261px;aspect-ratio:unset;\"><span aria-hidden=\"true\" class=\"wp-block-cover__background has-background-dim-0 has-background-dim\"><\/span><div class=\"wp-block-cover__inner-container has-global-padding is-layout-constrained wp-container-core-cover-is-layout-6b3b7742 wp-block-cover-is-layout-constrained\">\n<p class=\"has-text-align-center sub-title center has-custom-color-2-color has-text-color has-link-color has-noar-font-family wp-elements-57 wp-block-paragraph\" style=\"border-bottom-color:var(--wp--preset--color--custom-color-2);border-bottom-width:1px;padding-top:3px;padding-right:30px;padding-bottom:3px;padding-left:30px;font-size:clamp(1.119rem, 1.119rem + ((1vw - 0.2rem) * 1.052), 1.75rem);font-style:normal;font-weight:400\">LA PINEDA<\/p>\n\n\n\n<p class=\"has-text-align-center has-custom-color-2-color has-text-color has-link-color has-ideas-font-family wp-elements-58 wp-block-paragraph\" style=\"margin-bottom:var(--wp--preset--spacing--20);font-size:clamp(2.629rem, 2.629rem + ((1vw - 0.2rem) * 3.952), 5rem);line-height:1\">Descubrir<\/p>\n\n\n\n<p class=\"has-text-align-center has-custom-color-2-color has-text-color has-link-color has-noar-font-family wp-elements-59 wp-block-paragraph\" style=\"margin-top:-20px;font-size:clamp(2.2rem, 2.2rem + ((1vw - 0.2rem) * 3), 4rem);line-height:1;text-transform:uppercase\">lugares excepcionales<\/p>\n<\/div><\/div>\n<\/div>\n\n\n\n<div class=\"wp-block-column is-vertically-aligned-center right is-layout-flow wp-block-column-is-layout-flow\" style=\"flex-basis:60%\">\n<h2 class=\"wp-block-heading has-base-2-color has-text-color has-link-color wp-elements-60\"><strong>Descubre la provincia de Tarragona<\/strong>, en la Costa Dorada<\/h2>\n\n\n\n<p class=\"has-base-2-color has-text-color has-link-color wp-elements-61 wp-block-paragraph\">La Costa Dorada offre aux visiteurs un <strong>climat privil\u00e9gi\u00e9<\/strong>, avec une temp\u00e9rature moyenne de 23 \u00b0C, une <strong>gastronomie<\/strong> typique et vari\u00e9e, un riche patrimoine culturel et historique. Ce fut le berceau d\u2019<strong>artistes<\/strong> et de g\u00e9nies comme le musicien Pau Casals ou le peintre Joan Mir\u00f3. <a href=\"https:\/\/www.lapineda.com\/tourisme-tarragone\/\" data-type=\"page\" data-id=\"2487\">Tarragone<\/a>, class\u00e9e au patrimoine mondial de l&#8217;Unesco, vous invite \u00e0 explorer ses <strong>vestiges romains mill\u00e9naires<\/strong> (amphith\u00e9\u00e2tre, aqueduc de 217 m\u00e8tres de long, cirque romain \u00a0de 290 m\u00e8tres) \u00e0 seulement 6 km du camping. \u00c0 Reus, le <strong>Centre Gaud\u00ed<\/strong> plonge les visiteurs dans l&#8217;univers de l&#8217;architecte catalan, tandis que <a href=\"https:\/\/www.lapineda.com\/camping-barcelone\/\" data-type=\"page\" data-id=\"2491\">Barcelone<\/a> est accessible en 1 h 30 de route. Et pour les amateurs de nature sauvage, le <strong>Delta de l&#8217;\u00c8bre<\/strong>, les <strong>criques du Cap Salou<\/strong> et les <strong>vignobles<\/strong> de la DO Tarragona, pour un <a href=\"https:\/\/www.lapineda.com\/oeunotourisme-tarragone-espagne\/\" data-type=\"page\" data-id=\"2495\">s\u00e9jour \u0153notouristique en Espagne<\/a>, compl\u00e8tent un tableau exceptionnel.<\/p>\n\n\n\n<p class=\"has-base-2-color has-text-color has-link-color wp-elements-62 wp-block-paragraph\">Partez <a href=\"https:\/\/www.lapineda.com\/tourisme-province-tarragone-costa-dorada\/\" data-type=\"page\" data-id=\"2471\">explorer tous les tr\u00e9sors de la province de Tarragone<\/a> et d\u00e9couvrez les innombrables <a href=\"https:\/\/www.lapineda.com\/camping-sport-activites-salou\/\" data-type=\"page\" data-id=\"2503\">activit\u00e9s sportives et de plein air accessibles depuis le camping<\/a>, sans oublier, bien s\u00fbr, l&#8217;incontournable parc <a href=\"https:\/\/www.lapineda.com\/camping-portaventura\/\" data-type=\"page\" data-id=\"2479\">PortAventura \u00e0 deux pas du camping<\/a>.<\/p>\n<\/div>\n<\/div>\n<\/div>\n<\/div>\n\n<div class=\"wp-block-group section-7 has-global-padding is-layout-constrained wp-container-core-group-is-layout-bcb211e4 wp-block-group-is-layout-constrained\" style=\"margin-top:0px;margin-bottom:0px;padding-top:7rem;padding-right:0px;padding-bottom:10rem;padding-left:0px\">\n<div class=\"wp-block-columns is-layout-flex wp-container-core-columns-is-layout-1c5f6765 wp-block-columns-is-layout-flex\" style=\"padding-right:8rem;padding-left:8rem\">\n<div class=\"wp-block-column is-vertically-aligned-center left is-layout-flow wp-block-column-is-layout-flow\" style=\"border-top-left-radius:0px;border-top-right-radius:0px;padding-bottom:0\">\n<div data-swiper=\"{&quot;speed&quot;:1000,&quot;autoplay&quot;:{&quot;delay&quot;:5000,&quot;disableOnInteraction&quot;:false},&quot;spaceBetween&quot;:0,&quot;slidesPerView&quot;:1,&quot;pagination&quot;:{&quot;el&quot;:&quot;.swiper-pagination&quot;,&quot;dynamicBullets&quot;:true,&quot;clickable&quot;:true,&quot;type&quot;:&quot;bullets&quot;},&quot;navigation&quot;:{&quot;nextEl&quot;:&quot;.swiper-button-next&quot;,&quot;prevEl&quot;:&quot;.swiper-button-prev&quot;},&quot;breakpoints&quot;:[{&quot;slidesPerView&quot;:1}]}\" class=\"wp-block-cover is-light\" style=\"border-top-left-radius:500px;border-top-right-radius:500px;padding-bottom:3rem\"><span aria-hidden=\"true\" class=\"wp-block-cover__background has-background-dim-0 has-background-dim\"><\/span><div class=\"wp-block-cover__inner-container has-global-padding is-layout-constrained wp-container-core-cover-is-layout-a5f72f2c wp-block-cover-is-layout-constrained\">\n<p class=\"has-text-align-center has-custom-color-2-color has-text-color has-link-color has-noar-font-family wp-elements-63 wp-block-paragraph\" style=\"margin-top:var(--wp--preset--spacing--40);margin-right:var(--wp--preset--spacing--20);margin-bottom:var(--wp--preset--spacing--40);margin-left:var(--wp--preset--spacing--20);font-size:clamp(2.138rem, 2.138rem + ((1vw - 0.2rem) * 2.87), 3.86rem);font-style:normal;font-weight:500;line-height:1\"><strong>CONSEJOS<\/strong> \u00daTILES<br \/><\/p>\n\n\n\n<link data-noptimize=\"1\" data-no-optimize=\"1\" data-no-minify=\"1\" data-no-defer=\"1\" rel='stylesheet' id='trustindex-google-widget-css' href='https:\/\/www.lapineda.com\/wp-content\/uploads\/trustindex-google-widget.css?ver=1787210368' media='all' \/>\n<div class=\" ti-widget  ti-goog ti-disable-font ti-review-text-mode-readmore ti-text-align-left\" data-no-translation=\"true\" data-time-locale=\"il y a %d %s|aujourd&apos;hui|jour|jours|semaine|semaines|mois|mois|ann\u00e9e|ans\" data-plugin-version=\"14.0\" data-layout-id=\"4\" data-layout-category=\"slider\" data-set-id=\"drop-shadow\" data-pid=\"\" data-language=\"fr\" data-close-locale=\"Fermer\" data-review-target-width=\"300\" data-css-version=\"2\" data-reply-by-locale=\"R\u00e9ponse du propri\u00e9taire\" data-only-rating-locale=\"Cet utilisateur a uniquement laiss\u00e9 une \u00e9valuation.\" data-pager-autoplay-timeout=\"6\"> <div class=\"ti-widget-container ti-col-3\"> <div class=\"ti-reviews-container\"> <div class=\"ti-controls\"> <div class=\"ti-next\" aria-label=\"Avis suivante\" role=\"button\" tabindex=\"0\"><\/div> <div class=\"ti-prev\" aria-label=\"Avis pr\u00e9c\u00e9dent\" role=\"button\" tabindex=\"0\"><\/div> <\/div> <div class=\"ti-reviews-container-wrapper\">  <div data-empty=\"0\" data-time=\"1782259200\" class=\"ti-review-item source-Google ti-image-layout-thumbnail\" data-id=\"cfcd208495d565ef66e7dff9f98764da\" data-language=\"\"> <div class=\"ti-inner\"> <div class=\"ti-review-header\"> <div class=\"ti-platform-icon ti-with-tooltip\"> <span class=\"ti-tooltip\">Publi\u00e9 sur Google<\/span> <img decoding=\"async\" class=\"skip-lazy\" src=\"https:\/\/cdn.trustindex.io\/assets\/platform\/Google\/icon.svg\" alt=\"Google\" width=\"20\" height=\"20\" loading=\"lazy\" \/> <\/div> <div class=\"ti-profile-img\"> <img decoding=\"async\" class=\"skip-lazy\" src=\"https:\/\/lh3.googleusercontent.com\/a\/ACg8ocKJQHWb824L2otAXRp2wyL_vnqDuBc7ZWp580ouixmOXxPtsw=w40-h40-c-rp-mo-br100\" srcset=\"https:\/\/lh3.googleusercontent.com\/a\/ACg8ocKJQHWb824L2otAXRp2wyL_vnqDuBc7ZWp580ouixmOXxPtsw=w80-h80-c-rp-mo-br100 2x\" alt=\"Sonia Ortiz Arisqueta profile picture\" loading=\"lazy\" \/> <\/div> <div class=\"ti-profile-details\"> <div class=\"ti-name\"> Sonia Ortiz Arisqueta <\/div> <div class=\"ti-date\"><\/div> <\/div> <\/div> <span class=\"ti-stars\"><img decoding=\"async\" class=\"ti-star skip-lazy\" src=\"https:\/\/cdn.trustindex.io\/assets\/platform\/Google\/star\/f.svg\" alt=\"Google star 1\" width=\"17\" height=\"17\" loading=\"lazy\" \/><img decoding=\"async\" class=\"ti-star skip-lazy\" src=\"https:\/\/cdn.trustindex.io\/assets\/platform\/Google\/star\/f.svg\" alt=\"Google star 2\" width=\"17\" height=\"17\" loading=\"lazy\" \/><img decoding=\"async\" class=\"ti-star skip-lazy\" src=\"https:\/\/cdn.trustindex.io\/assets\/platform\/Google\/star\/f.svg\" alt=\"Google star 3\" width=\"17\" height=\"17\" loading=\"lazy\" \/><img decoding=\"async\" class=\"ti-star skip-lazy\" src=\"https:\/\/cdn.trustindex.io\/assets\/platform\/Google\/star\/f.svg\" alt=\"Google star 4\" width=\"17\" height=\"17\" loading=\"lazy\" \/><img decoding=\"async\" class=\"ti-star skip-lazy\" src=\"https:\/\/cdn.trustindex.io\/assets\/platform\/Google\/star\/f.svg\" alt=\"Google star 5\" width=\"17\" height=\"17\" loading=\"lazy\" \/><span class=\"ti-verified-review ti-verified-platform\"><span class=\"ti-verified-tooltip\">Trustindex v\u00e9rifie que la source originale de l'avis est Google.<\/span><\/span><\/span> <div class=\"ti-review-text-container ti-review-content\"><!-- R-CONTENT -->Hemos estado del 19 al 23 de Junio, en nuestra furgo y GENIAL. La atenci\u00f3n de 10 desde antes de llegar por llamadas, informaci\u00f3n y all\u00ed mismo al llegar perfecto y mal\u00edsimos, nos atendi\u00f3 un chico que me da pena no recordar su nombre porque me dijo que llevaba 2 semanas pero una atenci\u00f3n perfecta! Las instalaciones MUY MUY LIMPIAS, limpiaban varias veces al d\u00eda nunca encontramos nada en mal estado. Nos dejaron una TV que hab\u00eda en la zona de billares para ver el partido del Espa\u00f1a del mundial, y hacer bbq en nuestra parcela, de verdad que nos hemos ido con la idea de volver. Su piscina es incre\u00edble y tiene varios socorristas y tambi\u00e9n toboganes para mayores y ni\u00f1os. Si solo tuviera que poner una pega ser\u00eda que con el camping pr\u00e1cticamente vac\u00edo nos pon\u00edan a varias furgos en parcelas consecutivas algo que no ve\u00edamos necesario porque estaba vac\u00edo. Algo que nos ha sorprendido es que con estas fechas, con la ubicaci\u00f3n que tiene y como est\u00e1 el camping que hubiera tan poca gente . Recomendamos 100% este camping, al menos con furgo.<!-- R-CONTENT --><\/div> <span class=\"ti-read-more\" data-container=\".ti-review-content\" data-collapse-text=\"Cacher\" data-open-text=\"Lire la suite\"><\/span> <\/div> <\/div>  <div data-empty=\"0\" data-time=\"1781827200\" class=\"ti-review-item source-Google ti-image-layout-thumbnail\" data-id=\"cfcd208495d565ef66e7dff9f98764da\" data-language=\"\"> <div class=\"ti-inner\"> <div class=\"ti-review-header\"> <div class=\"ti-platform-icon ti-with-tooltip\"> <span class=\"ti-tooltip\">Publi\u00e9 sur Google<\/span> <img decoding=\"async\" class=\"skip-lazy\" src=\"https:\/\/cdn.trustindex.io\/assets\/platform\/Google\/icon.svg\" alt=\"Google\" width=\"20\" height=\"20\" loading=\"lazy\" \/> <\/div> <div class=\"ti-profile-img\"> <img decoding=\"async\" class=\"skip-lazy\" src=\"https:\/\/lh3.googleusercontent.com\/a\/ACg8ocLuXvwOp-Yv-pN6TENhcddJtB1s9E_7GHrePLThdE6p9OqvNA=w40-h40-c-rp-mo-ba12-br100\" srcset=\"https:\/\/lh3.googleusercontent.com\/a\/ACg8ocLuXvwOp-Yv-pN6TENhcddJtB1s9E_7GHrePLThdE6p9OqvNA=w80-h80-c-rp-mo-ba12-br100 2x\" alt=\"deivi garcia profile picture\" loading=\"lazy\" \/> <\/div> <div class=\"ti-profile-details\"> <div class=\"ti-name\"> deivi garcia <\/div> <div class=\"ti-date\"><\/div> <\/div> <\/div> <span class=\"ti-stars\"><img decoding=\"async\" class=\"ti-star skip-lazy\" src=\"https:\/\/cdn.trustindex.io\/assets\/platform\/Google\/star\/f.svg\" alt=\"Google star 1\" width=\"17\" height=\"17\" loading=\"lazy\" \/><img decoding=\"async\" class=\"ti-star skip-lazy\" src=\"https:\/\/cdn.trustindex.io\/assets\/platform\/Google\/star\/f.svg\" alt=\"Google star 2\" width=\"17\" height=\"17\" loading=\"lazy\" \/><img decoding=\"async\" class=\"ti-star skip-lazy\" src=\"https:\/\/cdn.trustindex.io\/assets\/platform\/Google\/star\/f.svg\" alt=\"Google star 3\" width=\"17\" height=\"17\" loading=\"lazy\" \/><img decoding=\"async\" class=\"ti-star skip-lazy\" src=\"https:\/\/cdn.trustindex.io\/assets\/platform\/Google\/star\/f.svg\" alt=\"Google star 4\" width=\"17\" height=\"17\" loading=\"lazy\" \/><img decoding=\"async\" class=\"ti-star skip-lazy\" src=\"https:\/\/cdn.trustindex.io\/assets\/platform\/Google\/star\/f.svg\" alt=\"Google star 5\" width=\"17\" height=\"17\" loading=\"lazy\" \/><span class=\"ti-verified-review ti-verified-platform\"><span class=\"ti-verified-tooltip\">Trustindex v\u00e9rifie que la source originale de l'avis est Google.<\/span><\/span><\/span> <div class=\"ti-review-text-container ti-review-content\"><!-- R-CONTENT -->Cliente satisfecho<!-- R-CONTENT --><\/div> <span class=\"ti-read-more\" data-container=\".ti-review-content\" data-collapse-text=\"Cacher\" data-open-text=\"Lire la suite\"><\/span> <\/div> <\/div>  <div data-empty=\"0\" data-time=\"1781308800\" class=\"ti-review-item source-Google ti-image-layout-thumbnail\" data-id=\"cfcd208495d565ef66e7dff9f98764da\" data-language=\"\"> <div class=\"ti-inner\"> <div class=\"ti-review-header\"> <div class=\"ti-platform-icon ti-with-tooltip\"> <span class=\"ti-tooltip\">Publi\u00e9 sur Google<\/span> <img decoding=\"async\" class=\"skip-lazy\" src=\"https:\/\/cdn.trustindex.io\/assets\/platform\/Google\/icon.svg\" alt=\"Google\" width=\"20\" height=\"20\" loading=\"lazy\" \/> <\/div> <div class=\"ti-profile-img\"> <img decoding=\"async\" class=\"skip-lazy\" src=\"https:\/\/lh3.googleusercontent.com\/a\/ACg8ocIHaE_ZTRe-FeKPO1yNlDfALPPm_bNHe2u717Rd69cg-55tMA=w40-h40-c-rp-mo-br100\" srcset=\"https:\/\/lh3.googleusercontent.com\/a\/ACg8ocIHaE_ZTRe-FeKPO1yNlDfALPPm_bNHe2u717Rd69cg-55tMA=w80-h80-c-rp-mo-br100 2x\" alt=\"Catherine Grangier profile picture\" loading=\"lazy\" \/> <\/div> <div class=\"ti-profile-details\"> <div class=\"ti-name\"> Catherine Grangier <\/div> <div class=\"ti-date\"><\/div> <\/div> <\/div> <span class=\"ti-stars\"><img decoding=\"async\" class=\"ti-star skip-lazy\" src=\"https:\/\/cdn.trustindex.io\/assets\/platform\/Google\/star\/f.svg\" alt=\"Google star 1\" width=\"17\" height=\"17\" loading=\"lazy\" \/><img decoding=\"async\" class=\"ti-star skip-lazy\" src=\"https:\/\/cdn.trustindex.io\/assets\/platform\/Google\/star\/f.svg\" alt=\"Google star 2\" width=\"17\" height=\"17\" loading=\"lazy\" \/><img decoding=\"async\" class=\"ti-star skip-lazy\" src=\"https:\/\/cdn.trustindex.io\/assets\/platform\/Google\/star\/f.svg\" alt=\"Google star 3\" width=\"17\" height=\"17\" loading=\"lazy\" \/><img decoding=\"async\" class=\"ti-star skip-lazy\" src=\"https:\/\/cdn.trustindex.io\/assets\/platform\/Google\/star\/f.svg\" alt=\"Google star 4\" width=\"17\" height=\"17\" loading=\"lazy\" \/><img decoding=\"async\" class=\"ti-star skip-lazy\" src=\"https:\/\/cdn.trustindex.io\/assets\/platform\/Google\/star\/f.svg\" alt=\"Google star 5\" width=\"17\" height=\"17\" loading=\"lazy\" \/><span class=\"ti-verified-review ti-verified-platform\"><span class=\"ti-verified-tooltip\">Trustindex v\u00e9rifie que la source originale de l'avis est Google.<\/span><\/span><\/span> <div class=\"ti-review-text-container ti-review-content\"><!-- R-CONTENT -->Super camping, tr\u00e8s belle emplacement, tr\u00e8s bon accueil, personnel tr\u00e8s sympathique. Acc\u00e8s facile \u00e0 la ville de Tarragone avec les bus qui sont tr\u00e8s nombreux. Pour moi j' y retournerais. Merci beaucoup pour votre accueil.<!-- R-CONTENT --><\/div> <span class=\"ti-read-more\" data-container=\".ti-review-content\" data-collapse-text=\"Cacher\" data-open-text=\"Lire la suite\"><\/span> <\/div> <\/div>  <div data-empty=\"0\" data-time=\"1781308800\" class=\"ti-review-item source-Google ti-image-layout-thumbnail\" data-id=\"cfcd208495d565ef66e7dff9f98764da\" data-language=\"\"> <div class=\"ti-inner\"> <div class=\"ti-review-header\"> <div class=\"ti-platform-icon ti-with-tooltip\"> <span class=\"ti-tooltip\">Publi\u00e9 sur Google<\/span> <img decoding=\"async\" class=\"skip-lazy\" src=\"https:\/\/cdn.trustindex.io\/assets\/platform\/Google\/icon.svg\" alt=\"Google\" width=\"20\" height=\"20\" loading=\"lazy\" \/> <\/div> <div class=\"ti-profile-img\"> <img decoding=\"async\" class=\"skip-lazy\" src=\"https:\/\/lh3.googleusercontent.com\/a\/ACg8ocJBTG6122gRMmUEQyxCqMDHm88NpdCfJqjoLeAe6p00nczYVQ=w40-h40-c-rp-mo-br100\" srcset=\"https:\/\/lh3.googleusercontent.com\/a\/ACg8ocJBTG6122gRMmUEQyxCqMDHm88NpdCfJqjoLeAe6p00nczYVQ=w80-h80-c-rp-mo-br100 2x\" alt=\"Hugues Dejean profile picture\" loading=\"lazy\" \/> <\/div> <div class=\"ti-profile-details\"> <div class=\"ti-name\"> Hugues Dejean <\/div> <div class=\"ti-date\"><\/div> <\/div> <\/div> <span class=\"ti-stars\"><img decoding=\"async\" class=\"ti-star skip-lazy\" src=\"https:\/\/cdn.trustindex.io\/assets\/platform\/Google\/star\/f.svg\" alt=\"Google star 1\" width=\"17\" height=\"17\" loading=\"lazy\" \/><img decoding=\"async\" class=\"ti-star skip-lazy\" src=\"https:\/\/cdn.trustindex.io\/assets\/platform\/Google\/star\/f.svg\" alt=\"Google star 2\" width=\"17\" height=\"17\" loading=\"lazy\" \/><img decoding=\"async\" class=\"ti-star skip-lazy\" src=\"https:\/\/cdn.trustindex.io\/assets\/platform\/Google\/star\/f.svg\" alt=\"Google star 3\" width=\"17\" height=\"17\" loading=\"lazy\" \/><img decoding=\"async\" class=\"ti-star skip-lazy\" src=\"https:\/\/cdn.trustindex.io\/assets\/platform\/Google\/star\/f.svg\" alt=\"Google star 4\" width=\"17\" height=\"17\" loading=\"lazy\" \/><img decoding=\"async\" class=\"ti-star skip-lazy\" src=\"https:\/\/cdn.trustindex.io\/assets\/platform\/Google\/star\/e.svg\" alt=\"Google star 5\" width=\"17\" height=\"17\" loading=\"lazy\" \/><span class=\"ti-verified-review ti-verified-platform\"><span class=\"ti-verified-tooltip\">Trustindex v\u00e9rifie que la source originale de l'avis est Google.<\/span><\/span><\/span> <div class=\"ti-review-text-container ti-review-content\"><!-- R-CONTENT -->Camping tr\u00e8s calme pour la p\u00e9riode, personnel tr\u00e8s accueillant, sanitaire m\u00e9rite d'\u00eatre modernis\u00e9, pas de balayette dans les wc. Bien situ\u00e9. Nous avons pass\u00e9 un excellent s\u00e9jour. Et je le r\u00e9p\u00e8te agr\u00e9able accueil.<!-- R-CONTENT --><\/div> <span class=\"ti-read-more\" data-container=\".ti-review-content\" data-collapse-text=\"Cacher\" data-open-text=\"Lire la suite\"><\/span> <\/div> <\/div>  <div data-empty=\"0\" data-time=\"1780876800\" class=\"ti-review-item source-Google ti-image-layout-thumbnail\" data-id=\"cfcd208495d565ef66e7dff9f98764da\" data-language=\"\"> <div class=\"ti-inner\"> <div class=\"ti-review-header\"> <div class=\"ti-platform-icon ti-with-tooltip\"> <span class=\"ti-tooltip\">Publi\u00e9 sur Google<\/span> <img decoding=\"async\" class=\"skip-lazy\" src=\"https:\/\/cdn.trustindex.io\/assets\/platform\/Google\/icon.svg\" alt=\"Google\" width=\"20\" height=\"20\" loading=\"lazy\" \/> <\/div> <div class=\"ti-profile-img\"> <img decoding=\"async\" class=\"skip-lazy\" src=\"https:\/\/lh3.googleusercontent.com\/a-\/ALV-UjVoKpCdU3QQ97ZKdL-kkppOYjlzU0KXLtJ0U4-BkmrE_onOzPMT=w40-h40-c-rp-mo-ba12-br100\" srcset=\"https:\/\/lh3.googleusercontent.com\/a-\/ALV-UjVoKpCdU3QQ97ZKdL-kkppOYjlzU0KXLtJ0U4-BkmrE_onOzPMT=w80-h80-c-rp-mo-ba12-br100 2x\" alt=\"Elisa Tarda profile picture\" loading=\"lazy\" \/> <\/div> <div class=\"ti-profile-details\"> <div class=\"ti-name\"> Elisa Tarda <\/div> <div class=\"ti-date\"><\/div> <\/div> <\/div> <span class=\"ti-stars\"><img decoding=\"async\" class=\"ti-star skip-lazy\" src=\"https:\/\/cdn.trustindex.io\/assets\/platform\/Google\/star\/f.svg\" alt=\"Google star 1\" width=\"17\" height=\"17\" loading=\"lazy\" \/><img decoding=\"async\" class=\"ti-star skip-lazy\" src=\"https:\/\/cdn.trustindex.io\/assets\/platform\/Google\/star\/f.svg\" alt=\"Google star 2\" width=\"17\" height=\"17\" loading=\"lazy\" \/><img decoding=\"async\" class=\"ti-star skip-lazy\" src=\"https:\/\/cdn.trustindex.io\/assets\/platform\/Google\/star\/f.svg\" alt=\"Google star 3\" width=\"17\" height=\"17\" loading=\"lazy\" \/><img decoding=\"async\" class=\"ti-star skip-lazy\" src=\"https:\/\/cdn.trustindex.io\/assets\/platform\/Google\/star\/f.svg\" alt=\"Google star 4\" width=\"17\" height=\"17\" loading=\"lazy\" \/><img decoding=\"async\" class=\"ti-star skip-lazy\" src=\"https:\/\/cdn.trustindex.io\/assets\/platform\/Google\/star\/f.svg\" alt=\"Google star 5\" width=\"17\" height=\"17\" loading=\"lazy\" \/><span class=\"ti-verified-review ti-verified-platform\"><span class=\"ti-verified-tooltip\">Trustindex v\u00e9rifie que la source originale de l'avis est Google.<\/span><\/span><\/span> <div class=\"ti-review-text-container ti-review-content\"><!-- R-CONTENT -->Perfecte per anar-hi amb gossos<!-- R-CONTENT --><\/div> <span class=\"ti-read-more\" data-container=\".ti-review-content\" data-collapse-text=\"Cacher\" data-open-text=\"Lire la suite\"><\/span> <\/div> <\/div>  <\/div> <div class=\"ti-controls-line\"> <div class=\"dot\"><\/div> <\/div> <\/div>    <\/div> <\/div> \n<\/div><\/div>\n\n\n\n<figure class=\"wp-block-image size-large backgound-img\"><img decoding=\"async\" width=\"683\" height=\"1024\" src=\"https:\/\/www.lapineda.com\/wp-content\/uploads\/2026\/05\/fond-cactus-683x1024.jpg\" alt=\"fondo de cactus\" class=\"wp-image-2639\" srcset=\"https:\/\/www.lapineda.com\/wp-content\/uploads\/2026\/05\/fond-cactus-683x1024.jpg 683w, https:\/\/www.lapineda.com\/wp-content\/uploads\/2026\/05\/fond-cactus-200x300.jpg 200w, https:\/\/www.lapineda.com\/wp-content\/uploads\/2026\/05\/fond-cactus-768x1152.jpg 768w, https:\/\/www.lapineda.com\/wp-content\/uploads\/2026\/05\/fond-cactus-1024x1536.jpg 1024w, https:\/\/www.lapineda.com\/wp-content\/uploads\/2026\/05\/fond-cactus-1365x2048.jpg 1365w, https:\/\/www.lapineda.com\/wp-content\/uploads\/2026\/05\/fond-cactus-scaled.jpg 1707w\" sizes=\"(max-width: 683px) 100vw, 683px\" \/><\/figure>\n<\/div>\n\n\n\n<div class=\"wp-block-column right is-layout-flow wp-block-column-is-layout-flow\">\n<p class=\"has-text-align-center sub-title center has-custom-color-2-color has-text-color has-link-color has-noar-font-family wp-elements-64 wp-block-paragraph\" style=\"border-bottom-color:var(--wp--preset--color--custom-color-2);border-bottom-width:1px;padding-top:3px;padding-right:30px;padding-bottom:3px;padding-left:30px;font-size:clamp(1.119rem, 1.119rem + ((1vw - 0.2rem) * 1.052), 1.75rem);font-style:normal;font-weight:400\">LA PINEDA<\/p>\n\n\n\n<p class=\"has-text-align-center has-custom-color-1-color has-text-color has-link-color has-ideas-font-family wp-elements-65 wp-block-paragraph\" style=\"font-size:clamp(2.75rem, 2.75rem + ((1vw - 0.2rem) * 4.233), 5.29rem);line-height:1\">Entre nosotros<\/p>\n\n\n\n<p class=\"has-text-align-center has-custom-color-1-color has-text-color has-link-color has-noar-font-family wp-elements-66 wp-block-paragraph\" style=\"margin-top:0px;font-size:clamp(2.75rem, 2.75rem + ((1vw - 0.2rem) * 4.233), 5.29rem);line-height:1\">\u00a1No hay secretos!<\/p>\n\n\n\n<figure class=\"wp-block-image aligncenter size-large\"><img decoding=\"async\" width=\"318\" height=\"16\" src=\"https:\/\/www.lapineda.com\/wp-content\/uploads\/2026\/05\/trait-vert-clair.svg\" alt=\"l\u00ednea verde claro\" class=\"wp-image-2740\" \/><\/figure>\n\n\n\n<div class=\"wp-block-group icons-faq has-border-color is-horizontal is-layout-flex wp-block-group-is-layout-flex\" style=\"border-color:#d93d3d;border-style:dotted;border-width:3px\">\n<figure class=\"wp-block-image size-large question\"><img decoding=\"async\" width=\"21\" height=\"21\" src=\"https:\/\/www.lapineda.com\/wp-content\/uploads\/2026\/05\/icon-bulle-message-vert.svg\" alt=\"icono de burbuja de mensaje verde\" class=\"wp-image-2650\" \/><\/figure>\n\n\n\n<figure class=\"wp-block-image size-large question-hover\"><img decoding=\"async\" width=\"21\" height=\"21\" src=\"https:\/\/www.lapineda.com\/wp-content\/uploads\/2026\/05\/icon-bulle-message-vert.svg\" alt=\"icono de burbuja de mensaje verde\" class=\"wp-image-2650\" \/><\/figure>\n\n\n\n<figure class=\"wp-block-image size-large is-resized btn-faq\"><img decoding=\"async\" width=\"37\" height=\"24\" src=\"https:\/\/www.lapineda.com\/wp-content\/uploads\/2026\/05\/fleche-faq-vert.svg\" alt=\"flecha verde de preguntas frecuentes\" class=\"wp-image-2656\" style=\"width:25px;height:auto\" \/><\/figure>\n\n\n\n<figure class=\"wp-block-image size-large btn-faq-hover\"><img decoding=\"async\" width=\"43\" height=\"43\" src=\"https:\/\/www.lapineda.com\/wp-content\/uploads\/2026\/05\/fleche-faq-open-vert.svg\" alt=\"flecha faq abierta verde\" class=\"wp-image-2657\" \/><\/figure>\n<\/div>\n\n\n<details style=\"border-top-left-radius:0px;border-top-right-radius:0px;border-bottom-left-radius:0px;border-bottom-right-radius:0px;padding-right:var(--wp--preset--spacing--20);padding-left:var(--wp--preset--spacing--20);padding-top:var(--wp--preset--spacing--20);padding-bottom:var(--wp--preset--spacing--20)\" class=\"gt-fse-faq wp-block-gt-gt-fse-faq has-background has-custom-color-3-background-color\" data-wp-interactive=\"gt-fse-faq\" data-wp-context='{\"isOpen\": false}'>\n\t<summary aria-expanded=\"false\" class=\"gt-fse-faq-summary\" data-wp-on--click=\"actions.toggle\" data-wp-bind--aria-expanded=\"context.isOpen\">\n\t\t<div class=\"gt-fse-faq-summary-text\">\u00bfHay que pagar una fianza?<\/div>\t\t<span class=\"gt-fse-faq-opener\"><\/span>\n\t<\/summary>\n\t<div class=\"gt-fse-faq-content\">\n\t\t\n\n<p class=\"wp-block-paragraph\" style=\"padding-right:var(--wp--preset--spacing--10);padding-left:var(--wp--preset--spacing--10)\">En los alojamientos (casas m\u00f3viles y bungal\u00f3s), hay que dejar un dep\u00f3sito de garant\u00eda de 120 euros a la llegada, que se cargar\u00e1 en una tarjeta de cr\u00e9dito v\u00e1lida a nombre del titular de la factura, para cubrir los posibles da\u00f1os que se puedan causar. Esta fianza se devolver\u00e1 tras comprobar el estado y que no falte nada del equipamiento del alojamiento, en las 48 horas siguientes a la entrega de las llaves el d\u00eda de la salida. <\/p>\n\n\t<\/div>\n<\/details>\n\n\n\n<details style=\"border-top-left-radius:0px;border-top-right-radius:0px;border-bottom-left-radius:0px;border-bottom-right-radius:0px;padding-right:var(--wp--preset--spacing--20);padding-left:var(--wp--preset--spacing--20);padding-top:var(--wp--preset--spacing--20);padding-bottom:var(--wp--preset--spacing--20)\" class=\"gt-fse-faq wp-block-gt-gt-fse-faq has-background has-custom-color-3-background-color\" data-wp-interactive=\"gt-fse-faq\" data-wp-context='{\"isOpen\": false}'>\n\t<summary aria-expanded=\"false\" class=\"gt-fse-faq-summary\" data-wp-on--click=\"actions.toggle\" data-wp-bind--aria-expanded=\"context.isOpen\">\n\t\t<div class=\"gt-fse-faq-summary-text\">\u00bfQu\u00e9 documentos tengo que presentar al llegar?<\/div>\t\t<span class=\"gt-fse-faq-opener\"><\/span>\n\t<\/summary>\n\t<div class=\"gt-fse-faq-content\">\n\t\t\n\n<p class=\"wp-block-paragraph\" style=\"padding-right:var(--wp--preset--spacing--10);padding-left:var(--wp--preset--spacing--10)\">El cliente y\/o el titular de la reserva deber\u00e1 acreditar su identidad y la de las personas que le acompa\u00f1en, mostrando documentos de identidad o pasaportes v\u00e1lidos, y firmar los documentos necesarios para su inscripci\u00f3n y registro.<\/p>\n\n\t<\/div>\n<\/details>\n\n\n\n<details style=\"border-top-left-radius:0px;border-top-right-radius:0px;border-bottom-left-radius:0px;border-bottom-right-radius:0px;padding-right:var(--wp--preset--spacing--20);padding-left:var(--wp--preset--spacing--20);padding-top:var(--wp--preset--spacing--20);padding-bottom:var(--wp--preset--spacing--20)\" class=\"gt-fse-faq wp-block-gt-gt-fse-faq has-background has-custom-color-3-background-color\" data-wp-interactive=\"gt-fse-faq\" data-wp-context='{\"isOpen\": false}'>\n\t<summary aria-expanded=\"false\" class=\"gt-fse-faq-summary\" data-wp-on--click=\"actions.toggle\" data-wp-bind--aria-expanded=\"context.isOpen\">\n\t\t<div class=\"gt-fse-faq-summary-text\">\u00bfSe incluyen las s\u00e1banas y las toallas en el alojamiento?<\/div>\t\t<span class=\"gt-fse-faq-opener\"><\/span>\n\t<\/summary>\n\t<div class=\"gt-fse-faq-content\">\n\t\t\n\n<p class=\"wp-block-paragraph\" style=\"padding-right:var(--wp--preset--spacing--10);padding-left:var(--wp--preset--spacing--10)\">A partir de 3 noches, las s\u00e1banas, las toallas y el cambio semanal de ropa de cama est\u00e1n incluidos. Para estancias de una o dos noches no se proporciona ropa de cama ni de ba\u00f1o; puedes alquilarla por internet o traer la tuya propia. <\/p>\n\n\t<\/div>\n<\/details>\n\n\n\n<details style=\"border-top-left-radius:0px;border-top-right-radius:0px;border-bottom-left-radius:0px;border-bottom-right-radius:0px;padding-right:var(--wp--preset--spacing--20);padding-left:var(--wp--preset--spacing--20);padding-top:var(--wp--preset--spacing--20);padding-bottom:var(--wp--preset--spacing--20)\" class=\"gt-fse-faq wp-block-gt-gt-fse-faq has-background has-custom-color-3-background-color\" data-wp-interactive=\"gt-fse-faq\" data-wp-context='{\"isOpen\": false}'>\n\t<summary aria-expanded=\"false\" class=\"gt-fse-faq-summary\" data-wp-on--click=\"actions.toggle\" data-wp-bind--aria-expanded=\"context.isOpen\">\n\t\t<div class=\"gt-fse-faq-summary-text\">\u00bfEst\u00e1 abierto el parque acu\u00e1tico en temporada baja?<\/div>\t\t<span class=\"gt-fse-faq-opener\"><\/span>\n\t<\/summary>\n\t<div class=\"gt-fse-faq-content\">\n\t\t\n\n<p class=\"wp-block-paragraph\" style=\"padding-right:var(--wp--preset--spacing--10);padding-left:var(--wp--preset--spacing--10)\">La piscina exterior climatizada est\u00e1 abierta toda la temporada, mientras que las dem\u00e1s piscinas (la semiolemplica y la infantil) est\u00e1n abiertas durante el verano.<\/p>\n\n\t<\/div>\n<\/details>\n\n\n\n<details style=\"border-top-left-radius:0px;border-top-right-radius:0px;border-bottom-left-radius:0px;border-bottom-right-radius:0px;padding-right:var(--wp--preset--spacing--20);padding-left:var(--wp--preset--spacing--20);padding-top:var(--wp--preset--spacing--20);padding-bottom:var(--wp--preset--spacing--20)\" class=\"gt-fse-faq wp-block-gt-gt-fse-faq has-background has-custom-color-3-background-color\" data-wp-interactive=\"gt-fse-faq\" data-wp-context='{\"isOpen\": false}'>\n\t<summary aria-expanded=\"false\" class=\"gt-fse-faq-summary\" data-wp-on--click=\"actions.toggle\" data-wp-bind--aria-expanded=\"context.isOpen\">\n\t\t<div class=\"gt-fse-faq-summary-text\">\u00bfSe puede llevar comida y bebida a la zona acu\u00e1tica?<\/div>\t\t<span class=\"gt-fse-faq-opener\"><\/span>\n\t<\/summary>\n\t<div class=\"gt-fse-faq-content\">\n\t\t\n\n<p class=\"wp-block-paragraph\" style=\"padding-right:var(--wp--preset--spacing--10);padding-left:var(--wp--preset--spacing--10)\">Est\u00e1 PROHIBIDO comer y fumar dentro de la zona de piscinas, as\u00ed como llevar alcohol y bebidas alcoh\u00f3licas.<\/p>\n\n\t<\/div>\n<\/details>\n\n<\/div>\n<\/div>\n<\/div>\n","protected":false},"excerpt":{"rendered":"<p>Camping cerca de Salou, a un paso de las playas Parque acu\u00e1tico: 100 % diversi\u00f3n en el camping cerca de Tarragona Nuestro parque acu\u00e1tico te ofrece 1 500 m\u00b2 de pura diversi\u00f3n veraniega. Te esperan tres piscinas: una climatizada a 28 \u00b0C con chorrosde hidromasaje para el cuello y la espalda, una piscina semiol\u00edmpica de [&hellip;]<\/p>\n","protected":false},"author":1,"featured_media":0,"parent":0,"menu_order":0,"comment_status":"closed","ping_status":"closed","template":"","meta":{"_seopress_titles_title":"Camping cerca de Salou | Camping cerca de Tarragona","_seopress_titles_desc":"Camping La Pineda de Salou: bosque mediterr\u00e1neo, 3 piscinas, playa a 600 m y cerca de Port Aventura. \u00a1Reserva ya tu estancia en la Costa Dorada! ","_seopress_robots_index":"","_seopress_robots_follow":"","_seopress_robots_imageindex":"","_seopress_robots_snippet":"","_seopress_robots_primary_cat":"","_seopress_robots_breadcrumbs":"","_seopress_robots_freeze_modified_date":"","_seopress_robots_custom_modified_date":"","_seopress_robots_canonical":"","_seopress_social_fb_title":"","_seopress_social_fb_desc":"","_seopress_social_fb_img":"","_seopress_social_fb_img_attachment_id":0,"_seopress_social_fb_img_width":0,"_seopress_social_fb_img_height":0,"_seopress_social_twitter_title":"","_seopress_social_twitter_desc":"","_seopress_social_twitter_img":"","_seopress_social_twitter_img_attachment_id":0,"_seopress_social_twitter_img_width":0,"_seopress_social_twitter_img_height":0,"_seopress_redirections_value":"","_seopress_redirections_enabled":"","_seopress_redirections_enabled_regex":"","_seopress_redirections_logged_status":"both","_seopress_redirections_param":"","_seopress_redirections_type":301,"_seopress_analysis_target_kw":"","_seopress_news_disabled":"","_seopress_video_disabled":"","_seopress_video":[],"_seopress_pro_schemas_manual":[],"_seopress_pro_rich_snippets_disable_all":"","_seopress_pro_rich_snippets_disable":[],"_seopress_pro_schemas":[],"_gt_ctv_global_id":"1045","_gt_ctv_id_group":false,"inline_featured_image":false,"gt_fse_maillage_image":"https:\/\/www.lapineda.com\/wp-content\/uploads\/2026\/06\/camping-location-mobil-home-salou.jpg","gt_fse_maillage_titre":"Inicio","gt_fse_maillage_alt":"camping location mobil home salou","gt_fse_maillage_resume":"","footnotes":""},"categories":[],"tags":[],"class_list":["post-3989","page","type-page","status-publish","hentry"],"_links":{"self":[{"href":"https:\/\/www.lapineda.com\/es\/wp-json\/wp\/v2\/pages\/3989","targetHints":{"allow":["GET"]}}],"collection":[{"href":"https:\/\/www.lapineda.com\/es\/wp-json\/wp\/v2\/pages"}],"about":[{"href":"https:\/\/www.lapineda.com\/es\/wp-json\/wp\/v2\/types\/page"}],"author":[{"embeddable":true,"href":"https:\/\/www.lapineda.com\/es\/wp-json\/wp\/v2\/users\/1"}],"replies":[{"embeddable":true,"href":"https:\/\/www.lapineda.com\/es\/wp-json\/wp\/v2\/comments?post=3989"}],"version-history":[{"count":25,"href":"https:\/\/www.lapineda.com\/es\/wp-json\/wp\/v2\/pages\/3989\/revisions"}],"predecessor-version":[{"id":5816,"href":"https:\/\/www.lapineda.com\/es\/wp-json\/wp\/v2\/pages\/3989\/revisions\/5816"}],"wp:attachment":[{"href":"https:\/\/www.lapineda.com\/es\/wp-json\/wp\/v2\/media?parent=3989"}],"wp:term":[{"taxonomy":"category","embeddable":true,"href":"https:\/\/www.lapineda.com\/es\/wp-json\/wp\/v2\/categories?post=3989"},{"taxonomy":"post_tag","embeddable":true,"href":"https:\/\/www.lapineda.com\/es\/wp-json\/wp\/v2\/tags?post=3989"}],"curies":[{"name":"wp","href":"https:\/\/api.w.org\/{rel}","templated":true}]}}