{"id":4014,"date":"2026-05-04T13:30:15","date_gmt":"2026-05-04T11:30:15","guid":{"rendered":"https:\/\/www.lapineda.com\/playa\/"},"modified":"2026-07-23T09:00:52","modified_gmt":"2026-07-23T07:00:52","slug":"camping-junto-al-mar-salou","status":"publish","type":"page","link":"https:\/\/www.lapineda.com\/es\/camping-junto-al-mar-salou\/","title":{"rendered":"Playa"},"content":{"rendered":"\n<div class=\"wp-block-group section-1 has-custom-color-1-background-color has-background has-global-padding is-layout-constrained wp-container-core-group-is-layout-e625fa92 wp-block-group-is-layout-constrained\" style=\"padding-top:8rem;padding-right:6rem;padding-bottom:8rem;padding-left:6rem\">\n<div class=\"wp-block-columns is-layout-flex wp-container-core-columns-is-layout-d814a4fb wp-block-columns-is-layout-flex\">\n<div class=\"wp-block-column is-vertically-aligned-center left is-layout-flow wp-block-column-is-layout-flow\">\n<div data-swiper=\"{&quot;speed&quot;:1000,&quot;autoplay&quot;:{&quot;delay&quot;:5000,&quot;disableOnInteraction&quot;:false},&quot;spaceBetween&quot;:0,&quot;slidesPerView&quot;:1,&quot;pagination&quot;:{&quot;el&quot;:&quot;.swiper-pagination&quot;,&quot;dynamicBullets&quot;:true,&quot;clickable&quot;:true,&quot;type&quot;:&quot;bullets&quot;},&quot;navigation&quot;:{&quot;nextEl&quot;:&quot;.swiper-button-next&quot;,&quot;prevEl&quot;:&quot;.swiper-button-prev&quot;},&quot;breakpoints&quot;:[{&quot;slidesPerView&quot;:1}]}\" class=\"wp-block-cover is-light svg-background wp-duotone-02373d-02373d-1\"><span aria-hidden=\"true\" class=\"wp-block-cover__background has-background-dim-0 has-background-dim\"><\/span><div class=\"wp-block-cover__inner-container has-global-padding is-layout-constrained wp-container-core-cover-is-layout-6b3b7742 wp-block-cover-is-layout-constrained\">\n<h1 class=\"wp-block-heading has-text-align-center has-custom-color-2-color has-text-color has-link-color has-noar-font-family wp-elements-1\" style=\"font-size:clamp(2.2rem, 2.2rem + ((1vw - 0.2rem) * 3), 4rem);\"><strong>Camping junto a la playa<\/strong>, cerca de Salou<\/h1>\n\n\n\n<figure class=\"wp-block-image aligncenter size-large\"><img decoding=\"async\" width=\"318\" height=\"16\" src=\"https:\/\/www.lapineda.com\/wp-content\/uploads\/2026\/05\/trait-vert-clair.svg\" alt=\"l\u00ednea verde claro\" class=\"wp-image-2740\" \/><\/figure>\n<\/div><\/div>\n\n\n\n<p class=\"has-text-align-center has-white-color has-text-color has-link-color wp-elements-2 wp-block-paragraph\">L&#8217;un des atouts majeurs de notre <a href=\"https:\/\/www.lapineda.com\/\" data-type=\"page\" data-id=\"5\">camping pr\u00e8s de Salou<\/a> est sans conteste sa <strong>proximit\u00e9 avec la mer<\/strong>. \u00c0 Salou, il y a <strong>huit plages <\/strong>et quelques <strong>criques<\/strong> qui constituent des richesses naturelles majeures. N&#8217;\u00e9tant pas d\u2019acc\u00e8s direct, elles sont n\u00e9anmoins <strong>plus tranquilles<\/strong>. Beaucoup d\u2019entre elles sont des criques entour\u00e9es de nature, ce qui contribue \u00e0 les consid\u00e9rer comme des sites tr\u00e8s attrayants.<\/p>\n\n\n\n<p class=\"has-text-align-center has-white-color has-text-color has-link-color wp-elements-3 wp-block-paragraph\">Camping a 600 m de la playa de La Pineda de Salou y sus 3,5 km de arena fina (en l\u00ednea recta, \u00a1es decir, a solo 7 minutos andando!), nuestro camping a orillas del mar, cerca de Tarragona, te permite disfrutar de <strong>unas condiciones ideales para ba\u00f1arse en<\/strong> familia, desde la primavera hasta finales de septiembre. La Pineda Platja, con su refrescante brisa marina cada noche, est\u00e1 protegida de los vientos del norte y goza de un<strong> microclima \u00fanico<\/strong>. <\/p>\n<\/div>\n\n\n\n<div class=\"wp-block-column is-vertically-aligned-top right is-layout-flow wp-block-column-is-layout-flow\">\n<div data-swiper=\"{&quot;speed&quot;:1000,&quot;autoplay&quot;:{&quot;delay&quot;:5000,&quot;disableOnInteraction&quot;:false},&quot;spaceBetween&quot;:0,&quot;slidesPerView&quot;:1,&quot;pagination&quot;:{&quot;el&quot;:&quot;.swiper-pagination&quot;,&quot;dynamicBullets&quot;:true,&quot;clickable&quot;:true,&quot;type&quot;:&quot;bullets&quot;},&quot;navigation&quot;:{&quot;nextEl&quot;:&quot;.swiper-button-next&quot;,&quot;prevEl&quot;:&quot;.swiper-button-prev&quot;},&quot;breakpoints&quot;:[{&quot;slidesPerView&quot;:1}]}\" class=\"wp-block-cover has-aspect-ratio\" style=\"border-top-left-radius:500px;border-top-right-radius:500px;padding-top:0px;padding-right:0px;padding-bottom:0px;padding-left:0px;aspect-ratio:1;height:unset;min-height:unset;\"><img width=\"982\" height=\"1286\" fetchpriority=\"high\" decoding=\"sync\" data-no-lazy=\"1\" class=\"wp-block-cover__image-background wp-image-3263 size-full\" alt=\"plage d&apos;espagne activit\u00e9s\" src=\"https:\/\/www.lapineda.com\/wp-content\/uploads\/2026\/06\/plage-despagne-activites.jpg\" style=\"object-position:47% 100%\" data-object-fit=\"cover\" data-object-position=\"47% 100%\" srcset=\"https:\/\/www.lapineda.com\/wp-content\/uploads\/2026\/06\/plage-despagne-activites.jpg 982w, https:\/\/www.lapineda.com\/wp-content\/uploads\/2026\/06\/plage-despagne-activites-229x300.jpg 229w, https:\/\/www.lapineda.com\/wp-content\/uploads\/2026\/06\/plage-despagne-activites-782x1024.jpg 782w, https:\/\/www.lapineda.com\/wp-content\/uploads\/2026\/06\/plage-despagne-activites-768x1006.jpg 768w\" sizes=\"(max-width: 982px) 100vw, 982px\" \/><span aria-hidden=\"true\" class=\"wp-block-cover__background has-background-dim-0 has-background-dim\"><\/span><div class=\"wp-block-cover__inner-container has-global-padding is-layout-constrained wp-container-core-cover-is-layout-1b7a6f8b wp-block-cover-is-layout-constrained\">\n<p class=\"has-text-align-center has-large-font-size wp-block-paragraph\"><\/p>\n<\/div><\/div>\n<\/div>\n<\/div>\n<\/div>\n\n<div class=\"wp-block-group section-4 no-cta no-anim has-global-padding is-layout-constrained wp-container-core-group-is-layout-564ef5c5 wp-block-group-is-layout-constrained\" style=\"margin-top:0px;margin-bottom:0px;padding-right:0px;padding-bottom:0;padding-left:0px\">\n<div class=\"wp-block-group banner has-global-padding is-layout-constrained wp-container-core-group-is-layout-6b3b7742 wp-block-group-is-layout-constrained\">\n<figure class=\"wp-block-image size-large cursor\"><img decoding=\"async\" width=\"112\" height=\"112\" src=\"https:\/\/www.lapineda.com\/wp-content\/uploads\/2025\/10\/cursor-beige.svg\" alt=\"cursor beige\" class=\"wp-image-456\" \/><\/figure>\n\n\n\n<div class=\"wp-block-group has-global-padding is-layout-constrained wp-container-core-group-is-layout-0483bb72 wp-block-group-is-layout-constrained\" style=\"margin-top:0px;margin-bottom:0px\">\n<div data-swiper=\"{&quot;speed&quot;:1000,&quot;autoplay&quot;:{&quot;delay&quot;:5000,&quot;disableOnInteraction&quot;:false},&quot;spaceBetween&quot;:0,&quot;slidesPerView&quot;:1,&quot;pagination&quot;:{&quot;el&quot;:&quot;.swiper-pagination&quot;,&quot;dynamicBullets&quot;:true,&quot;clickable&quot;:true,&quot;type&quot;:&quot;bullets&quot;},&quot;navigation&quot;:{&quot;nextEl&quot;:&quot;.swiper-button-next&quot;,&quot;prevEl&quot;:&quot;.swiper-button-prev&quot;},&quot;breakpoints&quot;:[{&quot;slidesPerView&quot;:1}]}\" class=\"wp-block-cover is-light\" style=\"min-height:100vh;aspect-ratio:unset;\"><div class=\"wp-block-cover__video-background wp-block-cover__embed-background\"><iframe src=\"https:\/\/www.youtube.com\/embed\/FQJ7tqIVfKY?feature=oembed&#038;autoplay=1&#038;mute=1&#038;loop=1&#038;controls=0&#038;modestbranding=1&#038;playsinline=1&#038;playlist=FQJ7tqIVfKY\" title=\"Background video\" frameborder=\"0\" allow=\"autoplay; fullscreen\"><\/iframe><\/div><span aria-hidden=\"true\" class=\"wp-block-cover__background has-background-dim-0 has-background-dim\"><\/span><div class=\"wp-block-cover__inner-container has-global-padding is-layout-constrained wp-container-core-cover-is-layout-6b3b7742 wp-block-cover-is-layout-constrained\">\n<p class=\"has-text-align-center has-base-2-color has-text-color has-link-color wp-elements-4 wp-block-paragraph\" style=\"font-size:clamp(3.073rem, 3.073rem + ((1vw - 0.2rem) * 5.028), 6.09rem);font-style:normal;font-weight:700;line-height:1\">PLAYA DE LA PINEDA<\/p>\n<\/div><\/div>\n<\/div>\n<\/div>\n\n\n\n<div class=\"wp-block-group content has-custom-color-1-background-color has-background has-global-padding is-layout-constrained wp-container-core-group-is-layout-26bd3f06 wp-block-group-is-layout-constrained\" style=\"margin-top:0px;margin-bottom:0;padding-top:4rem;padding-right:2rem;padding-bottom:7rem;padding-left:2rem\">\n<div class=\"wp-block-columns are-vertically-aligned-center is-layout-flex wp-container-core-columns-is-layout-e40f21a1 wp-block-columns-is-layout-flex\" style=\"padding-right:8rem;padding-left:8rem\">\n<div class=\"wp-block-column is-vertically-aligned-center left is-layout-flow wp-block-column-is-layout-flow\" style=\"flex-basis:40%\">\n<div data-swiper=\"{&quot;speed&quot;:1000,&quot;autoplay&quot;:{&quot;delay&quot;:5000,&quot;disableOnInteraction&quot;:false},&quot;spaceBetween&quot;:0,&quot;slidesPerView&quot;:1,&quot;pagination&quot;:{&quot;el&quot;:&quot;.swiper-pagination&quot;,&quot;dynamicBullets&quot;:true,&quot;clickable&quot;:true,&quot;type&quot;:&quot;bullets&quot;},&quot;navigation&quot;:{&quot;nextEl&quot;:&quot;.swiper-button-next&quot;,&quot;prevEl&quot;:&quot;.swiper-button-prev&quot;},&quot;breakpoints&quot;:[{&quot;slidesPerView&quot;:1}]}\" class=\"wp-block-cover is-light svg-background wp-duotone-02373d-02373d-2\" style=\"min-height:261px;aspect-ratio:unset;\"><span aria-hidden=\"true\" class=\"wp-block-cover__background has-background-dim-0 has-background-dim\"><\/span><div class=\"wp-block-cover__inner-container has-global-padding is-layout-constrained wp-container-core-cover-is-layout-6b3b7742 wp-block-cover-is-layout-constrained\">\n<p class=\"has-text-align-center sub-title center has-custom-color-2-color has-text-color has-link-color has-noar-font-family wp-elements-5 wp-block-paragraph\" style=\"border-bottom-color:var(--wp--preset--color--custom-color-2);border-bottom-width:1px;padding-top:3px;padding-right:30px;padding-bottom:3px;padding-left:30px;font-size:clamp(1.119rem, 1.119rem + ((1vw - 0.2rem) * 1.052), 1.75rem);font-style:normal;font-weight:400\">LA PINEDA<\/p>\n\n\n\n<p class=\"has-text-align-center has-custom-color-2-color has-text-color has-link-color has-ideas-font-family wp-elements-6 wp-block-paragraph\" style=\"font-size:clamp(2.75rem, 2.75rem + ((1vw - 0.2rem) * 4.233), 5.29rem);line-height:1\">Descubrimiento<\/p>\n\n\n\n<p class=\"has-text-align-center has-custom-color-2-color has-text-color has-link-color has-noar-font-family wp-elements-7 wp-block-paragraph\" style=\"font-size:clamp(2.75rem, 2.75rem + ((1vw - 0.2rem) * 4.233), 5.29rem);line-height:1;text-transform:uppercase\">salvaje<\/p>\n\n\n\n<figure class=\"wp-block-image aligncenter size-large\"><img decoding=\"async\" width=\"318\" height=\"16\" src=\"https:\/\/www.lapineda.com\/wp-content\/uploads\/2026\/05\/trait-vert-clair.svg\" alt=\"l\u00ednea verde claro\" class=\"wp-image-2740\" \/><\/figure>\n<\/div><\/div>\n<\/div>\n\n\n\n<div class=\"wp-block-column is-vertically-aligned-center right is-layout-flow wp-block-column-is-layout-flow\" style=\"flex-basis:60%\">\n<h2 class=\"wp-block-heading has-base-2-color has-text-color has-link-color wp-elements-8\"><strong>Las playas m\u00e1s bonitas<\/strong> cerca del camping<\/h2>\n\n\n\n<p class=\"has-base-2-color has-text-color has-link-color wp-elements-9 wp-block-paragraph\">Salou y sus alrededores cuentan con ocho playas y calas principales, cada una con su propio encanto. Se puede llegar f\u00e1cilmente a estas playas en bici desde el camping gracias al <strong>carril bici costero<\/strong>. Aqu\u00ed tienes una selecci\u00f3n:  <\/p>\n\n\n    <div id=\"gt-fse-lire-plus-6a9d4f653e872\" class=\"gt-fse-lire-plus\" style=\"--min-height: 130px; background-color: #637251;\">\n        <input id=\"gt-fse-lire-plus-6a9d4f653e872-toggle\" type=\"checkbox\" class=\"gt-fse-lire-plus__toggle\" \/>\n        <label for=\"gt-fse-lire-plus-6a9d4f653e872-toggle\" class=\"gt-fse-lire-plus__toggle-label\">\n            <span>Leer m\u00e1s<\/span>\n            <span>Leer menos<\/span>\n        <\/label>\n        <div class=\"gt-fse-lire-plus__content\">\n            \n\n<ul class=\"wp-block-list has-base-2-color has-text-color has-link-color wp-elements-10\">\n<li style=\"margin-bottom:var(--wp--preset--spacing--10)\"><strong>Playa de Levante<\/strong>: destaca por su extensi\u00f3n de unos 1 200 m de longitud. Puedes recorrerla siguiendo el paseo mar\u00edtimo Jaume I, que discurre paralelo a ella, y all\u00ed encontrar\u00e1s una gran variedad de servicios e instalaciones de ocio, tanto para j\u00f3venes como para adultos. <\/li>\n\n\n\n<li style=\"margin-bottom:var(--wp--preset--spacing--10)\"><strong>Playa de Ponent<\/strong>: conocida por ser una de las playas m\u00e1s largas de Salou, con unos 1 100 m de longitud, est\u00e1 bordeada por el paseo mar\u00edtimo Miramar. Tiene una suave pendiente que desciende hacia el mar y, como sus aguas son poco profundas, es ideal para los ni\u00f1os. <\/li>\n\n\n\n<li style=\"margin-bottom:var(--wp--preset--spacing--10)\"><strong>Playa Capellans<\/strong>: cuenta con un bonito paseo mar\u00edtimo y est\u00e1 rodeada de acantilados naturales. Sus aguas poco profundas y su suave pendiente la hacen ideal para que toda la familia se d\u00e9 un ba\u00f1o. <\/li>\n\n\n\n<li style=\"margin-bottom:var(--wp--preset--spacing--10)\"><strong>Playa Llarga<\/strong>: como est\u00e1 alejada de los lugares tur\u00edsticos de los alrededores y rodeada de bosques de pinos, tiene el encanto de la tranquilidad. Se llega por la calle Replanells, cerca de la carretera que va de Salou a Tarragona, y tambi\u00e9n tiene un paseo mar\u00edtimo peatonal. <\/li>\n<\/ul>\n\n            <div class=\"gt-fse-lire-plus__gradient\" style=\"background: linear-gradient(to bottom,rgba(99,114,81,0) 0%,rgba(99,114,81,1) 100%);\"><\/div>\n        <\/div>\n    <\/div>\n    <\/div>\n<\/div>\n<\/div>\n<\/div>\n\n<div class=\"wp-block-group section-4 no-cta has-global-padding is-layout-constrained wp-container-core-group-is-layout-07a29e68 wp-block-group-is-layout-constrained\" style=\"padding-right:0px;padding-bottom:0;padding-left:0px\">\n<div class=\"wp-block-group banner has-global-padding is-layout-constrained wp-container-core-group-is-layout-6b3b7742 wp-block-group-is-layout-constrained\">\n<div class=\"wp-block-group has-global-padding is-layout-constrained wp-container-core-group-is-layout-6b3b7742 wp-block-group-is-layout-constrained\">\n<div data-swiper=\"{&quot;speed&quot;:1000,&quot;autoplay&quot;:{&quot;delay&quot;:5000,&quot;disableOnInteraction&quot;:false},&quot;spaceBetween&quot;:0,&quot;slidesPerView&quot;:1,&quot;pagination&quot;:{&quot;el&quot;:&quot;.swiper-pagination&quot;,&quot;dynamicBullets&quot;:true,&quot;clickable&quot;:true,&quot;type&quot;:&quot;bullets&quot;},&quot;navigation&quot;:{&quot;nextEl&quot;:&quot;.swiper-button-next&quot;,&quot;prevEl&quot;:&quot;.swiper-button-prev&quot;},&quot;breakpoints&quot;:[{&quot;slidesPerView&quot;:1}]}\" class=\"wp-block-cover\" style=\"min-height:90vh;aspect-ratio:unset;\"><img decoding=\"async\" width=\"1920\" height=\"1080\" class=\"wp-block-cover__image-background wp-image-3266 size-full\" alt=\"Cala font crique espagne\" src=\"https:\/\/www.lapineda.com\/wp-content\/uploads\/2026\/06\/Cala-font-crique-espagne.jpg\" data-object-fit=\"cover\" srcset=\"https:\/\/www.lapineda.com\/wp-content\/uploads\/2026\/06\/Cala-font-crique-espagne.jpg 1920w, https:\/\/www.lapineda.com\/wp-content\/uploads\/2026\/06\/Cala-font-crique-espagne-300x169.jpg 300w, https:\/\/www.lapineda.com\/wp-content\/uploads\/2026\/06\/Cala-font-crique-espagne-1024x576.jpg 1024w, https:\/\/www.lapineda.com\/wp-content\/uploads\/2026\/06\/Cala-font-crique-espagne-768x432.jpg 768w, https:\/\/www.lapineda.com\/wp-content\/uploads\/2026\/06\/Cala-font-crique-espagne-1536x864.jpg 1536w\" sizes=\"(max-width: 1920px) 100vw, 1920px\" \/><span aria-hidden=\"true\" class=\"wp-block-cover__background has-contrast-background-color has-background-dim-40 has-background-dim\"><\/span><div class=\"wp-block-cover__inner-container has-global-padding is-layout-constrained wp-container-core-cover-is-layout-6b3b7742 wp-block-cover-is-layout-constrained\">\n<p class=\"has-text-align-center has-custom-color-2-color has-text-color has-link-color has-noar-font-family wp-elements-11 wp-block-paragraph\" style=\"font-size:clamp(3.073rem, 3.073rem + ((1vw - 0.2rem) * 5.028), 6.09rem);font-style:normal;font-weight:700;line-height:1\">Cala Font<\/p>\n<\/div><\/div>\n<\/div>\n<\/div>\n\n\n\n<div class=\"wp-block-group content has-custom-color-1-background-color has-background has-global-padding is-layout-constrained wp-container-core-group-is-layout-26bd3f06 wp-block-group-is-layout-constrained\" style=\"margin-top:0px;margin-bottom:0;padding-top:4rem;padding-right:2rem;padding-bottom:7rem;padding-left:2rem\">\n<div class=\"wp-block-columns are-vertically-aligned-center is-layout-flex wp-container-core-columns-is-layout-e40f21a1 wp-block-columns-is-layout-flex\" style=\"padding-right:8rem;padding-left:8rem\">\n<div class=\"wp-block-column is-vertically-aligned-center left is-layout-flow wp-block-column-is-layout-flow\" style=\"flex-basis:40%\">\n<div data-swiper=\"{&quot;speed&quot;:1000,&quot;autoplay&quot;:{&quot;delay&quot;:5000,&quot;disableOnInteraction&quot;:false},&quot;spaceBetween&quot;:0,&quot;slidesPerView&quot;:1,&quot;pagination&quot;:{&quot;el&quot;:&quot;.swiper-pagination&quot;,&quot;dynamicBullets&quot;:true,&quot;clickable&quot;:true,&quot;type&quot;:&quot;bullets&quot;},&quot;navigation&quot;:{&quot;nextEl&quot;:&quot;.swiper-button-next&quot;,&quot;prevEl&quot;:&quot;.swiper-button-prev&quot;},&quot;breakpoints&quot;:[{&quot;slidesPerView&quot;:1}]}\" class=\"wp-block-cover is-light svg-background wp-duotone-02373d-02373d-3\" style=\"min-height:261px;aspect-ratio:unset;\"><span aria-hidden=\"true\" class=\"wp-block-cover__background has-background-dim-0 has-background-dim\"><\/span><div class=\"wp-block-cover__inner-container has-global-padding is-layout-constrained wp-container-core-cover-is-layout-6b3b7742 wp-block-cover-is-layout-constrained\">\n<p class=\"has-text-align-center sub-title center has-custom-color-2-color has-text-color has-link-color has-noar-font-family wp-elements-12 wp-block-paragraph\" style=\"border-bottom-color:var(--wp--preset--color--custom-color-2);border-bottom-width:1px;padding-top:3px;padding-right:30px;padding-bottom:3px;padding-left:30px;font-size:clamp(1.119rem, 1.119rem + ((1vw - 0.2rem) * 1.052), 1.75rem);font-style:normal;font-weight:400\">LA PINEDA<\/p>\n\n\n\n<p class=\"has-text-align-center has-custom-color-2-color has-text-color has-link-color has-ideas-font-family wp-elements-13 wp-block-paragraph\" style=\"font-size:clamp(2.75rem, 2.75rem + ((1vw - 0.2rem) * 4.233), 5.29rem);line-height:1\">Playas <\/p>\n\n\n\n<p class=\"has-text-align-center has-custom-color-2-color has-text-color has-link-color has-noar-font-family wp-elements-14 wp-block-paragraph\" style=\"font-size:clamp(2.75rem, 2.75rem + ((1vw - 0.2rem) * 4.233), 5.29rem);line-height:1;text-transform:uppercase\">y calas<\/p>\n\n\n\n<figure class=\"wp-block-image aligncenter size-large\"><img decoding=\"async\" width=\"318\" height=\"16\" src=\"https:\/\/www.lapineda.com\/wp-content\/uploads\/2026\/05\/trait-vert-clair.svg\" alt=\"l\u00ednea verde claro\" class=\"wp-image-2740\" \/><\/figure>\n<\/div><\/div>\n<\/div>\n\n\n\n<div class=\"wp-block-column is-vertically-aligned-center right is-layout-flow wp-block-column-is-layout-flow\" style=\"flex-basis:60%\">    <div id=\"gt-fse-lire-plus-6a9d4f653f6bb\" class=\"gt-fse-lire-plus\" style=\"--min-height: 130px; background-color: #637251;\">\n        <input id=\"gt-fse-lire-plus-6a9d4f653f6bb-toggle\" type=\"checkbox\" class=\"gt-fse-lire-plus__toggle\" \/>\n        <label for=\"gt-fse-lire-plus-6a9d4f653f6bb-toggle\" class=\"gt-fse-lire-plus__toggle-label\">\n            <span>Leer m\u00e1s<\/span>\n            <span>Leer menos<\/span>\n        <\/label>\n        <div class=\"gt-fse-lire-plus__content\">\n            \n\n<ul class=\"wp-block-list has-base-2-color has-text-color has-link-color wp-elements-15\">\n<li style=\"margin-bottom:var(--wp--preset--spacing--10)\"><strong><strong>Cala Llenguadets<\/strong><\/strong> : es una peque\u00f1a cala rodeada de naturaleza, con aguas transparentes y poco profundas. Solo se puede llegar a pie, por el Camino de Ronda que lleva al Faro de Salou, o por la calle de la Torrassa. <\/li>\n\n\n\n<li style=\"margin-bottom:var(--wp--preset--spacing--10)\"><strong><strong>Cala Penya Tallada<\/strong><\/strong> : de gran belleza, es una peque\u00f1a cala situada entre la Punta Roja y la Penya Tallada, cuya pared rocosa se adentra m\u00e1s en el mar. Se puede llegar por la calle de la Penya Tallada. <\/li>\n\n\n\n<li style=\"margin-bottom:var(--wp--preset--spacing--10)\"><strong><strong>Cala Font<\/strong><\/strong> : con arena fina y rodeada de rocas, esta cala est\u00e1 delimitada de forma natural y se puede acceder a ella de forma f\u00e1cil y segura. Es un sitio ideal para hacer snorkel, y sus aguas tranquilas te permiten disfrutar del fondo marino, donde viven muchas especies de animales. <\/li>\n\n\n\n<li style=\"margin-bottom:var(--wp--preset--spacing--10)\"><strong><strong>Cala Crancs<\/strong><\/strong> : est\u00e1 al otro extremo de la ciudad y es una de las calas m\u00e1s bonitas. Rodeada de rocas cubiertas de vegetaci\u00f3n y arena fina, tiene una ligera pendiente y una entrada suave al mar, por lo que sus aguas son ideales para ba\u00f1arse. <\/li>\n<\/ul>\n\n            <div class=\"gt-fse-lire-plus__gradient\" style=\"background: linear-gradient(to bottom,rgba(99,114,81,0) 0%,rgba(99,114,81,1) 100%);\"><\/div>\n        <\/div>\n    <\/div>\n    <\/div>\n<\/div>\n<\/div>\n<\/div>\n\n<div class=\"wp-block-group section-simple has-global-padding is-layout-constrained wp-container-core-group-is-layout-b49682eb wp-block-group-is-layout-constrained\" style=\"margin-top:0px;margin-bottom:0px;padding-top:8rem;padding-right:10rem;padding-bottom:8rem;padding-left:10rem\">\n<div class=\"wp-block-columns are-vertically-aligned-center is-layout-flex wp-container-core-columns-is-layout-63b5c8f0 wp-block-columns-is-layout-flex\">\n<div class=\"wp-block-column is-vertically-aligned-center is-layout-flow wp-block-column-is-layout-flow\">\n<h2 class=\"wp-block-heading\">Las playas de La Pineda y las calas del Cabo Salou<\/h2>\n\n\n\n<p class=\"wp-block-paragraph\">Las playas de La Pineda y las calas del Cabo Salou, protegidas de los vientos del norte, tienen <strong>arena fina<\/strong> y<strong>aguas claras<\/strong> y <strong>poco profundas<\/strong>. En julio y agosto, las temperaturas medias oscilan entre una m\u00ednima de 21 \u00b0C y una m\u00e1xima de 30 \u00b0C, con una brisa agradable y suave que mantiene el ambiente fresco. Una de las principales caracter\u00edsticas de La Pineda Platja es su <strong>microclima excepcional<\/strong>.  <\/p>\n\n\n\n<p class=\"wp-block-paragraph\">Te recomendamos que visites Punta del Cavall, en la zona de Cap Salou, para disfrutar de unas <strong>vistas magn\u00edficas<\/strong> de la costa y, sobre todo, de la belleza de la puesta de sol.<\/p>\n\n\n\n<p class=\"wp-block-paragraph\">La playa de La Pineda es la m\u00e1s cercana al camping. Se divide en tres tramos de norte a sur: <strong>Playa dels Prats<\/strong>, <strong>Playa de la Pineda<\/strong> y <strong>Playa del Rac\u00f3<\/strong>. Con una anchura de hasta 40 m y bordeada por el paseo mar\u00edtimo Pau Casals, es perfecta para dar paseos en familia, hacer castillos de arena y ba\u00f1arse en el mar. Su suave pendiente y sus aguas poco profundas la convierten en un para\u00edso para los ni\u00f1os.   <\/p>\n<\/div>\n\n\n\n<div class=\"wp-block-column is-vertically-aligned-center is-layout-flow wp-block-column-is-layout-flow\">\n<figure class=\"wp-block-image size-large\"><img decoding=\"async\" width=\"1024\" height=\"576\" src=\"https:\/\/www.lapineda.com\/wp-content\/uploads\/2026\/06\/aquativite-aquatique-espagne-1024x576.jpg\" alt=\"actividades acu\u00e1ticas en Espa\u00f1a\" class=\"wp-image-3267\" srcset=\"https:\/\/www.lapineda.com\/wp-content\/uploads\/2026\/06\/aquativite-aquatique-espagne-1024x576.jpg 1024w, https:\/\/www.lapineda.com\/wp-content\/uploads\/2026\/06\/aquativite-aquatique-espagne-300x169.jpg 300w, https:\/\/www.lapineda.com\/wp-content\/uploads\/2026\/06\/aquativite-aquatique-espagne-768x432.jpg 768w, https:\/\/www.lapineda.com\/wp-content\/uploads\/2026\/06\/aquativite-aquatique-espagne-1536x864.jpg 1536w, https:\/\/www.lapineda.com\/wp-content\/uploads\/2026\/06\/aquativite-aquatique-espagne.jpg 1920w\" sizes=\"(max-width: 1024px) 100vw, 1024px\" \/><\/figure>\n<\/div>\n<\/div>\n<\/div>\n\n<div class=\"wp-block-group section-3 has-custom-color-1-background-color has-background has-global-padding is-layout-constrained wp-container-core-group-is-layout-eb4eed6e wp-block-group-is-layout-constrained\" style=\"margin-top:0rem;padding-top:6rem;padding-bottom:6rem\">\n<div class=\"wp-block-columns are-vertically-aligned-center is-layout-flex wp-container-core-columns-is-layout-3a88641f wp-block-columns-is-layout-flex\">\n<div class=\"wp-block-column is-vertically-aligned-center left is-layout-flow wp-block-column-is-layout-flow\" style=\"flex-basis:40%\">\n<div data-swiper=\"{&quot;speed&quot;:1000,&quot;autoplay&quot;:{&quot;delay&quot;:5000,&quot;disableOnInteraction&quot;:false},&quot;spaceBetween&quot;:0,&quot;slidesPerView&quot;:1,&quot;pagination&quot;:{&quot;el&quot;:&quot;.swiper-pagination&quot;,&quot;dynamicBullets&quot;:true,&quot;clickable&quot;:true,&quot;type&quot;:&quot;bullets&quot;},&quot;navigation&quot;:{&quot;nextEl&quot;:&quot;.swiper-button-next&quot;,&quot;prevEl&quot;:&quot;.swiper-button-prev&quot;},&quot;breakpoints&quot;:[{&quot;slidesPerView&quot;:1}]}\" class=\"wp-block-cover has-aspect-ratio\" style=\"border-top-left-radius:500px;border-top-right-radius:500px;padding-top:0px;padding-right:0px;padding-bottom:0px;padding-left:0px;aspect-ratio:1;height:unset;min-height:unset;\"><img decoding=\"async\" width=\"982\" height=\"1286\" class=\"wp-block-cover__image-background wp-image-3272 size-full\" alt=\"camping salou plage espagne\" src=\"https:\/\/www.lapineda.com\/wp-content\/uploads\/2026\/06\/camping-salou-plage-espagne.jpg\" data-object-fit=\"cover\" srcset=\"https:\/\/www.lapineda.com\/wp-content\/uploads\/2026\/06\/camping-salou-plage-espagne.jpg 982w, https:\/\/www.lapineda.com\/wp-content\/uploads\/2026\/06\/camping-salou-plage-espagne-229x300.jpg 229w, https:\/\/www.lapineda.com\/wp-content\/uploads\/2026\/06\/camping-salou-plage-espagne-782x1024.jpg 782w, https:\/\/www.lapineda.com\/wp-content\/uploads\/2026\/06\/camping-salou-plage-espagne-768x1006.jpg 768w\" sizes=\"(max-width: 982px) 100vw, 982px\" \/><span aria-hidden=\"true\" class=\"wp-block-cover__background has-background-dim-0 has-background-dim\"><\/span><div class=\"wp-block-cover__inner-container has-global-padding is-layout-constrained wp-container-core-cover-is-layout-1b7a6f8b wp-block-cover-is-layout-constrained\">\n<p class=\"has-text-align-center has-large-font-size wp-block-paragraph\"><\/p>\n<\/div><\/div>\n<\/div>\n\n\n\n<div class=\"wp-block-column is-vertically-aligned-center right is-layout-flow wp-block-column-is-layout-flow\" style=\"padding-right:4rem;padding-left:4rem;flex-basis:60%\">\n<p class=\"has-text-align-center sub-title center has-custom-color-2-color has-text-color has-link-color has-noar-font-family wp-elements-16 wp-block-paragraph\" style=\"border-bottom-color:var(--wp--preset--color--custom-color-2);border-bottom-width:1px;padding-top:3px;padding-right:30px;padding-bottom:3px;padding-left:30px;font-size:clamp(1.119rem, 1.119rem + ((1vw - 0.2rem) * 1.052), 1.75rem);font-style:normal;font-weight:400\">LA PINEDA<\/p>\n\n\n\n<p class=\"has-text-align-center has-custom-color-2-color has-text-color has-link-color has-ideas-font-family wp-elements-17 wp-block-paragraph\" style=\"font-size:clamp(2.75rem, 2.75rem + ((1vw - 0.2rem) * 4.233), 5.29rem);line-height:1\">Cerca<\/p>\n\n\n\n<p class=\"has-text-align-center has-custom-color-2-color has-text-color has-link-color has-noar-font-family wp-elements-18 wp-block-paragraph\" style=\"font-size:clamp(2.75rem, 2.75rem + ((1vw - 0.2rem) * 4.233), 5.29rem);line-height:1;text-transform:uppercase\">del camping<\/p>\n\n\n\n<figure class=\"wp-block-image aligncenter size-large\"><img decoding=\"async\" width=\"318\" height=\"16\" src=\"https:\/\/www.lapineda.com\/wp-content\/uploads\/2026\/05\/trait-vert-clair.svg\" alt=\"l\u00ednea verde claro\" class=\"wp-image-2740\" \/><\/figure>\n\n\n\n<p class=\"has-text-align-center has-base-2-color has-text-color has-link-color wp-elements-19 wp-block-paragraph\">En Cap Salou, a unos 3 km del camping, cuatro calas y una playa ofrecen un entorno natural m\u00e1s salvaje y virgen:<\/p>\n\n\n\n<ul class=\"wp-block-list has-base-2-color has-text-color has-link-color wp-elements-20\">\n<li style=\"margin-bottom:var(--wp--preset--spacing--10)\"><strong>Playa Llarga:<\/strong> rodeada de bosques de pinos, tranquila y alejada del turismo de masas. Se accede por la calle Replanells. <\/li>\n\n\n\n<li style=\"margin-bottom:var(--wp--preset--spacing--10)\"><strong>Cala Llenguadets<\/strong>: aguas transparentes y poco profundas. Solo se puede llegar a pie por el Camino de Ronda que lleva al faro de Salou. <\/li>\n\n\n\n<li style=\"margin-bottom:var(--wp--preset--spacing--10)\"><strong>Cala Penya Tallada: <\/strong> un paraje de gran belleza natural, entre la Punta Roja y el acantilado rocoso. Se accede por la calle de la Penya Tallada. <\/li>\n<\/ul>\n\n\n\n<p class=\"has-text-align-left has-base-2-color has-text-color has-link-color wp-elements-21 wp-block-paragraph\">Te recomendamos especialmente el <strong>paseo hasta el mirador del faro de Salou<\/strong> por el sendero de ronda del Cabo Salou: 300 metros de camino junto al mar, unas vistas impresionantes del golfo y una vegetaci\u00f3n aut\u00f3ctona incre\u00edble (aspic, pino blanco, lirio de mar, agave). \u00a1Un paseo que no te puedes perder! <\/p>\n\n\n\n<p class=\"has-text-align-left has-base-2-color has-text-color has-link-color wp-elements-22 wp-block-paragraph\">Envie d&#8217;activit\u00e9s nautiques ? D\u00e9couvrez toutes les <a href=\"https:\/\/www.lapineda.com\/camping-sport-activites-salou\/\" data-type=\"page\" data-id=\"2503\">activit\u00e9s sportives et de plein air autour du camping<\/a> !<\/p>\n<\/div>\n<\/div>\n<\/div>\n\n<div class=\"wp-block-group section-maillage has-global-padding is-layout-constrained wp-container-core-group-is-layout-8b65383b wp-block-group-is-layout-constrained\" style=\"margin-top:0px;margin-bottom:0px;padding-top:8rem;padding-right:10rem;padding-bottom:8rem;padding-left:10rem\">\n<p class=\"has-text-align-center has-custom-color-2-color has-text-color has-link-color has-noar-font-family wp-elements-23 wp-block-paragraph\" style=\"font-size:clamp(2.2rem, 2.2rem + ((1vw - 0.2rem) * 3), 4rem);line-height:1;text-transform:uppercase\">Descubre el camping<\/p>\n\n\n\n<figure class=\"wp-block-image aligncenter size-large\"><img decoding=\"async\" width=\"318\" height=\"16\" src=\"https:\/\/www.lapineda.com\/wp-content\/uploads\/2026\/05\/trait-vert-clair.svg\" alt=\"l\u00ednea verde claro\" class=\"wp-image-2740\" \/><\/figure>\n\n\n\n<div data-swiper=\"{&quot;speed&quot;:400,&quot;spaceBetween&quot;:16,&quot;slidesPerView&quot;:3,&quot;createElements&quot;:true,&quot;loop&quot;:true,&quot;freemode&quot;:true,&quot;navigation&quot;:{&quot;nextEl&quot;:&quot;buttonNext&quot;,&quot;prevEl&quot;:&quot;buttonPrev&quot;},&quot;pagination&quot;:{&quot;el&quot;:&quot;.swiper-pagination&quot;,&quot;dynamicBullets&quot;:true},&quot;breakpoints&quot;:{&quot;0&quot;:{&quot;slidesPerView&quot;:1},&quot;768&quot;:{&quot;slidesPerView&quot;:2},&quot;1260&quot;:{&quot;slidesPerView&quot;:3}},&quot;autoplay&quot;:{&quot;delay&quot;:3000}}\" data-wp-context=\"{}\" data-wp-interactive=\"core\/query\" data-wp-key=\"0\" data-wp-router-region=\"query-0\" class=\"wp-block-query alignwide gt-fse-maillage-query gt-is-slider gt-is-slider-desktop is-layout-flow wp-block-query-is-layout-flow\"><ul class=\"columns-3 wp-block-post-template is-layout-grid wp-container-core-post-template-is-layout-7e964c02 wp-block-post-template-is-layout-grid\"><li data-wp-key=\"post-template-item-4072\" class=\"wp-block-post post-4072 page type-page status-publish has-post-thumbnail hentry\">\n<a href=\"https:\/\/www.lapineda.com\/es\/camping-animaciones-salou\/\"    style=\"padding-top:0px;padding-bottom:0px;padding-left:0px;padding-right:0px;margin-top:0px;margin-bottom:0px;margin-left:0px;margin-right:0px\" class=\"wp-block-tiptip-hyperlink-group-block\" >\n<div data-swiper=\"{&quot;speed&quot;:1000,&quot;autoplay&quot;:{&quot;delay&quot;:5000,&quot;disableOnInteraction&quot;:false},&quot;spaceBetween&quot;:0,&quot;slidesPerView&quot;:1,&quot;pagination&quot;:{&quot;el&quot;:&quot;.swiper-pagination&quot;,&quot;dynamicBullets&quot;:true,&quot;clickable&quot;:true,&quot;type&quot;:&quot;bullets&quot;},&quot;navigation&quot;:{&quot;nextEl&quot;:&quot;.swiper-button-next&quot;,&quot;prevEl&quot;:&quot;.swiper-button-prev&quot;},&quot;breakpoints&quot;:[{&quot;slidesPerView&quot;:1}]}\" class=\"wp-block-cover is-light\" style=\"border-top-left-radius:500px;border-top-right-radius:500px;margin-top:0px;margin-bottom:0px;padding-top:0px;padding-right:0px;padding-bottom:0px;padding-left:0px;min-height:50px;aspect-ratio:unset;\"><span aria-hidden=\"true\" class=\"wp-block-cover__background has-contrast-background-color has-background-dim-30 has-background-dim\"><\/span><div class=\"wp-block-cover__inner-container has-global-padding is-layout-constrained wp-container-core-cover-is-layout-878e1664 wp-block-cover-is-layout-constrained\">\n<figure class=\"wp-block-image\"><img decoding=\"async\" src=\"https:\/\/www.lapineda.com\/wp-content\/uploads\/2026\/06\/camping-activites-salou-espagne.jpg\" alt=\"Actividades y eventos\"\/><\/figure>\n\n\n\n<p class=\"has-text-align-center has-base-2-color has-text-color has-link-color has-noar-font-family wp-elements-24 wp-block-paragraph\" style=\"font-size:clamp(1.25rem, 1.25rem + ((1vw - 0.2rem) * 1.25), 2rem);font-style:normal;font-weight:500\">Actividades y eventos<\/p>\n\n\n\n<figure class=\"wp-block-image aligncenter size-large\"><img decoding=\"async\" width=\"58\" height=\"38\" src=\"https:\/\/www.lapineda.com\/wp-content\/uploads\/2026\/05\/fleche-slider-blanc-vert.svg\" alt=\"flecha deslizante blanca y verde\" class=\"wp-image-2565\"\/><\/figure>\n<\/div><\/div>\n<\/a>\n<\/li><li data-wp-key=\"post-template-item-3980\" class=\"wp-block-post post-3980 page type-page status-publish has-post-thumbnail hentry\">\n<a href=\"https:\/\/www.lapineda.com\/es\/camping-con-piscina-salou\/\"    style=\"padding-top:0px;padding-bottom:0px;padding-left:0px;padding-right:0px;margin-top:0px;margin-bottom:0px;margin-left:0px;margin-right:0px\" class=\"wp-block-tiptip-hyperlink-group-block\" >\n<div data-swiper=\"{&quot;speed&quot;:1000,&quot;autoplay&quot;:{&quot;delay&quot;:5000,&quot;disableOnInteraction&quot;:false},&quot;spaceBetween&quot;:0,&quot;slidesPerView&quot;:1,&quot;pagination&quot;:{&quot;el&quot;:&quot;.swiper-pagination&quot;,&quot;dynamicBullets&quot;:true,&quot;clickable&quot;:true,&quot;type&quot;:&quot;bullets&quot;},&quot;navigation&quot;:{&quot;nextEl&quot;:&quot;.swiper-button-next&quot;,&quot;prevEl&quot;:&quot;.swiper-button-prev&quot;},&quot;breakpoints&quot;:[{&quot;slidesPerView&quot;:1}]}\" class=\"wp-block-cover is-light\" style=\"border-top-left-radius:500px;border-top-right-radius:500px;margin-top:0px;margin-bottom:0px;padding-top:0px;padding-right:0px;padding-bottom:0px;padding-left:0px;min-height:50px;aspect-ratio:unset;\"><span aria-hidden=\"true\" class=\"wp-block-cover__background has-contrast-background-color has-background-dim-30 has-background-dim\"><\/span><div class=\"wp-block-cover__inner-container has-global-padding is-layout-constrained wp-container-core-cover-is-layout-878e1664 wp-block-cover-is-layout-constrained\">\n<figure class=\"wp-block-image\"><img decoding=\"async\" src=\"https:\/\/www.lapineda.com\/wp-content\/uploads\/2026\/05\/camping-avec-espace-aquatique-a-salou.jpg\" alt=\"Piscinas\"\/><\/figure>\n\n\n\n<p class=\"has-text-align-center has-base-2-color has-text-color has-link-color has-noar-font-family wp-elements-26 wp-block-paragraph\" style=\"font-size:clamp(1.25rem, 1.25rem + ((1vw - 0.2rem) * 1.25), 2rem);font-style:normal;font-weight:500\">Piscinas<\/p>\n\n\n\n<figure class=\"wp-block-image aligncenter size-large\"><img decoding=\"async\" width=\"58\" height=\"38\" src=\"https:\/\/www.lapineda.com\/wp-content\/uploads\/2026\/05\/fleche-slider-blanc-vert.svg\" alt=\"flecha deslizante blanca y verde\" class=\"wp-image-2565\"\/><\/figure>\n<\/div><\/div>\n<\/a>\n<\/li><li data-wp-key=\"post-template-item-4148\" class=\"wp-block-post post-4148 page type-page status-publish has-post-thumbnail hentry\">\n<a href=\"https:\/\/www.lapineda.com\/es\/servicio-de-catering-salou\/\"    style=\"padding-top:0px;padding-bottom:0px;padding-left:0px;padding-right:0px;margin-top:0px;margin-bottom:0px;margin-left:0px;margin-right:0px\" class=\"wp-block-tiptip-hyperlink-group-block\" >\n<div data-swiper=\"{&quot;speed&quot;:1000,&quot;autoplay&quot;:{&quot;delay&quot;:5000,&quot;disableOnInteraction&quot;:false},&quot;spaceBetween&quot;:0,&quot;slidesPerView&quot;:1,&quot;pagination&quot;:{&quot;el&quot;:&quot;.swiper-pagination&quot;,&quot;dynamicBullets&quot;:true,&quot;clickable&quot;:true,&quot;type&quot;:&quot;bullets&quot;},&quot;navigation&quot;:{&quot;nextEl&quot;:&quot;.swiper-button-next&quot;,&quot;prevEl&quot;:&quot;.swiper-button-prev&quot;},&quot;breakpoints&quot;:[{&quot;slidesPerView&quot;:1}]}\" class=\"wp-block-cover is-light\" style=\"border-top-left-radius:500px;border-top-right-radius:500px;margin-top:0px;margin-bottom:0px;padding-top:0px;padding-right:0px;padding-bottom:0px;padding-left:0px;min-height:50px;aspect-ratio:unset;\"><span aria-hidden=\"true\" class=\"wp-block-cover__background has-contrast-background-color has-background-dim-30 has-background-dim\"><\/span><div class=\"wp-block-cover__inner-container has-global-padding is-layout-constrained wp-container-core-cover-is-layout-878e1664 wp-block-cover-is-layout-constrained\">\n<figure class=\"wp-block-image\"><img decoding=\"async\" src=\"https:\/\/www.lapineda.com\/wp-content\/uploads\/2026\/06\/restaurant-a-salou.jpg\" alt=\"Restaurante\"\/><\/figure>\n\n\n\n<p class=\"has-text-align-center has-base-2-color has-text-color has-link-color has-noar-font-family wp-elements-28 wp-block-paragraph\" style=\"font-size:clamp(1.25rem, 1.25rem + ((1vw - 0.2rem) * 1.25), 2rem);font-style:normal;font-weight:500\">Restaurante<\/p>\n\n\n\n<figure class=\"wp-block-image aligncenter size-large\"><img decoding=\"async\" width=\"58\" height=\"38\" src=\"https:\/\/www.lapineda.com\/wp-content\/uploads\/2026\/05\/fleche-slider-blanc-vert.svg\" alt=\"flecha deslizante blanca y verde\" class=\"wp-image-2565\"\/><\/figure>\n<\/div><\/div>\n<\/a>\n<\/li><\/ul><\/div>\n<\/div>\n","protected":false},"excerpt":{"rendered":"<p>L&#8217;un des atouts majeurs de notre camping pr\u00e8s de Salou est sans conteste sa proximit\u00e9 avec la mer. \u00c0 Salou, il y a huit plages et quelques criques qui constituent des richesses naturelles majeures. N&#8217;\u00e9tant pas d\u2019acc\u00e8s direct, elles sont n\u00e9anmoins plus tranquilles. Beaucoup d\u2019entre elles sont des criques entour\u00e9es de nature, ce qui contribue [&hellip;]<\/p>\n","protected":false},"author":1,"featured_media":5182,"parent":0,"menu_order":0,"comment_status":"closed","ping_status":"closed","template":"","meta":{"_seopress_titles_title":"Camping junto al mar cerca de Salou | Acceso a la playa cerca del camping","_seopress_titles_desc":"Camping La Pineda: la playa de La Pineda est\u00e1 a 500 m, las calas del Cabo Salou, arena fina y aguas cristalinas. El camping junto al mar imprescindible de la Costa Dorada. ","_seopress_robots_index":"","_seopress_robots_follow":"","_seopress_robots_imageindex":"","_seopress_robots_snippet":"","_seopress_robots_primary_cat":"","_seopress_robots_breadcrumbs":"Playas y actividades acu\u00e1ticas en Salou","_seopress_robots_freeze_modified_date":"","_seopress_robots_custom_modified_date":"","_seopress_robots_canonical":"","_seopress_social_fb_title":"","_seopress_social_fb_desc":"","_seopress_social_fb_img":"","_seopress_social_fb_img_attachment_id":0,"_seopress_social_fb_img_width":0,"_seopress_social_fb_img_height":0,"_seopress_social_twitter_title":"","_seopress_social_twitter_desc":"","_seopress_social_twitter_img":"","_seopress_social_twitter_img_attachment_id":0,"_seopress_social_twitter_img_width":0,"_seopress_social_twitter_img_height":0,"_seopress_redirections_value":"","_seopress_redirections_enabled":"","_seopress_redirections_enabled_regex":"","_seopress_redirections_logged_status":"both","_seopress_redirections_param":"","_seopress_redirections_type":301,"_seopress_analysis_target_kw":"","_seopress_news_disabled":"","_seopress_video_disabled":"","_seopress_video":[],"_seopress_pro_schemas_manual":[],"_seopress_pro_rich_snippets_disable_all":"","_seopress_pro_rich_snippets_disable":[],"_seopress_pro_schemas":[],"_gt_ctv_global_id":"1045","_gt_ctv_id_group":false,"inline_featured_image":false,"gt_fse_maillage_image":"https:\/\/www.lapineda.com\/wp-content\/uploads\/2026\/06\/camping-bord-de-plage-a-salou.jpg","gt_fse_maillage_titre":"Playa","gt_fse_maillage_alt":"Playa","gt_fse_maillage_resume":"","footnotes":""},"categories":[],"tags":[],"class_list":["post-4014","page","type-page","status-publish","has-post-thumbnail","hentry"],"_links":{"self":[{"href":"https:\/\/www.lapineda.com\/es\/wp-json\/wp\/v2\/pages\/4014","targetHints":{"allow":["GET"]}}],"collection":[{"href":"https:\/\/www.lapineda.com\/es\/wp-json\/wp\/v2\/pages"}],"about":[{"href":"https:\/\/www.lapineda.com\/es\/wp-json\/wp\/v2\/types\/page"}],"author":[{"embeddable":true,"href":"https:\/\/www.lapineda.com\/es\/wp-json\/wp\/v2\/users\/1"}],"replies":[{"embeddable":true,"href":"https:\/\/www.lapineda.com\/es\/wp-json\/wp\/v2\/comments?post=4014"}],"version-history":[{"count":17,"href":"https:\/\/www.lapineda.com\/es\/wp-json\/wp\/v2\/pages\/4014\/revisions"}],"predecessor-version":[{"id":5818,"href":"https:\/\/www.lapineda.com\/es\/wp-json\/wp\/v2\/pages\/4014\/revisions\/5818"}],"wp:featuredmedia":[{"embeddable":true,"href":"https:\/\/www.lapineda.com\/es\/wp-json\/wp\/v2\/media\/5182"}],"wp:attachment":[{"href":"https:\/\/www.lapineda.com\/es\/wp-json\/wp\/v2\/media?parent=4014"}],"wp:term":[{"taxonomy":"category","embeddable":true,"href":"https:\/\/www.lapineda.com\/es\/wp-json\/wp\/v2\/categories?post=4014"},{"taxonomy":"post_tag","embeddable":true,"href":"https:\/\/www.lapineda.com\/es\/wp-json\/wp\/v2\/tags?post=4014"}],"curies":[{"name":"wp","href":"https:\/\/api.w.org\/{rel}","templated":true}]}}