{"id":4072,"date":"2026-05-04T13:29:48","date_gmt":"2026-05-04T11:29:48","guid":{"rendered":"https:\/\/www.lapineda.com\/actividades-y-eventos\/"},"modified":"2026-07-23T09:00:52","modified_gmt":"2026-07-23T07:00:52","slug":"camping-animaciones-salou","status":"publish","type":"page","link":"https:\/\/www.lapineda.com\/es\/camping-animaciones-salou\/","title":{"rendered":"Actividades y eventos"},"content":{"rendered":"\n<div class=\"wp-block-group section-1 has-custom-color-1-background-color has-background has-global-padding is-layout-constrained wp-container-core-group-is-layout-e625fa92 wp-block-group-is-layout-constrained\" style=\"padding-top:8rem;padding-right:6rem;padding-bottom:8rem;padding-left:6rem\">\n<div class=\"wp-block-columns are-vertically-aligned-top is-layout-flex wp-container-core-columns-is-layout-d814a4fb wp-block-columns-is-layout-flex\">\n<div class=\"wp-block-column is-vertically-aligned-top left is-layout-flow wp-block-column-is-layout-flow\">\n<div data-swiper=\"{&quot;speed&quot;:1000,&quot;autoplay&quot;:{&quot;delay&quot;:5000,&quot;disableOnInteraction&quot;:false},&quot;spaceBetween&quot;:0,&quot;slidesPerView&quot;:1,&quot;pagination&quot;:{&quot;el&quot;:&quot;.swiper-pagination&quot;,&quot;dynamicBullets&quot;:true,&quot;clickable&quot;:true,&quot;type&quot;:&quot;bullets&quot;},&quot;navigation&quot;:{&quot;nextEl&quot;:&quot;.swiper-button-next&quot;,&quot;prevEl&quot;:&quot;.swiper-button-prev&quot;},&quot;breakpoints&quot;:[{&quot;slidesPerView&quot;:1}]}\" class=\"wp-block-cover is-light svg-background wp-duotone-02373d-02373d-1\"><span aria-hidden=\"true\" class=\"wp-block-cover__background has-background-dim-0 has-background-dim\"><\/span><div class=\"wp-block-cover__inner-container has-global-padding is-layout-constrained wp-container-core-cover-is-layout-6b3b7742 wp-block-cover-is-layout-constrained\">\n<h1 class=\"wp-block-heading has-text-align-center has-custom-color-2-color has-text-color has-link-color has-noar-font-family wp-elements-1\" style=\"font-size:clamp(2.2rem, 2.2rem + ((1vw - 0.2rem) * 3), 4rem);\"><strong>Camping con actividades<\/strong> cerca de Tarragona<\/h1>\n\n\n\n<figure class=\"wp-block-image aligncenter size-large\"><img decoding=\"async\" width=\"318\" height=\"16\" src=\"https:\/\/www.lapineda.com\/wp-content\/uploads\/2026\/05\/trait-vert-clair.svg\" alt=\"l\u00ednea verde claro\" class=\"wp-image-2740\" \/><\/figure>\n<\/div><\/div>\n\n\n\n<p class=\"has-text-align-center has-white-color has-text-color has-link-color wp-elements-2 wp-block-paragraph\">Au <a href=\"https:\/\/www.lapineda.com\/\" data-type=\"page\" data-id=\"5\">camping 3 \u00e9toiles entre Salou et Tarragone<\/a>, les vacances ne connaissent pas l&#8217;ennui. Entre le mini-club pour les enfants, les activit\u00e9s aquatiques et sportives, les spectacles nocturnes sous les \u00e9toiles et la <strong>multitude d&#8217;activit\u00e9s<\/strong> disponibles \u00e0 deux pas du camping, chaque journ\u00e9e r\u00e9serve son lot de d\u00e9couvertes. <\/p>\n\n\n\n<p class=\"has-text-align-center has-white-color has-text-color has-link-color wp-elements-3 wp-block-paragraph\">Tanto si eres mayor como peque\u00f1o, deportista o m\u00e1s bien tranquilo, encontrar\u00e1s lo que buscas en nuestro camping con actividades cerca de Salou, en este bosque mediterr\u00e1neo lleno de vida y animado. Para participar en todas estas actividades y animaciones, no te preocupes: aqu\u00ed hablamos <strong>catal\u00e1n, castellano, pero tambi\u00e9n ingl\u00e9s y franc\u00e9s<\/strong>. <\/p>\n<\/div>\n\n\n\n<div class=\"wp-block-column is-vertically-aligned-top right is-layout-flow wp-block-column-is-layout-flow\">\n<div data-swiper=\"{&quot;speed&quot;:1000,&quot;autoplay&quot;:{&quot;delay&quot;:5000,&quot;disableOnInteraction&quot;:false},&quot;spaceBetween&quot;:0,&quot;slidesPerView&quot;:1,&quot;pagination&quot;:{&quot;el&quot;:&quot;.swiper-pagination&quot;,&quot;dynamicBullets&quot;:true,&quot;clickable&quot;:true,&quot;type&quot;:&quot;bullets&quot;},&quot;navigation&quot;:{&quot;nextEl&quot;:&quot;.swiper-button-next&quot;,&quot;prevEl&quot;:&quot;.swiper-button-prev&quot;},&quot;breakpoints&quot;:[{&quot;slidesPerView&quot;:1}]}\" class=\"wp-block-cover is-light has-aspect-ratio\" style=\"border-top-left-radius:500px;border-top-right-radius:500px;padding-top:0px;padding-right:0px;padding-bottom:0px;padding-left:0px;aspect-ratio:1;height:unset;min-height:unset;\"><img width=\"982\" height=\"1286\" fetchpriority=\"high\" decoding=\"sync\" data-no-lazy=\"1\" class=\"wp-block-cover__image-background wp-image-3240 size-full\" alt=\"camping avec mini club espagne\" src=\"https:\/\/www.lapineda.com\/wp-content\/uploads\/2026\/06\/camping-avec-mini-club-espagne.jpg\" data-object-fit=\"cover\" srcset=\"https:\/\/www.lapineda.com\/wp-content\/uploads\/2026\/06\/camping-avec-mini-club-espagne.jpg 982w, https:\/\/www.lapineda.com\/wp-content\/uploads\/2026\/06\/camping-avec-mini-club-espagne-229x300.jpg 229w, https:\/\/www.lapineda.com\/wp-content\/uploads\/2026\/06\/camping-avec-mini-club-espagne-782x1024.jpg 782w, https:\/\/www.lapineda.com\/wp-content\/uploads\/2026\/06\/camping-avec-mini-club-espagne-768x1006.jpg 768w\" sizes=\"(max-width: 982px) 100vw, 982px\" \/><span aria-hidden=\"true\" class=\"wp-block-cover__background has-background-dim-0 has-background-dim\"><\/span><div class=\"wp-block-cover__inner-container has-global-padding is-layout-constrained wp-container-core-cover-is-layout-1b7a6f8b wp-block-cover-is-layout-constrained\">\n<p class=\"has-text-align-center has-large-font-size wp-block-paragraph\"><\/p>\n<\/div><\/div>\n<\/div>\n<\/div>\n<\/div>\n\n<div class=\"wp-block-group section-4 no-cta has-global-padding is-layout-constrained wp-container-core-group-is-layout-07a29e68 wp-block-group-is-layout-constrained\" style=\"padding-right:0px;padding-bottom:0;padding-left:0px\">\n<div class=\"wp-block-group banner has-global-padding is-layout-constrained wp-container-core-group-is-layout-6b3b7742 wp-block-group-is-layout-constrained\">\n<div class=\"wp-block-group has-global-padding is-layout-constrained wp-container-core-group-is-layout-6b3b7742 wp-block-group-is-layout-constrained\">\n<div data-swiper=\"{&quot;speed&quot;:1000,&quot;autoplay&quot;:{&quot;delay&quot;:5000,&quot;disableOnInteraction&quot;:false},&quot;spaceBetween&quot;:0,&quot;slidesPerView&quot;:1,&quot;pagination&quot;:{&quot;el&quot;:&quot;.swiper-pagination&quot;,&quot;dynamicBullets&quot;:true,&quot;clickable&quot;:true,&quot;type&quot;:&quot;bullets&quot;},&quot;navigation&quot;:{&quot;nextEl&quot;:&quot;.swiper-button-next&quot;,&quot;prevEl&quot;:&quot;.swiper-button-prev&quot;},&quot;breakpoints&quot;:[{&quot;slidesPerView&quot;:1}]}\" class=\"wp-block-cover\" style=\"min-height:100vh;aspect-ratio:unset;\"><img decoding=\"async\" width=\"1920\" height=\"1080\" class=\"wp-block-cover__image-background wp-image-3236 size-full\" alt=\"animations et activit\u00e9s en espagne\" src=\"https:\/\/www.lapineda.com\/wp-content\/uploads\/2026\/06\/animations-et-activites-en-espagne.jpg\" data-object-fit=\"cover\" srcset=\"https:\/\/www.lapineda.com\/wp-content\/uploads\/2026\/06\/animations-et-activites-en-espagne.jpg 1920w, https:\/\/www.lapineda.com\/wp-content\/uploads\/2026\/06\/animations-et-activites-en-espagne-300x169.jpg 300w, https:\/\/www.lapineda.com\/wp-content\/uploads\/2026\/06\/animations-et-activites-en-espagne-1024x576.jpg 1024w, https:\/\/www.lapineda.com\/wp-content\/uploads\/2026\/06\/animations-et-activites-en-espagne-768x432.jpg 768w, https:\/\/www.lapineda.com\/wp-content\/uploads\/2026\/06\/animations-et-activites-en-espagne-1536x864.jpg 1536w\" sizes=\"(max-width: 1920px) 100vw, 1920px\" \/><span aria-hidden=\"true\" class=\"wp-block-cover__background has-contrast-background-color has-background-dim-40 has-background-dim\"><\/span><div class=\"wp-block-cover__inner-container has-global-padding is-layout-constrained wp-container-core-cover-is-layout-6b3b7742 wp-block-cover-is-layout-constrained\">\n<p class=\"has-text-align-center has-large-font-size wp-block-paragraph\"><\/p>\n<\/div><\/div>\n<\/div>\n<\/div>\n\n\n\n<div class=\"wp-block-group content has-custom-color-1-background-color has-background has-global-padding is-layout-constrained wp-container-core-group-is-layout-26bd3f06 wp-block-group-is-layout-constrained\" style=\"margin-top:0px;margin-bottom:0;padding-top:4rem;padding-right:2rem;padding-bottom:7rem;padding-left:2rem\">\n<div class=\"wp-block-columns are-vertically-aligned-center is-layout-flex wp-container-core-columns-is-layout-e40f21a1 wp-block-columns-is-layout-flex\" style=\"padding-right:8rem;padding-left:8rem\">\n<div class=\"wp-block-column is-vertically-aligned-center left is-layout-flow wp-block-column-is-layout-flow\" style=\"flex-basis:40%\">\n<div data-swiper=\"{&quot;speed&quot;:1000,&quot;autoplay&quot;:{&quot;delay&quot;:5000,&quot;disableOnInteraction&quot;:false},&quot;spaceBetween&quot;:0,&quot;slidesPerView&quot;:1,&quot;pagination&quot;:{&quot;el&quot;:&quot;.swiper-pagination&quot;,&quot;dynamicBullets&quot;:true,&quot;clickable&quot;:true,&quot;type&quot;:&quot;bullets&quot;},&quot;navigation&quot;:{&quot;nextEl&quot;:&quot;.swiper-button-next&quot;,&quot;prevEl&quot;:&quot;.swiper-button-prev&quot;},&quot;breakpoints&quot;:[{&quot;slidesPerView&quot;:1}]}\" class=\"wp-block-cover is-light svg-background wp-duotone-02373d-02373d-2\" style=\"min-height:261px;aspect-ratio:unset;\"><span aria-hidden=\"true\" class=\"wp-block-cover__background has-background-dim-0 has-background-dim\"><\/span><div class=\"wp-block-cover__inner-container has-global-padding is-layout-constrained wp-container-core-cover-is-layout-6b3b7742 wp-block-cover-is-layout-constrained\">\n<p class=\"has-text-align-center sub-title center has-custom-color-2-color has-text-color has-link-color has-noar-font-family wp-elements-4 wp-block-paragraph\" style=\"border-bottom-color:var(--wp--preset--color--custom-color-2);border-bottom-width:1px;padding-top:3px;padding-right:30px;padding-bottom:3px;padding-left:30px;font-size:clamp(1.119rem, 1.119rem + ((1vw - 0.2rem) * 1.052), 1.75rem);font-style:normal;font-weight:400\">LA PINEDA<\/p>\n\n\n\n<p class=\"has-text-align-center has-custom-color-2-color has-text-color has-link-color has-ideas-font-family wp-elements-5 wp-block-paragraph\" style=\"font-size:clamp(2.75rem, 2.75rem + ((1vw - 0.2rem) * 4.233), 5.29rem);line-height:1\">Juegos<\/p>\n\n\n\n<p class=\"has-text-align-center has-custom-color-2-color has-text-color has-link-color has-noar-font-family wp-elements-6 wp-block-paragraph\" style=\"font-size:clamp(2.75rem, 2.75rem + ((1vw - 0.2rem) * 4.233), 5.29rem);line-height:1;text-transform:uppercase\">de ni\u00f1os<\/p>\n\n\n\n<figure class=\"wp-block-image aligncenter size-large\"><img decoding=\"async\" width=\"318\" height=\"16\" src=\"https:\/\/www.lapineda.com\/wp-content\/uploads\/2026\/05\/trait-vert-clair.svg\" alt=\"l\u00ednea verde claro\" class=\"wp-image-2740\" \/><\/figure>\n<\/div><\/div>\n<\/div>\n\n\n\n<div class=\"wp-block-column is-vertically-aligned-center right is-layout-flow wp-block-column-is-layout-flow\" style=\"flex-basis:60%\">\n<h2 class=\"wp-block-heading has-base-2-color has-text-color has-link-color wp-elements-7\">Zona de juegos y miniclub <strong>para ni\u00f1os de 4 a 12 a\u00f1os<\/strong><\/h2>\n\n\n\n<p class=\"has-base-2-color has-text-color has-link-color wp-elements-8 wp-block-paragraph\">Te ofrecemos un <strong>miniclub<\/strong>, un espacio para ni\u00f1os pensado tambi\u00e9n para los m\u00e1s peque\u00f1os, de<strong> 4 a 12 a\u00f1os<\/strong>, donde podr\u00e1n compartir un mont\u00f3n de actividades con nuevos amigos. Un espacio dise\u00f1ado especialmente para ellos donde podr\u00e1n hacer manualidades, competiciones deportivas, juegos, talleres, fiestas, juegos de rol, etc. Las actividades se llevan a cabo en la <strong>sala polivalente de 60 m\u00b2<\/strong>, situada al fondo del camping, equipada con sillas, mesas, televisi\u00f3n, wifi, etc. Tambi\u00e9n hay una <strong>zona exterior<\/strong> en la zona de los eucaliptos con mesas de picnic protegidas del sol.     <\/p>\n\n\n    <div id=\"gt-fse-lire-plus-6a9d4f5ad4d5a\" class=\"gt-fse-lire-plus\" style=\"--min-height: 130px; background-color: #fff;\">\n        <input id=\"gt-fse-lire-plus-6a9d4f5ad4d5a-toggle\" type=\"checkbox\" class=\"gt-fse-lire-plus__toggle\" \/>\n        <label for=\"gt-fse-lire-plus-6a9d4f5ad4d5a-toggle\" class=\"gt-fse-lire-plus__toggle-label\">\n            <span>Leer m\u00e1s<\/span>\n            <span>Leer menos<\/span>\n        <\/label>\n        <div class=\"gt-fse-lire-plus__content\">\n            \n\n<p class=\"has-base-2-color has-text-color has-link-color wp-elements-9 wp-block-paragraph\">Durante la temporada alta, contamos con <strong>monitores cualificados<\/strong> que se encargar\u00e1n de los ni\u00f1os para que los padres puedan disfrutar de unas horas de descanso y tranquilidad. Echa un vistazo al programa de actividades en la recepci\u00f3n del camping. La celebraci\u00f3n de las actividades programadas o la presencia de nuestros monitores depende de que haya un n\u00famero m\u00ednimo de participantes.  <\/p>\n\n\n\n<p class=\"has-base-2-color has-text-color has-link-color wp-elements-10 wp-block-paragraph\">Le <strong>terrain de jeux<\/strong> est l\u2019une des installations r\u00e9nov\u00e9es tout r\u00e9cemment. Il est \u00e9quip\u00e9 de jeux de bois et d\u2019acier inoxydable qui simulent des <strong>cabines dans la for\u00eat<\/strong>, avec balan\u00e7oires, toboggan et trampoline.\u00a0Pour jouer et nager dans la mer, la <a href=\"https:\/\/www.lapineda.com\/camping-bord-mer-salou\/\" data-type=\"page\" data-id=\"2463\">plage de La Pineda<\/a> est une merveille pour les enfants. En plus de leur offrir le plus vaste des terrains de jeux possible, elle offre un sable fin, une eau chaude, une pente douce et s\u2019av\u00e8re b\u00e9n\u00e9fique pour la sant\u00e9 des voies respiratoires.<\/p>\n\n            <div class=\"gt-fse-lire-plus__gradient\" style=\"background: linear-gradient(to bottom,rgba(255,255,255,0) 0%,rgba(255,255,255,1) 100%);\"><\/div>\n        <\/div>\n    <\/div>\n    <\/div>\n<\/div>\n<\/div>\n<\/div>\n\n<div class=\"wp-block-group section-simple has-global-padding is-layout-constrained wp-container-core-group-is-layout-b49682eb wp-block-group-is-layout-constrained\" style=\"margin-top:0px;margin-bottom:0px;padding-top:8rem;padding-right:10rem;padding-bottom:8rem;padding-left:10rem\">\n<div class=\"wp-block-columns are-vertically-aligned-center is-layout-flex wp-container-core-columns-is-layout-63b5c8f0 wp-block-columns-is-layout-flex\">\n<div class=\"wp-block-column is-vertically-aligned-center is-layout-flow wp-block-column-is-layout-flow\">\n<h2 class=\"wp-block-heading\"><strong>Campo polideportivo<\/strong> e instalaciones deportivas<\/h2>\n\n\n\n<p class=\"wp-block-paragraph\">Ya sea para mantenerte en forma o simplemente para divertirte, nuestro camping con actividades cerca de Tarragona cuenta con varias <strong>instalaciones deportivas<\/strong> para que puedas mantenerte en forma durante tus vacaciones y disfrutar de tu tiempo libre.<\/p>\n\n\n\n<p class=\"wp-block-paragraph\">Ofrecemos una <strong>pista polideportiva con c\u00e9sped artificial de 420 m\u00b2<\/strong> para jugar al f\u00fatbol y a otros deportes de pelota que te ayudar\u00e1n a mantenerte en forma durante tus vacaciones. Tambi\u00e9n hay un espacio para jugar al <strong>voleibol<\/strong> y a la <strong>petanca<\/strong>. <\/p>\n\n\n\n<p class=\"wp-block-paragraph\">F\u00fatbol, baloncesto, balonmano, voleibol, petanca\u2026 Durante los meses de julio y agosto, nuestro equipo de animadores organiza<strong> competiciones deportivas<\/strong> y <strong>juegos<\/strong>, \u00a1no te lo pierdas! Ser\u00e1 una forma genial de vivir momentos emocionantes con la familia o con los vecinos de tu parcela. <\/p>\n\n\n\n<p class=\"wp-block-paragraph\">Depuis le camping, vous pourrez \u00e9galement profiter de la <strong>piste cyclable<\/strong> depuis Vila-seca, La Pineda, Cap Salou, jusqu\u2019\u00e0 Cambrils, en longeant la c\u00f4te, d\u00e9part possible directement depuis le camping avec nos <a href=\"https:\/\/www.lapineda.com\/camping-familial-salou\/#locationvelo\" data-type=\"page\" data-id=\"2443\">v\u00e9los en location<\/a>.<\/p>\n<\/div>\n\n\n\n<div class=\"wp-block-column is-vertically-aligned-center is-layout-flow wp-block-column-is-layout-flow\">\n<figure class=\"wp-block-image size-large\"><img decoding=\"async\" width=\"1024\" height=\"576\" src=\"https:\/\/www.lapineda.com\/wp-content\/uploads\/2026\/06\/terrain-multisport-salou-1024x576.jpg\" alt=\"Campo polideportivo de Salou\" class=\"wp-image-3237\" srcset=\"https:\/\/www.lapineda.com\/wp-content\/uploads\/2026\/06\/terrain-multisport-salou-1024x576.jpg 1024w, https:\/\/www.lapineda.com\/wp-content\/uploads\/2026\/06\/terrain-multisport-salou-300x169.jpg 300w, https:\/\/www.lapineda.com\/wp-content\/uploads\/2026\/06\/terrain-multisport-salou-768x432.jpg 768w, https:\/\/www.lapineda.com\/wp-content\/uploads\/2026\/06\/terrain-multisport-salou-1536x864.jpg 1536w, https:\/\/www.lapineda.com\/wp-content\/uploads\/2026\/06\/terrain-multisport-salou.jpg 1920w\" sizes=\"(max-width: 1024px) 100vw, 1024px\" \/><\/figure>\n<\/div>\n<\/div>\n<\/div>\n\n<div class=\"wp-block-group section-3 has-custom-color-1-background-color has-background has-global-padding is-layout-constrained wp-container-core-group-is-layout-eb4eed6e wp-block-group-is-layout-constrained\" style=\"margin-top:0rem;padding-top:6rem;padding-bottom:6rem\">\n<div class=\"wp-block-columns are-vertically-aligned-center is-layout-flex wp-container-core-columns-is-layout-3a88641f wp-block-columns-is-layout-flex\">\n<div class=\"wp-block-column is-vertically-aligned-center left is-layout-flow wp-block-column-is-layout-flow\" style=\"flex-basis:40%\">\n<div data-swiper=\"{&quot;speed&quot;:1000,&quot;autoplay&quot;:{&quot;delay&quot;:5000,&quot;disableOnInteraction&quot;:false},&quot;spaceBetween&quot;:0,&quot;slidesPerView&quot;:1,&quot;pagination&quot;:{&quot;el&quot;:&quot;.swiper-pagination&quot;,&quot;dynamicBullets&quot;:true,&quot;clickable&quot;:true,&quot;type&quot;:&quot;bullets&quot;},&quot;navigation&quot;:{&quot;nextEl&quot;:&quot;.swiper-button-next&quot;,&quot;prevEl&quot;:&quot;.swiper-button-prev&quot;},&quot;breakpoints&quot;:[{&quot;slidesPerView&quot;:1}]}\" class=\"wp-block-cover is-light\" style=\"border-top-left-radius:500px;border-top-right-radius:500px;padding-top:0px;padding-right:0px;padding-bottom:0px;padding-left:0px\"><img decoding=\"async\" width=\"1920\" height=\"1080\" class=\"wp-block-cover__image-background wp-image-3241 size-full\" alt=\"Golf proche camping espagne\" src=\"https:\/\/www.lapineda.com\/wp-content\/uploads\/2026\/06\/Golf-proche-camping-espagne.jpg\" data-object-fit=\"cover\" srcset=\"https:\/\/www.lapineda.com\/wp-content\/uploads\/2026\/06\/Golf-proche-camping-espagne.jpg 1920w, https:\/\/www.lapineda.com\/wp-content\/uploads\/2026\/06\/Golf-proche-camping-espagne-300x169.jpg 300w, https:\/\/www.lapineda.com\/wp-content\/uploads\/2026\/06\/Golf-proche-camping-espagne-1024x576.jpg 1024w, https:\/\/www.lapineda.com\/wp-content\/uploads\/2026\/06\/Golf-proche-camping-espagne-768x432.jpg 768w, https:\/\/www.lapineda.com\/wp-content\/uploads\/2026\/06\/Golf-proche-camping-espagne-1536x864.jpg 1536w\" sizes=\"(max-width: 1920px) 100vw, 1920px\" \/><span aria-hidden=\"true\" class=\"wp-block-cover__background has-background-dim-0 has-background-dim\"><\/span><div class=\"wp-block-cover__inner-container has-global-padding is-layout-constrained wp-container-core-cover-is-layout-1b7a6f8b wp-block-cover-is-layout-constrained\">\n<p class=\"has-text-align-center has-large-font-size wp-block-paragraph\"><\/p>\n<\/div><\/div>\n\n\n\n<figure class=\"wp-block-image size-large backgound-img\"><img decoding=\"async\" width=\"683\" height=\"1024\" src=\"https:\/\/www.lapineda.com\/wp-content\/uploads\/2026\/05\/fond-hibiscus-683x1024.jpg\" alt=\"fondo de hibisco\" class=\"wp-image-2586\" srcset=\"https:\/\/www.lapineda.com\/wp-content\/uploads\/2026\/05\/fond-hibiscus-683x1024.jpg 683w, https:\/\/www.lapineda.com\/wp-content\/uploads\/2026\/05\/fond-hibiscus-200x300.jpg 200w, https:\/\/www.lapineda.com\/wp-content\/uploads\/2026\/05\/fond-hibiscus-768x1152.jpg 768w, https:\/\/www.lapineda.com\/wp-content\/uploads\/2026\/05\/fond-hibiscus-1024x1536.jpg 1024w, https:\/\/www.lapineda.com\/wp-content\/uploads\/2026\/05\/fond-hibiscus-1365x2048.jpg 1365w, https:\/\/www.lapineda.com\/wp-content\/uploads\/2026\/05\/fond-hibiscus-scaled.jpg 1707w\" sizes=\"(max-width: 683px) 100vw, 683px\" \/><\/figure>\n<\/div>\n\n\n\n<div class=\"wp-block-column is-vertically-aligned-center right is-layout-flow wp-block-column-is-layout-flow\" style=\"padding-right:4rem;padding-left:4rem;flex-basis:60%\">\n<p class=\"has-text-align-center sub-title center has-custom-color-2-color has-text-color has-link-color has-noar-font-family wp-elements-11 wp-block-paragraph\" style=\"border-bottom-color:var(--wp--preset--color--custom-color-2);border-bottom-width:1px;padding-top:3px;padding-right:30px;padding-bottom:3px;padding-left:30px;font-size:clamp(1.119rem, 1.119rem + ((1vw - 0.2rem) * 1.052), 1.75rem);font-style:normal;font-weight:400\">LA PINEDA<\/p>\n\n\n\n<p class=\"has-text-align-center has-custom-color-2-color has-text-color has-link-color has-ideas-font-family wp-elements-12 wp-block-paragraph\" style=\"font-size:clamp(2.75rem, 2.75rem + ((1vw - 0.2rem) * 4.233), 5.29rem);line-height:1\">Actividades<\/p>\n\n\n\n<p class=\"has-text-align-center has-custom-color-2-color has-text-color has-link-color has-noar-font-family wp-elements-13 wp-block-paragraph\" style=\"font-size:clamp(2.75rem, 2.75rem + ((1vw - 0.2rem) * 4.233), 5.29rem);line-height:1;text-transform:uppercase\">para todos<\/p>\n\n\n\n<h2 class=\"wp-block-heading has-text-align-center has-base-2-color has-text-color has-link-color wp-elements-14\">Infinitum Golf, <strong>Parque de \u00abLa Torre d&#8217;en Dol\u00e7a en Vila-seca\u00bb<\/strong><\/h2>\n\n\n\n<p class=\"has-text-align-center has-base-2-color has-text-color has-link-color wp-elements-15 wp-block-paragraph\">Les environs du camping regorgent de loisirs pour tous les go\u00fbts et d\u2019<a href=\"https:\/\/www.lapineda.com\/camping-sport-activites-salou\/\" data-type=\"page\" data-id=\"2503\">activit\u00e9s sportives<\/a> pour les amateurs de plein air et de sensations fortes.\u00a0<\/p>\n\n\n\n<p class=\"has-text-align-center has-base-2-color has-text-color has-link-color wp-elements-16 wp-block-paragraph\">A 50 metros encontrar\u00e1s <strong>un complejo de golf<\/strong>, un para\u00edso para cualquier golfista con 170 hect\u00e1reas y 45 hoyos, el m\u00e1s nuevo de Espa\u00f1a. Cada uno de estos greens supone una experiencia diferente para el jugador. No solo por el reto que suponen, sino tambi\u00e9n por su dise\u00f1o: el recorrido de <strong>9 hoyos del campo \u00abLas Ruinas\u00bb se <\/strong>encuentra entre ruinas arqueol\u00f3gicas; y desde los <strong>18 hoyos del campo \u00abGreen Hills\u00bb<\/strong> puedes ver las canteras, los pinares y el mar. En el <strong>campo \u00abDe los Lagos<\/strong>\u00bb, los 18 hoyos est\u00e1n situados alrededor de los humedales de la Sequia Major, declarados espacio de inter\u00e9s natural; es el campo m\u00e1s t\u00e9cnico de los tres y un aut\u00e9ntico reto para cualquier golfista.   <\/p>\n\n\n\n<p class=\"has-text-align-center has-base-2-color has-text-color has-link-color wp-elements-17 wp-block-paragraph\">El parque Torre d&#8217;en Dol\u00e7a es un espacio natural y monumental situado en La Raval de la Mar, en Vila-seca, que combina historia, naturaleza y descanso en familia. Se considera una joya escondida y un monumento emblem\u00e1tico de la zona de La Pineda, y ofrece una experiencia tranquila lejos del ajetreo de los parques tem\u00e1ticos cercanos. El parque es ideal para dar paseos tranquilos, disfrutar del aire libre y observar aves. Su entorno natural lo convierte en un lugar perfecto para conectar con la naturaleza y disfrutarla. Es un lugar recomendado para practicar deportes al aire libre y hacer ejercicio suave, gracias a sus senderos y espacios abiertos.    <\/p>\n<\/div>\n<\/div>\n<\/div>\n\n<div class=\"wp-block-group section-4 no-cta has-global-padding is-layout-constrained wp-container-core-group-is-layout-07a29e68 wp-block-group-is-layout-constrained\" style=\"padding-right:0px;padding-bottom:0;padding-left:0px\">\n<div class=\"wp-block-group banner has-global-padding is-layout-constrained wp-container-core-group-is-layout-6b3b7742 wp-block-group-is-layout-constrained\">\n<figure class=\"wp-block-image size-large cursor\"><img decoding=\"async\" width=\"112\" height=\"112\" src=\"https:\/\/www.lapineda.com\/wp-content\/uploads\/2025\/10\/cursor-beige.svg\" alt=\"cursor beige\" class=\"wp-image-456\" \/><\/figure>\n\n\n\n<div data-swiper=\"{&quot;speed&quot;:400,&quot;spaceBetween&quot;:16,&quot;slidesPerView&quot;:1,&quot;createElements&quot;:true,&quot;loop&quot;:true,&quot;freemode&quot;:true,&quot;navigation&quot;:{&quot;nextEl&quot;:&quot;buttonNext&quot;,&quot;prevEl&quot;:&quot;buttonPrev&quot;},&quot;breakpoints&quot;:[],&quot;effect&quot;:&quot;fade&quot;,&quot;autoplay&quot;:{&quot;delay&quot;:&quot;4000&quot;,&quot;disableOnInteraction&quot;:true}}\" class=\"wp-block-group gt-is-slider gt-is-slider-desktop has-global-padding is-layout-constrained wp-container-core-group-is-layout-6b3b7742 wp-block-group-is-layout-constrained\">\n<div data-swiper=\"{&quot;speed&quot;:1000,&quot;autoplay&quot;:{&quot;delay&quot;:5000,&quot;disableOnInteraction&quot;:false},&quot;spaceBetween&quot;:0,&quot;slidesPerView&quot;:1,&quot;pagination&quot;:{&quot;el&quot;:&quot;.swiper-pagination&quot;,&quot;dynamicBullets&quot;:true,&quot;clickable&quot;:true,&quot;type&quot;:&quot;bullets&quot;},&quot;navigation&quot;:{&quot;nextEl&quot;:&quot;.swiper-button-next&quot;,&quot;prevEl&quot;:&quot;.swiper-button-prev&quot;},&quot;breakpoints&quot;:[{&quot;slidesPerView&quot;:1}]}\" class=\"wp-block-cover\" style=\"min-height:100vh;aspect-ratio:unset;\"><img decoding=\"async\" width=\"1920\" height=\"1080\" class=\"wp-block-cover__image-background wp-image-3244 size-full\" alt=\"balade au cap salou espagne\" src=\"https:\/\/www.lapineda.com\/wp-content\/uploads\/2026\/06\/balade-au-cap-salou-espagne.jpg\" data-object-fit=\"cover\" srcset=\"https:\/\/www.lapineda.com\/wp-content\/uploads\/2026\/06\/balade-au-cap-salou-espagne.jpg 1920w, https:\/\/www.lapineda.com\/wp-content\/uploads\/2026\/06\/balade-au-cap-salou-espagne-300x169.jpg 300w, https:\/\/www.lapineda.com\/wp-content\/uploads\/2026\/06\/balade-au-cap-salou-espagne-1024x576.jpg 1024w, https:\/\/www.lapineda.com\/wp-content\/uploads\/2026\/06\/balade-au-cap-salou-espagne-768x432.jpg 768w, https:\/\/www.lapineda.com\/wp-content\/uploads\/2026\/06\/balade-au-cap-salou-espagne-1536x864.jpg 1536w\" sizes=\"(max-width: 1920px) 100vw, 1920px\" \/><span aria-hidden=\"true\" class=\"wp-block-cover__background has-contrast-background-color has-background-dim-40 has-background-dim\"><\/span><div class=\"wp-block-cover__inner-container has-global-padding is-layout-constrained wp-container-core-cover-is-layout-6b3b7742 wp-block-cover-is-layout-constrained\">\n<p class=\"has-text-align-center has-large-font-size wp-block-paragraph\"><\/p>\n<\/div><\/div>\n\n\n\n<div data-swiper=\"{&quot;speed&quot;:1000,&quot;autoplay&quot;:{&quot;delay&quot;:5000,&quot;disableOnInteraction&quot;:false},&quot;spaceBetween&quot;:0,&quot;slidesPerView&quot;:1,&quot;pagination&quot;:{&quot;el&quot;:&quot;.swiper-pagination&quot;,&quot;dynamicBullets&quot;:true,&quot;clickable&quot;:true,&quot;type&quot;:&quot;bullets&quot;},&quot;navigation&quot;:{&quot;nextEl&quot;:&quot;.swiper-button-next&quot;,&quot;prevEl&quot;:&quot;.swiper-button-prev&quot;},&quot;breakpoints&quot;:[{&quot;slidesPerView&quot;:1}]}\" class=\"wp-block-cover\" style=\"min-height:100vh;aspect-ratio:unset;\"><img decoding=\"async\" width=\"1920\" height=\"1080\" class=\"wp-block-cover__image-background wp-image-3245 size-full\" alt=\"sport nautique espagne\" src=\"https:\/\/www.lapineda.com\/wp-content\/uploads\/2026\/06\/sport-nautique-espagne.jpg\" data-object-fit=\"cover\" srcset=\"https:\/\/www.lapineda.com\/wp-content\/uploads\/2026\/06\/sport-nautique-espagne.jpg 1920w, https:\/\/www.lapineda.com\/wp-content\/uploads\/2026\/06\/sport-nautique-espagne-300x169.jpg 300w, https:\/\/www.lapineda.com\/wp-content\/uploads\/2026\/06\/sport-nautique-espagne-1024x576.jpg 1024w, https:\/\/www.lapineda.com\/wp-content\/uploads\/2026\/06\/sport-nautique-espagne-768x432.jpg 768w, https:\/\/www.lapineda.com\/wp-content\/uploads\/2026\/06\/sport-nautique-espagne-1536x864.jpg 1536w\" sizes=\"(max-width: 1920px) 100vw, 1920px\" \/><span aria-hidden=\"true\" class=\"wp-block-cover__background has-contrast-background-color has-background-dim-40 has-background-dim\"><\/span><div class=\"wp-block-cover__inner-container has-global-padding is-layout-constrained wp-container-core-cover-is-layout-6b3b7742 wp-block-cover-is-layout-constrained\">\n<p class=\"has-text-align-center has-large-font-size wp-block-paragraph\"><\/p>\n<\/div><\/div>\n<\/div>\n<\/div>\n\n\n\n<div class=\"wp-block-group content has-custom-color-1-background-color has-background has-global-padding is-layout-constrained wp-container-core-group-is-layout-26bd3f06 wp-block-group-is-layout-constrained\" style=\"margin-top:0px;margin-bottom:0;padding-top:4rem;padding-right:2rem;padding-bottom:7rem;padding-left:2rem\">\n<div class=\"wp-block-columns are-vertically-aligned-center is-layout-flex wp-container-core-columns-is-layout-e40f21a1 wp-block-columns-is-layout-flex\" style=\"padding-right:8rem;padding-left:8rem\">\n<div class=\"wp-block-column is-vertically-aligned-center left is-layout-flow wp-block-column-is-layout-flow\" style=\"flex-basis:40%\">\n<div data-swiper=\"{&quot;speed&quot;:1000,&quot;autoplay&quot;:{&quot;delay&quot;:5000,&quot;disableOnInteraction&quot;:false},&quot;spaceBetween&quot;:0,&quot;slidesPerView&quot;:1,&quot;pagination&quot;:{&quot;el&quot;:&quot;.swiper-pagination&quot;,&quot;dynamicBullets&quot;:true,&quot;clickable&quot;:true,&quot;type&quot;:&quot;bullets&quot;},&quot;navigation&quot;:{&quot;nextEl&quot;:&quot;.swiper-button-next&quot;,&quot;prevEl&quot;:&quot;.swiper-button-prev&quot;},&quot;breakpoints&quot;:[{&quot;slidesPerView&quot;:1}]}\" class=\"wp-block-cover is-light svg-background wp-duotone-02373d-02373d-3\" style=\"min-height:261px;aspect-ratio:unset;\"><span aria-hidden=\"true\" class=\"wp-block-cover__background has-background-dim-0 has-background-dim\"><\/span><div class=\"wp-block-cover__inner-container has-global-padding is-layout-constrained wp-container-core-cover-is-layout-6b3b7742 wp-block-cover-is-layout-constrained\">\n<p class=\"has-text-align-center sub-title center has-custom-color-2-color has-text-color has-link-color has-noar-font-family wp-elements-18 wp-block-paragraph\" style=\"border-bottom-color:var(--wp--preset--color--custom-color-2);border-bottom-width:1px;padding-top:3px;padding-right:30px;padding-bottom:3px;padding-left:30px;font-size:clamp(1.119rem, 1.119rem + ((1vw - 0.2rem) * 1.052), 1.75rem);font-style:normal;font-weight:400\">LA PINEDA<\/p>\n\n\n\n<p class=\"has-text-align-center has-custom-color-2-color has-text-color has-link-color has-ideas-font-family wp-elements-19 wp-block-paragraph\" style=\"font-size:clamp(2.75rem, 2.75rem + ((1vw - 0.2rem) * 4.233), 5.29rem);line-height:1\">Deporte<\/p>\n\n\n\n<p class=\"has-text-align-center has-custom-color-2-color has-text-color has-link-color has-noar-font-family wp-elements-20 wp-block-paragraph\" style=\"font-size:clamp(2.75rem, 2.75rem + ((1vw - 0.2rem) * 4.233), 5.29rem);line-height:1;text-transform:uppercase\">ocio<\/p>\n\n\n\n<figure class=\"wp-block-image aligncenter size-large\"><img decoding=\"async\" width=\"318\" height=\"16\" src=\"https:\/\/www.lapineda.com\/wp-content\/uploads\/2026\/05\/trait-vert-clair.svg\" alt=\"l\u00ednea verde claro\" class=\"wp-image-2740\" \/><\/figure>\n<\/div><\/div>\n<\/div>\n\n\n\n<div class=\"wp-block-column is-vertically-aligned-center right is-layout-flow wp-block-column-is-layout-flow\" style=\"flex-basis:60%\">\n<h2 class=\"wp-block-heading has-base-2-color has-text-color has-link-color wp-elements-21\">otras actividades <strong>cerca del camping<\/strong><\/h2>\n\n\n\n<p class=\"has-base-2-color has-text-color has-link-color wp-elements-22 wp-block-paragraph\">Para dar un paseo, te recomendamos la <strong>ruta hasta el mirador del faro de Salou y <\/strong>el <strong>sendero de ronda<\/strong> que discurre <strong>junto al mar en el Cabo de Salou<\/strong>, a solo 3 km del camping. La brisa marina nos acaricia mientras recorremos el camino de ronda, de unos 300 metros, que rodea el faro de Salou. El sendero te permite casi tocar el agua y disfrutar de un entorno natural de gran belleza, al abrigo de la escarpada costa, lejos del ruido de la capital de la Costa Dorada.  <\/p>\n\n\n    <div id=\"gt-fse-lire-plus-6a9d4f5ad6aab\" class=\"gt-fse-lire-plus\" style=\"--min-height: 130px; background-color: #fff;\">\n        <input id=\"gt-fse-lire-plus-6a9d4f5ad6aab-toggle\" type=\"checkbox\" class=\"gt-fse-lire-plus__toggle\" \/>\n        <label for=\"gt-fse-lire-plus-6a9d4f5ad6aab-toggle\" class=\"gt-fse-lire-plus__toggle-label\">\n            <span>Leer m\u00e1s<\/span>\n            <span>Leer menos<\/span>\n        <\/label>\n        <div class=\"gt-fse-lire-plus__content\">\n            \n\n<p class=\"has-base-2-color has-text-color has-link-color wp-elements-23 wp-block-paragraph\">Este sendero costero a orillas del mar ofrece unas<strong> vistas impresionantes del <\/strong>golfo de Sant Jordi, con la luz del faro como gu\u00eda. Inaugurado en abril de 1858, el faro cuenta con una torre central roja que sigue iluminando d\u00eda tras d\u00eda el <strong>golfo de San Jordi<\/strong>, en la Costa Dorada. Ten\u00eda una luz blanca alimentada con aceite de oliva que se pod\u00eda ver a 14 millas de distancia. La restauraci\u00f3n del lugar se ha llevado a cabo respetando al m\u00e1ximo el entorno natural. As\u00ed, podr\u00e1s ver <strong>plantas aut\u00f3ctonas<\/strong> como el esp\u00e1rrago, el pino blanco, el lirio de mar, el agave o el cerrillo, y disfrutar de la vista de una veintena de<strong>aves marinas<\/strong> que frecuentan el lugar.    <\/p>\n\n\n\n<p class=\"has-base-2-color has-text-color has-link-color wp-elements-24 wp-block-paragraph\">De nombreux sports nautiques peuvent \u00eatre pratiqu\u00e9s, en plus de ceux que vous retrouverez au <a href=\"https:\/\/www.lapineda.com\/camping-piscine-salou\/\" data-type=\"page\" data-id=\"2459\">parc aquatique du camping et ses piscines<\/a>. La <strong>base de loisirs<\/strong> de la Costa Dorada propose <strong>plus de 30 activit\u00e9s nautiques <\/strong>: kayak, voile, paddle, planche \u00e0 voile, plong\u00e9e, ski nautique, catamaran, kitesurf, p\u00eache\u2026 De quoi vivre des aventures aquatiques inoubliables \u00e0 quelques minutes seulement de nos <a href=\"https:\/\/www.lapineda.com\/location-mobil-home-salou\/\" data-type=\"page\" data-id=\"2467\">h\u00e9bergements en location<\/a>.\u00a0<\/p>\n\n\n\n<p class=\"has-base-2-color has-text-color has-link-color wp-elements-25 wp-block-paragraph\">Et pour reprendre des forces entre deux activit\u00e9s, rendez-vous au <a href=\"https:\/\/www.lapineda.com\/restaurant-salou\/\" data-type=\"page\" data-id=\"2447\">restaurant Terrassa Els Cactus<\/a>, \u00e9tablissement au c\u0153ur du cadre verdoyant de notre <a href=\"https:\/\/www.lapineda.com\/camping-ecologique-salou\/\" data-type=\"page\" data-id=\"2451\">camping \u00e9cologique pr\u00e8s de Salou<\/a>.<\/p>\n\n            <div class=\"gt-fse-lire-plus__gradient\" style=\"background: linear-gradient(to bottom,rgba(255,255,255,0) 0%,rgba(255,255,255,1) 100%);\"><\/div>\n        <\/div>\n    <\/div>\n    <\/div>\n<\/div>\n<\/div>\n<\/div>\n\n<div class=\"wp-block-group section-maillage has-global-padding is-layout-constrained wp-container-core-group-is-layout-8b65383b wp-block-group-is-layout-constrained\" style=\"margin-top:0px;margin-bottom:0px;padding-top:8rem;padding-right:10rem;padding-bottom:8rem;padding-left:10rem\">\n<p class=\"has-text-align-center has-custom-color-2-color has-text-color has-link-color has-noar-font-family wp-elements-26 wp-block-paragraph\" style=\"font-size:clamp(2.2rem, 2.2rem + ((1vw - 0.2rem) * 3), 4rem);line-height:1;text-transform:uppercase\">Descubre el camping<\/p>\n\n\n\n<figure class=\"wp-block-image aligncenter size-large\"><img decoding=\"async\" width=\"318\" height=\"16\" src=\"https:\/\/www.lapineda.com\/wp-content\/uploads\/2026\/05\/trait-vert-clair.svg\" alt=\"l\u00ednea verde claro\" class=\"wp-image-2740\" \/><\/figure>\n\n\n\n<div data-swiper=\"{&quot;speed&quot;:400,&quot;spaceBetween&quot;:16,&quot;slidesPerView&quot;:3,&quot;createElements&quot;:true,&quot;loop&quot;:true,&quot;freemode&quot;:true,&quot;navigation&quot;:{&quot;nextEl&quot;:&quot;buttonNext&quot;,&quot;prevEl&quot;:&quot;buttonPrev&quot;},&quot;pagination&quot;:{&quot;el&quot;:&quot;.swiper-pagination&quot;,&quot;dynamicBullets&quot;:true},&quot;breakpoints&quot;:{&quot;0&quot;:{&quot;slidesPerView&quot;:1},&quot;768&quot;:{&quot;slidesPerView&quot;:2},&quot;1260&quot;:{&quot;slidesPerView&quot;:3}},&quot;autoplay&quot;:{&quot;delay&quot;:3000}}\" data-wp-context=\"{}\" data-wp-interactive=\"core\/query\" data-wp-key=\"0\" data-wp-router-region=\"query-0\" class=\"wp-block-query alignwide gt-fse-maillage-query gt-is-slider gt-is-slider-desktop is-layout-flow wp-block-query-is-layout-flow\"><ul class=\"columns-3 wp-block-post-template is-layout-grid wp-container-core-post-template-is-layout-7e964c02 wp-block-post-template-is-layout-grid\"><li data-wp-key=\"post-template-item-3980\" class=\"wp-block-post post-3980 page type-page status-publish has-post-thumbnail hentry\">\n<a href=\"https:\/\/www.lapineda.com\/es\/camping-con-piscina-salou\/\"    style=\"padding-top:0px;padding-bottom:0px;padding-left:0px;padding-right:0px;margin-top:0px;margin-bottom:0px;margin-left:0px;margin-right:0px\" class=\"wp-block-tiptip-hyperlink-group-block\" >\n<div data-swiper=\"{&quot;speed&quot;:1000,&quot;autoplay&quot;:{&quot;delay&quot;:5000,&quot;disableOnInteraction&quot;:false},&quot;spaceBetween&quot;:0,&quot;slidesPerView&quot;:1,&quot;pagination&quot;:{&quot;el&quot;:&quot;.swiper-pagination&quot;,&quot;dynamicBullets&quot;:true,&quot;clickable&quot;:true,&quot;type&quot;:&quot;bullets&quot;},&quot;navigation&quot;:{&quot;nextEl&quot;:&quot;.swiper-button-next&quot;,&quot;prevEl&quot;:&quot;.swiper-button-prev&quot;},&quot;breakpoints&quot;:[{&quot;slidesPerView&quot;:1}]}\" class=\"wp-block-cover is-light\" style=\"border-top-left-radius:500px;border-top-right-radius:500px;margin-top:0px;margin-bottom:0px;padding-top:0px;padding-right:0px;padding-bottom:0px;padding-left:0px;min-height:50px;aspect-ratio:unset;\"><span aria-hidden=\"true\" class=\"wp-block-cover__background has-contrast-background-color has-background-dim-30 has-background-dim\"><\/span><div class=\"wp-block-cover__inner-container has-global-padding is-layout-constrained wp-container-core-cover-is-layout-878e1664 wp-block-cover-is-layout-constrained\">\n<figure class=\"wp-block-image\"><img decoding=\"async\" src=\"https:\/\/www.lapineda.com\/wp-content\/uploads\/2026\/05\/camping-avec-espace-aquatique-a-salou.jpg\" alt=\"Piscinas\"\/><\/figure>\n\n\n\n<p class=\"has-text-align-center has-base-2-color has-text-color has-link-color has-noar-font-family wp-elements-27 wp-block-paragraph\" style=\"font-size:clamp(1.25rem, 1.25rem + ((1vw - 0.2rem) * 1.25), 2rem);font-style:normal;font-weight:500\">Piscinas<\/p>\n\n\n\n<figure class=\"wp-block-image aligncenter size-large\"><img decoding=\"async\" width=\"58\" height=\"38\" src=\"https:\/\/www.lapineda.com\/wp-content\/uploads\/2026\/05\/fleche-slider-blanc-vert.svg\" alt=\"flecha deslizante blanca y verde\" class=\"wp-image-2565\"\/><\/figure>\n<\/div><\/div>\n<\/a>\n<\/li><li data-wp-key=\"post-template-item-4148\" class=\"wp-block-post post-4148 page type-page status-publish has-post-thumbnail hentry\">\n<a href=\"https:\/\/www.lapineda.com\/es\/servicio-de-catering-salou\/\"    style=\"padding-top:0px;padding-bottom:0px;padding-left:0px;padding-right:0px;margin-top:0px;margin-bottom:0px;margin-left:0px;margin-right:0px\" class=\"wp-block-tiptip-hyperlink-group-block\" >\n<div data-swiper=\"{&quot;speed&quot;:1000,&quot;autoplay&quot;:{&quot;delay&quot;:5000,&quot;disableOnInteraction&quot;:false},&quot;spaceBetween&quot;:0,&quot;slidesPerView&quot;:1,&quot;pagination&quot;:{&quot;el&quot;:&quot;.swiper-pagination&quot;,&quot;dynamicBullets&quot;:true,&quot;clickable&quot;:true,&quot;type&quot;:&quot;bullets&quot;},&quot;navigation&quot;:{&quot;nextEl&quot;:&quot;.swiper-button-next&quot;,&quot;prevEl&quot;:&quot;.swiper-button-prev&quot;},&quot;breakpoints&quot;:[{&quot;slidesPerView&quot;:1}]}\" class=\"wp-block-cover is-light\" style=\"border-top-left-radius:500px;border-top-right-radius:500px;margin-top:0px;margin-bottom:0px;padding-top:0px;padding-right:0px;padding-bottom:0px;padding-left:0px;min-height:50px;aspect-ratio:unset;\"><span aria-hidden=\"true\" class=\"wp-block-cover__background has-contrast-background-color has-background-dim-30 has-background-dim\"><\/span><div class=\"wp-block-cover__inner-container has-global-padding is-layout-constrained wp-container-core-cover-is-layout-878e1664 wp-block-cover-is-layout-constrained\">\n<figure class=\"wp-block-image\"><img decoding=\"async\" src=\"https:\/\/www.lapineda.com\/wp-content\/uploads\/2026\/06\/restaurant-a-salou.jpg\" alt=\"Restaurante\"\/><\/figure>\n\n\n\n<p class=\"has-text-align-center has-base-2-color has-text-color has-link-color has-noar-font-family wp-elements-29 wp-block-paragraph\" style=\"font-size:clamp(1.25rem, 1.25rem + ((1vw - 0.2rem) * 1.25), 2rem);font-style:normal;font-weight:500\">Restaurante<\/p>\n\n\n\n<figure class=\"wp-block-image aligncenter size-large\"><img decoding=\"async\" width=\"58\" height=\"38\" src=\"https:\/\/www.lapineda.com\/wp-content\/uploads\/2026\/05\/fleche-slider-blanc-vert.svg\" alt=\"flecha deslizante blanca y verde\" class=\"wp-image-2565\"\/><\/figure>\n<\/div><\/div>\n<\/a>\n<\/li><li data-wp-key=\"post-template-item-3825\" class=\"wp-block-post post-3825 page type-page status-publish has-post-thumbnail hentry\">\n<a href=\"https:\/\/www.lapineda.com\/es\/camping-deportes-actividades-salou-informacion\/\"    style=\"padding-top:0px;padding-bottom:0px;padding-left:0px;padding-right:0px;margin-top:0px;margin-bottom:0px;margin-left:0px;margin-right:0px\" class=\"wp-block-tiptip-hyperlink-group-block\" >\n<div data-swiper=\"{&quot;speed&quot;:1000,&quot;autoplay&quot;:{&quot;delay&quot;:5000,&quot;disableOnInteraction&quot;:false},&quot;spaceBetween&quot;:0,&quot;slidesPerView&quot;:1,&quot;pagination&quot;:{&quot;el&quot;:&quot;.swiper-pagination&quot;,&quot;dynamicBullets&quot;:true,&quot;clickable&quot;:true,&quot;type&quot;:&quot;bullets&quot;},&quot;navigation&quot;:{&quot;nextEl&quot;:&quot;.swiper-button-next&quot;,&quot;prevEl&quot;:&quot;.swiper-button-prev&quot;},&quot;breakpoints&quot;:[{&quot;slidesPerView&quot;:1}]}\" class=\"wp-block-cover is-light\" style=\"border-top-left-radius:500px;border-top-right-radius:500px;margin-top:0px;margin-bottom:0px;padding-top:0px;padding-right:0px;padding-bottom:0px;padding-left:0px;min-height:50px;aspect-ratio:unset;\"><span aria-hidden=\"true\" class=\"wp-block-cover__background has-contrast-background-color has-background-dim-30 has-background-dim\"><\/span><div class=\"wp-block-cover__inner-container has-global-padding is-layout-constrained wp-container-core-cover-is-layout-878e1664 wp-block-cover-is-layout-constrained\">\n<figure class=\"wp-block-image\"><img decoding=\"async\" src=\"https:\/\/www.lapineda.com\/wp-content\/uploads\/2026\/06\/activite-nautique-salou.jpg\" alt=\"Deporte\"\/><\/figure>\n\n\n\n<p class=\"has-text-align-center has-base-2-color has-text-color has-link-color has-noar-font-family wp-elements-31 wp-block-paragraph\" style=\"font-size:clamp(1.25rem, 1.25rem + ((1vw - 0.2rem) * 1.25), 2rem);font-style:normal;font-weight:500\">Deporte<\/p>\n\n\n\n<figure class=\"wp-block-image aligncenter size-large\"><img decoding=\"async\" width=\"58\" height=\"38\" src=\"https:\/\/www.lapineda.com\/wp-content\/uploads\/2026\/05\/fleche-slider-blanc-vert.svg\" alt=\"flecha deslizante blanca y verde\" class=\"wp-image-2565\"\/><\/figure>\n<\/div><\/div>\n<\/a>\n<\/li><\/ul><\/div>\n<\/div>\n","protected":false},"excerpt":{"rendered":"<p>Au camping 3 \u00e9toiles entre Salou et Tarragone, les vacances ne connaissent pas l&#8217;ennui. Entre le mini-club pour les enfants, les activit\u00e9s aquatiques et sportives, les spectacles nocturnes sous les \u00e9toiles et la multitude d&#8217;activit\u00e9s disponibles \u00e0 deux pas du camping, chaque journ\u00e9e r\u00e9serve son lot de d\u00e9couvertes. Tanto si eres mayor como peque\u00f1o, deportista [&hellip;]<\/p>\n","protected":false},"author":1,"featured_media":4073,"parent":0,"menu_order":0,"comment_status":"closed","ping_status":"closed","template":"","meta":{"_seopress_titles_title":"Camping con actividades cerca de Salou | Club infantil cerca de Tarragona","_seopress_titles_desc":"Miniclub, pista polideportiva, espect\u00e1culos nocturnos y actividades para todos en el camping cerca de Tarragona. \u00a1Unas vacaciones animadas en familia en la Costa Dorada! ","_seopress_robots_index":"","_seopress_robots_follow":"","_seopress_robots_imageindex":"","_seopress_robots_snippet":"","_seopress_robots_primary_cat":"","_seopress_robots_breadcrumbs":"Actividades y club infantil cerca de Salou","_seopress_robots_freeze_modified_date":"","_seopress_robots_custom_modified_date":"","_seopress_robots_canonical":"","_seopress_social_fb_title":"","_seopress_social_fb_desc":"","_seopress_social_fb_img":"","_seopress_social_fb_img_attachment_id":0,"_seopress_social_fb_img_width":0,"_seopress_social_fb_img_height":0,"_seopress_social_twitter_title":"","_seopress_social_twitter_desc":"","_seopress_social_twitter_img":"","_seopress_social_twitter_img_attachment_id":0,"_seopress_social_twitter_img_width":0,"_seopress_social_twitter_img_height":0,"_seopress_redirections_value":"","_seopress_redirections_enabled":"","_seopress_redirections_enabled_regex":"","_seopress_redirections_logged_status":"both","_seopress_redirections_param":"","_seopress_redirections_type":301,"_seopress_analysis_target_kw":"","_seopress_news_disabled":"","_seopress_video_disabled":"","_seopress_video":[],"_seopress_pro_schemas_manual":[],"_seopress_pro_rich_snippets_disable_all":"","_seopress_pro_rich_snippets_disable":[],"_seopress_pro_schemas":[],"_gt_ctv_global_id":"","_gt_ctv_id_group":false,"inline_featured_image":false,"gt_fse_maillage_image":"https:\/\/www.lapineda.com\/wp-content\/uploads\/2026\/06\/camping-activites-salou-espagne.jpg","gt_fse_maillage_titre":"Actividades y eventos","gt_fse_maillage_alt":"Actividades y eventos","gt_fse_maillage_resume":"","footnotes":""},"categories":[],"tags":[],"class_list":["post-4072","page","type-page","status-publish","has-post-thumbnail","hentry"],"_links":{"self":[{"href":"https:\/\/www.lapineda.com\/es\/wp-json\/wp\/v2\/pages\/4072","targetHints":{"allow":["GET"]}}],"collection":[{"href":"https:\/\/www.lapineda.com\/es\/wp-json\/wp\/v2\/pages"}],"about":[{"href":"https:\/\/www.lapineda.com\/es\/wp-json\/wp\/v2\/types\/page"}],"author":[{"embeddable":true,"href":"https:\/\/www.lapineda.com\/es\/wp-json\/wp\/v2\/users\/1"}],"replies":[{"embeddable":true,"href":"https:\/\/www.lapineda.com\/es\/wp-json\/wp\/v2\/comments?post=4072"}],"version-history":[{"count":10,"href":"https:\/\/www.lapineda.com\/es\/wp-json\/wp\/v2\/pages\/4072\/revisions"}],"predecessor-version":[{"id":5817,"href":"https:\/\/www.lapineda.com\/es\/wp-json\/wp\/v2\/pages\/4072\/revisions\/5817"}],"wp:featuredmedia":[{"embeddable":true,"href":"https:\/\/www.lapineda.com\/es\/wp-json\/wp\/v2\/media\/4073"}],"wp:attachment":[{"href":"https:\/\/www.lapineda.com\/es\/wp-json\/wp\/v2\/media?parent=4072"}],"wp:term":[{"taxonomy":"category","embeddable":true,"href":"https:\/\/www.lapineda.com\/es\/wp-json\/wp\/v2\/categories?post=4072"},{"taxonomy":"post_tag","embeddable":true,"href":"https:\/\/www.lapineda.com\/es\/wp-json\/wp\/v2\/tags?post=4072"}],"curies":[{"name":"wp","href":"https:\/\/api.w.org\/{rel}","templated":true}]}}